{"version":"1.0","provider_name":"Swiss Music Newspaper","provider_url":"https:\/\/www.musikzeitung.ch\/en","title":"Expressiv zwischen Klassik und Jazz - Schweizer Musikzeitung","type":"rich","width":600,"height":338,"html":"<blockquote class=\"wp-embedded-content\" data-secret=\"aqB6x1Gq01\"><a href=\"https:\/\/www.musikzeitung.ch\/en\/rezensionen\/tontraeger-rezensionen\/2023\/02\/fiveonfire\">Expressive between classical music and jazz<\/a><\/blockquote><iframe sandbox=\"allow-scripts\" security=\"restricted\" src=\"https:\/\/www.musikzeitung.ch\/en\/rezensionen\/tontraeger-rezensionen\/2023\/02\/fiveonfire\/embed#?secret=aqB6x1Gq01\" width=\"600\" height=\"338\" title=\"\u201cExpressive between classical music and jazz\u201d - Schweizer Musikzeitung\" data-secret=\"aqB6x1Gq01\" frameborder=\"0\" marginwidth=\"0\" marginheight=\"0\" scrolling=\"no\" class=\"wp-embedded-content\"><\/iframe><script>\n\/*! This file is auto-generated *\/\n!function(d,l){\"use strict\";l.querySelector&&d.addEventListener&&\"undefined\"!=typeof URL&&(d.wp=d.wp||{},d.wp.receiveEmbedMessage||(d.wp.receiveEmbedMessage=function(e){var t=e.data;if((t||t.secret||t.message||t.value)&&!\/[^a-zA-Z0-9]\/.test(t.secret)){for(var s,r,n,a=l.querySelectorAll('iframe[data-secret=\"'+t.secret+'\"]'),o=l.querySelectorAll('blockquote[data-secret=\"'+t.secret+'\"]'),c=new RegExp(\"^https?:$\",\"i\"),i=0;i<o.length;i++)o[i].style.display=\"none\";for(i=0;i<a.length;i++)s=a[i],e.source===s.contentWindow&&(s.removeAttribute(\"style\"),\"height\"===t.message?(1e3<(r=parseInt(t.value,10))?r=1e3:~~r<200&&(r=200),s.height=r):\"link\"===t.message&&(r=new URL(s.getAttribute(\"src\")),n=new URL(t.value),c.test(n.protocol))&&n.host===r.host&&l.activeElement===s&&(d.top.location.href=t.value))}},d.addEventListener(\"message\",d.wp.receiveEmbedMessage,!1),l.addEventListener(\"DOMContentLoaded\",function(){for(var e,t,s=l.querySelectorAll(\"iframe.wp-embedded-content\"),r=0;r<s.length;r++)(t=(e=s[r]).getAttribute(\"data-secret\"))||(t=Math.random().toString(36).substring(2,12),e.src+=\"#?secret=\"+t,e.setAttribute(\"data-secret\",t)),e.contentWindow.postMessage({message:\"ready\",secret:t},\"*\")},!1)))}(window,document);\n\/\/# sourceURL=https:\/\/www.musikzeitung.ch\/wp-includes\/js\/wp-embed.min.js\n<\/script>","thumbnail_url":"https:\/\/www.musikzeitung.ch\/wp-content\/uploads\/2023\/02\/Five_on_Fire_Musikkollegium.jpg","thumbnail_width":1299,"thumbnail_height":866,"description":"Five on Fire haben sich l\u00e4ngst vom leicht verdaulichen Jazz fr\u00fcherer Tage verabschiedet. Mittlerweile hegt die Formation um Daniel Gubelmann h\u00f6here Anspr\u00fcche \u2013 und macht jetzt gemeinsame Sache mit der Klassik."}