{"id":67451,"date":"2025-09-05T12:37:34","date_gmt":"2025-09-05T10:37:34","guid":{"rendered":"https:\/\/www.musikzeitung.ch\/?post_type=kalender&#038;p=67451"},"modified":"2025-09-05T12:37:34","modified_gmt":"2025-09-05T10:37:34","slug":"zko-festival-kinderkonzert-rosanui","status":"publish","type":"kalender","link":"https:\/\/www.musikzeitung.ch\/en\/kalender\/zko-festival-kinderkonzert-rosanui","title":{"rendered":"ZKO-Festival - Children's concert - Rosanui"},"content":{"rendered":"<p>Above the village towers Rosanui, a mountain whose forms seem lifeless, rigid and silent during the day. But when night falls, Rosanui stretches out, breathes and watches as the darkness fills with unexpected wonders. A tender and playful sensory experience based on the book by Emma Robert and Romain Lubi\u00e8re with music by Johann Sebastian Bach and subtle illuminations by Marion Frini and her ensemble Conte en Ombres.<\/p>\n<p>Second performance on June 6, 2026, 14:00, ZKO House<\/p>\n<p>Age recommendation: from 5 years<br \/>\nLanguage: Swiss German<\/p>\n<p>Picture: Rosanui \u00a9 Romain Lubi\u00e8re<\/p>\n<div class=\"usp-images-wrap\"><span class=\"usp-image-wrap\"><a href=\"https:\/\/www.musikzeitung.ch\/wp-content\/uploads\/2025\/09\/2025-09-05_68bab3ed04022_rosanui-c-romain-lubiere-a2mimon_25-26_1200x630.jpg\" class=\"lightbox\" rel=\"lightbox\" title=\"\"><img loading=\"lazy\" decoding=\"async\" id=\"usp-attach-id-67452\" class=\"usp-image\" src=\"https:\/\/www.musikzeitung.ch\/wp-content\/uploads\/2025\/09\/2025-09-05_68bab3ed04022_rosanui-c-romain-lubiere-a2mimon_25-26_1200x630.jpg\" width=\"1200\" height=\"630\" \/><\/a><\/span><\/div>","protected":false},"author":1,"featured_media":67452,"parent":0,"template":"","meta":{"_acf_changed":false,"_relevanssi_hide_post":"","_relevanssi_hide_content":"","_relevanssi_pin_for_all":"","_relevanssi_pin_keywords":"","_relevanssi_unpin_keywords":"","_relevanssi_related_keywords":"","_relevanssi_related_include_ids":"","_relevanssi_related_exclude_ids":"","_relevanssi_related_no_append":"","_relevanssi_related_not_related":"","_relevanssi_related_posts":"","_relevanssi_noindex_reason":"","pgc_sgb_lightbox_settings":"","footnotes":""},"categories":[1571],"tags":[],"class_list":["post-67451","kalender","type-kalender","status-publish","has-post-thumbnail","hentry","category-klassik-konzertagenda"],"acf":[],"yoast_head":"<!-- This site is optimized with the Yoast SEO plugin v27.4 - https:\/\/yoast.com\/product\/yoast-seo-wordpress\/ -->\n<title>ZKO-Festival \u2014 Kinderkonzert \u2014 Rosanui - Schweizer Musikzeitung<\/title>\n<meta name=\"robots\" content=\"index, follow, max-snippet:-1, max-image-preview:large, max-video-preview:-1\" \/>\n<link rel=\"canonical\" href=\"https:\/\/www.musikzeitung.ch\/en\/kalender\/zko-festival-kinderkonzert-rosanui\/\" \/>\n<meta property=\"og:locale\" content=\"en_US\" \/>\n<meta property=\"og:type\" content=\"article\" \/>\n<meta property=\"og:title\" content=\"ZKO-Festival \u2014 Kinderkonzert \u2014 Rosanui - Schweizer Musikzeitung\" \/>\n<meta property=\"og:description\" content=\"\u00dcber dem Dorf, da thront Rosanui, ein Gebirge, dessen Formen am Tag ganz leblos, starr und stumm wirken. Aber wenn es Nacht wird, dann reckt sich Rosanui, atmet und beobachtet, wie die Dunkelheit sich f\u00fcllt mit ungeahnten Wundern. Eine zarte und spielerische Sinneserfahrung nach dem Buch von Emma Robert und Romain Lubi\u00e8re mit Musik von [&hellip;]\" \/>\n<meta property=\"og:url\" content=\"https:\/\/www.musikzeitung.ch\/en\/kalender\/zko-festival-kinderkonzert-rosanui\/\" \/>\n<meta property=\"og:site_name\" content=\"Schweizer Musikzeitung\" \/>\n<meta property=\"article:publisher\" content=\"https:\/\/www.facebook.com\/SchweizerMusikzeitung\/\" \/>\n<meta property=\"og:image\" content=\"https:\/\/www.musikzeitung.ch\/wp-content\/uploads\/2025\/09\/2025-09-05_68bab3ed04022_rosanui-c-romain-lubiere-a2mimon_25-26_1200x630.jpg\" \/>\n\t<meta property=\"og:image:width\" content=\"1200\" \/>\n\t<meta property=\"og:image:height\" content=\"630\" \/>\n\t<meta property=\"og:image:type\" content=\"image\/jpeg\" \/>\n<meta name=\"twitter:card\" content=\"summary_large_image\" \/>\n<meta name=\"twitter:site\" content=\"@smusikzeitung\" \/>\n<meta name=\"twitter:label1\" content=\"Est. reading time\" \/>\n\t<meta name=\"twitter:data1\" content=\"1 minute\" \/>\n<script type=\"application\/ld+json\" class=\"yoast-schema-graph\">{\"@context\":\"https:\\\/\\\/schema.org\",\"@graph\":[{\"@type\":\"WebPage\",\"@id\":\"https:\\\/\\\/www.musikzeitung.ch\\\/kalender\\\/zko-festival-kinderkonzert-rosanui\",\"url\":\"https:\\\/\\\/www.musikzeitung.ch\\\/kalender\\\/zko-festival-kinderkonzert-rosanui\",\"name\":\"ZKO-Festival \u2014 Kinderkonzert \u2014 Rosanui - Schweizer Musikzeitung\",\"isPartOf\":{\"@id\":\"https:\\\/\\\/www.musikzeitung.ch\\\/#website\"},\"primaryImageOfPage\":{\"@id\":\"https:\\\/\\\/www.musikzeitung.ch\\\/kalender\\\/zko-festival-kinderkonzert-rosanui#primaryimage\"},\"image\":{\"@id\":\"https:\\\/\\\/www.musikzeitung.ch\\\/kalender\\\/zko-festival-kinderkonzert-rosanui#primaryimage\"},\"thumbnailUrl\":\"https:\\\/\\\/www.musikzeitung.ch\\\/wp-content\\\/uploads\\\/2025\\\/09\\\/2025-09-05_68bab3ed04022_rosanui-c-romain-lubiere-a2mimon_25-26_1200x630.jpg\",\"datePublished\":\"2025-09-05T10:37:34+00:00\",\"breadcrumb\":{\"@id\":\"https:\\\/\\\/www.musikzeitung.ch\\\/kalender\\\/zko-festival-kinderkonzert-rosanui#breadcrumb\"},\"inLanguage\":\"en-US\",\"potentialAction\":[{\"@type\":\"ReadAction\",\"target\":[\"https:\\\/\\\/www.musikzeitung.ch\\\/kalender\\\/zko-festival-kinderkonzert-rosanui\"]}]},{\"@type\":\"ImageObject\",\"inLanguage\":\"en-US\",\"@id\":\"https:\\\/\\\/www.musikzeitung.ch\\\/kalender\\\/zko-festival-kinderkonzert-rosanui#primaryimage\",\"url\":\"https:\\\/\\\/www.musikzeitung.ch\\\/wp-content\\\/uploads\\\/2025\\\/09\\\/2025-09-05_68bab3ed04022_rosanui-c-romain-lubiere-a2mimon_25-26_1200x630.jpg\",\"contentUrl\":\"https:\\\/\\\/www.musikzeitung.ch\\\/wp-content\\\/uploads\\\/2025\\\/09\\\/2025-09-05_68bab3ed04022_rosanui-c-romain-lubiere-a2mimon_25-26_1200x630.jpg\",\"width\":1200,\"height\":630},{\"@type\":\"BreadcrumbList\",\"@id\":\"https:\\\/\\\/www.musikzeitung.ch\\\/kalender\\\/zko-festival-kinderkonzert-rosanui#breadcrumb\",\"itemListElement\":[{\"@type\":\"ListItem\",\"position\":1,\"name\":\"Home\",\"item\":\"https:\\\/\\\/www.musikzeitung.ch\\\/\"},{\"@type\":\"ListItem\",\"position\":2,\"name\":\"Kalender\",\"item\":\"https:\\\/\\\/www.musikzeitung.ch\\\/kalender\"},{\"@type\":\"ListItem\",\"position\":3,\"name\":\"ZKO-Festival \u2014 Kinderkonzert \u2014 Rosanui\"}]},{\"@type\":\"WebSite\",\"@id\":\"https:\\\/\\\/www.musikzeitung.ch\\\/#website\",\"url\":\"https:\\\/\\\/www.musikzeitung.ch\\\/\",\"name\":\"Schweizer Musikzeitung\",\"description\":\"Die f\u00fchrende sparten\u00fcbergreifende Monatszeitung in der Schweiz f\u00fcr musikalische Fragen.\",\"publisher\":{\"@id\":\"https:\\\/\\\/www.musikzeitung.ch\\\/#organization\"},\"potentialAction\":[{\"@type\":\"SearchAction\",\"target\":{\"@type\":\"EntryPoint\",\"urlTemplate\":\"https:\\\/\\\/www.musikzeitung.ch\\\/?s={search_term_string}\"},\"query-input\":{\"@type\":\"PropertyValueSpecification\",\"valueRequired\":true,\"valueName\":\"search_term_string\"}}],\"inLanguage\":\"en-US\"},{\"@type\":\"Organization\",\"@id\":\"https:\\\/\\\/www.musikzeitung.ch\\\/#organization\",\"name\":\"Schweizer Musikzeitung\",\"url\":\"https:\\\/\\\/www.musikzeitung.ch\\\/\",\"logo\":{\"@type\":\"ImageObject\",\"inLanguage\":\"en-US\",\"@id\":\"https:\\\/\\\/www.musikzeitung.ch\\\/#\\\/schema\\\/logo\\\/image\\\/\",\"url\":\"https:\\\/\\\/www.musikzeitung.ch\\\/wp-content\\\/uploads\\\/2023\\\/01\\\/SMZ_Schriftzug_Sprache.png\",\"contentUrl\":\"https:\\\/\\\/www.musikzeitung.ch\\\/wp-content\\\/uploads\\\/2023\\\/01\\\/SMZ_Schriftzug_Sprache.png\",\"width\":1400,\"height\":279,\"caption\":\"Schweizer Musikzeitung\"},\"image\":{\"@id\":\"https:\\\/\\\/www.musikzeitung.ch\\\/#\\\/schema\\\/logo\\\/image\\\/\"},\"sameAs\":[\"https:\\\/\\\/www.facebook.com\\\/SchweizerMusikzeitung\\\/\",\"https:\\\/\\\/x.com\\\/smusikzeitung\",\"https:\\\/\\\/www.instagram.com\\\/musikzeitung.ch\\\/\"]}]}<\/script>\n<!-- \/ Yoast SEO plugin. -->","yoast_head_json":{"title":"ZKO-Festival - Children's concert - Rosanui - Schweizer Musikzeitung","robots":{"index":"index","follow":"follow","max-snippet":"max-snippet:-1","max-image-preview":"max-image-preview:large","max-video-preview":"max-video-preview:-1"},"canonical":"https:\/\/www.musikzeitung.ch\/en\/kalender\/zko-festival-kinderkonzert-rosanui\/","og_locale":"en_US","og_type":"article","og_title":"ZKO-Festival \u2014 Kinderkonzert \u2014 Rosanui - Schweizer Musikzeitung","og_description":"\u00dcber dem Dorf, da thront Rosanui, ein Gebirge, dessen Formen am Tag ganz leblos, starr und stumm wirken. Aber wenn es Nacht wird, dann reckt sich Rosanui, atmet und beobachtet, wie die Dunkelheit sich f\u00fcllt mit ungeahnten Wundern. Eine zarte und spielerische Sinneserfahrung nach dem Buch von Emma Robert und Romain Lubi\u00e8re mit Musik von [&hellip;]","og_url":"https:\/\/www.musikzeitung.ch\/en\/kalender\/zko-festival-kinderkonzert-rosanui\/","og_site_name":"Schweizer Musikzeitung","article_publisher":"https:\/\/www.facebook.com\/SchweizerMusikzeitung\/","og_image":[{"width":1200,"height":630,"url":"https:\/\/www.musikzeitung.ch\/wp-content\/uploads\/2025\/09\/2025-09-05_68bab3ed04022_rosanui-c-romain-lubiere-a2mimon_25-26_1200x630.jpg","type":"image\/jpeg"}],"twitter_card":"summary_large_image","twitter_site":"@smusikzeitung","twitter_misc":{"Est. reading time":"1 minute"},"schema":{"@context":"https:\/\/schema.org","@graph":[{"@type":"WebPage","@id":"https:\/\/www.musikzeitung.ch\/kalender\/zko-festival-kinderkonzert-rosanui","url":"https:\/\/www.musikzeitung.ch\/kalender\/zko-festival-kinderkonzert-rosanui","name":"ZKO-Festival - Children's concert - Rosanui - Schweizer Musikzeitung","isPartOf":{"@id":"https:\/\/www.musikzeitung.ch\/#website"},"primaryImageOfPage":{"@id":"https:\/\/www.musikzeitung.ch\/kalender\/zko-festival-kinderkonzert-rosanui#primaryimage"},"image":{"@id":"https:\/\/www.musikzeitung.ch\/kalender\/zko-festival-kinderkonzert-rosanui#primaryimage"},"thumbnailUrl":"https:\/\/www.musikzeitung.ch\/wp-content\/uploads\/2025\/09\/2025-09-05_68bab3ed04022_rosanui-c-romain-lubiere-a2mimon_25-26_1200x630.jpg","datePublished":"2025-09-05T10:37:34+00:00","breadcrumb":{"@id":"https:\/\/www.musikzeitung.ch\/kalender\/zko-festival-kinderkonzert-rosanui#breadcrumb"},"inLanguage":"en-US","potentialAction":[{"@type":"ReadAction","target":["https:\/\/www.musikzeitung.ch\/kalender\/zko-festival-kinderkonzert-rosanui"]}]},{"@type":"ImageObject","inLanguage":"en-US","@id":"https:\/\/www.musikzeitung.ch\/kalender\/zko-festival-kinderkonzert-rosanui#primaryimage","url":"https:\/\/www.musikzeitung.ch\/wp-content\/uploads\/2025\/09\/2025-09-05_68bab3ed04022_rosanui-c-romain-lubiere-a2mimon_25-26_1200x630.jpg","contentUrl":"https:\/\/www.musikzeitung.ch\/wp-content\/uploads\/2025\/09\/2025-09-05_68bab3ed04022_rosanui-c-romain-lubiere-a2mimon_25-26_1200x630.jpg","width":1200,"height":630},{"@type":"BreadcrumbList","@id":"https:\/\/www.musikzeitung.ch\/kalender\/zko-festival-kinderkonzert-rosanui#breadcrumb","itemListElement":[{"@type":"ListItem","position":1,"name":"Home","item":"https:\/\/www.musikzeitung.ch\/"},{"@type":"ListItem","position":2,"name":"Kalender","item":"https:\/\/www.musikzeitung.ch\/kalender"},{"@type":"ListItem","position":3,"name":"ZKO-Festival \u2014 Kinderkonzert \u2014 Rosanui"}]},{"@type":"WebSite","@id":"https:\/\/www.musikzeitung.ch\/#website","url":"https:\/\/www.musikzeitung.ch\/","name":"Swiss Music Newspaper","description":"The leading interdisciplinary monthly newspaper in Switzerland for musical issues.","publisher":{"@id":"https:\/\/www.musikzeitung.ch\/#organization"},"potentialAction":[{"@type":"SearchAction","target":{"@type":"EntryPoint","urlTemplate":"https:\/\/www.musikzeitung.ch\/?s={search_term_string}"},"query-input":{"@type":"PropertyValueSpecification","valueRequired":true,"valueName":"search_term_string"}}],"inLanguage":"en-US"},{"@type":"Organization","@id":"https:\/\/www.musikzeitung.ch\/#organization","name":"Swiss Music Newspaper","url":"https:\/\/www.musikzeitung.ch\/","logo":{"@type":"ImageObject","inLanguage":"en-US","@id":"https:\/\/www.musikzeitung.ch\/#\/schema\/logo\/image\/","url":"https:\/\/www.musikzeitung.ch\/wp-content\/uploads\/2023\/01\/SMZ_Schriftzug_Sprache.png","contentUrl":"https:\/\/www.musikzeitung.ch\/wp-content\/uploads\/2023\/01\/SMZ_Schriftzug_Sprache.png","width":1400,"height":279,"caption":"Schweizer Musikzeitung"},"image":{"@id":"https:\/\/www.musikzeitung.ch\/#\/schema\/logo\/image\/"},"sameAs":["https:\/\/www.facebook.com\/SchweizerMusikzeitung\/","https:\/\/x.com\/smusikzeitung","https:\/\/www.instagram.com\/musikzeitung.ch\/"]}]}},"publishpress_future_action":{"enabled":true,"date":"2026-06-06 10:57:00","action":"change-status","newStatus":"trash","terms":[0],"taxonomy":"category","extraData":[]},"publishpress_future_workflow_manual_trigger":{"enabledWorkflows":[]},"_links":{"self":[{"href":"https:\/\/www.musikzeitung.ch\/en\/wp-json\/wp\/v2\/kalender\/67451","targetHints":{"allow":["GET"]}}],"collection":[{"href":"https:\/\/www.musikzeitung.ch\/en\/wp-json\/wp\/v2\/kalender"}],"about":[{"href":"https:\/\/www.musikzeitung.ch\/en\/wp-json\/wp\/v2\/types\/kalender"}],"author":[{"embeddable":true,"href":"https:\/\/www.musikzeitung.ch\/en\/wp-json\/wp\/v2\/users\/1"}],"version-history":[{"count":1,"href":"https:\/\/www.musikzeitung.ch\/en\/wp-json\/wp\/v2\/kalender\/67451\/revisions"}],"predecessor-version":[{"id":67492,"href":"https:\/\/www.musikzeitung.ch\/en\/wp-json\/wp\/v2\/kalender\/67451\/revisions\/67492"}],"wp:featuredmedia":[{"embeddable":true,"href":"https:\/\/www.musikzeitung.ch\/en\/wp-json\/wp\/v2\/media\/67452"}],"wp:attachment":[{"href":"https:\/\/www.musikzeitung.ch\/en\/wp-json\/wp\/v2\/media?parent=67451"}],"wp:term":[{"taxonomy":"category","embeddable":true,"href":"https:\/\/www.musikzeitung.ch\/en\/wp-json\/wp\/v2\/categories?post=67451"},{"taxonomy":"post_tag","embeddable":true,"href":"https:\/\/www.musikzeitung.ch\/en\/wp-json\/wp\/v2\/tags?post=67451"}],"curies":[{"name":"wp","href":"https:\/\/api.w.org\/{rel}","templated":true}]}}