{"id":67461,"date":"2025-09-05T12:40:14","date_gmt":"2025-09-05T10:40:14","guid":{"rendered":"https:\/\/www.musikzeitung.ch\/?post_type=kalender&#038;p=67461"},"modified":"2025-09-05T12:40:14","modified_gmt":"2025-09-05T10:40:14","slug":"abschlusskonzert-junges-zko-2","status":"publish","type":"kalender","link":"https:\/\/www.musikzeitung.ch\/en\/kalender\/abschlusskonzert-junges-zko-2","title":{"rendered":"Young ZKO final concert"},"content":{"rendered":"<p>Music education for children<\/p>\n<p>How can you get children interested in the fascinating world of classical music? Around ten years ago, the Zurich Chamber Orchestra launched the Young ZKO project together with music educator Oliver Hauser. The aim is to give children access to classical music and introduce them to this music in a lively way.<\/p>\n<p>The Young ZKO is based on two central pillars: a look behind the scenes of an orchestra and a direct exchange between children and musicians. This includes visits by soloists in the classroom as well as excursions by school classes to the ZKO building. The morning of visits is particularly popular, where the pupils get to know both the orchestra and the administrative processes during a guided tour.<\/p>\n<p>Over the course of two years, the children immerse themselves in the world of classical music and the orchestra. The highlight is the final concert: together with composer Carmen Nu\u00f1ez and music educator Oliver Hauser, the children create their own theme, write texts, design the stage set - and even compose their own pieces of music. At the end of the season, they finally perform together with the Zurich Chamber Orchestra on the stage of the ZKO House and celebrate the crowning finale of an inspiring and intensive collaboration.<\/p>\n<p>Young ZKO<br \/>\nZurich Chamber Orchestra<\/p>\n<p>With the kind support of:<br \/>\nCity of Zurich, School Office, Office for School Culture<br \/>\nArt Mentor Foundation Lucerne<\/p>\n<div class=\"usp-images-wrap\"><span class=\"usp-image-wrap\"><a href=\"https:\/\/www.musikzeitung.ch\/wp-content\/uploads\/2025\/09\/2025-09-05_68bab727b3e25_abschlusskonzert-junges-zko-24-25-share.jpg\" class=\"lightbox\" rel=\"lightbox\" title=\"\"><img loading=\"lazy\" decoding=\"async\" id=\"usp-attach-id-67462\" class=\"usp-image\" src=\"https:\/\/www.musikzeitung.ch\/wp-content\/uploads\/2025\/09\/2025-09-05_68bab727b3e25_abschlusskonzert-junges-zko-24-25-share.jpg\" width=\"1200\" height=\"630\" \/><\/a><\/span><\/div>","protected":false},"author":1,"featured_media":67462,"parent":0,"template":"","meta":{"_acf_changed":false,"_relevanssi_hide_post":"","_relevanssi_hide_content":"","_relevanssi_pin_for_all":"","_relevanssi_pin_keywords":"","_relevanssi_unpin_keywords":"","_relevanssi_related_keywords":"","_relevanssi_related_include_ids":"","_relevanssi_related_exclude_ids":"","_relevanssi_related_no_append":"","_relevanssi_related_not_related":"","_relevanssi_related_posts":"","_relevanssi_noindex_reason":"","pgc_sgb_lightbox_settings":"","footnotes":""},"categories":[1571],"tags":[],"class_list":["post-67461","kalender","type-kalender","status-publish","has-post-thumbnail","hentry","category-klassik-konzertagenda"],"acf":[],"yoast_head":"<!-- This site is optimized with the Yoast SEO plugin v27.4 - https:\/\/yoast.com\/product\/yoast-seo-wordpress\/ -->\n<title>Abschlusskonzert Junges ZKO - Schweizer Musikzeitung<\/title>\n<meta name=\"robots\" content=\"index, follow, max-snippet:-1, max-image-preview:large, max-video-preview:-1\" \/>\n<link rel=\"canonical\" href=\"https:\/\/www.musikzeitung.ch\/en\/kalender\/abschlusskonzert-junges-zko-2\/\" \/>\n<meta property=\"og:locale\" content=\"en_US\" \/>\n<meta property=\"og:type\" content=\"article\" \/>\n<meta property=\"og:title\" content=\"Abschlusskonzert Junges ZKO - Schweizer Musikzeitung\" \/>\n<meta property=\"og:description\" content=\"Musikvermittlung f\u00fcr Kinder Wie kann man Kinder f\u00fcr die faszinierende Welt der klassischen Musik begeistern? Vor rund zehn Jahren hat das Z\u00fcrcher Kammerorchester gemeinsam mit Musikvermittler Oliver Hauser das Projekt Junges ZKO ins Leben gerufen. Ziel ist es, Kindern den Zugang zur Klassik zu er\u00f6ffnen und ihnen diese Musik auf lebendige Weise n\u00e4herzubringen. Das Junge [&hellip;]\" \/>\n<meta property=\"og:url\" content=\"https:\/\/www.musikzeitung.ch\/en\/kalender\/abschlusskonzert-junges-zko-2\/\" \/>\n<meta property=\"og:site_name\" content=\"Schweizer Musikzeitung\" \/>\n<meta property=\"article:publisher\" content=\"https:\/\/www.facebook.com\/SchweizerMusikzeitung\/\" \/>\n<meta property=\"og:image\" content=\"https:\/\/www.musikzeitung.ch\/wp-content\/uploads\/2025\/09\/2025-09-05_68bab727b3e25_abschlusskonzert-junges-zko-24-25-share.jpg\" \/>\n\t<meta property=\"og:image:width\" content=\"1200\" \/>\n\t<meta property=\"og:image:height\" content=\"630\" \/>\n\t<meta property=\"og:image:type\" content=\"image\/jpeg\" \/>\n<meta name=\"twitter:card\" content=\"summary_large_image\" \/>\n<meta name=\"twitter:site\" content=\"@smusikzeitung\" \/>\n<meta name=\"twitter:label1\" content=\"Est. reading time\" \/>\n\t<meta name=\"twitter:data1\" content=\"2 minutes\" \/>\n<script type=\"application\/ld+json\" class=\"yoast-schema-graph\">{\"@context\":\"https:\\\/\\\/schema.org\",\"@graph\":[{\"@type\":\"WebPage\",\"@id\":\"https:\\\/\\\/www.musikzeitung.ch\\\/kalender\\\/abschlusskonzert-junges-zko-2\",\"url\":\"https:\\\/\\\/www.musikzeitung.ch\\\/kalender\\\/abschlusskonzert-junges-zko-2\",\"name\":\"Abschlusskonzert Junges ZKO - Schweizer Musikzeitung\",\"isPartOf\":{\"@id\":\"https:\\\/\\\/www.musikzeitung.ch\\\/#website\"},\"primaryImageOfPage\":{\"@id\":\"https:\\\/\\\/www.musikzeitung.ch\\\/kalender\\\/abschlusskonzert-junges-zko-2#primaryimage\"},\"image\":{\"@id\":\"https:\\\/\\\/www.musikzeitung.ch\\\/kalender\\\/abschlusskonzert-junges-zko-2#primaryimage\"},\"thumbnailUrl\":\"https:\\\/\\\/www.musikzeitung.ch\\\/wp-content\\\/uploads\\\/2025\\\/09\\\/2025-09-05_68bab727b3e25_abschlusskonzert-junges-zko-24-25-share.jpg\",\"datePublished\":\"2025-09-05T10:40:14+00:00\",\"breadcrumb\":{\"@id\":\"https:\\\/\\\/www.musikzeitung.ch\\\/kalender\\\/abschlusskonzert-junges-zko-2#breadcrumb\"},\"inLanguage\":\"en-US\",\"potentialAction\":[{\"@type\":\"ReadAction\",\"target\":[\"https:\\\/\\\/www.musikzeitung.ch\\\/kalender\\\/abschlusskonzert-junges-zko-2\"]}]},{\"@type\":\"ImageObject\",\"inLanguage\":\"en-US\",\"@id\":\"https:\\\/\\\/www.musikzeitung.ch\\\/kalender\\\/abschlusskonzert-junges-zko-2#primaryimage\",\"url\":\"https:\\\/\\\/www.musikzeitung.ch\\\/wp-content\\\/uploads\\\/2025\\\/09\\\/2025-09-05_68bab727b3e25_abschlusskonzert-junges-zko-24-25-share.jpg\",\"contentUrl\":\"https:\\\/\\\/www.musikzeitung.ch\\\/wp-content\\\/uploads\\\/2025\\\/09\\\/2025-09-05_68bab727b3e25_abschlusskonzert-junges-zko-24-25-share.jpg\",\"width\":1200,\"height\":630},{\"@type\":\"BreadcrumbList\",\"@id\":\"https:\\\/\\\/www.musikzeitung.ch\\\/kalender\\\/abschlusskonzert-junges-zko-2#breadcrumb\",\"itemListElement\":[{\"@type\":\"ListItem\",\"position\":1,\"name\":\"Home\",\"item\":\"https:\\\/\\\/www.musikzeitung.ch\\\/\"},{\"@type\":\"ListItem\",\"position\":2,\"name\":\"Kalender\",\"item\":\"https:\\\/\\\/www.musikzeitung.ch\\\/kalender\"},{\"@type\":\"ListItem\",\"position\":3,\"name\":\"Abschlusskonzert Junges ZKO\"}]},{\"@type\":\"WebSite\",\"@id\":\"https:\\\/\\\/www.musikzeitung.ch\\\/#website\",\"url\":\"https:\\\/\\\/www.musikzeitung.ch\\\/\",\"name\":\"Schweizer Musikzeitung\",\"description\":\"Die f\u00fchrende sparten\u00fcbergreifende Monatszeitung in der Schweiz f\u00fcr musikalische Fragen.\",\"publisher\":{\"@id\":\"https:\\\/\\\/www.musikzeitung.ch\\\/#organization\"},\"potentialAction\":[{\"@type\":\"SearchAction\",\"target\":{\"@type\":\"EntryPoint\",\"urlTemplate\":\"https:\\\/\\\/www.musikzeitung.ch\\\/?s={search_term_string}\"},\"query-input\":{\"@type\":\"PropertyValueSpecification\",\"valueRequired\":true,\"valueName\":\"search_term_string\"}}],\"inLanguage\":\"en-US\"},{\"@type\":\"Organization\",\"@id\":\"https:\\\/\\\/www.musikzeitung.ch\\\/#organization\",\"name\":\"Schweizer Musikzeitung\",\"url\":\"https:\\\/\\\/www.musikzeitung.ch\\\/\",\"logo\":{\"@type\":\"ImageObject\",\"inLanguage\":\"en-US\",\"@id\":\"https:\\\/\\\/www.musikzeitung.ch\\\/#\\\/schema\\\/logo\\\/image\\\/\",\"url\":\"https:\\\/\\\/www.musikzeitung.ch\\\/wp-content\\\/uploads\\\/2023\\\/01\\\/SMZ_Schriftzug_Sprache.png\",\"contentUrl\":\"https:\\\/\\\/www.musikzeitung.ch\\\/wp-content\\\/uploads\\\/2023\\\/01\\\/SMZ_Schriftzug_Sprache.png\",\"width\":1400,\"height\":279,\"caption\":\"Schweizer Musikzeitung\"},\"image\":{\"@id\":\"https:\\\/\\\/www.musikzeitung.ch\\\/#\\\/schema\\\/logo\\\/image\\\/\"},\"sameAs\":[\"https:\\\/\\\/www.facebook.com\\\/SchweizerMusikzeitung\\\/\",\"https:\\\/\\\/x.com\\\/smusikzeitung\",\"https:\\\/\\\/www.instagram.com\\\/musikzeitung.ch\\\/\"]}]}<\/script>\n<!-- \/ Yoast SEO plugin. -->","yoast_head_json":{"title":"Final concert of the Young ZKO - Schweizer Musikzeitung","robots":{"index":"index","follow":"follow","max-snippet":"max-snippet:-1","max-image-preview":"max-image-preview:large","max-video-preview":"max-video-preview:-1"},"canonical":"https:\/\/www.musikzeitung.ch\/en\/kalender\/abschlusskonzert-junges-zko-2\/","og_locale":"en_US","og_type":"article","og_title":"Abschlusskonzert Junges ZKO - Schweizer Musikzeitung","og_description":"Musikvermittlung f\u00fcr Kinder Wie kann man Kinder f\u00fcr die faszinierende Welt der klassischen Musik begeistern? Vor rund zehn Jahren hat das Z\u00fcrcher Kammerorchester gemeinsam mit Musikvermittler Oliver Hauser das Projekt Junges ZKO ins Leben gerufen. Ziel ist es, Kindern den Zugang zur Klassik zu er\u00f6ffnen und ihnen diese Musik auf lebendige Weise n\u00e4herzubringen. Das Junge [&hellip;]","og_url":"https:\/\/www.musikzeitung.ch\/en\/kalender\/abschlusskonzert-junges-zko-2\/","og_site_name":"Schweizer Musikzeitung","article_publisher":"https:\/\/www.facebook.com\/SchweizerMusikzeitung\/","og_image":[{"width":1200,"height":630,"url":"https:\/\/www.musikzeitung.ch\/wp-content\/uploads\/2025\/09\/2025-09-05_68bab727b3e25_abschlusskonzert-junges-zko-24-25-share.jpg","type":"image\/jpeg"}],"twitter_card":"summary_large_image","twitter_site":"@smusikzeitung","twitter_misc":{"Est. reading time":"2 minutes"},"schema":{"@context":"https:\/\/schema.org","@graph":[{"@type":"WebPage","@id":"https:\/\/www.musikzeitung.ch\/kalender\/abschlusskonzert-junges-zko-2","url":"https:\/\/www.musikzeitung.ch\/kalender\/abschlusskonzert-junges-zko-2","name":"Final concert of the Young ZKO - Schweizer Musikzeitung","isPartOf":{"@id":"https:\/\/www.musikzeitung.ch\/#website"},"primaryImageOfPage":{"@id":"https:\/\/www.musikzeitung.ch\/kalender\/abschlusskonzert-junges-zko-2#primaryimage"},"image":{"@id":"https:\/\/www.musikzeitung.ch\/kalender\/abschlusskonzert-junges-zko-2#primaryimage"},"thumbnailUrl":"https:\/\/www.musikzeitung.ch\/wp-content\/uploads\/2025\/09\/2025-09-05_68bab727b3e25_abschlusskonzert-junges-zko-24-25-share.jpg","datePublished":"2025-09-05T10:40:14+00:00","breadcrumb":{"@id":"https:\/\/www.musikzeitung.ch\/kalender\/abschlusskonzert-junges-zko-2#breadcrumb"},"inLanguage":"en-US","potentialAction":[{"@type":"ReadAction","target":["https:\/\/www.musikzeitung.ch\/kalender\/abschlusskonzert-junges-zko-2"]}]},{"@type":"ImageObject","inLanguage":"en-US","@id":"https:\/\/www.musikzeitung.ch\/kalender\/abschlusskonzert-junges-zko-2#primaryimage","url":"https:\/\/www.musikzeitung.ch\/wp-content\/uploads\/2025\/09\/2025-09-05_68bab727b3e25_abschlusskonzert-junges-zko-24-25-share.jpg","contentUrl":"https:\/\/www.musikzeitung.ch\/wp-content\/uploads\/2025\/09\/2025-09-05_68bab727b3e25_abschlusskonzert-junges-zko-24-25-share.jpg","width":1200,"height":630},{"@type":"BreadcrumbList","@id":"https:\/\/www.musikzeitung.ch\/kalender\/abschlusskonzert-junges-zko-2#breadcrumb","itemListElement":[{"@type":"ListItem","position":1,"name":"Home","item":"https:\/\/www.musikzeitung.ch\/"},{"@type":"ListItem","position":2,"name":"Kalender","item":"https:\/\/www.musikzeitung.ch\/kalender"},{"@type":"ListItem","position":3,"name":"Abschlusskonzert Junges ZKO"}]},{"@type":"WebSite","@id":"https:\/\/www.musikzeitung.ch\/#website","url":"https:\/\/www.musikzeitung.ch\/","name":"Swiss Music Newspaper","description":"The leading interdisciplinary monthly newspaper in Switzerland for musical issues.","publisher":{"@id":"https:\/\/www.musikzeitung.ch\/#organization"},"potentialAction":[{"@type":"SearchAction","target":{"@type":"EntryPoint","urlTemplate":"https:\/\/www.musikzeitung.ch\/?s={search_term_string}"},"query-input":{"@type":"PropertyValueSpecification","valueRequired":true,"valueName":"search_term_string"}}],"inLanguage":"en-US"},{"@type":"Organization","@id":"https:\/\/www.musikzeitung.ch\/#organization","name":"Swiss Music Newspaper","url":"https:\/\/www.musikzeitung.ch\/","logo":{"@type":"ImageObject","inLanguage":"en-US","@id":"https:\/\/www.musikzeitung.ch\/#\/schema\/logo\/image\/","url":"https:\/\/www.musikzeitung.ch\/wp-content\/uploads\/2023\/01\/SMZ_Schriftzug_Sprache.png","contentUrl":"https:\/\/www.musikzeitung.ch\/wp-content\/uploads\/2023\/01\/SMZ_Schriftzug_Sprache.png","width":1400,"height":279,"caption":"Schweizer Musikzeitung"},"image":{"@id":"https:\/\/www.musikzeitung.ch\/#\/schema\/logo\/image\/"},"sameAs":["https:\/\/www.facebook.com\/SchweizerMusikzeitung\/","https:\/\/x.com\/smusikzeitung","https:\/\/www.instagram.com\/musikzeitung.ch\/"]}]}},"publishpress_future_action":{"enabled":true,"date":"2026-06-18 20:10:00","action":"change-status","newStatus":"trash","terms":[0],"taxonomy":"category","extraData":[]},"publishpress_future_workflow_manual_trigger":{"enabledWorkflows":[]},"_links":{"self":[{"href":"https:\/\/www.musikzeitung.ch\/en\/wp-json\/wp\/v2\/kalender\/67461","targetHints":{"allow":["GET"]}}],"collection":[{"href":"https:\/\/www.musikzeitung.ch\/en\/wp-json\/wp\/v2\/kalender"}],"about":[{"href":"https:\/\/www.musikzeitung.ch\/en\/wp-json\/wp\/v2\/types\/kalender"}],"author":[{"embeddable":true,"href":"https:\/\/www.musikzeitung.ch\/en\/wp-json\/wp\/v2\/users\/1"}],"version-history":[{"count":1,"href":"https:\/\/www.musikzeitung.ch\/en\/wp-json\/wp\/v2\/kalender\/67461\/revisions"}],"predecessor-version":[{"id":67497,"href":"https:\/\/www.musikzeitung.ch\/en\/wp-json\/wp\/v2\/kalender\/67461\/revisions\/67497"}],"wp:featuredmedia":[{"embeddable":true,"href":"https:\/\/www.musikzeitung.ch\/en\/wp-json\/wp\/v2\/media\/67462"}],"wp:attachment":[{"href":"https:\/\/www.musikzeitung.ch\/en\/wp-json\/wp\/v2\/media?parent=67461"}],"wp:term":[{"taxonomy":"category","embeddable":true,"href":"https:\/\/www.musikzeitung.ch\/en\/wp-json\/wp\/v2\/categories?post=67461"},{"taxonomy":"post_tag","embeddable":true,"href":"https:\/\/www.musikzeitung.ch\/en\/wp-json\/wp\/v2\/tags?post=67461"}],"curies":[{"name":"wp","href":"https:\/\/api.w.org\/{rel}","templated":true}]}}