{"id":67463,"date":"2025-09-05T12:41:26","date_gmt":"2025-09-05T10:41:26","guid":{"rendered":"https:\/\/www.musikzeitung.ch\/?post_type=kalender&#038;p=67463"},"modified":"2025-09-05T12:41:26","modified_gmt":"2025-09-05T10:41:26","slug":"saisonabschluss-mit-regula-muehlemann-und-daniel-hope","status":"publish","type":"kalender","link":"https:\/\/www.musikzeitung.ch\/en\/kalender\/saisonabschluss-mit-regula-muehlemann-und-daniel-hope","title":{"rendered":"End of the season with Regula M\u00fchlemann and Daniel Hope"},"content":{"rendered":"<p>Vocal flights of fancy and passionate violin sounds<\/p>\n<p>The Swiss soprano Regula M\u00fchlemann is now conquering international concert halls. Now she can be heard on stage for the first time with Daniel Hope and the Zurich Chamber Orchestra.<\/p>\n<p>To mark the festive end of the season, the orchestra will perform a program that includes the most beautiful Mozart arias as well as songs by the Lili and Nadia Boulanger siblings. In the second half of the program, the orchestra then bids farewell to the summer break with Joseph Haydn's Funeral Symphony. The work was composed around 1770 and is one of the five symphonies from this period in which Haydn used minor keys for the first time. The name goes back to a dubious tradition according to which Haydn once expressed the wish that the Largo of this very symphony should be played at his funeral. In its tension and passion, the Funeral Symphony is exemplary of this aesthetic phase of upheaval in Haydn's music.<\/p>\n<p>Photo: Regula M\u00fchlemann \u00a9 Guido Werner Photography<\/p>\n<div class=\"usp-images-wrap\"><span class=\"usp-image-wrap\"><a href=\"https:\/\/www.musikzeitung.ch\/wp-content\/uploads\/2025\/09\/2025-09-05_68bab7d277221_saisonabschluss-hope-mhlemann-c-guido-werner-photography_share_25-26.jpg\" class=\"lightbox\" rel=\"lightbox\" title=\"\"><img loading=\"lazy\" decoding=\"async\" id=\"usp-attach-id-67464\" class=\"usp-image\" src=\"https:\/\/www.musikzeitung.ch\/wp-content\/uploads\/2025\/09\/2025-09-05_68bab7d277221_saisonabschluss-hope-mhlemann-c-guido-werner-photography_share_25-26.jpg\" width=\"1200\" height=\"630\" \/><\/a><\/span><\/div>","protected":false},"author":1,"featured_media":67464,"parent":0,"template":"","meta":{"_acf_changed":false,"_relevanssi_hide_post":"","_relevanssi_hide_content":"","_relevanssi_pin_for_all":"","_relevanssi_pin_keywords":"","_relevanssi_unpin_keywords":"","_relevanssi_related_keywords":"","_relevanssi_related_include_ids":"","_relevanssi_related_exclude_ids":"","_relevanssi_related_no_append":"","_relevanssi_related_not_related":"","_relevanssi_related_posts":"","_relevanssi_noindex_reason":"","pgc_sgb_lightbox_settings":"","footnotes":""},"categories":[1571],"tags":[],"class_list":["post-67463","kalender","type-kalender","status-publish","has-post-thumbnail","hentry","category-klassik-konzertagenda"],"acf":[],"yoast_head":"<!-- This site is optimized with the Yoast SEO plugin v27.4 - https:\/\/yoast.com\/product\/yoast-seo-wordpress\/ -->\n<title>Saisonabschluss mit Regula M\u00fchlemann und Daniel Hope - Schweizer Musikzeitung<\/title>\n<meta name=\"robots\" content=\"index, follow, max-snippet:-1, max-image-preview:large, max-video-preview:-1\" \/>\n<link rel=\"canonical\" href=\"https:\/\/www.musikzeitung.ch\/en\/kalender\/saisonabschluss-mit-regula-muehlemann-und-daniel-hope\/\" \/>\n<meta property=\"og:locale\" content=\"en_US\" \/>\n<meta property=\"og:type\" content=\"article\" \/>\n<meta property=\"og:title\" content=\"Saisonabschluss mit Regula M\u00fchlemann und Daniel Hope - Schweizer Musikzeitung\" \/>\n<meta property=\"og:description\" content=\"Vokale H\u00f6henfl\u00fcge und leidenschaftliche Geigenkl\u00e4nge Die Schweizer Sopranistin Regula M\u00fchlemann erobert mittlerweile die internationalen Konzerts\u00e4le. Nun ist sie zum ersten Mal gemeinsam mit Daniel Hope und dem Z\u00fcrcher Kammerorchester auf der B\u00fchne zu h\u00f6ren. Zum feierlichen Saisonabschluss erklingt ein Programm, dass neben den sch\u00f6nsten Mozartarien auch Lieder der Geschwister Lili und Nadia Boulanger erklingen l\u00e4sst. [&hellip;]\" \/>\n<meta property=\"og:url\" content=\"https:\/\/www.musikzeitung.ch\/en\/kalender\/saisonabschluss-mit-regula-muehlemann-und-daniel-hope\/\" \/>\n<meta property=\"og:site_name\" content=\"Schweizer Musikzeitung\" \/>\n<meta property=\"article:publisher\" content=\"https:\/\/www.facebook.com\/SchweizerMusikzeitung\/\" \/>\n<meta property=\"og:image\" content=\"https:\/\/www.musikzeitung.ch\/wp-content\/uploads\/2025\/09\/2025-09-05_68bab7d277221_saisonabschluss-hope-mhlemann-c-guido-werner-photography_share_25-26.jpg\" \/>\n\t<meta property=\"og:image:width\" content=\"1200\" \/>\n\t<meta property=\"og:image:height\" content=\"630\" \/>\n\t<meta property=\"og:image:type\" content=\"image\/jpeg\" \/>\n<meta name=\"twitter:card\" content=\"summary_large_image\" \/>\n<meta name=\"twitter:site\" content=\"@smusikzeitung\" \/>\n<meta name=\"twitter:label1\" content=\"Est. reading time\" \/>\n\t<meta name=\"twitter:data1\" content=\"1 minute\" \/>\n<script type=\"application\/ld+json\" class=\"yoast-schema-graph\">{\"@context\":\"https:\\\/\\\/schema.org\",\"@graph\":[{\"@type\":\"WebPage\",\"@id\":\"https:\\\/\\\/www.musikzeitung.ch\\\/kalender\\\/saisonabschluss-mit-regula-muehlemann-und-daniel-hope\",\"url\":\"https:\\\/\\\/www.musikzeitung.ch\\\/kalender\\\/saisonabschluss-mit-regula-muehlemann-und-daniel-hope\",\"name\":\"Saisonabschluss mit Regula M\u00fchlemann und Daniel Hope - Schweizer Musikzeitung\",\"isPartOf\":{\"@id\":\"https:\\\/\\\/www.musikzeitung.ch\\\/#website\"},\"primaryImageOfPage\":{\"@id\":\"https:\\\/\\\/www.musikzeitung.ch\\\/kalender\\\/saisonabschluss-mit-regula-muehlemann-und-daniel-hope#primaryimage\"},\"image\":{\"@id\":\"https:\\\/\\\/www.musikzeitung.ch\\\/kalender\\\/saisonabschluss-mit-regula-muehlemann-und-daniel-hope#primaryimage\"},\"thumbnailUrl\":\"https:\\\/\\\/www.musikzeitung.ch\\\/wp-content\\\/uploads\\\/2025\\\/09\\\/2025-09-05_68bab7d277221_saisonabschluss-hope-mhlemann-c-guido-werner-photography_share_25-26.jpg\",\"datePublished\":\"2025-09-05T10:41:26+00:00\",\"breadcrumb\":{\"@id\":\"https:\\\/\\\/www.musikzeitung.ch\\\/kalender\\\/saisonabschluss-mit-regula-muehlemann-und-daniel-hope#breadcrumb\"},\"inLanguage\":\"en-US\",\"potentialAction\":[{\"@type\":\"ReadAction\",\"target\":[\"https:\\\/\\\/www.musikzeitung.ch\\\/kalender\\\/saisonabschluss-mit-regula-muehlemann-und-daniel-hope\"]}]},{\"@type\":\"ImageObject\",\"inLanguage\":\"en-US\",\"@id\":\"https:\\\/\\\/www.musikzeitung.ch\\\/kalender\\\/saisonabschluss-mit-regula-muehlemann-und-daniel-hope#primaryimage\",\"url\":\"https:\\\/\\\/www.musikzeitung.ch\\\/wp-content\\\/uploads\\\/2025\\\/09\\\/2025-09-05_68bab7d277221_saisonabschluss-hope-mhlemann-c-guido-werner-photography_share_25-26.jpg\",\"contentUrl\":\"https:\\\/\\\/www.musikzeitung.ch\\\/wp-content\\\/uploads\\\/2025\\\/09\\\/2025-09-05_68bab7d277221_saisonabschluss-hope-mhlemann-c-guido-werner-photography_share_25-26.jpg\",\"width\":1200,\"height\":630},{\"@type\":\"BreadcrumbList\",\"@id\":\"https:\\\/\\\/www.musikzeitung.ch\\\/kalender\\\/saisonabschluss-mit-regula-muehlemann-und-daniel-hope#breadcrumb\",\"itemListElement\":[{\"@type\":\"ListItem\",\"position\":1,\"name\":\"Home\",\"item\":\"https:\\\/\\\/www.musikzeitung.ch\\\/\"},{\"@type\":\"ListItem\",\"position\":2,\"name\":\"Kalender\",\"item\":\"https:\\\/\\\/www.musikzeitung.ch\\\/kalender\"},{\"@type\":\"ListItem\",\"position\":3,\"name\":\"Saisonabschluss mit Regula M\u00fchlemann und Daniel Hope\"}]},{\"@type\":\"WebSite\",\"@id\":\"https:\\\/\\\/www.musikzeitung.ch\\\/#website\",\"url\":\"https:\\\/\\\/www.musikzeitung.ch\\\/\",\"name\":\"Schweizer Musikzeitung\",\"description\":\"Die f\u00fchrende sparten\u00fcbergreifende Monatszeitung in der Schweiz f\u00fcr musikalische Fragen.\",\"publisher\":{\"@id\":\"https:\\\/\\\/www.musikzeitung.ch\\\/#organization\"},\"potentialAction\":[{\"@type\":\"SearchAction\",\"target\":{\"@type\":\"EntryPoint\",\"urlTemplate\":\"https:\\\/\\\/www.musikzeitung.ch\\\/?s={search_term_string}\"},\"query-input\":{\"@type\":\"PropertyValueSpecification\",\"valueRequired\":true,\"valueName\":\"search_term_string\"}}],\"inLanguage\":\"en-US\"},{\"@type\":\"Organization\",\"@id\":\"https:\\\/\\\/www.musikzeitung.ch\\\/#organization\",\"name\":\"Schweizer Musikzeitung\",\"url\":\"https:\\\/\\\/www.musikzeitung.ch\\\/\",\"logo\":{\"@type\":\"ImageObject\",\"inLanguage\":\"en-US\",\"@id\":\"https:\\\/\\\/www.musikzeitung.ch\\\/#\\\/schema\\\/logo\\\/image\\\/\",\"url\":\"https:\\\/\\\/www.musikzeitung.ch\\\/wp-content\\\/uploads\\\/2023\\\/01\\\/SMZ_Schriftzug_Sprache.png\",\"contentUrl\":\"https:\\\/\\\/www.musikzeitung.ch\\\/wp-content\\\/uploads\\\/2023\\\/01\\\/SMZ_Schriftzug_Sprache.png\",\"width\":1400,\"height\":279,\"caption\":\"Schweizer Musikzeitung\"},\"image\":{\"@id\":\"https:\\\/\\\/www.musikzeitung.ch\\\/#\\\/schema\\\/logo\\\/image\\\/\"},\"sameAs\":[\"https:\\\/\\\/www.facebook.com\\\/SchweizerMusikzeitung\\\/\",\"https:\\\/\\\/x.com\\\/smusikzeitung\",\"https:\\\/\\\/www.instagram.com\\\/musikzeitung.ch\\\/\"]}]}<\/script>\n<!-- \/ Yoast SEO plugin. -->","yoast_head_json":{"title":"Saisonabschluss mit Regula M\u00fchlemann und Daniel Hope - Schweizer Musikzeitung","robots":{"index":"index","follow":"follow","max-snippet":"max-snippet:-1","max-image-preview":"max-image-preview:large","max-video-preview":"max-video-preview:-1"},"canonical":"https:\/\/www.musikzeitung.ch\/en\/kalender\/saisonabschluss-mit-regula-muehlemann-und-daniel-hope\/","og_locale":"en_US","og_type":"article","og_title":"Saisonabschluss mit Regula M\u00fchlemann und Daniel Hope - Schweizer Musikzeitung","og_description":"Vokale H\u00f6henfl\u00fcge und leidenschaftliche Geigenkl\u00e4nge Die Schweizer Sopranistin Regula M\u00fchlemann erobert mittlerweile die internationalen Konzerts\u00e4le. Nun ist sie zum ersten Mal gemeinsam mit Daniel Hope und dem Z\u00fcrcher Kammerorchester auf der B\u00fchne zu h\u00f6ren. Zum feierlichen Saisonabschluss erklingt ein Programm, dass neben den sch\u00f6nsten Mozartarien auch Lieder der Geschwister Lili und Nadia Boulanger erklingen l\u00e4sst. [&hellip;]","og_url":"https:\/\/www.musikzeitung.ch\/en\/kalender\/saisonabschluss-mit-regula-muehlemann-und-daniel-hope\/","og_site_name":"Schweizer Musikzeitung","article_publisher":"https:\/\/www.facebook.com\/SchweizerMusikzeitung\/","og_image":[{"width":1200,"height":630,"url":"https:\/\/www.musikzeitung.ch\/wp-content\/uploads\/2025\/09\/2025-09-05_68bab7d277221_saisonabschluss-hope-mhlemann-c-guido-werner-photography_share_25-26.jpg","type":"image\/jpeg"}],"twitter_card":"summary_large_image","twitter_site":"@smusikzeitung","twitter_misc":{"Est. reading time":"1 minute"},"schema":{"@context":"https:\/\/schema.org","@graph":[{"@type":"WebPage","@id":"https:\/\/www.musikzeitung.ch\/kalender\/saisonabschluss-mit-regula-muehlemann-und-daniel-hope","url":"https:\/\/www.musikzeitung.ch\/kalender\/saisonabschluss-mit-regula-muehlemann-und-daniel-hope","name":"Saisonabschluss mit Regula M\u00fchlemann und Daniel Hope - Schweizer Musikzeitung","isPartOf":{"@id":"https:\/\/www.musikzeitung.ch\/#website"},"primaryImageOfPage":{"@id":"https:\/\/www.musikzeitung.ch\/kalender\/saisonabschluss-mit-regula-muehlemann-und-daniel-hope#primaryimage"},"image":{"@id":"https:\/\/www.musikzeitung.ch\/kalender\/saisonabschluss-mit-regula-muehlemann-und-daniel-hope#primaryimage"},"thumbnailUrl":"https:\/\/www.musikzeitung.ch\/wp-content\/uploads\/2025\/09\/2025-09-05_68bab7d277221_saisonabschluss-hope-mhlemann-c-guido-werner-photography_share_25-26.jpg","datePublished":"2025-09-05T10:41:26+00:00","breadcrumb":{"@id":"https:\/\/www.musikzeitung.ch\/kalender\/saisonabschluss-mit-regula-muehlemann-und-daniel-hope#breadcrumb"},"inLanguage":"en-US","potentialAction":[{"@type":"ReadAction","target":["https:\/\/www.musikzeitung.ch\/kalender\/saisonabschluss-mit-regula-muehlemann-und-daniel-hope"]}]},{"@type":"ImageObject","inLanguage":"en-US","@id":"https:\/\/www.musikzeitung.ch\/kalender\/saisonabschluss-mit-regula-muehlemann-und-daniel-hope#primaryimage","url":"https:\/\/www.musikzeitung.ch\/wp-content\/uploads\/2025\/09\/2025-09-05_68bab7d277221_saisonabschluss-hope-mhlemann-c-guido-werner-photography_share_25-26.jpg","contentUrl":"https:\/\/www.musikzeitung.ch\/wp-content\/uploads\/2025\/09\/2025-09-05_68bab7d277221_saisonabschluss-hope-mhlemann-c-guido-werner-photography_share_25-26.jpg","width":1200,"height":630},{"@type":"BreadcrumbList","@id":"https:\/\/www.musikzeitung.ch\/kalender\/saisonabschluss-mit-regula-muehlemann-und-daniel-hope#breadcrumb","itemListElement":[{"@type":"ListItem","position":1,"name":"Home","item":"https:\/\/www.musikzeitung.ch\/"},{"@type":"ListItem","position":2,"name":"Kalender","item":"https:\/\/www.musikzeitung.ch\/kalender"},{"@type":"ListItem","position":3,"name":"Saisonabschluss mit Regula M\u00fchlemann und Daniel Hope"}]},{"@type":"WebSite","@id":"https:\/\/www.musikzeitung.ch\/#website","url":"https:\/\/www.musikzeitung.ch\/","name":"Swiss Music Newspaper","description":"The leading interdisciplinary monthly newspaper in Switzerland for musical issues.","publisher":{"@id":"https:\/\/www.musikzeitung.ch\/#organization"},"potentialAction":[{"@type":"SearchAction","target":{"@type":"EntryPoint","urlTemplate":"https:\/\/www.musikzeitung.ch\/?s={search_term_string}"},"query-input":{"@type":"PropertyValueSpecification","valueRequired":true,"valueName":"search_term_string"}}],"inLanguage":"en-US"},{"@type":"Organization","@id":"https:\/\/www.musikzeitung.ch\/#organization","name":"Swiss Music Newspaper","url":"https:\/\/www.musikzeitung.ch\/","logo":{"@type":"ImageObject","inLanguage":"en-US","@id":"https:\/\/www.musikzeitung.ch\/#\/schema\/logo\/image\/","url":"https:\/\/www.musikzeitung.ch\/wp-content\/uploads\/2023\/01\/SMZ_Schriftzug_Sprache.png","contentUrl":"https:\/\/www.musikzeitung.ch\/wp-content\/uploads\/2023\/01\/SMZ_Schriftzug_Sprache.png","width":1400,"height":279,"caption":"Schweizer Musikzeitung"},"image":{"@id":"https:\/\/www.musikzeitung.ch\/#\/schema\/logo\/image\/"},"sameAs":["https:\/\/www.facebook.com\/SchweizerMusikzeitung\/","https:\/\/x.com\/smusikzeitung","https:\/\/www.instagram.com\/musikzeitung.ch\/"]}]}},"publishpress_future_action":{"enabled":true,"date":"2026-06-23 19:13:00","action":"change-status","newStatus":"trash","terms":[0],"taxonomy":"category","extraData":[]},"publishpress_future_workflow_manual_trigger":{"enabledWorkflows":[]},"_links":{"self":[{"href":"https:\/\/www.musikzeitung.ch\/en\/wp-json\/wp\/v2\/kalender\/67463","targetHints":{"allow":["GET"]}}],"collection":[{"href":"https:\/\/www.musikzeitung.ch\/en\/wp-json\/wp\/v2\/kalender"}],"about":[{"href":"https:\/\/www.musikzeitung.ch\/en\/wp-json\/wp\/v2\/types\/kalender"}],"author":[{"embeddable":true,"href":"https:\/\/www.musikzeitung.ch\/en\/wp-json\/wp\/v2\/users\/1"}],"version-history":[{"count":1,"href":"https:\/\/www.musikzeitung.ch\/en\/wp-json\/wp\/v2\/kalender\/67463\/revisions"}],"predecessor-version":[{"id":67498,"href":"https:\/\/www.musikzeitung.ch\/en\/wp-json\/wp\/v2\/kalender\/67463\/revisions\/67498"}],"wp:featuredmedia":[{"embeddable":true,"href":"https:\/\/www.musikzeitung.ch\/en\/wp-json\/wp\/v2\/media\/67464"}],"wp:attachment":[{"href":"https:\/\/www.musikzeitung.ch\/en\/wp-json\/wp\/v2\/media?parent=67463"}],"wp:term":[{"taxonomy":"category","embeddable":true,"href":"https:\/\/www.musikzeitung.ch\/en\/wp-json\/wp\/v2\/categories?post=67463"},{"taxonomy":"post_tag","embeddable":true,"href":"https:\/\/www.musikzeitung.ch\/en\/wp-json\/wp\/v2\/tags?post=67463"}],"curies":[{"name":"wp","href":"https:\/\/api.w.org\/{rel}","templated":true}]}}