{"id":69128,"date":"2025-11-26T17:34:41","date_gmt":"2025-11-26T16:34:41","guid":{"rendered":"https:\/\/www.musikzeitung.ch\/?post_type=kalender&#038;p=69128"},"modified":"2025-11-26T17:34:41","modified_gmt":"2025-11-26T16:34:41","slug":"glenn-miller-orchestra","status":"publish","type":"kalender","link":"https:\/\/www.musikzeitung.ch\/en\/kalender\/glenn-miller-orchestra","title":{"rendered":"Glenn Miller Orchestra"},"content":{"rendered":"<p>The Glenn Miller Orchestra, conducted by Uli Plettendorff, presents a thrilling concert experience dedicated to music that was originally intended for dancing: swing! The brand-new program \u00abFor Swinging Dancers\u00bb will celebrate its Swiss premiere on May 29, 2026, at the KKL Luzern. With classics such as \u00abChattanooga Choo Choo,\u00bb \u00abTuxedo Junction,\u00bb and of course \u00abIn The Mood,\u00bb the orchestra provides an authentic big band sound and an atmosphere that invites you to tap your feet, swing along, or even dance. \u00abAt every concert, I encourage our audience to get up from their seats and dance if they feel like it \u2013 and this time it's part of the program!\u00bb says bandleader Uli Plettendorff. The Glenn Miller Orchestra is looking forward to treating its loyal fans to an unforgettable evening full of swing and joie de vivre. Let's swing, Lucerne!<\/p>\n<div class=\"usp-images-wrap\"><span class=\"usp-image-wrap\"><a href=\"https:\/\/www.musikzeitung.ch\/wp-content\/uploads\/2025\/11\/2025-11-24_69247cf53805a_26-05-WEB-Glenn-Miller.jpg\" class=\"lightbox\" rel=\"lightbox\" title=\"\"><img loading=\"lazy\" decoding=\"async\" id=\"usp-attach-id-69129\" class=\"usp-image\" src=\"https:\/\/www.musikzeitung.ch\/wp-content\/uploads\/2025\/11\/2025-11-24_69247cf53805a_26-05-WEB-Glenn-Miller.jpg\" width=\"1323\" height=\"953\" \/><\/a><\/span><\/div>","protected":false},"author":1,"featured_media":69129,"parent":0,"template":"","meta":{"_acf_changed":false,"_relevanssi_hide_post":"","_relevanssi_hide_content":"","_relevanssi_pin_for_all":"","_relevanssi_pin_keywords":"","_relevanssi_unpin_keywords":"","_relevanssi_related_keywords":"","_relevanssi_related_include_ids":"","_relevanssi_related_exclude_ids":"","_relevanssi_related_no_append":"","_relevanssi_related_not_related":"","_relevanssi_related_posts":"","_relevanssi_noindex_reason":"","pgc_sgb_lightbox_settings":"","footnotes":""},"categories":[1572],"tags":[],"class_list":["post-69128","kalender","type-kalender","status-publish","has-post-thumbnail","hentry","category-jazz-konzertagenda"],"acf":[],"yoast_head":"<!-- This site is optimized with the Yoast SEO plugin v27.4 - https:\/\/yoast.com\/product\/yoast-seo-wordpress\/ -->\n<title>Glenn Miller Orchestra - Schweizer Musikzeitung<\/title>\n<meta name=\"robots\" content=\"index, follow, max-snippet:-1, max-image-preview:large, max-video-preview:-1\" \/>\n<link rel=\"canonical\" href=\"https:\/\/www.musikzeitung.ch\/en\/kalender\/glenn-miller-orchestra\/\" \/>\n<meta property=\"og:locale\" content=\"en_US\" \/>\n<meta property=\"og:type\" content=\"article\" \/>\n<meta property=\"og:title\" content=\"Glenn Miller Orchestra - Schweizer Musikzeitung\" \/>\n<meta property=\"og:description\" content=\"Das Glenn Miller Orchestra unter der Leitung von Uli Plettendorff pr\u00e4sentiert ein mitreissendes Konzerterlebnis, das ganz im Zeichen der Musik steht, die urspr\u00fcnglich zum Tanzen gedacht war: der Swing! Das brandneue Programm \u00abFor Swinging Dancers\u00bb feiert am 29. Mai 2026 im KKL Luzern seine Schweizer Premiere. Mit Klassikern wie \u00abChattanooga Choo Choo\u00bb, \u00abTuxedo Junction\u00bb und [&hellip;]\" \/>\n<meta property=\"og:url\" content=\"https:\/\/www.musikzeitung.ch\/en\/kalender\/glenn-miller-orchestra\/\" \/>\n<meta property=\"og:site_name\" content=\"Schweizer Musikzeitung\" \/>\n<meta property=\"article:publisher\" content=\"https:\/\/www.facebook.com\/SchweizerMusikzeitung\/\" \/>\n<meta property=\"og:image\" content=\"https:\/\/www.musikzeitung.ch\/wp-content\/uploads\/2025\/11\/2025-11-24_69247cf53805a_26-05-WEB-Glenn-Miller.jpg\" \/>\n\t<meta property=\"og:image:width\" content=\"1323\" \/>\n\t<meta property=\"og:image:height\" content=\"953\" \/>\n\t<meta property=\"og:image:type\" content=\"image\/jpeg\" \/>\n<meta name=\"twitter:card\" content=\"summary_large_image\" \/>\n<meta name=\"twitter:site\" content=\"@smusikzeitung\" \/>\n<meta name=\"twitter:label1\" content=\"Est. reading time\" \/>\n\t<meta name=\"twitter:data1\" content=\"1 minute\" \/>\n<script type=\"application\/ld+json\" class=\"yoast-schema-graph\">{\"@context\":\"https:\\\/\\\/schema.org\",\"@graph\":[{\"@type\":\"WebPage\",\"@id\":\"https:\\\/\\\/www.musikzeitung.ch\\\/kalender\\\/glenn-miller-orchestra\",\"url\":\"https:\\\/\\\/www.musikzeitung.ch\\\/kalender\\\/glenn-miller-orchestra\",\"name\":\"Glenn Miller Orchestra - Schweizer Musikzeitung\",\"isPartOf\":{\"@id\":\"https:\\\/\\\/www.musikzeitung.ch\\\/#website\"},\"primaryImageOfPage\":{\"@id\":\"https:\\\/\\\/www.musikzeitung.ch\\\/kalender\\\/glenn-miller-orchestra#primaryimage\"},\"image\":{\"@id\":\"https:\\\/\\\/www.musikzeitung.ch\\\/kalender\\\/glenn-miller-orchestra#primaryimage\"},\"thumbnailUrl\":\"https:\\\/\\\/www.musikzeitung.ch\\\/wp-content\\\/uploads\\\/2025\\\/11\\\/2025-11-24_69247cf53805a_26-05-WEB-Glenn-Miller.jpg\",\"datePublished\":\"2025-11-26T16:34:41+00:00\",\"breadcrumb\":{\"@id\":\"https:\\\/\\\/www.musikzeitung.ch\\\/kalender\\\/glenn-miller-orchestra#breadcrumb\"},\"inLanguage\":\"en-US\",\"potentialAction\":[{\"@type\":\"ReadAction\",\"target\":[\"https:\\\/\\\/www.musikzeitung.ch\\\/kalender\\\/glenn-miller-orchestra\"]}]},{\"@type\":\"ImageObject\",\"inLanguage\":\"en-US\",\"@id\":\"https:\\\/\\\/www.musikzeitung.ch\\\/kalender\\\/glenn-miller-orchestra#primaryimage\",\"url\":\"https:\\\/\\\/www.musikzeitung.ch\\\/wp-content\\\/uploads\\\/2025\\\/11\\\/2025-11-24_69247cf53805a_26-05-WEB-Glenn-Miller.jpg\",\"contentUrl\":\"https:\\\/\\\/www.musikzeitung.ch\\\/wp-content\\\/uploads\\\/2025\\\/11\\\/2025-11-24_69247cf53805a_26-05-WEB-Glenn-Miller.jpg\",\"width\":1323,\"height\":953},{\"@type\":\"BreadcrumbList\",\"@id\":\"https:\\\/\\\/www.musikzeitung.ch\\\/kalender\\\/glenn-miller-orchestra#breadcrumb\",\"itemListElement\":[{\"@type\":\"ListItem\",\"position\":1,\"name\":\"Home\",\"item\":\"https:\\\/\\\/www.musikzeitung.ch\\\/\"},{\"@type\":\"ListItem\",\"position\":2,\"name\":\"Kalender\",\"item\":\"https:\\\/\\\/www.musikzeitung.ch\\\/kalender\"},{\"@type\":\"ListItem\",\"position\":3,\"name\":\"Glenn Miller Orchestra\"}]},{\"@type\":\"WebSite\",\"@id\":\"https:\\\/\\\/www.musikzeitung.ch\\\/#website\",\"url\":\"https:\\\/\\\/www.musikzeitung.ch\\\/\",\"name\":\"Schweizer Musikzeitung\",\"description\":\"Die f\u00fchrende sparten\u00fcbergreifende Monatszeitung in der Schweiz f\u00fcr musikalische Fragen.\",\"publisher\":{\"@id\":\"https:\\\/\\\/www.musikzeitung.ch\\\/#organization\"},\"potentialAction\":[{\"@type\":\"SearchAction\",\"target\":{\"@type\":\"EntryPoint\",\"urlTemplate\":\"https:\\\/\\\/www.musikzeitung.ch\\\/?s={search_term_string}\"},\"query-input\":{\"@type\":\"PropertyValueSpecification\",\"valueRequired\":true,\"valueName\":\"search_term_string\"}}],\"inLanguage\":\"en-US\"},{\"@type\":\"Organization\",\"@id\":\"https:\\\/\\\/www.musikzeitung.ch\\\/#organization\",\"name\":\"Schweizer Musikzeitung\",\"url\":\"https:\\\/\\\/www.musikzeitung.ch\\\/\",\"logo\":{\"@type\":\"ImageObject\",\"inLanguage\":\"en-US\",\"@id\":\"https:\\\/\\\/www.musikzeitung.ch\\\/#\\\/schema\\\/logo\\\/image\\\/\",\"url\":\"https:\\\/\\\/www.musikzeitung.ch\\\/wp-content\\\/uploads\\\/2023\\\/01\\\/SMZ_Schriftzug_Sprache.png\",\"contentUrl\":\"https:\\\/\\\/www.musikzeitung.ch\\\/wp-content\\\/uploads\\\/2023\\\/01\\\/SMZ_Schriftzug_Sprache.png\",\"width\":1400,\"height\":279,\"caption\":\"Schweizer Musikzeitung\"},\"image\":{\"@id\":\"https:\\\/\\\/www.musikzeitung.ch\\\/#\\\/schema\\\/logo\\\/image\\\/\"},\"sameAs\":[\"https:\\\/\\\/www.facebook.com\\\/SchweizerMusikzeitung\\\/\",\"https:\\\/\\\/x.com\\\/smusikzeitung\",\"https:\\\/\\\/www.instagram.com\\\/musikzeitung.ch\\\/\"]}]}<\/script>\n<!-- \/ Yoast SEO plugin. -->","yoast_head_json":{"title":"Glenn Miller Orchestra - Swiss Music Newspaper","robots":{"index":"index","follow":"follow","max-snippet":"max-snippet:-1","max-image-preview":"max-image-preview:large","max-video-preview":"max-video-preview:-1"},"canonical":"https:\/\/www.musikzeitung.ch\/en\/kalender\/glenn-miller-orchestra\/","og_locale":"en_US","og_type":"article","og_title":"Glenn Miller Orchestra - Schweizer Musikzeitung","og_description":"Das Glenn Miller Orchestra unter der Leitung von Uli Plettendorff pr\u00e4sentiert ein mitreissendes Konzerterlebnis, das ganz im Zeichen der Musik steht, die urspr\u00fcnglich zum Tanzen gedacht war: der Swing! Das brandneue Programm \u00abFor Swinging Dancers\u00bb feiert am 29. Mai 2026 im KKL Luzern seine Schweizer Premiere. Mit Klassikern wie \u00abChattanooga Choo Choo\u00bb, \u00abTuxedo Junction\u00bb und [&hellip;]","og_url":"https:\/\/www.musikzeitung.ch\/en\/kalender\/glenn-miller-orchestra\/","og_site_name":"Schweizer Musikzeitung","article_publisher":"https:\/\/www.facebook.com\/SchweizerMusikzeitung\/","og_image":[{"width":1323,"height":953,"url":"https:\/\/www.musikzeitung.ch\/wp-content\/uploads\/2025\/11\/2025-11-24_69247cf53805a_26-05-WEB-Glenn-Miller.jpg","type":"image\/jpeg"}],"twitter_card":"summary_large_image","twitter_site":"@smusikzeitung","twitter_misc":{"Est. reading time":"1 minute"},"schema":{"@context":"https:\/\/schema.org","@graph":[{"@type":"WebPage","@id":"https:\/\/www.musikzeitung.ch\/kalender\/glenn-miller-orchestra","url":"https:\/\/www.musikzeitung.ch\/kalender\/glenn-miller-orchestra","name":"Glenn Miller Orchestra - Swiss Music Newspaper","isPartOf":{"@id":"https:\/\/www.musikzeitung.ch\/#website"},"primaryImageOfPage":{"@id":"https:\/\/www.musikzeitung.ch\/kalender\/glenn-miller-orchestra#primaryimage"},"image":{"@id":"https:\/\/www.musikzeitung.ch\/kalender\/glenn-miller-orchestra#primaryimage"},"thumbnailUrl":"https:\/\/www.musikzeitung.ch\/wp-content\/uploads\/2025\/11\/2025-11-24_69247cf53805a_26-05-WEB-Glenn-Miller.jpg","datePublished":"2025-11-26T16:34:41+00:00","breadcrumb":{"@id":"https:\/\/www.musikzeitung.ch\/kalender\/glenn-miller-orchestra#breadcrumb"},"inLanguage":"en-US","potentialAction":[{"@type":"ReadAction","target":["https:\/\/www.musikzeitung.ch\/kalender\/glenn-miller-orchestra"]}]},{"@type":"ImageObject","inLanguage":"en-US","@id":"https:\/\/www.musikzeitung.ch\/kalender\/glenn-miller-orchestra#primaryimage","url":"https:\/\/www.musikzeitung.ch\/wp-content\/uploads\/2025\/11\/2025-11-24_69247cf53805a_26-05-WEB-Glenn-Miller.jpg","contentUrl":"https:\/\/www.musikzeitung.ch\/wp-content\/uploads\/2025\/11\/2025-11-24_69247cf53805a_26-05-WEB-Glenn-Miller.jpg","width":1323,"height":953},{"@type":"BreadcrumbList","@id":"https:\/\/www.musikzeitung.ch\/kalender\/glenn-miller-orchestra#breadcrumb","itemListElement":[{"@type":"ListItem","position":1,"name":"Home","item":"https:\/\/www.musikzeitung.ch\/"},{"@type":"ListItem","position":2,"name":"Kalender","item":"https:\/\/www.musikzeitung.ch\/kalender"},{"@type":"ListItem","position":3,"name":"Glenn Miller Orchestra"}]},{"@type":"WebSite","@id":"https:\/\/www.musikzeitung.ch\/#website","url":"https:\/\/www.musikzeitung.ch\/","name":"Swiss Music Newspaper","description":"The leading interdisciplinary monthly newspaper in Switzerland for musical issues.","publisher":{"@id":"https:\/\/www.musikzeitung.ch\/#organization"},"potentialAction":[{"@type":"SearchAction","target":{"@type":"EntryPoint","urlTemplate":"https:\/\/www.musikzeitung.ch\/?s={search_term_string}"},"query-input":{"@type":"PropertyValueSpecification","valueRequired":true,"valueName":"search_term_string"}}],"inLanguage":"en-US"},{"@type":"Organization","@id":"https:\/\/www.musikzeitung.ch\/#organization","name":"Swiss Music Newspaper","url":"https:\/\/www.musikzeitung.ch\/","logo":{"@type":"ImageObject","inLanguage":"en-US","@id":"https:\/\/www.musikzeitung.ch\/#\/schema\/logo\/image\/","url":"https:\/\/www.musikzeitung.ch\/wp-content\/uploads\/2023\/01\/SMZ_Schriftzug_Sprache.png","contentUrl":"https:\/\/www.musikzeitung.ch\/wp-content\/uploads\/2023\/01\/SMZ_Schriftzug_Sprache.png","width":1400,"height":279,"caption":"Schweizer Musikzeitung"},"image":{"@id":"https:\/\/www.musikzeitung.ch\/#\/schema\/logo\/image\/"},"sameAs":["https:\/\/www.facebook.com\/SchweizerMusikzeitung\/","https:\/\/x.com\/smusikzeitung","https:\/\/www.instagram.com\/musikzeitung.ch\/"]}]}},"publishpress_future_action":{"enabled":true,"date":"2026-05-29 19:42:00","action":"change-status","newStatus":"trash","terms":[0],"taxonomy":"category","extraData":[]},"publishpress_future_workflow_manual_trigger":{"enabledWorkflows":[]},"_links":{"self":[{"href":"https:\/\/www.musikzeitung.ch\/en\/wp-json\/wp\/v2\/kalender\/69128","targetHints":{"allow":["GET"]}}],"collection":[{"href":"https:\/\/www.musikzeitung.ch\/en\/wp-json\/wp\/v2\/kalender"}],"about":[{"href":"https:\/\/www.musikzeitung.ch\/en\/wp-json\/wp\/v2\/types\/kalender"}],"author":[{"embeddable":true,"href":"https:\/\/www.musikzeitung.ch\/en\/wp-json\/wp\/v2\/users\/1"}],"version-history":[{"count":1,"href":"https:\/\/www.musikzeitung.ch\/en\/wp-json\/wp\/v2\/kalender\/69128\/revisions"}],"predecessor-version":[{"id":69241,"href":"https:\/\/www.musikzeitung.ch\/en\/wp-json\/wp\/v2\/kalender\/69128\/revisions\/69241"}],"wp:featuredmedia":[{"embeddable":true,"href":"https:\/\/www.musikzeitung.ch\/en\/wp-json\/wp\/v2\/media\/69129"}],"wp:attachment":[{"href":"https:\/\/www.musikzeitung.ch\/en\/wp-json\/wp\/v2\/media?parent=69128"}],"wp:term":[{"taxonomy":"category","embeddable":true,"href":"https:\/\/www.musikzeitung.ch\/en\/wp-json\/wp\/v2\/categories?post=69128"},{"taxonomy":"post_tag","embeddable":true,"href":"https:\/\/www.musikzeitung.ch\/en\/wp-json\/wp\/v2\/tags?post=69128"}],"curies":[{"name":"wp","href":"https:\/\/api.w.org\/{rel}","templated":true}]}}