{"id":69839,"date":"2026-01-05T09:14:12","date_gmt":"2026-01-05T08:14:12","guid":{"rendered":"https:\/\/www.musikzeitung.ch\/?post_type=kalender&#038;p=69839"},"modified":"2026-01-05T09:14:12","modified_gmt":"2026-01-05T08:14:12","slug":"eidgenoessisches-jodlerfest","status":"publish","type":"kalender","link":"https:\/\/www.musikzeitung.ch\/en\/kalender\/eidgenoessisches-jodlerfest","title":{"rendered":"Federal Yodeling Festival"},"content":{"rendered":"<p>26.6.2026 - 28.6.2026<\/p>\n<p>For the first time since 1924, a Federal Yodelling Festival is to be held in Basel in the summer of 2026. In addition to around 1,000 judged performances in the yodelling, alphorn blowing and flag-waving categories, the focus at a Federal Yodelling Festival is always on socializing. The three-day event in the city on the Rhine is expected to attract 10,000 participants and 150,000 festival-goers.<\/p>\n<p>The Swiss Yodelling Festival in Basel was already scheduled for 2020, but had to be postponed by a year due to the Covid-19 pandemic. The event was definitively canceled three months before the 2021 date. Basel will now hold its Federal Yodelling Festival in 2026 after all. In March 2022, the delegates of the Swiss Yodelling Association (EJV) awarded the Northwestern Switzerland sub-association the right to host the event in 2026. This is outside of the regular 15-year cycle of the sub-associations, as the Bernese Cantonal Yodelling Association is foregoing the 2026 event in favor of the cancelled festival in Basel.<\/p>\n<p>The festival site and the venues for the presentations by the active participants are all planned centrally in Basel city center. Details will follow in due course.<\/p>\n<div class=\"usp-images-wrap\"><span class=\"usp-image-wrap\"><a href=\"https:\/\/www.musikzeitung.ch\/wp-content\/uploads\/2025\/12\/2025-12-30_6953ab3a692e6_4cfe68f3c2cd535b4a3f1d35b7c5f6e59d2c828e_7624868611.jpg\" class=\"lightbox\" rel=\"lightbox\" title=\"\"><img loading=\"lazy\" decoding=\"async\" id=\"usp-attach-id-69840\" class=\"usp-image\" src=\"https:\/\/www.musikzeitung.ch\/wp-content\/uploads\/2025\/12\/2025-12-30_6953ab3a692e6_4cfe68f3c2cd535b4a3f1d35b7c5f6e59d2c828e_7624868611.jpg\" width=\"1333\" height=\"750\" \/><\/a><\/span><\/div>","protected":false},"author":1,"featured_media":69840,"parent":0,"template":"","meta":{"_acf_changed":false,"_relevanssi_hide_post":"","_relevanssi_hide_content":"","_relevanssi_pin_for_all":"","_relevanssi_pin_keywords":"","_relevanssi_unpin_keywords":"","_relevanssi_related_keywords":"","_relevanssi_related_include_ids":"","_relevanssi_related_exclude_ids":"","_relevanssi_related_no_append":"","_relevanssi_related_not_related":"","_relevanssi_related_posts":"","_relevanssi_noindex_reason":"","pgc_sgb_lightbox_settings":"","footnotes":""},"categories":[1574],"tags":[],"class_list":["post-69839","kalender","type-kalender","status-publish","has-post-thumbnail","hentry","category-lokales-und-globales-konzertagenda"],"acf":[],"yoast_head":"<!-- This site is optimized with the Yoast SEO plugin v27.4 - https:\/\/yoast.com\/product\/yoast-seo-wordpress\/ -->\n<title>Eidgen\u00f6ssisches Jodlerfest - Schweizer Musikzeitung<\/title>\n<meta name=\"robots\" content=\"index, follow, max-snippet:-1, max-image-preview:large, max-video-preview:-1\" \/>\n<link rel=\"canonical\" href=\"https:\/\/www.musikzeitung.ch\/en\/kalender\/eidgenoessisches-jodlerfest\/\" \/>\n<meta property=\"og:locale\" content=\"en_US\" \/>\n<meta property=\"og:type\" content=\"article\" \/>\n<meta property=\"og:title\" content=\"Eidgen\u00f6ssisches Jodlerfest - Schweizer Musikzeitung\" \/>\n<meta property=\"og:description\" content=\"26.6.2026 &#8211; 28.6.2026 Erstmals seit 1924 soll im Sommer 2026 wieder ein Eidgen\u00f6ssisches Jodlerfest in Basel stattfinden. Neben rund 1\u2019000 Bewertungsvortr\u00e4gen in den Sparten Jodelgesang, Alphornblasen und Fahnenschwingen steht an einem Eidgen\u00f6ssischen Jodlerfest jeweils die Geselligkeit im Mittelpunkt. F\u00fcr die dreit\u00e4gige Veranstaltung in der Stadt am Rhein werden 10&#8217;000 Aktive sowie 150&#8217;000 Festbesucherinnen und -besucher [&hellip;]\" \/>\n<meta property=\"og:url\" content=\"https:\/\/www.musikzeitung.ch\/en\/kalender\/eidgenoessisches-jodlerfest\/\" \/>\n<meta property=\"og:site_name\" content=\"Schweizer Musikzeitung\" \/>\n<meta property=\"article:publisher\" content=\"https:\/\/www.facebook.com\/SchweizerMusikzeitung\/\" \/>\n<meta property=\"og:image\" content=\"https:\/\/www.musikzeitung.ch\/wp-content\/uploads\/2025\/12\/2025-12-30_6953ab3a692e6_4cfe68f3c2cd535b4a3f1d35b7c5f6e59d2c828e_7624868611.jpg\" \/>\n\t<meta property=\"og:image:width\" content=\"1333\" \/>\n\t<meta property=\"og:image:height\" content=\"750\" \/>\n\t<meta property=\"og:image:type\" content=\"image\/jpeg\" \/>\n<meta name=\"twitter:card\" content=\"summary_large_image\" \/>\n<meta name=\"twitter:site\" content=\"@smusikzeitung\" \/>\n<meta name=\"twitter:label1\" content=\"Est. reading time\" \/>\n\t<meta name=\"twitter:data1\" content=\"2 minutes\" \/>\n<script type=\"application\/ld+json\" class=\"yoast-schema-graph\">{\"@context\":\"https:\\\/\\\/schema.org\",\"@graph\":[{\"@type\":\"WebPage\",\"@id\":\"https:\\\/\\\/www.musikzeitung.ch\\\/kalender\\\/eidgenoessisches-jodlerfest\",\"url\":\"https:\\\/\\\/www.musikzeitung.ch\\\/kalender\\\/eidgenoessisches-jodlerfest\",\"name\":\"Eidgen\u00f6ssisches Jodlerfest - Schweizer Musikzeitung\",\"isPartOf\":{\"@id\":\"https:\\\/\\\/www.musikzeitung.ch\\\/#website\"},\"primaryImageOfPage\":{\"@id\":\"https:\\\/\\\/www.musikzeitung.ch\\\/kalender\\\/eidgenoessisches-jodlerfest#primaryimage\"},\"image\":{\"@id\":\"https:\\\/\\\/www.musikzeitung.ch\\\/kalender\\\/eidgenoessisches-jodlerfest#primaryimage\"},\"thumbnailUrl\":\"https:\\\/\\\/www.musikzeitung.ch\\\/wp-content\\\/uploads\\\/2025\\\/12\\\/2025-12-30_6953ab3a692e6_4cfe68f3c2cd535b4a3f1d35b7c5f6e59d2c828e_7624868611.jpg\",\"datePublished\":\"2026-01-05T08:14:12+00:00\",\"breadcrumb\":{\"@id\":\"https:\\\/\\\/www.musikzeitung.ch\\\/kalender\\\/eidgenoessisches-jodlerfest#breadcrumb\"},\"inLanguage\":\"en-US\",\"potentialAction\":[{\"@type\":\"ReadAction\",\"target\":[\"https:\\\/\\\/www.musikzeitung.ch\\\/kalender\\\/eidgenoessisches-jodlerfest\"]}]},{\"@type\":\"ImageObject\",\"inLanguage\":\"en-US\",\"@id\":\"https:\\\/\\\/www.musikzeitung.ch\\\/kalender\\\/eidgenoessisches-jodlerfest#primaryimage\",\"url\":\"https:\\\/\\\/www.musikzeitung.ch\\\/wp-content\\\/uploads\\\/2025\\\/12\\\/2025-12-30_6953ab3a692e6_4cfe68f3c2cd535b4a3f1d35b7c5f6e59d2c828e_7624868611.jpg\",\"contentUrl\":\"https:\\\/\\\/www.musikzeitung.ch\\\/wp-content\\\/uploads\\\/2025\\\/12\\\/2025-12-30_6953ab3a692e6_4cfe68f3c2cd535b4a3f1d35b7c5f6e59d2c828e_7624868611.jpg\",\"width\":1333,\"height\":750},{\"@type\":\"BreadcrumbList\",\"@id\":\"https:\\\/\\\/www.musikzeitung.ch\\\/kalender\\\/eidgenoessisches-jodlerfest#breadcrumb\",\"itemListElement\":[{\"@type\":\"ListItem\",\"position\":1,\"name\":\"Home\",\"item\":\"https:\\\/\\\/www.musikzeitung.ch\\\/\"},{\"@type\":\"ListItem\",\"position\":2,\"name\":\"Kalender\",\"item\":\"https:\\\/\\\/www.musikzeitung.ch\\\/kalender\"},{\"@type\":\"ListItem\",\"position\":3,\"name\":\"Eidgen\u00f6ssisches Jodlerfest\"}]},{\"@type\":\"WebSite\",\"@id\":\"https:\\\/\\\/www.musikzeitung.ch\\\/#website\",\"url\":\"https:\\\/\\\/www.musikzeitung.ch\\\/\",\"name\":\"Schweizer Musikzeitung\",\"description\":\"Die f\u00fchrende sparten\u00fcbergreifende Monatszeitung in der Schweiz f\u00fcr musikalische Fragen.\",\"publisher\":{\"@id\":\"https:\\\/\\\/www.musikzeitung.ch\\\/#organization\"},\"potentialAction\":[{\"@type\":\"SearchAction\",\"target\":{\"@type\":\"EntryPoint\",\"urlTemplate\":\"https:\\\/\\\/www.musikzeitung.ch\\\/?s={search_term_string}\"},\"query-input\":{\"@type\":\"PropertyValueSpecification\",\"valueRequired\":true,\"valueName\":\"search_term_string\"}}],\"inLanguage\":\"en-US\"},{\"@type\":\"Organization\",\"@id\":\"https:\\\/\\\/www.musikzeitung.ch\\\/#organization\",\"name\":\"Schweizer Musikzeitung\",\"url\":\"https:\\\/\\\/www.musikzeitung.ch\\\/\",\"logo\":{\"@type\":\"ImageObject\",\"inLanguage\":\"en-US\",\"@id\":\"https:\\\/\\\/www.musikzeitung.ch\\\/#\\\/schema\\\/logo\\\/image\\\/\",\"url\":\"https:\\\/\\\/www.musikzeitung.ch\\\/wp-content\\\/uploads\\\/2023\\\/01\\\/SMZ_Schriftzug_Sprache.png\",\"contentUrl\":\"https:\\\/\\\/www.musikzeitung.ch\\\/wp-content\\\/uploads\\\/2023\\\/01\\\/SMZ_Schriftzug_Sprache.png\",\"width\":1400,\"height\":279,\"caption\":\"Schweizer Musikzeitung\"},\"image\":{\"@id\":\"https:\\\/\\\/www.musikzeitung.ch\\\/#\\\/schema\\\/logo\\\/image\\\/\"},\"sameAs\":[\"https:\\\/\\\/www.facebook.com\\\/SchweizerMusikzeitung\\\/\",\"https:\\\/\\\/x.com\\\/smusikzeitung\",\"https:\\\/\\\/www.instagram.com\\\/musikzeitung.ch\\\/\"]}]}<\/script>\n<!-- \/ Yoast SEO plugin. -->","yoast_head_json":{"title":"Eidgen\u00f6ssisches Jodlerfest - Schweizer Musikzeitung","robots":{"index":"index","follow":"follow","max-snippet":"max-snippet:-1","max-image-preview":"max-image-preview:large","max-video-preview":"max-video-preview:-1"},"canonical":"https:\/\/www.musikzeitung.ch\/en\/kalender\/eidgenoessisches-jodlerfest\/","og_locale":"en_US","og_type":"article","og_title":"Eidgen\u00f6ssisches Jodlerfest - Schweizer Musikzeitung","og_description":"26.6.2026 &#8211; 28.6.2026 Erstmals seit 1924 soll im Sommer 2026 wieder ein Eidgen\u00f6ssisches Jodlerfest in Basel stattfinden. Neben rund 1\u2019000 Bewertungsvortr\u00e4gen in den Sparten Jodelgesang, Alphornblasen und Fahnenschwingen steht an einem Eidgen\u00f6ssischen Jodlerfest jeweils die Geselligkeit im Mittelpunkt. F\u00fcr die dreit\u00e4gige Veranstaltung in der Stadt am Rhein werden 10&#8217;000 Aktive sowie 150&#8217;000 Festbesucherinnen und -besucher [&hellip;]","og_url":"https:\/\/www.musikzeitung.ch\/en\/kalender\/eidgenoessisches-jodlerfest\/","og_site_name":"Schweizer Musikzeitung","article_publisher":"https:\/\/www.facebook.com\/SchweizerMusikzeitung\/","og_image":[{"width":1333,"height":750,"url":"https:\/\/www.musikzeitung.ch\/wp-content\/uploads\/2025\/12\/2025-12-30_6953ab3a692e6_4cfe68f3c2cd535b4a3f1d35b7c5f6e59d2c828e_7624868611.jpg","type":"image\/jpeg"}],"twitter_card":"summary_large_image","twitter_site":"@smusikzeitung","twitter_misc":{"Est. reading time":"2 minutes"},"schema":{"@context":"https:\/\/schema.org","@graph":[{"@type":"WebPage","@id":"https:\/\/www.musikzeitung.ch\/kalender\/eidgenoessisches-jodlerfest","url":"https:\/\/www.musikzeitung.ch\/kalender\/eidgenoessisches-jodlerfest","name":"Eidgen\u00f6ssisches Jodlerfest - Schweizer Musikzeitung","isPartOf":{"@id":"https:\/\/www.musikzeitung.ch\/#website"},"primaryImageOfPage":{"@id":"https:\/\/www.musikzeitung.ch\/kalender\/eidgenoessisches-jodlerfest#primaryimage"},"image":{"@id":"https:\/\/www.musikzeitung.ch\/kalender\/eidgenoessisches-jodlerfest#primaryimage"},"thumbnailUrl":"https:\/\/www.musikzeitung.ch\/wp-content\/uploads\/2025\/12\/2025-12-30_6953ab3a692e6_4cfe68f3c2cd535b4a3f1d35b7c5f6e59d2c828e_7624868611.jpg","datePublished":"2026-01-05T08:14:12+00:00","breadcrumb":{"@id":"https:\/\/www.musikzeitung.ch\/kalender\/eidgenoessisches-jodlerfest#breadcrumb"},"inLanguage":"en-US","potentialAction":[{"@type":"ReadAction","target":["https:\/\/www.musikzeitung.ch\/kalender\/eidgenoessisches-jodlerfest"]}]},{"@type":"ImageObject","inLanguage":"en-US","@id":"https:\/\/www.musikzeitung.ch\/kalender\/eidgenoessisches-jodlerfest#primaryimage","url":"https:\/\/www.musikzeitung.ch\/wp-content\/uploads\/2025\/12\/2025-12-30_6953ab3a692e6_4cfe68f3c2cd535b4a3f1d35b7c5f6e59d2c828e_7624868611.jpg","contentUrl":"https:\/\/www.musikzeitung.ch\/wp-content\/uploads\/2025\/12\/2025-12-30_6953ab3a692e6_4cfe68f3c2cd535b4a3f1d35b7c5f6e59d2c828e_7624868611.jpg","width":1333,"height":750},{"@type":"BreadcrumbList","@id":"https:\/\/www.musikzeitung.ch\/kalender\/eidgenoessisches-jodlerfest#breadcrumb","itemListElement":[{"@type":"ListItem","position":1,"name":"Home","item":"https:\/\/www.musikzeitung.ch\/"},{"@type":"ListItem","position":2,"name":"Kalender","item":"https:\/\/www.musikzeitung.ch\/kalender"},{"@type":"ListItem","position":3,"name":"Eidgen\u00f6ssisches Jodlerfest"}]},{"@type":"WebSite","@id":"https:\/\/www.musikzeitung.ch\/#website","url":"https:\/\/www.musikzeitung.ch\/","name":"Swiss Music Newspaper","description":"The leading interdisciplinary monthly newspaper in Switzerland for musical issues.","publisher":{"@id":"https:\/\/www.musikzeitung.ch\/#organization"},"potentialAction":[{"@type":"SearchAction","target":{"@type":"EntryPoint","urlTemplate":"https:\/\/www.musikzeitung.ch\/?s={search_term_string}"},"query-input":{"@type":"PropertyValueSpecification","valueRequired":true,"valueName":"search_term_string"}}],"inLanguage":"en-US"},{"@type":"Organization","@id":"https:\/\/www.musikzeitung.ch\/#organization","name":"Swiss Music Newspaper","url":"https:\/\/www.musikzeitung.ch\/","logo":{"@type":"ImageObject","inLanguage":"en-US","@id":"https:\/\/www.musikzeitung.ch\/#\/schema\/logo\/image\/","url":"https:\/\/www.musikzeitung.ch\/wp-content\/uploads\/2023\/01\/SMZ_Schriftzug_Sprache.png","contentUrl":"https:\/\/www.musikzeitung.ch\/wp-content\/uploads\/2023\/01\/SMZ_Schriftzug_Sprache.png","width":1400,"height":279,"caption":"Schweizer Musikzeitung"},"image":{"@id":"https:\/\/www.musikzeitung.ch\/#\/schema\/logo\/image\/"},"sameAs":["https:\/\/www.facebook.com\/SchweizerMusikzeitung\/","https:\/\/x.com\/smusikzeitung","https:\/\/www.instagram.com\/musikzeitung.ch\/"]}]}},"publishpress_future_action":{"enabled":true,"date":"2026-06-26 15:36:00","action":"change-status","newStatus":"trash","terms":[0],"taxonomy":"category","extraData":[]},"publishpress_future_workflow_manual_trigger":{"enabledWorkflows":[]},"_links":{"self":[{"href":"https:\/\/www.musikzeitung.ch\/en\/wp-json\/wp\/v2\/kalender\/69839","targetHints":{"allow":["GET"]}}],"collection":[{"href":"https:\/\/www.musikzeitung.ch\/en\/wp-json\/wp\/v2\/kalender"}],"about":[{"href":"https:\/\/www.musikzeitung.ch\/en\/wp-json\/wp\/v2\/types\/kalender"}],"author":[{"embeddable":true,"href":"https:\/\/www.musikzeitung.ch\/en\/wp-json\/wp\/v2\/users\/1"}],"version-history":[{"count":1,"href":"https:\/\/www.musikzeitung.ch\/en\/wp-json\/wp\/v2\/kalender\/69839\/revisions"}],"predecessor-version":[{"id":69868,"href":"https:\/\/www.musikzeitung.ch\/en\/wp-json\/wp\/v2\/kalender\/69839\/revisions\/69868"}],"wp:featuredmedia":[{"embeddable":true,"href":"https:\/\/www.musikzeitung.ch\/en\/wp-json\/wp\/v2\/media\/69840"}],"wp:attachment":[{"href":"https:\/\/www.musikzeitung.ch\/en\/wp-json\/wp\/v2\/media?parent=69839"}],"wp:term":[{"taxonomy":"category","embeddable":true,"href":"https:\/\/www.musikzeitung.ch\/en\/wp-json\/wp\/v2\/categories?post=69839"},{"taxonomy":"post_tag","embeddable":true,"href":"https:\/\/www.musikzeitung.ch\/en\/wp-json\/wp\/v2\/tags?post=69839"}],"curies":[{"name":"wp","href":"https:\/\/api.w.org\/{rel}","templated":true}]}}