{"id":70002,"date":"2026-01-13T12:34:29","date_gmt":"2026-01-13T11:34:29","guid":{"rendered":"https:\/\/www.musikzeitung.ch\/?post_type=kalender&#038;p=70002"},"modified":"2026-01-13T12:34:29","modified_gmt":"2026-01-13T11:34:29","slug":"anna-mae-album-premiere","status":"publish","type":"kalender","link":"https:\/\/www.musikzeitung.ch\/en\/kalender\/anna-mae-album-premiere","title":{"rendered":"Anna Mae - ALBUM PREMI\u00c8RE"},"content":{"rendered":"<p>The singer &amp; songwriter from Willisau is coming to the Stadtm\u00fchle with her new album. This is where Anna Mae presents her new work to the public for the first time. This will be followed by further concerts throughout Switzerland. Tickets for the album premiere at the Stadtm\u00fchle Willisau are available now!<\/p>\n<p>Anna Mae has an unmistakable style. She refuses to be pigeonholed. She skillfully combines folk, Americana and chanson. Inspired by names such as Tina Turner, Hank Williams and Edith Piaf, the Swiss singer creates her very own songs: gripping, authentic and full of emotion. She has not only brought her music to local stages, but also to the \u00abCanadian Music Week\u00bb in Toronto and the Midwest of the USA. Whether Chicago, London or Willisau, the artist is sincere and courageous.<\/p>\n<p>\u00abI want to move people with my songs, break down barriers and do something good for this world.\u00bb - Anna Mae<\/p>\n<p>The energy that Anna Mae draws from her music is infectious. Undaunted and with a lot of fire, she goes her own way and appeals to everyone to be courageous themselves.<\/p>\n<p>The artist loves French chanson just as much as American country music. Whether in English or French, her songs are about depth, love and hope. As a singer &amp; songwriter, she addresses current world events and tells of her connection to nature. Anna Mae reaches the audience with her authentic personality, her emotionally charged voice and her passion for what she does. The diversity in her artistic work and her own style characterize Anna Mae.<\/p>\n<p>A solo performance: with vocals, guitar and stories.<\/p>\n<p>Door opening: 7 pm<br \/>\nAdmission: 30 CHF<br \/>\nTickets: www.eventfrog.ch<br \/>\nAddress: Town mill, M\u00fcligass 7, 6130 Willisau<\/p>\n<p>More information about the location:<br \/>\nwww.stadtmuehle-willisau.ch<\/p>\n<div class=\"usp-images-wrap\"><span class=\"usp-image-wrap\"><a href=\"https:\/\/www.musikzeitung.ch\/wp-content\/uploads\/2026\/01\/2026-01-13_6965fdece3ab1_SWIVklein.jpg\" class=\"lightbox\" rel=\"lightbox\" title=\"\"><img loading=\"lazy\" decoding=\"async\" id=\"usp-attach-id-70003\" class=\"usp-image\" src=\"https:\/\/www.musikzeitung.ch\/wp-content\/uploads\/2026\/01\/2026-01-13_6965fdece3ab1_SWIVklein.jpg\" width=\"668\" height=\"1000\" \/><\/a><\/span><\/div>","protected":false},"author":1,"featured_media":70003,"parent":0,"template":"","meta":{"_acf_changed":false,"_relevanssi_hide_post":"","_relevanssi_hide_content":"","_relevanssi_pin_for_all":"","_relevanssi_pin_keywords":"","_relevanssi_unpin_keywords":"","_relevanssi_related_keywords":"","_relevanssi_related_include_ids":"","_relevanssi_related_exclude_ids":"","_relevanssi_related_no_append":"","_relevanssi_related_not_related":"","_relevanssi_related_posts":"","_relevanssi_noindex_reason":"","pgc_sgb_lightbox_settings":"","footnotes":""},"categories":[1573],"tags":[],"class_list":["post-70002","kalender","type-kalender","status-publish","has-post-thumbnail","hentry","category-rock-und-pop-konzertagenda"],"acf":[],"yoast_head":"<!-- This site is optimized with the Yoast SEO plugin v27.4 - https:\/\/yoast.com\/product\/yoast-seo-wordpress\/ -->\n<title>Anna Mae - ALBUM PREMI\u00c8RE - Schweizer Musikzeitung<\/title>\n<meta name=\"robots\" content=\"index, follow, max-snippet:-1, max-image-preview:large, max-video-preview:-1\" \/>\n<link rel=\"canonical\" href=\"https:\/\/www.musikzeitung.ch\/en\/kalender\/anna-mae-album-premiere\/\" \/>\n<meta property=\"og:locale\" content=\"en_US\" \/>\n<meta property=\"og:type\" content=\"article\" \/>\n<meta property=\"og:title\" content=\"Anna Mae - ALBUM PREMI\u00c8RE - Schweizer Musikzeitung\" \/>\n<meta property=\"og:description\" content=\"Die S\u00e4ngerin &amp; Liederschreiberin aus Willisau kommt mit ihrem neuen Album in die Stadtm\u00fchle. Hier pr\u00e4sentiert Anna Mae ihr neues Werk zum ersten Mal der \u00d6ffentlichkeit. Danach folgen weitere Konzerte in der ganzen Schweiz. Tickets f\u00fcr die Album-Premi\u00e8re in der Stadtm\u00fchle Willisau sind ab sofort erh\u00e4ltlich! Anna Mae wartet mit ihrem unverkennbaren Stil auf. Schubladisieren [&hellip;]\" \/>\n<meta property=\"og:url\" content=\"https:\/\/www.musikzeitung.ch\/en\/kalender\/anna-mae-album-premiere\/\" \/>\n<meta property=\"og:site_name\" content=\"Schweizer Musikzeitung\" \/>\n<meta property=\"article:publisher\" content=\"https:\/\/www.facebook.com\/SchweizerMusikzeitung\/\" \/>\n<meta property=\"og:image\" content=\"https:\/\/www.musikzeitung.ch\/wp-content\/uploads\/2026\/01\/2026-01-13_6965fdece3ab1_SWIVklein.jpg\" \/>\n\t<meta property=\"og:image:width\" content=\"784\" \/>\n\t<meta property=\"og:image:height\" content=\"1174\" \/>\n\t<meta property=\"og:image:type\" content=\"image\/jpeg\" \/>\n<meta name=\"twitter:card\" content=\"summary_large_image\" \/>\n<meta name=\"twitter:site\" content=\"@smusikzeitung\" \/>\n<meta name=\"twitter:label1\" content=\"Est. reading time\" \/>\n\t<meta name=\"twitter:data1\" content=\"2 minutes\" \/>\n<script type=\"application\/ld+json\" class=\"yoast-schema-graph\">{\"@context\":\"https:\\\/\\\/schema.org\",\"@graph\":[{\"@type\":\"WebPage\",\"@id\":\"https:\\\/\\\/www.musikzeitung.ch\\\/kalender\\\/anna-mae-album-premiere\",\"url\":\"https:\\\/\\\/www.musikzeitung.ch\\\/kalender\\\/anna-mae-album-premiere\",\"name\":\"Anna Mae - ALBUM PREMI\u00c8RE - Schweizer Musikzeitung\",\"isPartOf\":{\"@id\":\"https:\\\/\\\/www.musikzeitung.ch\\\/#website\"},\"primaryImageOfPage\":{\"@id\":\"https:\\\/\\\/www.musikzeitung.ch\\\/kalender\\\/anna-mae-album-premiere#primaryimage\"},\"image\":{\"@id\":\"https:\\\/\\\/www.musikzeitung.ch\\\/kalender\\\/anna-mae-album-premiere#primaryimage\"},\"thumbnailUrl\":\"https:\\\/\\\/www.musikzeitung.ch\\\/wp-content\\\/uploads\\\/2026\\\/01\\\/2026-01-13_6965fdece3ab1_SWIVklein.jpg\",\"datePublished\":\"2026-01-13T11:34:29+00:00\",\"breadcrumb\":{\"@id\":\"https:\\\/\\\/www.musikzeitung.ch\\\/kalender\\\/anna-mae-album-premiere#breadcrumb\"},\"inLanguage\":\"en-US\",\"potentialAction\":[{\"@type\":\"ReadAction\",\"target\":[\"https:\\\/\\\/www.musikzeitung.ch\\\/kalender\\\/anna-mae-album-premiere\"]}]},{\"@type\":\"ImageObject\",\"inLanguage\":\"en-US\",\"@id\":\"https:\\\/\\\/www.musikzeitung.ch\\\/kalender\\\/anna-mae-album-premiere#primaryimage\",\"url\":\"https:\\\/\\\/www.musikzeitung.ch\\\/wp-content\\\/uploads\\\/2026\\\/01\\\/2026-01-13_6965fdece3ab1_SWIVklein.jpg\",\"contentUrl\":\"https:\\\/\\\/www.musikzeitung.ch\\\/wp-content\\\/uploads\\\/2026\\\/01\\\/2026-01-13_6965fdece3ab1_SWIVklein.jpg\",\"width\":668,\"height\":1000},{\"@type\":\"BreadcrumbList\",\"@id\":\"https:\\\/\\\/www.musikzeitung.ch\\\/kalender\\\/anna-mae-album-premiere#breadcrumb\",\"itemListElement\":[{\"@type\":\"ListItem\",\"position\":1,\"name\":\"Home\",\"item\":\"https:\\\/\\\/www.musikzeitung.ch\\\/\"},{\"@type\":\"ListItem\",\"position\":2,\"name\":\"Kalender\",\"item\":\"https:\\\/\\\/www.musikzeitung.ch\\\/kalender\"},{\"@type\":\"ListItem\",\"position\":3,\"name\":\"Anna Mae &#8211; ALBUM PREMI\u00c8RE\"}]},{\"@type\":\"WebSite\",\"@id\":\"https:\\\/\\\/www.musikzeitung.ch\\\/#website\",\"url\":\"https:\\\/\\\/www.musikzeitung.ch\\\/\",\"name\":\"Schweizer Musikzeitung\",\"description\":\"Die f\u00fchrende sparten\u00fcbergreifende Monatszeitung in der Schweiz f\u00fcr musikalische Fragen.\",\"publisher\":{\"@id\":\"https:\\\/\\\/www.musikzeitung.ch\\\/#organization\"},\"potentialAction\":[{\"@type\":\"SearchAction\",\"target\":{\"@type\":\"EntryPoint\",\"urlTemplate\":\"https:\\\/\\\/www.musikzeitung.ch\\\/?s={search_term_string}\"},\"query-input\":{\"@type\":\"PropertyValueSpecification\",\"valueRequired\":true,\"valueName\":\"search_term_string\"}}],\"inLanguage\":\"en-US\"},{\"@type\":\"Organization\",\"@id\":\"https:\\\/\\\/www.musikzeitung.ch\\\/#organization\",\"name\":\"Schweizer Musikzeitung\",\"url\":\"https:\\\/\\\/www.musikzeitung.ch\\\/\",\"logo\":{\"@type\":\"ImageObject\",\"inLanguage\":\"en-US\",\"@id\":\"https:\\\/\\\/www.musikzeitung.ch\\\/#\\\/schema\\\/logo\\\/image\\\/\",\"url\":\"https:\\\/\\\/www.musikzeitung.ch\\\/wp-content\\\/uploads\\\/2023\\\/01\\\/SMZ_Schriftzug_Sprache.png\",\"contentUrl\":\"https:\\\/\\\/www.musikzeitung.ch\\\/wp-content\\\/uploads\\\/2023\\\/01\\\/SMZ_Schriftzug_Sprache.png\",\"width\":1400,\"height\":279,\"caption\":\"Schweizer Musikzeitung\"},\"image\":{\"@id\":\"https:\\\/\\\/www.musikzeitung.ch\\\/#\\\/schema\\\/logo\\\/image\\\/\"},\"sameAs\":[\"https:\\\/\\\/www.facebook.com\\\/SchweizerMusikzeitung\\\/\",\"https:\\\/\\\/x.com\\\/smusikzeitung\",\"https:\\\/\\\/www.instagram.com\\\/musikzeitung.ch\\\/\"]}]}<\/script>\n<!-- \/ Yoast SEO plugin. -->","yoast_head_json":{"title":"Anna Mae - ALBUM PREMI\u00c8RE - Schweizer Musikzeitung","robots":{"index":"index","follow":"follow","max-snippet":"max-snippet:-1","max-image-preview":"max-image-preview:large","max-video-preview":"max-video-preview:-1"},"canonical":"https:\/\/www.musikzeitung.ch\/en\/kalender\/anna-mae-album-premiere\/","og_locale":"en_US","og_type":"article","og_title":"Anna Mae - ALBUM PREMI\u00c8RE - Schweizer Musikzeitung","og_description":"Die S\u00e4ngerin &amp; Liederschreiberin aus Willisau kommt mit ihrem neuen Album in die Stadtm\u00fchle. Hier pr\u00e4sentiert Anna Mae ihr neues Werk zum ersten Mal der \u00d6ffentlichkeit. Danach folgen weitere Konzerte in der ganzen Schweiz. Tickets f\u00fcr die Album-Premi\u00e8re in der Stadtm\u00fchle Willisau sind ab sofort erh\u00e4ltlich! Anna Mae wartet mit ihrem unverkennbaren Stil auf. Schubladisieren [&hellip;]","og_url":"https:\/\/www.musikzeitung.ch\/en\/kalender\/anna-mae-album-premiere\/","og_site_name":"Schweizer Musikzeitung","article_publisher":"https:\/\/www.facebook.com\/SchweizerMusikzeitung\/","og_image":[{"width":784,"height":1174,"url":"https:\/\/www.musikzeitung.ch\/wp-content\/uploads\/2026\/01\/2026-01-13_6965fdece3ab1_SWIVklein.jpg","type":"image\/jpeg"}],"twitter_card":"summary_large_image","twitter_site":"@smusikzeitung","twitter_misc":{"Est. reading time":"2 minutes"},"schema":{"@context":"https:\/\/schema.org","@graph":[{"@type":"WebPage","@id":"https:\/\/www.musikzeitung.ch\/kalender\/anna-mae-album-premiere","url":"https:\/\/www.musikzeitung.ch\/kalender\/anna-mae-album-premiere","name":"Anna Mae - ALBUM PREMI\u00c8RE - Schweizer Musikzeitung","isPartOf":{"@id":"https:\/\/www.musikzeitung.ch\/#website"},"primaryImageOfPage":{"@id":"https:\/\/www.musikzeitung.ch\/kalender\/anna-mae-album-premiere#primaryimage"},"image":{"@id":"https:\/\/www.musikzeitung.ch\/kalender\/anna-mae-album-premiere#primaryimage"},"thumbnailUrl":"https:\/\/www.musikzeitung.ch\/wp-content\/uploads\/2026\/01\/2026-01-13_6965fdece3ab1_SWIVklein.jpg","datePublished":"2026-01-13T11:34:29+00:00","breadcrumb":{"@id":"https:\/\/www.musikzeitung.ch\/kalender\/anna-mae-album-premiere#breadcrumb"},"inLanguage":"en-US","potentialAction":[{"@type":"ReadAction","target":["https:\/\/www.musikzeitung.ch\/kalender\/anna-mae-album-premiere"]}]},{"@type":"ImageObject","inLanguage":"en-US","@id":"https:\/\/www.musikzeitung.ch\/kalender\/anna-mae-album-premiere#primaryimage","url":"https:\/\/www.musikzeitung.ch\/wp-content\/uploads\/2026\/01\/2026-01-13_6965fdece3ab1_SWIVklein.jpg","contentUrl":"https:\/\/www.musikzeitung.ch\/wp-content\/uploads\/2026\/01\/2026-01-13_6965fdece3ab1_SWIVklein.jpg","width":668,"height":1000},{"@type":"BreadcrumbList","@id":"https:\/\/www.musikzeitung.ch\/kalender\/anna-mae-album-premiere#breadcrumb","itemListElement":[{"@type":"ListItem","position":1,"name":"Home","item":"https:\/\/www.musikzeitung.ch\/"},{"@type":"ListItem","position":2,"name":"Kalender","item":"https:\/\/www.musikzeitung.ch\/kalender"},{"@type":"ListItem","position":3,"name":"Anna Mae &#8211; ALBUM PREMI\u00c8RE"}]},{"@type":"WebSite","@id":"https:\/\/www.musikzeitung.ch\/#website","url":"https:\/\/www.musikzeitung.ch\/","name":"Swiss Music Newspaper","description":"The leading interdisciplinary monthly newspaper in Switzerland for musical issues.","publisher":{"@id":"https:\/\/www.musikzeitung.ch\/#organization"},"potentialAction":[{"@type":"SearchAction","target":{"@type":"EntryPoint","urlTemplate":"https:\/\/www.musikzeitung.ch\/?s={search_term_string}"},"query-input":{"@type":"PropertyValueSpecification","valueRequired":true,"valueName":"search_term_string"}}],"inLanguage":"en-US"},{"@type":"Organization","@id":"https:\/\/www.musikzeitung.ch\/#organization","name":"Swiss Music Newspaper","url":"https:\/\/www.musikzeitung.ch\/","logo":{"@type":"ImageObject","inLanguage":"en-US","@id":"https:\/\/www.musikzeitung.ch\/#\/schema\/logo\/image\/","url":"https:\/\/www.musikzeitung.ch\/wp-content\/uploads\/2023\/01\/SMZ_Schriftzug_Sprache.png","contentUrl":"https:\/\/www.musikzeitung.ch\/wp-content\/uploads\/2023\/01\/SMZ_Schriftzug_Sprache.png","width":1400,"height":279,"caption":"Schweizer Musikzeitung"},"image":{"@id":"https:\/\/www.musikzeitung.ch\/#\/schema\/logo\/image\/"},"sameAs":["https:\/\/www.facebook.com\/SchweizerMusikzeitung\/","https:\/\/x.com\/smusikzeitung","https:\/\/www.instagram.com\/musikzeitung.ch\/"]}]}},"publishpress_future_action":{"enabled":true,"date":"2026-09-18 20:10:00","action":"change-status","newStatus":"trash","terms":[0],"taxonomy":"category","extraData":[]},"publishpress_future_workflow_manual_trigger":{"enabledWorkflows":[]},"_links":{"self":[{"href":"https:\/\/www.musikzeitung.ch\/en\/wp-json\/wp\/v2\/kalender\/70002","targetHints":{"allow":["GET"]}}],"collection":[{"href":"https:\/\/www.musikzeitung.ch\/en\/wp-json\/wp\/v2\/kalender"}],"about":[{"href":"https:\/\/www.musikzeitung.ch\/en\/wp-json\/wp\/v2\/types\/kalender"}],"author":[{"embeddable":true,"href":"https:\/\/www.musikzeitung.ch\/en\/wp-json\/wp\/v2\/users\/1"}],"version-history":[{"count":1,"href":"https:\/\/www.musikzeitung.ch\/en\/wp-json\/wp\/v2\/kalender\/70002\/revisions"}],"predecessor-version":[{"id":70022,"href":"https:\/\/www.musikzeitung.ch\/en\/wp-json\/wp\/v2\/kalender\/70002\/revisions\/70022"}],"wp:featuredmedia":[{"embeddable":true,"href":"https:\/\/www.musikzeitung.ch\/en\/wp-json\/wp\/v2\/media\/70003"}],"wp:attachment":[{"href":"https:\/\/www.musikzeitung.ch\/en\/wp-json\/wp\/v2\/media?parent=70002"}],"wp:term":[{"taxonomy":"category","embeddable":true,"href":"https:\/\/www.musikzeitung.ch\/en\/wp-json\/wp\/v2\/categories?post=70002"},{"taxonomy":"post_tag","embeddable":true,"href":"https:\/\/www.musikzeitung.ch\/en\/wp-json\/wp\/v2\/tags?post=70002"}],"curies":[{"name":"wp","href":"https:\/\/api.w.org\/{rel}","templated":true}]}}