{"id":71101,"date":"2026-02-17T09:39:46","date_gmt":"2026-02-17T08:39:46","guid":{"rendered":"https:\/\/www.musikzeitung.ch\/?post_type=kalender&#038;p=71101"},"modified":"2026-02-17T09:39:46","modified_gmt":"2026-02-17T08:39:46","slug":"spettacolo-internationales-strassenkuenstlerfestival-16-8-2026","status":"publish","type":"kalender","link":"https:\/\/www.musikzeitung.ch\/en\/kalender\/spettacolo-internationales-strassenkuenstlerfestival-16-8-2026","title":{"rendered":"Spettacolo - International Street Art Festival - 16.8.2026"},"content":{"rendered":"<p>Comedy, fire art, magic, acrobatics, art, theater and music: over 50 international artists transform Brunnen into a large open-air stage for three days. Around 200 spectacular shows will thrill visitors every hour in various squares and in two atmospheric circus tents. There are also almost 30 food and drink stalls with delicacies from all over the world.<\/p>\n<p>Around 20,000 visitors from all over Central Switzerland are expected to attend. The festival takes place in all weathers. Arrival by public transport is recommended.<\/p>\n<div class=\"usp-images-wrap\"><span class=\"usp-image-wrap\"><a href=\"https:\/\/www.musikzeitung.ch\/wp-content\/uploads\/2026\/02\/2026-02-16_69930736e57b8_4adb80da4266e031ec3889700c786039cc5cd7431.jpg\" class=\"lightbox\" rel=\"lightbox\" title=\"\"><img loading=\"lazy\" decoding=\"async\" id=\"usp-attach-id-71102\" class=\"usp-image\" src=\"https:\/\/www.musikzeitung.ch\/wp-content\/uploads\/2026\/02\/2026-02-16_69930736e57b8_4adb80da4266e031ec3889700c786039cc5cd7431.jpg\" width=\"1125\" height=\"750\" \/><\/a><\/span><\/div>","protected":false},"author":1,"featured_media":71102,"parent":0,"template":"","meta":{"_acf_changed":false,"_relevanssi_hide_post":"","_relevanssi_hide_content":"","_relevanssi_pin_for_all":"","_relevanssi_pin_keywords":"","_relevanssi_unpin_keywords":"","_relevanssi_related_keywords":"","_relevanssi_related_include_ids":"","_relevanssi_related_exclude_ids":"","_relevanssi_related_no_append":"","_relevanssi_related_not_related":"","_relevanssi_related_posts":"","_relevanssi_noindex_reason":"","pgc_sgb_lightbox_settings":"","footnotes":""},"categories":[1574],"tags":[],"class_list":["post-71101","kalender","type-kalender","status-publish","has-post-thumbnail","hentry","category-lokales-und-globales-konzertagenda"],"acf":[],"yoast_head":"<!-- This site is optimized with the Yoast SEO plugin v27.4 - https:\/\/yoast.com\/product\/yoast-seo-wordpress\/ -->\n<title>Spettacolo - Internationales Strassenk\u00fcnstlerfestival - 16.8.2026 - Schweizer Musikzeitung<\/title>\n<meta name=\"robots\" content=\"index, follow, max-snippet:-1, max-image-preview:large, max-video-preview:-1\" \/>\n<link rel=\"canonical\" href=\"https:\/\/www.musikzeitung.ch\/en\/kalender\/spettacolo-internationales-strassenkuenstlerfestival-16-8-2026\/\" \/>\n<meta property=\"og:locale\" content=\"en_US\" \/>\n<meta property=\"og:type\" content=\"article\" \/>\n<meta property=\"og:title\" content=\"Spettacolo - Internationales Strassenk\u00fcnstlerfestival - 16.8.2026 - Schweizer Musikzeitung\" \/>\n<meta property=\"og:description\" content=\"Comedy, Feuerkunst, Zauberei, Akrobatik, Kunst, Theater und Musik: \u00dcber 50 internationale Artistinnen und Artisten verwandeln Brunnen w\u00e4hrend drei Tagen in eine grosse Openair-B\u00fchne. Rund 200 spektakul\u00e4re Shows begeistern im Stundentakt auf verschiedenen Pl\u00e4tzen und in zwei stimmungsvollen Zirkuszelten. Dazu locken fast 30 Food- und Getr\u00e4nkest\u00e4nde mit K\u00f6stlichkeiten aus aller Welt. Rund 20\u2019000 Besucherinnen und Besucher [&hellip;]\" \/>\n<meta property=\"og:url\" content=\"https:\/\/www.musikzeitung.ch\/en\/kalender\/spettacolo-internationales-strassenkuenstlerfestival-16-8-2026\/\" \/>\n<meta property=\"og:site_name\" content=\"Schweizer Musikzeitung\" \/>\n<meta property=\"article:publisher\" content=\"https:\/\/www.facebook.com\/SchweizerMusikzeitung\/\" \/>\n<meta property=\"og:image\" content=\"https:\/\/www.musikzeitung.ch\/wp-content\/uploads\/2026\/02\/2026-02-16_69930736e57b8_4adb80da4266e031ec3889700c786039cc5cd7431.jpg\" \/>\n\t<meta property=\"og:image:width\" content=\"1125\" \/>\n\t<meta property=\"og:image:height\" content=\"750\" \/>\n\t<meta property=\"og:image:type\" content=\"image\/jpeg\" \/>\n<meta name=\"twitter:card\" content=\"summary_large_image\" \/>\n<meta name=\"twitter:site\" content=\"@smusikzeitung\" \/>\n<meta name=\"twitter:label1\" content=\"Est. reading time\" \/>\n\t<meta name=\"twitter:data1\" content=\"1 minute\" \/>\n<script type=\"application\/ld+json\" class=\"yoast-schema-graph\">{\"@context\":\"https:\\\/\\\/schema.org\",\"@graph\":[{\"@type\":\"WebPage\",\"@id\":\"https:\\\/\\\/www.musikzeitung.ch\\\/kalender\\\/spettacolo-internationales-strassenkuenstlerfestival-16-8-2026\",\"url\":\"https:\\\/\\\/www.musikzeitung.ch\\\/kalender\\\/spettacolo-internationales-strassenkuenstlerfestival-16-8-2026\",\"name\":\"Spettacolo - Internationales Strassenk\u00fcnstlerfestival - 16.8.2026 - Schweizer Musikzeitung\",\"isPartOf\":{\"@id\":\"https:\\\/\\\/www.musikzeitung.ch\\\/#website\"},\"primaryImageOfPage\":{\"@id\":\"https:\\\/\\\/www.musikzeitung.ch\\\/kalender\\\/spettacolo-internationales-strassenkuenstlerfestival-16-8-2026#primaryimage\"},\"image\":{\"@id\":\"https:\\\/\\\/www.musikzeitung.ch\\\/kalender\\\/spettacolo-internationales-strassenkuenstlerfestival-16-8-2026#primaryimage\"},\"thumbnailUrl\":\"https:\\\/\\\/www.musikzeitung.ch\\\/wp-content\\\/uploads\\\/2026\\\/02\\\/2026-02-16_69930736e57b8_4adb80da4266e031ec3889700c786039cc5cd7431.jpg\",\"datePublished\":\"2026-02-17T08:39:46+00:00\",\"breadcrumb\":{\"@id\":\"https:\\\/\\\/www.musikzeitung.ch\\\/kalender\\\/spettacolo-internationales-strassenkuenstlerfestival-16-8-2026#breadcrumb\"},\"inLanguage\":\"en-US\",\"potentialAction\":[{\"@type\":\"ReadAction\",\"target\":[\"https:\\\/\\\/www.musikzeitung.ch\\\/kalender\\\/spettacolo-internationales-strassenkuenstlerfestival-16-8-2026\"]}]},{\"@type\":\"ImageObject\",\"inLanguage\":\"en-US\",\"@id\":\"https:\\\/\\\/www.musikzeitung.ch\\\/kalender\\\/spettacolo-internationales-strassenkuenstlerfestival-16-8-2026#primaryimage\",\"url\":\"https:\\\/\\\/www.musikzeitung.ch\\\/wp-content\\\/uploads\\\/2026\\\/02\\\/2026-02-16_69930736e57b8_4adb80da4266e031ec3889700c786039cc5cd7431.jpg\",\"contentUrl\":\"https:\\\/\\\/www.musikzeitung.ch\\\/wp-content\\\/uploads\\\/2026\\\/02\\\/2026-02-16_69930736e57b8_4adb80da4266e031ec3889700c786039cc5cd7431.jpg\",\"width\":1125,\"height\":750},{\"@type\":\"BreadcrumbList\",\"@id\":\"https:\\\/\\\/www.musikzeitung.ch\\\/kalender\\\/spettacolo-internationales-strassenkuenstlerfestival-16-8-2026#breadcrumb\",\"itemListElement\":[{\"@type\":\"ListItem\",\"position\":1,\"name\":\"Home\",\"item\":\"https:\\\/\\\/www.musikzeitung.ch\\\/\"},{\"@type\":\"ListItem\",\"position\":2,\"name\":\"Kalender\",\"item\":\"https:\\\/\\\/www.musikzeitung.ch\\\/kalender\"},{\"@type\":\"ListItem\",\"position\":3,\"name\":\"Spettacolo &#8211; Internationales Strassenk\u00fcnstlerfestival &#8211; 16.8.2026\"}]},{\"@type\":\"WebSite\",\"@id\":\"https:\\\/\\\/www.musikzeitung.ch\\\/#website\",\"url\":\"https:\\\/\\\/www.musikzeitung.ch\\\/\",\"name\":\"Schweizer Musikzeitung\",\"description\":\"Die f\u00fchrende sparten\u00fcbergreifende Monatszeitung in der Schweiz f\u00fcr musikalische Fragen.\",\"publisher\":{\"@id\":\"https:\\\/\\\/www.musikzeitung.ch\\\/#organization\"},\"potentialAction\":[{\"@type\":\"SearchAction\",\"target\":{\"@type\":\"EntryPoint\",\"urlTemplate\":\"https:\\\/\\\/www.musikzeitung.ch\\\/?s={search_term_string}\"},\"query-input\":{\"@type\":\"PropertyValueSpecification\",\"valueRequired\":true,\"valueName\":\"search_term_string\"}}],\"inLanguage\":\"en-US\"},{\"@type\":\"Organization\",\"@id\":\"https:\\\/\\\/www.musikzeitung.ch\\\/#organization\",\"name\":\"Schweizer Musikzeitung\",\"url\":\"https:\\\/\\\/www.musikzeitung.ch\\\/\",\"logo\":{\"@type\":\"ImageObject\",\"inLanguage\":\"en-US\",\"@id\":\"https:\\\/\\\/www.musikzeitung.ch\\\/#\\\/schema\\\/logo\\\/image\\\/\",\"url\":\"https:\\\/\\\/www.musikzeitung.ch\\\/wp-content\\\/uploads\\\/2023\\\/01\\\/SMZ_Schriftzug_Sprache.png\",\"contentUrl\":\"https:\\\/\\\/www.musikzeitung.ch\\\/wp-content\\\/uploads\\\/2023\\\/01\\\/SMZ_Schriftzug_Sprache.png\",\"width\":1400,\"height\":279,\"caption\":\"Schweizer Musikzeitung\"},\"image\":{\"@id\":\"https:\\\/\\\/www.musikzeitung.ch\\\/#\\\/schema\\\/logo\\\/image\\\/\"},\"sameAs\":[\"https:\\\/\\\/www.facebook.com\\\/SchweizerMusikzeitung\\\/\",\"https:\\\/\\\/x.com\\\/smusikzeitung\",\"https:\\\/\\\/www.instagram.com\\\/musikzeitung.ch\\\/\"]}]}<\/script>\n<!-- \/ Yoast SEO plugin. -->","yoast_head_json":{"title":"Spettacolo - Internationales Strassenk\u00fcnstlerfestival - 16.8.2026 - Schweizer Musikzeitung","robots":{"index":"index","follow":"follow","max-snippet":"max-snippet:-1","max-image-preview":"max-image-preview:large","max-video-preview":"max-video-preview:-1"},"canonical":"https:\/\/www.musikzeitung.ch\/en\/kalender\/spettacolo-internationales-strassenkuenstlerfestival-16-8-2026\/","og_locale":"en_US","og_type":"article","og_title":"Spettacolo - Internationales Strassenk\u00fcnstlerfestival - 16.8.2026 - Schweizer Musikzeitung","og_description":"Comedy, Feuerkunst, Zauberei, Akrobatik, Kunst, Theater und Musik: \u00dcber 50 internationale Artistinnen und Artisten verwandeln Brunnen w\u00e4hrend drei Tagen in eine grosse Openair-B\u00fchne. Rund 200 spektakul\u00e4re Shows begeistern im Stundentakt auf verschiedenen Pl\u00e4tzen und in zwei stimmungsvollen Zirkuszelten. Dazu locken fast 30 Food- und Getr\u00e4nkest\u00e4nde mit K\u00f6stlichkeiten aus aller Welt. Rund 20\u2019000 Besucherinnen und Besucher [&hellip;]","og_url":"https:\/\/www.musikzeitung.ch\/en\/kalender\/spettacolo-internationales-strassenkuenstlerfestival-16-8-2026\/","og_site_name":"Schweizer Musikzeitung","article_publisher":"https:\/\/www.facebook.com\/SchweizerMusikzeitung\/","og_image":[{"width":1125,"height":750,"url":"https:\/\/www.musikzeitung.ch\/wp-content\/uploads\/2026\/02\/2026-02-16_69930736e57b8_4adb80da4266e031ec3889700c786039cc5cd7431.jpg","type":"image\/jpeg"}],"twitter_card":"summary_large_image","twitter_site":"@smusikzeitung","twitter_misc":{"Est. reading time":"1 minute"},"schema":{"@context":"https:\/\/schema.org","@graph":[{"@type":"WebPage","@id":"https:\/\/www.musikzeitung.ch\/kalender\/spettacolo-internationales-strassenkuenstlerfestival-16-8-2026","url":"https:\/\/www.musikzeitung.ch\/kalender\/spettacolo-internationales-strassenkuenstlerfestival-16-8-2026","name":"Spettacolo - Internationales Strassenk\u00fcnstlerfestival - 16.8.2026 - Schweizer Musikzeitung","isPartOf":{"@id":"https:\/\/www.musikzeitung.ch\/#website"},"primaryImageOfPage":{"@id":"https:\/\/www.musikzeitung.ch\/kalender\/spettacolo-internationales-strassenkuenstlerfestival-16-8-2026#primaryimage"},"image":{"@id":"https:\/\/www.musikzeitung.ch\/kalender\/spettacolo-internationales-strassenkuenstlerfestival-16-8-2026#primaryimage"},"thumbnailUrl":"https:\/\/www.musikzeitung.ch\/wp-content\/uploads\/2026\/02\/2026-02-16_69930736e57b8_4adb80da4266e031ec3889700c786039cc5cd7431.jpg","datePublished":"2026-02-17T08:39:46+00:00","breadcrumb":{"@id":"https:\/\/www.musikzeitung.ch\/kalender\/spettacolo-internationales-strassenkuenstlerfestival-16-8-2026#breadcrumb"},"inLanguage":"en-US","potentialAction":[{"@type":"ReadAction","target":["https:\/\/www.musikzeitung.ch\/kalender\/spettacolo-internationales-strassenkuenstlerfestival-16-8-2026"]}]},{"@type":"ImageObject","inLanguage":"en-US","@id":"https:\/\/www.musikzeitung.ch\/kalender\/spettacolo-internationales-strassenkuenstlerfestival-16-8-2026#primaryimage","url":"https:\/\/www.musikzeitung.ch\/wp-content\/uploads\/2026\/02\/2026-02-16_69930736e57b8_4adb80da4266e031ec3889700c786039cc5cd7431.jpg","contentUrl":"https:\/\/www.musikzeitung.ch\/wp-content\/uploads\/2026\/02\/2026-02-16_69930736e57b8_4adb80da4266e031ec3889700c786039cc5cd7431.jpg","width":1125,"height":750},{"@type":"BreadcrumbList","@id":"https:\/\/www.musikzeitung.ch\/kalender\/spettacolo-internationales-strassenkuenstlerfestival-16-8-2026#breadcrumb","itemListElement":[{"@type":"ListItem","position":1,"name":"Home","item":"https:\/\/www.musikzeitung.ch\/"},{"@type":"ListItem","position":2,"name":"Kalender","item":"https:\/\/www.musikzeitung.ch\/kalender"},{"@type":"ListItem","position":3,"name":"Spettacolo &#8211; Internationales Strassenk\u00fcnstlerfestival &#8211; 16.8.2026"}]},{"@type":"WebSite","@id":"https:\/\/www.musikzeitung.ch\/#website","url":"https:\/\/www.musikzeitung.ch\/","name":"Swiss Music Newspaper","description":"The leading interdisciplinary monthly newspaper in Switzerland for musical issues.","publisher":{"@id":"https:\/\/www.musikzeitung.ch\/#organization"},"potentialAction":[{"@type":"SearchAction","target":{"@type":"EntryPoint","urlTemplate":"https:\/\/www.musikzeitung.ch\/?s={search_term_string}"},"query-input":{"@type":"PropertyValueSpecification","valueRequired":true,"valueName":"search_term_string"}}],"inLanguage":"en-US"},{"@type":"Organization","@id":"https:\/\/www.musikzeitung.ch\/#organization","name":"Swiss Music Newspaper","url":"https:\/\/www.musikzeitung.ch\/","logo":{"@type":"ImageObject","inLanguage":"en-US","@id":"https:\/\/www.musikzeitung.ch\/#\/schema\/logo\/image\/","url":"https:\/\/www.musikzeitung.ch\/wp-content\/uploads\/2023\/01\/SMZ_Schriftzug_Sprache.png","contentUrl":"https:\/\/www.musikzeitung.ch\/wp-content\/uploads\/2023\/01\/SMZ_Schriftzug_Sprache.png","width":1400,"height":279,"caption":"Schweizer Musikzeitung"},"image":{"@id":"https:\/\/www.musikzeitung.ch\/#\/schema\/logo\/image\/"},"sameAs":["https:\/\/www.facebook.com\/SchweizerMusikzeitung\/","https:\/\/x.com\/smusikzeitung","https:\/\/www.instagram.com\/musikzeitung.ch\/"]}]}},"publishpress_future_action":{"enabled":true,"date":"2026-08-16 00:01:00","action":"change-status","newStatus":"trash","terms":[0],"taxonomy":"category","extraData":[]},"publishpress_future_workflow_manual_trigger":{"enabledWorkflows":[]},"_links":{"self":[{"href":"https:\/\/www.musikzeitung.ch\/en\/wp-json\/wp\/v2\/kalender\/71101","targetHints":{"allow":["GET"]}}],"collection":[{"href":"https:\/\/www.musikzeitung.ch\/en\/wp-json\/wp\/v2\/kalender"}],"about":[{"href":"https:\/\/www.musikzeitung.ch\/en\/wp-json\/wp\/v2\/types\/kalender"}],"author":[{"embeddable":true,"href":"https:\/\/www.musikzeitung.ch\/en\/wp-json\/wp\/v2\/users\/1"}],"version-history":[{"count":1,"href":"https:\/\/www.musikzeitung.ch\/en\/wp-json\/wp\/v2\/kalender\/71101\/revisions"}],"predecessor-version":[{"id":71123,"href":"https:\/\/www.musikzeitung.ch\/en\/wp-json\/wp\/v2\/kalender\/71101\/revisions\/71123"}],"wp:featuredmedia":[{"embeddable":true,"href":"https:\/\/www.musikzeitung.ch\/en\/wp-json\/wp\/v2\/media\/71102"}],"wp:attachment":[{"href":"https:\/\/www.musikzeitung.ch\/en\/wp-json\/wp\/v2\/media?parent=71101"}],"wp:term":[{"taxonomy":"category","embeddable":true,"href":"https:\/\/www.musikzeitung.ch\/en\/wp-json\/wp\/v2\/categories?post=71101"},{"taxonomy":"post_tag","embeddable":true,"href":"https:\/\/www.musikzeitung.ch\/en\/wp-json\/wp\/v2\/tags?post=71101"}],"curies":[{"name":"wp","href":"https:\/\/api.w.org\/{rel}","templated":true}]}}