{"id":71751,"date":"2026-03-20T10:30:55","date_gmt":"2026-03-20T09:30:55","guid":{"rendered":"https:\/\/www.musikzeitung.ch\/?post_type=kalender&#038;p=71751"},"modified":"2026-03-20T10:30:55","modified_gmt":"2026-03-20T09:30:55","slug":"anno-1300-im-kleinen-klingental","status":"publish","type":"kalender","link":"https:\/\/www.musikzeitung.ch\/en\/kalender\/anno-1300-im-kleinen-klingental","title":{"rendered":"Anno 1300 in the Kleine Klingental"},"content":{"rendered":"<p>\ud83d\udc0c How did people live, celebrate and make music in the Middle Ages?<br \/>\nWhat did a festival sound like 700 years ago? What stories were told, what songs were sung on the Rhine?<\/p>\n<p>On the banks of the Rhine in Kleinbasel, we embark on a lively journey through time into the past of our city.<br \/>\nWith music from the Basel song manuscript, historical stories, scents and colors, Swiss cultural heritage can be experienced in a playful way.<br \/>\nOur aim is to bring history to life where it originated - in the heart of Basel.<\/p>\n<p>\ud83d\udc0c The occasion? A celebration!<\/p>\n<p>We are celebrating the christening of Ensemble RESONEZ's first CD - freshly released on the Schweizer Fonogramm label and now available worldwide.<\/p>\n<p>Look forward to a colorful afternoon with themed workshops, culinary insights and short voyages of discovery through medieval Basel.<br \/>\nThe festive highlight is the concert by the RESONEZ ensemble.<\/p>\n<p>The event will be hosted by Graziella Contratto, founder and producer of Schweizer Fonogramm, who will provide fascinating insights behind the scenes of CD production.<\/p>\n<p>\ud83d\udc0c Program (all suitable for families):<\/p>\n<p>14-15h Singing &amp; dancing together:<br \/>\nWe learn a song from the Basel song manuscript and bring it to life together. Music is not only heard here, but experienced and danced to!<\/p>\n<p>15-17h Workshops and guided tour, offered in parallel:<\/p>\n<p>\u2712\ufe0f The alphabet of the Basel song manuscript: Pick up your own pen in the calligraphy studio and create medieval letters with El\u00e9onore Bernard.<br \/>\n\ud83c\udf3f In the herb kitchen: sourdough and medieval hummus: simple recipes and surprising flavors from times gone by, with Derya Sahin.<br \/>\n\ud83d\udc09 Guessing quiz and creative painting: Discover basilisks, dragons and other wonder animals and bring them to life yourself artistically, with S\u00e9verine Christen.<br \/>\n\ud83d\udeb6\u200d\u2640\ufe0f Along the Rhine to the Charterhouse and back: a guided walk through old Basel with exciting stories and historical traces, with Rose Marie Schulz-Rehberg.<br \/>\n17.30h Concert O Amor et Sublimitas, moderated by Graziella Contratto<\/p>\n<p>The RESONEZ ensemble presents medieval chants from Swiss sources, including manuscripts from Basel, Lausanne and Fribourg.<br \/>\nFloating harmonies and haunting melodies tell of love and transcendence, of inner collection and joyful liveliness.<br \/>\nUnder the gaze of the gargoyles of Basel Cathedral, an intense concert experience is created in the medieval Museum Kleines Klingental, which combines historical depth with an immediate sound presence and allows the music of the Middle Ages to shine in a new light.<\/p>\n<p>Ensemble RESONEZ:<\/p>\n<p>Ann Allen, vocals<br \/>\nAng\u00e9lique Greuter, vocals and artistic direction<br \/>\nEsther Labourdette, vocals<br \/>\nKatarina \u0160ter, voice<br \/>\nMarie Verstraete, recorders<br \/>\nModeration: Graziella Contratto<\/p>\n<p>Admission selectable according to income Family rates Children up to 12 years free of charge<\/p>\n<p>Advance booking is recommended, places are limited!<\/p>\n<p>More info: www.avlaa.ch<\/p>\n<div class=\"usp-images-wrap\"><span class=\"usp-image-wrap\"><a href=\"https:\/\/www.musikzeitung.ch\/wp-content\/uploads\/2026\/03\/2026-03-19_69bbcce28d1c0_Screenshot2026-02-21at14.16.14.png\" class=\"lightbox\" rel=\"lightbox\" title=\"\"><img loading=\"lazy\" decoding=\"async\" id=\"usp-attach-id-71752\" class=\"usp-image\" src=\"https:\/\/www.musikzeitung.ch\/wp-content\/uploads\/2026\/03\/2026-03-19_69bbcce28d1c0_Screenshot2026-02-21at14.16.14.png\" width=\"1400\" height=\"622\" \/><\/a><\/span><\/div>","protected":false},"author":1,"featured_media":71752,"parent":0,"template":"","meta":{"_acf_changed":false,"_relevanssi_hide_post":"","_relevanssi_hide_content":"","_relevanssi_pin_for_all":"","_relevanssi_pin_keywords":"","_relevanssi_unpin_keywords":"","_relevanssi_related_keywords":"","_relevanssi_related_include_ids":"","_relevanssi_related_exclude_ids":"","_relevanssi_related_no_append":"","_relevanssi_related_not_related":"","_relevanssi_related_posts":"","_relevanssi_noindex_reason":"","pgc_sgb_lightbox_settings":"","footnotes":""},"categories":[1571],"tags":[],"class_list":["post-71751","kalender","type-kalender","status-publish","has-post-thumbnail","hentry","category-klassik-konzertagenda"],"acf":[],"yoast_head":"<!-- This site is optimized with the Yoast SEO plugin v27.4 - https:\/\/yoast.com\/product\/yoast-seo-wordpress\/ -->\n<title>Anno 1300 im Kleinen Klingental - Schweizer Musikzeitung<\/title>\n<meta name=\"robots\" content=\"index, follow, max-snippet:-1, max-image-preview:large, max-video-preview:-1\" \/>\n<link rel=\"canonical\" href=\"https:\/\/www.musikzeitung.ch\/en\/kalender\/anno-1300-im-kleinen-klingental\/\" \/>\n<meta property=\"og:locale\" content=\"en_US\" \/>\n<meta property=\"og:type\" content=\"article\" \/>\n<meta property=\"og:title\" content=\"Anno 1300 im Kleinen Klingental - Schweizer Musikzeitung\" \/>\n<meta property=\"og:description\" content=\"\ud83d\udc0c Wie lebten, feierten und musizierten die Menschen im Mittelalter? Wie klang ein Fest vor 700 Jahren? Welche Geschichten erz\u00e4hlte man sich, welche Lieder sang man am Rhein? Am Kleinbasler Rheinufer begeben wir uns auf eine lebendige Zeitreise in die Vergangenheit unserer Stadt. Mit Musik aus der Basler Liederhandschrift, historischen Geschichten, D\u00fcften und Farben wird [&hellip;]\" \/>\n<meta property=\"og:url\" content=\"https:\/\/www.musikzeitung.ch\/en\/kalender\/anno-1300-im-kleinen-klingental\/\" \/>\n<meta property=\"og:site_name\" content=\"Schweizer Musikzeitung\" \/>\n<meta property=\"article:publisher\" content=\"https:\/\/www.facebook.com\/SchweizerMusikzeitung\/\" \/>\n<meta property=\"og:image\" content=\"https:\/\/www.musikzeitung.ch\/wp-content\/uploads\/2026\/03\/2026-03-19_69bbcce28d1c0_Screenshot2026-02-21at14.16.14.png\" \/>\n\t<meta property=\"og:image:width\" content=\"1400\" \/>\n\t<meta property=\"og:image:height\" content=\"622\" \/>\n\t<meta property=\"og:image:type\" content=\"image\/png\" \/>\n<meta name=\"twitter:card\" content=\"summary_large_image\" \/>\n<meta name=\"twitter:site\" content=\"@smusikzeitung\" \/>\n<meta name=\"twitter:label1\" content=\"Est. reading time\" \/>\n\t<meta name=\"twitter:data1\" content=\"3 minutes\" \/>\n<script type=\"application\/ld+json\" class=\"yoast-schema-graph\">{\"@context\":\"https:\\\/\\\/schema.org\",\"@graph\":[{\"@type\":\"WebPage\",\"@id\":\"https:\\\/\\\/www.musikzeitung.ch\\\/kalender\\\/anno-1300-im-kleinen-klingental\",\"url\":\"https:\\\/\\\/www.musikzeitung.ch\\\/kalender\\\/anno-1300-im-kleinen-klingental\",\"name\":\"Anno 1300 im Kleinen Klingental - Schweizer Musikzeitung\",\"isPartOf\":{\"@id\":\"https:\\\/\\\/www.musikzeitung.ch\\\/#website\"},\"primaryImageOfPage\":{\"@id\":\"https:\\\/\\\/www.musikzeitung.ch\\\/kalender\\\/anno-1300-im-kleinen-klingental#primaryimage\"},\"image\":{\"@id\":\"https:\\\/\\\/www.musikzeitung.ch\\\/kalender\\\/anno-1300-im-kleinen-klingental#primaryimage\"},\"thumbnailUrl\":\"https:\\\/\\\/www.musikzeitung.ch\\\/wp-content\\\/uploads\\\/2026\\\/03\\\/2026-03-19_69bbcce28d1c0_Screenshot2026-02-21at14.16.14.png\",\"datePublished\":\"2026-03-20T09:30:55+00:00\",\"breadcrumb\":{\"@id\":\"https:\\\/\\\/www.musikzeitung.ch\\\/kalender\\\/anno-1300-im-kleinen-klingental#breadcrumb\"},\"inLanguage\":\"en-US\",\"potentialAction\":[{\"@type\":\"ReadAction\",\"target\":[\"https:\\\/\\\/www.musikzeitung.ch\\\/kalender\\\/anno-1300-im-kleinen-klingental\"]}]},{\"@type\":\"ImageObject\",\"inLanguage\":\"en-US\",\"@id\":\"https:\\\/\\\/www.musikzeitung.ch\\\/kalender\\\/anno-1300-im-kleinen-klingental#primaryimage\",\"url\":\"https:\\\/\\\/www.musikzeitung.ch\\\/wp-content\\\/uploads\\\/2026\\\/03\\\/2026-03-19_69bbcce28d1c0_Screenshot2026-02-21at14.16.14.png\",\"contentUrl\":\"https:\\\/\\\/www.musikzeitung.ch\\\/wp-content\\\/uploads\\\/2026\\\/03\\\/2026-03-19_69bbcce28d1c0_Screenshot2026-02-21at14.16.14.png\",\"width\":1400,\"height\":622},{\"@type\":\"BreadcrumbList\",\"@id\":\"https:\\\/\\\/www.musikzeitung.ch\\\/kalender\\\/anno-1300-im-kleinen-klingental#breadcrumb\",\"itemListElement\":[{\"@type\":\"ListItem\",\"position\":1,\"name\":\"Home\",\"item\":\"https:\\\/\\\/www.musikzeitung.ch\\\/\"},{\"@type\":\"ListItem\",\"position\":2,\"name\":\"Kalender\",\"item\":\"https:\\\/\\\/www.musikzeitung.ch\\\/kalender\"},{\"@type\":\"ListItem\",\"position\":3,\"name\":\"Anno 1300 im Kleinen Klingental\"}]},{\"@type\":\"WebSite\",\"@id\":\"https:\\\/\\\/www.musikzeitung.ch\\\/#website\",\"url\":\"https:\\\/\\\/www.musikzeitung.ch\\\/\",\"name\":\"Schweizer Musikzeitung\",\"description\":\"Die f\u00fchrende sparten\u00fcbergreifende Monatszeitung in der Schweiz f\u00fcr musikalische Fragen.\",\"publisher\":{\"@id\":\"https:\\\/\\\/www.musikzeitung.ch\\\/#organization\"},\"potentialAction\":[{\"@type\":\"SearchAction\",\"target\":{\"@type\":\"EntryPoint\",\"urlTemplate\":\"https:\\\/\\\/www.musikzeitung.ch\\\/?s={search_term_string}\"},\"query-input\":{\"@type\":\"PropertyValueSpecification\",\"valueRequired\":true,\"valueName\":\"search_term_string\"}}],\"inLanguage\":\"en-US\"},{\"@type\":\"Organization\",\"@id\":\"https:\\\/\\\/www.musikzeitung.ch\\\/#organization\",\"name\":\"Schweizer Musikzeitung\",\"url\":\"https:\\\/\\\/www.musikzeitung.ch\\\/\",\"logo\":{\"@type\":\"ImageObject\",\"inLanguage\":\"en-US\",\"@id\":\"https:\\\/\\\/www.musikzeitung.ch\\\/#\\\/schema\\\/logo\\\/image\\\/\",\"url\":\"https:\\\/\\\/www.musikzeitung.ch\\\/wp-content\\\/uploads\\\/2023\\\/01\\\/SMZ_Schriftzug_Sprache.png\",\"contentUrl\":\"https:\\\/\\\/www.musikzeitung.ch\\\/wp-content\\\/uploads\\\/2023\\\/01\\\/SMZ_Schriftzug_Sprache.png\",\"width\":1400,\"height\":279,\"caption\":\"Schweizer Musikzeitung\"},\"image\":{\"@id\":\"https:\\\/\\\/www.musikzeitung.ch\\\/#\\\/schema\\\/logo\\\/image\\\/\"},\"sameAs\":[\"https:\\\/\\\/www.facebook.com\\\/SchweizerMusikzeitung\\\/\",\"https:\\\/\\\/x.com\\\/smusikzeitung\",\"https:\\\/\\\/www.instagram.com\\\/musikzeitung.ch\\\/\"]}]}<\/script>\n<!-- \/ Yoast SEO plugin. -->","yoast_head_json":{"title":"Anno 1300 im Kleinen Klingental - Schweizer Musikzeitung","robots":{"index":"index","follow":"follow","max-snippet":"max-snippet:-1","max-image-preview":"max-image-preview:large","max-video-preview":"max-video-preview:-1"},"canonical":"https:\/\/www.musikzeitung.ch\/en\/kalender\/anno-1300-im-kleinen-klingental\/","og_locale":"en_US","og_type":"article","og_title":"Anno 1300 im Kleinen Klingental - Schweizer Musikzeitung","og_description":"\ud83d\udc0c Wie lebten, feierten und musizierten die Menschen im Mittelalter? Wie klang ein Fest vor 700 Jahren? Welche Geschichten erz\u00e4hlte man sich, welche Lieder sang man am Rhein? Am Kleinbasler Rheinufer begeben wir uns auf eine lebendige Zeitreise in die Vergangenheit unserer Stadt. Mit Musik aus der Basler Liederhandschrift, historischen Geschichten, D\u00fcften und Farben wird [&hellip;]","og_url":"https:\/\/www.musikzeitung.ch\/en\/kalender\/anno-1300-im-kleinen-klingental\/","og_site_name":"Schweizer Musikzeitung","article_publisher":"https:\/\/www.facebook.com\/SchweizerMusikzeitung\/","og_image":[{"width":1400,"height":622,"url":"https:\/\/www.musikzeitung.ch\/wp-content\/uploads\/2026\/03\/2026-03-19_69bbcce28d1c0_Screenshot2026-02-21at14.16.14.png","type":"image\/png"}],"twitter_card":"summary_large_image","twitter_site":"@smusikzeitung","twitter_misc":{"Est. reading time":"3 minutes"},"schema":{"@context":"https:\/\/schema.org","@graph":[{"@type":"WebPage","@id":"https:\/\/www.musikzeitung.ch\/kalender\/anno-1300-im-kleinen-klingental","url":"https:\/\/www.musikzeitung.ch\/kalender\/anno-1300-im-kleinen-klingental","name":"Anno 1300 im Kleinen Klingental - Schweizer Musikzeitung","isPartOf":{"@id":"https:\/\/www.musikzeitung.ch\/#website"},"primaryImageOfPage":{"@id":"https:\/\/www.musikzeitung.ch\/kalender\/anno-1300-im-kleinen-klingental#primaryimage"},"image":{"@id":"https:\/\/www.musikzeitung.ch\/kalender\/anno-1300-im-kleinen-klingental#primaryimage"},"thumbnailUrl":"https:\/\/www.musikzeitung.ch\/wp-content\/uploads\/2026\/03\/2026-03-19_69bbcce28d1c0_Screenshot2026-02-21at14.16.14.png","datePublished":"2026-03-20T09:30:55+00:00","breadcrumb":{"@id":"https:\/\/www.musikzeitung.ch\/kalender\/anno-1300-im-kleinen-klingental#breadcrumb"},"inLanguage":"en-US","potentialAction":[{"@type":"ReadAction","target":["https:\/\/www.musikzeitung.ch\/kalender\/anno-1300-im-kleinen-klingental"]}]},{"@type":"ImageObject","inLanguage":"en-US","@id":"https:\/\/www.musikzeitung.ch\/kalender\/anno-1300-im-kleinen-klingental#primaryimage","url":"https:\/\/www.musikzeitung.ch\/wp-content\/uploads\/2026\/03\/2026-03-19_69bbcce28d1c0_Screenshot2026-02-21at14.16.14.png","contentUrl":"https:\/\/www.musikzeitung.ch\/wp-content\/uploads\/2026\/03\/2026-03-19_69bbcce28d1c0_Screenshot2026-02-21at14.16.14.png","width":1400,"height":622},{"@type":"BreadcrumbList","@id":"https:\/\/www.musikzeitung.ch\/kalender\/anno-1300-im-kleinen-klingental#breadcrumb","itemListElement":[{"@type":"ListItem","position":1,"name":"Home","item":"https:\/\/www.musikzeitung.ch\/"},{"@type":"ListItem","position":2,"name":"Kalender","item":"https:\/\/www.musikzeitung.ch\/kalender"},{"@type":"ListItem","position":3,"name":"Anno 1300 im Kleinen Klingental"}]},{"@type":"WebSite","@id":"https:\/\/www.musikzeitung.ch\/#website","url":"https:\/\/www.musikzeitung.ch\/","name":"Swiss Music Newspaper","description":"The leading interdisciplinary monthly newspaper in Switzerland for musical issues.","publisher":{"@id":"https:\/\/www.musikzeitung.ch\/#organization"},"potentialAction":[{"@type":"SearchAction","target":{"@type":"EntryPoint","urlTemplate":"https:\/\/www.musikzeitung.ch\/?s={search_term_string}"},"query-input":{"@type":"PropertyValueSpecification","valueRequired":true,"valueName":"search_term_string"}}],"inLanguage":"en-US"},{"@type":"Organization","@id":"https:\/\/www.musikzeitung.ch\/#organization","name":"Swiss Music Newspaper","url":"https:\/\/www.musikzeitung.ch\/","logo":{"@type":"ImageObject","inLanguage":"en-US","@id":"https:\/\/www.musikzeitung.ch\/#\/schema\/logo\/image\/","url":"https:\/\/www.musikzeitung.ch\/wp-content\/uploads\/2023\/01\/SMZ_Schriftzug_Sprache.png","contentUrl":"https:\/\/www.musikzeitung.ch\/wp-content\/uploads\/2023\/01\/SMZ_Schriftzug_Sprache.png","width":1400,"height":279,"caption":"Schweizer Musikzeitung"},"image":{"@id":"https:\/\/www.musikzeitung.ch\/#\/schema\/logo\/image\/"},"sameAs":["https:\/\/www.facebook.com\/SchweizerMusikzeitung\/","https:\/\/x.com\/smusikzeitung","https:\/\/www.instagram.com\/musikzeitung.ch\/"]}]}},"publishpress_future_action":{"enabled":true,"date":"2026-05-15 14:16:00","action":"change-status","newStatus":"trash","terms":[0],"taxonomy":"category","extraData":[]},"publishpress_future_workflow_manual_trigger":{"enabledWorkflows":[]},"_links":{"self":[{"href":"https:\/\/www.musikzeitung.ch\/en\/wp-json\/wp\/v2\/kalender\/71751","targetHints":{"allow":["GET"]}}],"collection":[{"href":"https:\/\/www.musikzeitung.ch\/en\/wp-json\/wp\/v2\/kalender"}],"about":[{"href":"https:\/\/www.musikzeitung.ch\/en\/wp-json\/wp\/v2\/types\/kalender"}],"author":[{"embeddable":true,"href":"https:\/\/www.musikzeitung.ch\/en\/wp-json\/wp\/v2\/users\/1"}],"version-history":[{"count":1,"href":"https:\/\/www.musikzeitung.ch\/en\/wp-json\/wp\/v2\/kalender\/71751\/revisions"}],"predecessor-version":[{"id":71779,"href":"https:\/\/www.musikzeitung.ch\/en\/wp-json\/wp\/v2\/kalender\/71751\/revisions\/71779"}],"wp:featuredmedia":[{"embeddable":true,"href":"https:\/\/www.musikzeitung.ch\/en\/wp-json\/wp\/v2\/media\/71752"}],"wp:attachment":[{"href":"https:\/\/www.musikzeitung.ch\/en\/wp-json\/wp\/v2\/media?parent=71751"}],"wp:term":[{"taxonomy":"category","embeddable":true,"href":"https:\/\/www.musikzeitung.ch\/en\/wp-json\/wp\/v2\/categories?post=71751"},{"taxonomy":"post_tag","embeddable":true,"href":"https:\/\/www.musikzeitung.ch\/en\/wp-json\/wp\/v2\/tags?post=71751"}],"curies":[{"name":"wp","href":"https:\/\/api.w.org\/{rel}","templated":true}]}}