{"version":"1.0","provider_name":"Giornale musicale svizzero","provider_url":"https:\/\/www.musikzeitung.ch\/it","title":"Saisonabschluss mit Regula M\u00fchlemann und Daniel Hope - Schweizer Musikzeitung","type":"rich","width":600,"height":338,"html":"<blockquote class=\"wp-embedded-content\" data-secret=\"dfIRgeTU8V\"><a href=\"https:\/\/www.musikzeitung.ch\/it\/kalender\/saisonabschluss-mit-regula-muehlemann-und-daniel-hope\">Fine stagione con Regula M\u00fchlemann e Daniel Hope<\/a><\/blockquote><iframe sandbox=\"allow-scripts\" security=\"restricted\" src=\"https:\/\/www.musikzeitung.ch\/it\/kalender\/saisonabschluss-mit-regula-muehlemann-und-daniel-hope\/embed#?secret=dfIRgeTU8V\" width=\"600\" height=\"338\" title=\"&#8220;Saisonabschluss mit Regula M\u00fchlemann und Daniel Hope&#8221; &#8212; Schweizer Musikzeitung\" data-secret=\"dfIRgeTU8V\" frameborder=\"0\" marginwidth=\"0\" marginheight=\"0\" scrolling=\"no\" class=\"wp-embedded-content\"><\/iframe><script>\n\/*! This file is auto-generated *\/\n!function(d,l){\"use strict\";l.querySelector&&d.addEventListener&&\"undefined\"!=typeof URL&&(d.wp=d.wp||{},d.wp.receiveEmbedMessage||(d.wp.receiveEmbedMessage=function(e){var t=e.data;if((t||t.secret||t.message||t.value)&&!\/[^a-zA-Z0-9]\/.test(t.secret)){for(var s,r,n,a=l.querySelectorAll('iframe[data-secret=\"'+t.secret+'\"]'),o=l.querySelectorAll('blockquote[data-secret=\"'+t.secret+'\"]'),c=new RegExp(\"^https?:$\",\"i\"),i=0;i<o.length;i++)o[i].style.display=\"none\";for(i=0;i<a.length;i++)s=a[i],e.source===s.contentWindow&&(s.removeAttribute(\"style\"),\"height\"===t.message?(1e3<(r=parseInt(t.value,10))?r=1e3:~~r<200&&(r=200),s.height=r):\"link\"===t.message&&(r=new URL(s.getAttribute(\"src\")),n=new URL(t.value),c.test(n.protocol))&&n.host===r.host&&l.activeElement===s&&(d.top.location.href=t.value))}},d.addEventListener(\"message\",d.wp.receiveEmbedMessage,!1),l.addEventListener(\"DOMContentLoaded\",function(){for(var e,t,s=l.querySelectorAll(\"iframe.wp-embedded-content\"),r=0;r<s.length;r++)(t=(e=s[r]).getAttribute(\"data-secret\"))||(t=Math.random().toString(36).substring(2,12),e.src+=\"#?secret=\"+t,e.setAttribute(\"data-secret\",t)),e.contentWindow.postMessage({message:\"ready\",secret:t},\"*\")},!1)))}(window,document);\n\/\/# sourceURL=https:\/\/www.musikzeitung.ch\/wp-includes\/js\/wp-embed.min.js\n<\/script>","thumbnail_url":"https:\/\/www.musikzeitung.ch\/wp-content\/uploads\/2025\/09\/2025-09-05_68bab7d277221_saisonabschluss-hope-mhlemann-c-guido-werner-photography_share_25-26.jpg","thumbnail_width":1200,"thumbnail_height":630,"description":"Vokale H\u00f6henfl\u00fcge und leidenschaftliche Geigenkl\u00e4nge Die Schweizer Sopranistin Regula M\u00fchlemann erobert mittlerweile die internationalen Konzerts\u00e4le. Nun ist sie zum ersten Mal gemeinsam mit Daniel Hope und dem Z\u00fcrcher Kammerorchester auf der B\u00fchne zu h\u00f6ren. Zum feierlichen Saisonabschluss erklingt ein Programm, dass neben den sch\u00f6nsten Mozartarien auch Lieder der Geschwister Lili und Nadia Boulanger erklingen l\u00e4sst. [&hellip;]"}