{"version":"1.0","provider_name":"Giornale musicale svizzero","provider_url":"https:\/\/www.musikzeitung.ch\/it","title":"B\u00fcndner Kulturf\u00f6rderung wird revidiert - Schweizer Musikzeitung","type":"rich","width":600,"height":338,"html":"<blockquote class=\"wp-embedded-content\" data-secret=\"6DFvJaDdFs\"><a href=\"https:\/\/www.musikzeitung.ch\/it\/politik\/2017\/02\/buendner-kulturfoerderung-wird-revidiert\">La promozione culturale nei Grigioni deve essere rivista<\/a><\/blockquote><iframe sandbox=\"allow-scripts\" security=\"restricted\" src=\"https:\/\/www.musikzeitung.ch\/it\/politik\/2017\/02\/buendner-kulturfoerderung-wird-revidiert\/embed#?secret=6DFvJaDdFs\" width=\"600\" height=\"338\" title=\"&#8220;B\u00fcndner Kulturf\u00f6rderung wird revidiert&#8221; &#8212; Schweizer Musikzeitung\" data-secret=\"6DFvJaDdFs\" frameborder=\"0\" marginwidth=\"0\" marginheight=\"0\" scrolling=\"no\" class=\"wp-embedded-content\"><\/iframe><script>\n\/*! This file is auto-generated *\/\n!function(d,l){\"use strict\";l.querySelector&&d.addEventListener&&\"undefined\"!=typeof URL&&(d.wp=d.wp||{},d.wp.receiveEmbedMessage||(d.wp.receiveEmbedMessage=function(e){var t=e.data;if((t||t.secret||t.message||t.value)&&!\/[^a-zA-Z0-9]\/.test(t.secret)){for(var s,r,n,a=l.querySelectorAll('iframe[data-secret=\"'+t.secret+'\"]'),o=l.querySelectorAll('blockquote[data-secret=\"'+t.secret+'\"]'),c=new RegExp(\"^https?:$\",\"i\"),i=0;i<o.length;i++)o[i].style.display=\"none\";for(i=0;i<a.length;i++)s=a[i],e.source===s.contentWindow&&(s.removeAttribute(\"style\"),\"height\"===t.message?(1e3<(r=parseInt(t.value,10))?r=1e3:~~r<200&&(r=200),s.height=r):\"link\"===t.message&&(r=new URL(s.getAttribute(\"src\")),n=new URL(t.value),c.test(n.protocol))&&n.host===r.host&&l.activeElement===s&&(d.top.location.href=t.value))}},d.addEventListener(\"message\",d.wp.receiveEmbedMessage,!1),l.addEventListener(\"DOMContentLoaded\",function(){for(var e,t,s=l.querySelectorAll(\"iframe.wp-embedded-content\"),r=0;r<s.length;r++)(t=(e=s[r]).getAttribute(\"data-secret\"))||(t=Math.random().toString(36).substring(2,12),e.src+=\"#?secret=\"+t,e.setAttribute(\"data-secret\",t)),e.contentWindow.postMessage({message:\"ready\",secret:t},\"*\")},!1)))}(window,document);\n\/\/# sourceURL=https:\/\/www.musikzeitung.ch\/wp-includes\/js\/wp-embed.min.js\n<\/script>","thumbnail_url":"https:\/\/www.musikzeitung.ch\/wp-content\/uploads\/2023\/01\/2743863177_ac53ce8f01_z.jpg","thumbnail_width":554,"thumbnail_height":415,"description":"Die Kommission f\u00fcr Bildung und Kultur des Kantons Graub\u00fcnden hat die Totalrevision des Kulturf\u00f6rderungsgesetzes vorberaten. Umstritten sind unter anderem die Beitr\u00e4ge an die Musikschulen. Zudem hat der Kanton ein neues Portal zu audiovisuellen Dokumenten aufgeschaltet."}