{"version":"1.0","provider_name":"Giornale musicale svizzero","provider_url":"https:\/\/www.musikzeitung.ch\/it","title":"Z\u00fcrcher Festspielpreis 2017 geht an von Matt - Schweizer Musikzeitung","type":"rich","width":600,"height":338,"html":"<blockquote class=\"wp-embedded-content\" data-secret=\"dHUVglSk1D\"><a href=\"https:\/\/www.musikzeitung.ch\/it\/politik\/2017\/03\/zuercher-festspielpreis-2017-geht-an-von-matt\">Il Premio del Festival di Zurigo 2017 va a von Matt<\/a><\/blockquote><iframe sandbox=\"allow-scripts\" security=\"restricted\" src=\"https:\/\/www.musikzeitung.ch\/it\/politik\/2017\/03\/zuercher-festspielpreis-2017-geht-an-von-matt\/embed#?secret=dHUVglSk1D\" width=\"600\" height=\"338\" title=\"&#8220;Z\u00fcrcher Festspielpreis 2017 geht an von Matt&#8221; &#8212; Schweizer Musikzeitung\" data-secret=\"dHUVglSk1D\" frameborder=\"0\" marginwidth=\"0\" marginheight=\"0\" scrolling=\"no\" class=\"wp-embedded-content\"><\/iframe><script>\n\/*! This file is auto-generated *\/\n!function(d,l){\"use strict\";l.querySelector&&d.addEventListener&&\"undefined\"!=typeof URL&&(d.wp=d.wp||{},d.wp.receiveEmbedMessage||(d.wp.receiveEmbedMessage=function(e){var t=e.data;if((t||t.secret||t.message||t.value)&&!\/[^a-zA-Z0-9]\/.test(t.secret)){for(var s,r,n,a=l.querySelectorAll('iframe[data-secret=\"'+t.secret+'\"]'),o=l.querySelectorAll('blockquote[data-secret=\"'+t.secret+'\"]'),c=new RegExp(\"^https?:$\",\"i\"),i=0;i<o.length;i++)o[i].style.display=\"none\";for(i=0;i<a.length;i++)s=a[i],e.source===s.contentWindow&&(s.removeAttribute(\"style\"),\"height\"===t.message?(1e3<(r=parseInt(t.value,10))?r=1e3:~~r<200&&(r=200),s.height=r):\"link\"===t.message&&(r=new URL(s.getAttribute(\"src\")),n=new URL(t.value),c.test(n.protocol))&&n.host===r.host&&l.activeElement===s&&(d.top.location.href=t.value))}},d.addEventListener(\"message\",d.wp.receiveEmbedMessage,!1),l.addEventListener(\"DOMContentLoaded\",function(){for(var e,t,s=l.querySelectorAll(\"iframe.wp-embedded-content\"),r=0;r<s.length;r++)(t=(e=s[r]).getAttribute(\"data-secret\"))||(t=Math.random().toString(36).substring(2,12),e.src+=\"#?secret=\"+t,e.setAttribute(\"data-secret\",t)),e.contentWindow.postMessage({message:\"ready\",secret:t},\"*\")},!1)))}(window,document);\n\/\/# sourceURL=https:\/\/www.musikzeitung.ch\/wp-includes\/js\/wp-embed.min.js\n<\/script>","thumbnail_url":"https:\/\/www.musikzeitung.ch\/wp-content\/uploads\/2023\/01\/1700307vonmatt.jpg","thumbnail_width":554,"thumbnail_height":463,"description":"Der Germanist Peter von Matt, der dieses Jahr 80 Jahre alt wird, erh\u00e4lt den mit 50\u2018000 Franken dotierten Z\u00fcrcher Festspielpreis 2017. Die K\u00fcnstlerische Kommission w\u00fcrdigt ihn damit f\u00fcr \u00abseine Verdienste als Kulturvermittler als auch f\u00fcr sein grossartiges literarisches Werk\u00bb."}