{"version":"1.0","provider_name":"Giornale musicale svizzero","provider_url":"https:\/\/www.musikzeitung.ch\/it","title":"Neue Impluse f\u00fcr Neue Musik - Schweizer Musikzeitung","type":"rich","width":600,"height":338,"html":"<blockquote class=\"wp-embedded-content\" data-secret=\"izgeOvfnMN\"><a href=\"https:\/\/www.musikzeitung.ch\/it\/politik\/2020\/07\/neue-impluse-fuer-neue-musik\">Nuovo impianto per nuova musica<\/a><\/blockquote><iframe sandbox=\"allow-scripts\" security=\"restricted\" src=\"https:\/\/www.musikzeitung.ch\/it\/politik\/2020\/07\/neue-impluse-fuer-neue-musik\/embed#?secret=izgeOvfnMN\" width=\"600\" height=\"338\" title=\"&#8220;Neue Impluse f\u00fcr Neue Musik&#8221; &#8212; Schweizer Musikzeitung\" data-secret=\"izgeOvfnMN\" frameborder=\"0\" marginwidth=\"0\" marginheight=\"0\" scrolling=\"no\" class=\"wp-embedded-content\"><\/iframe><script>\n\/*! This file is auto-generated *\/\n!function(d,l){\"use strict\";l.querySelector&&d.addEventListener&&\"undefined\"!=typeof URL&&(d.wp=d.wp||{},d.wp.receiveEmbedMessage||(d.wp.receiveEmbedMessage=function(e){var t=e.data;if((t||t.secret||t.message||t.value)&&!\/[^a-zA-Z0-9]\/.test(t.secret)){for(var s,r,n,a=l.querySelectorAll('iframe[data-secret=\"'+t.secret+'\"]'),o=l.querySelectorAll('blockquote[data-secret=\"'+t.secret+'\"]'),c=new RegExp(\"^https?:$\",\"i\"),i=0;i<o.length;i++)o[i].style.display=\"none\";for(i=0;i<a.length;i++)s=a[i],e.source===s.contentWindow&&(s.removeAttribute(\"style\"),\"height\"===t.message?(1e3<(r=parseInt(t.value,10))?r=1e3:~~r<200&&(r=200),s.height=r):\"link\"===t.message&&(r=new URL(s.getAttribute(\"src\")),n=new URL(t.value),c.test(n.protocol))&&n.host===r.host&&l.activeElement===s&&(d.top.location.href=t.value))}},d.addEventListener(\"message\",d.wp.receiveEmbedMessage,!1),l.addEventListener(\"DOMContentLoaded\",function(){for(var e,t,s=l.querySelectorAll(\"iframe.wp-embedded-content\"),r=0;r<s.length;r++)(t=(e=s[r]).getAttribute(\"data-secret\"))||(t=Math.random().toString(36).substring(2,12),e.src+=\"#?secret=\"+t,e.setAttribute(\"data-secret\",t)),e.contentWindow.postMessage({message:\"ready\",secret:t},\"*\")},!1)))}(window,document);\n\/\/# sourceURL=https:\/\/www.musikzeitung.ch\/wp-includes\/js\/wp-embed.min.js\n<\/script>","thumbnail_url":"https:\/\/www.musikzeitung.ch\/wp-content\/uploads\/2023\/01\/smr-2.jpg","thumbnail_width":554,"thumbnail_height":290,"description":"In Z\u00fcrich ist die Tr\u00e4gerschaft und k\u00fcnstlerische Leitung f\u00fcr ein dreij\u00e4hriges Pilotprojekt eines Festivals f\u00fcr zeitgen\u00f6ssische Musik ausgew\u00e4hlt. Das \u00abSonic Matter\u00bb wird f\u00fcr die Jahre 2021 bis 2023 umgesetzt und l\u00f6st die \u00abTage f\u00fcr neue Musik\u00bb ab."}