{"id":66360,"date":"2025-07-15T09:50:45","date_gmt":"2025-07-15T07:50:45","guid":{"rendered":"https:\/\/www.musikzeitung.ch\/?post_type=kalender&#038;p=66360"},"modified":"2025-07-15T09:50:45","modified_gmt":"2025-07-15T07:50:45","slug":"nachwuchskonzert-marimba-duo-mit-laurin-caprez-und-valentin-frutiger-marimbaphon","status":"publish","type":"kalender","link":"https:\/\/www.musikzeitung.ch\/it\/kalender\/nachwuchskonzert-marimba-duo-mit-laurin-caprez-und-valentin-frutiger-marimbaphon","title":{"rendered":"Concerto di giovani talenti Marimba Duo con Laurin Caprez e Valentin Frutiger (marimba)"},"content":{"rendered":"<p>I due percussionisti Laurin Caprez e Valentin Frutiger sono tra i pi\u00f9 importanti giovani percussionisti della Svizzera. Entrambi studiano all'Universit\u00e0 delle Arti di Zurigo con Raphael Christen, Klaus Schw\u00e4rzler e Benjamin Forster e hanno gi\u00e0 vinto numerosi premi di concorso. Il diciottenne Laurin Caprez \u00e8 stato incoronato campione svizzero di percussioni soliste nel 2024, mentre il ventenne Valentin Frutiger \u00e8 pluripremiato al Concorso svizzero di musica giovanile e al Concorso svizzero di percussioni. Il duo ha fatto scalpore con la sua esibizione al Concerto Pre-College 2024 di Zurigo e far\u00e0 tesoro di questo successo a Gonten.<\/p>\n<div class=\"usp-images-wrap\"><span class=\"usp-image-wrap\"><a href=\"https:\/\/www.musikzeitung.ch\/wp-content\/uploads\/2025\/07\/2025-07-14_6874f2306c61e_LaurinCaprez.jpeg\" class=\"lightbox\" rel=\"lightbox\" title=\"\"><img loading=\"lazy\" decoding=\"async\" id=\"usp-attach-id-66361\" class=\"usp-image\" src=\"https:\/\/www.musikzeitung.ch\/wp-content\/uploads\/2025\/07\/2025-07-14_6874f2306c61e_LaurinCaprez.jpeg\" width=\"1170\" height=\"771\" \/><\/a><\/span><\/div>","protected":false},"author":1,"featured_media":66361,"parent":0,"template":"","meta":{"_acf_changed":false,"_relevanssi_hide_post":"","_relevanssi_hide_content":"","_relevanssi_pin_for_all":"","_relevanssi_pin_keywords":"","_relevanssi_unpin_keywords":"","_relevanssi_related_keywords":"","_relevanssi_related_include_ids":"","_relevanssi_related_exclude_ids":"","_relevanssi_related_no_append":"","_relevanssi_related_not_related":"","_relevanssi_related_posts":"","_relevanssi_noindex_reason":"","pgc_sgb_lightbox_settings":"","footnotes":""},"categories":[1574],"tags":[],"class_list":["post-66360","kalender","type-kalender","status-publish","has-post-thumbnail","hentry","category-lokales-und-globales-konzertagenda"],"acf":[],"yoast_head":"<!-- This site is optimized with the Yoast SEO plugin v27.4 - https:\/\/yoast.com\/product\/yoast-seo-wordpress\/ -->\n<title>Nachwuchskonzert Marimba Duo mit Laurin Caprez und Valentin Frutiger (Marimbaphon) - Schweizer Musikzeitung<\/title>\n<meta name=\"robots\" content=\"index, follow, max-snippet:-1, max-image-preview:large, max-video-preview:-1\" \/>\n<link rel=\"canonical\" href=\"https:\/\/www.musikzeitung.ch\/it\/kalender\/nachwuchskonzert-marimba-duo-mit-laurin-caprez-und-valentin-frutiger-marimbaphon\/\" \/>\n<meta property=\"og:locale\" content=\"it_IT\" \/>\n<meta property=\"og:type\" content=\"article\" \/>\n<meta property=\"og:title\" content=\"Nachwuchskonzert Marimba Duo mit Laurin Caprez und Valentin Frutiger (Marimbaphon) - Schweizer Musikzeitung\" \/>\n<meta property=\"og:description\" content=\"Die beiden Perkussionisten Laurin Caprez und Valentin Frutiger geh\u00f6ren zu den hervorragendsten Nachwuchs-Schlagzeugern der Schweiz. Beide studieren an der Z\u00fcrcher Hochschule der K\u00fcnste bei Raphael Christen, Klaus Schw\u00e4rzler und Benjamin Forster und sind bereits vielfache Wettbewerbspreistr\u00e4ger. Der 18-j\u00e4hrige Laurin Caprez wurde 2024 zum Schweizerischen Solo Champion Perkussion gek\u00fcrt, der 20-j\u00e4hrige Valentin Frutiger ist mehrfacher Erstpreistr\u00e4ger [&hellip;]\" \/>\n<meta property=\"og:url\" content=\"https:\/\/www.musikzeitung.ch\/it\/kalender\/nachwuchskonzert-marimba-duo-mit-laurin-caprez-und-valentin-frutiger-marimbaphon\/\" \/>\n<meta property=\"og:site_name\" content=\"Schweizer Musikzeitung\" \/>\n<meta property=\"article:publisher\" content=\"https:\/\/www.facebook.com\/SchweizerMusikzeitung\/\" \/>\n<meta property=\"og:image\" content=\"https:\/\/www.musikzeitung.ch\/wp-content\/uploads\/2025\/07\/2025-07-14_6874f2306c61e_LaurinCaprez.jpeg\" \/>\n\t<meta property=\"og:image:width\" content=\"1170\" \/>\n\t<meta property=\"og:image:height\" content=\"771\" \/>\n\t<meta property=\"og:image:type\" content=\"image\/jpeg\" \/>\n<meta name=\"twitter:card\" content=\"summary_large_image\" \/>\n<meta name=\"twitter:site\" content=\"@smusikzeitung\" \/>\n<meta name=\"twitter:label1\" content=\"Tempo di lettura stimato\" \/>\n\t<meta name=\"twitter:data1\" content=\"1 minuto\" \/>\n<script type=\"application\/ld+json\" class=\"yoast-schema-graph\">{\"@context\":\"https:\\\/\\\/schema.org\",\"@graph\":[{\"@type\":\"WebPage\",\"@id\":\"https:\\\/\\\/www.musikzeitung.ch\\\/kalender\\\/nachwuchskonzert-marimba-duo-mit-laurin-caprez-und-valentin-frutiger-marimbaphon\",\"url\":\"https:\\\/\\\/www.musikzeitung.ch\\\/kalender\\\/nachwuchskonzert-marimba-duo-mit-laurin-caprez-und-valentin-frutiger-marimbaphon\",\"name\":\"Nachwuchskonzert Marimba Duo mit Laurin Caprez und Valentin Frutiger (Marimbaphon) - Schweizer Musikzeitung\",\"isPartOf\":{\"@id\":\"https:\\\/\\\/www.musikzeitung.ch\\\/#website\"},\"primaryImageOfPage\":{\"@id\":\"https:\\\/\\\/www.musikzeitung.ch\\\/kalender\\\/nachwuchskonzert-marimba-duo-mit-laurin-caprez-und-valentin-frutiger-marimbaphon#primaryimage\"},\"image\":{\"@id\":\"https:\\\/\\\/www.musikzeitung.ch\\\/kalender\\\/nachwuchskonzert-marimba-duo-mit-laurin-caprez-und-valentin-frutiger-marimbaphon#primaryimage\"},\"thumbnailUrl\":\"https:\\\/\\\/www.musikzeitung.ch\\\/wp-content\\\/uploads\\\/2025\\\/07\\\/2025-07-14_6874f2306c61e_LaurinCaprez.jpeg\",\"datePublished\":\"2025-07-15T07:50:45+00:00\",\"breadcrumb\":{\"@id\":\"https:\\\/\\\/www.musikzeitung.ch\\\/kalender\\\/nachwuchskonzert-marimba-duo-mit-laurin-caprez-und-valentin-frutiger-marimbaphon#breadcrumb\"},\"inLanguage\":\"it-IT\",\"potentialAction\":[{\"@type\":\"ReadAction\",\"target\":[\"https:\\\/\\\/www.musikzeitung.ch\\\/kalender\\\/nachwuchskonzert-marimba-duo-mit-laurin-caprez-und-valentin-frutiger-marimbaphon\"]}]},{\"@type\":\"ImageObject\",\"inLanguage\":\"it-IT\",\"@id\":\"https:\\\/\\\/www.musikzeitung.ch\\\/kalender\\\/nachwuchskonzert-marimba-duo-mit-laurin-caprez-und-valentin-frutiger-marimbaphon#primaryimage\",\"url\":\"https:\\\/\\\/www.musikzeitung.ch\\\/wp-content\\\/uploads\\\/2025\\\/07\\\/2025-07-14_6874f2306c61e_LaurinCaprez.jpeg\",\"contentUrl\":\"https:\\\/\\\/www.musikzeitung.ch\\\/wp-content\\\/uploads\\\/2025\\\/07\\\/2025-07-14_6874f2306c61e_LaurinCaprez.jpeg\",\"width\":1170,\"height\":771},{\"@type\":\"BreadcrumbList\",\"@id\":\"https:\\\/\\\/www.musikzeitung.ch\\\/kalender\\\/nachwuchskonzert-marimba-duo-mit-laurin-caprez-und-valentin-frutiger-marimbaphon#breadcrumb\",\"itemListElement\":[{\"@type\":\"ListItem\",\"position\":1,\"name\":\"Home\",\"item\":\"https:\\\/\\\/www.musikzeitung.ch\\\/\"},{\"@type\":\"ListItem\",\"position\":2,\"name\":\"Kalender\",\"item\":\"https:\\\/\\\/www.musikzeitung.ch\\\/kalender\"},{\"@type\":\"ListItem\",\"position\":3,\"name\":\"Nachwuchskonzert Marimba Duo mit Laurin Caprez und Valentin Frutiger (Marimbaphon)\"}]},{\"@type\":\"WebSite\",\"@id\":\"https:\\\/\\\/www.musikzeitung.ch\\\/#website\",\"url\":\"https:\\\/\\\/www.musikzeitung.ch\\\/\",\"name\":\"Schweizer Musikzeitung\",\"description\":\"Die f\u00fchrende sparten\u00fcbergreifende Monatszeitung in der Schweiz f\u00fcr musikalische Fragen.\",\"publisher\":{\"@id\":\"https:\\\/\\\/www.musikzeitung.ch\\\/#organization\"},\"potentialAction\":[{\"@type\":\"SearchAction\",\"target\":{\"@type\":\"EntryPoint\",\"urlTemplate\":\"https:\\\/\\\/www.musikzeitung.ch\\\/?s={search_term_string}\"},\"query-input\":{\"@type\":\"PropertyValueSpecification\",\"valueRequired\":true,\"valueName\":\"search_term_string\"}}],\"inLanguage\":\"it-IT\"},{\"@type\":\"Organization\",\"@id\":\"https:\\\/\\\/www.musikzeitung.ch\\\/#organization\",\"name\":\"Schweizer Musikzeitung\",\"url\":\"https:\\\/\\\/www.musikzeitung.ch\\\/\",\"logo\":{\"@type\":\"ImageObject\",\"inLanguage\":\"it-IT\",\"@id\":\"https:\\\/\\\/www.musikzeitung.ch\\\/#\\\/schema\\\/logo\\\/image\\\/\",\"url\":\"https:\\\/\\\/www.musikzeitung.ch\\\/wp-content\\\/uploads\\\/2023\\\/01\\\/SMZ_Schriftzug_Sprache.png\",\"contentUrl\":\"https:\\\/\\\/www.musikzeitung.ch\\\/wp-content\\\/uploads\\\/2023\\\/01\\\/SMZ_Schriftzug_Sprache.png\",\"width\":1400,\"height\":279,\"caption\":\"Schweizer Musikzeitung\"},\"image\":{\"@id\":\"https:\\\/\\\/www.musikzeitung.ch\\\/#\\\/schema\\\/logo\\\/image\\\/\"},\"sameAs\":[\"https:\\\/\\\/www.facebook.com\\\/SchweizerMusikzeitung\\\/\",\"https:\\\/\\\/x.com\\\/smusikzeitung\",\"https:\\\/\\\/www.instagram.com\\\/musikzeitung.ch\\\/\"]}]}<\/script>\n<!-- \/ Yoast SEO plugin. -->","yoast_head_json":{"title":"Concerto di giovani talenti Marimba Duo con Laurin Caprez e Valentin Frutiger (marimba) - Schweizer Musikzeitung","robots":{"index":"index","follow":"follow","max-snippet":"max-snippet:-1","max-image-preview":"max-image-preview:large","max-video-preview":"max-video-preview:-1"},"canonical":"https:\/\/www.musikzeitung.ch\/it\/kalender\/nachwuchskonzert-marimba-duo-mit-laurin-caprez-und-valentin-frutiger-marimbaphon\/","og_locale":"it_IT","og_type":"article","og_title":"Nachwuchskonzert Marimba Duo mit Laurin Caprez und Valentin Frutiger (Marimbaphon) - Schweizer Musikzeitung","og_description":"Die beiden Perkussionisten Laurin Caprez und Valentin Frutiger geh\u00f6ren zu den hervorragendsten Nachwuchs-Schlagzeugern der Schweiz. Beide studieren an der Z\u00fcrcher Hochschule der K\u00fcnste bei Raphael Christen, Klaus Schw\u00e4rzler und Benjamin Forster und sind bereits vielfache Wettbewerbspreistr\u00e4ger. Der 18-j\u00e4hrige Laurin Caprez wurde 2024 zum Schweizerischen Solo Champion Perkussion gek\u00fcrt, der 20-j\u00e4hrige Valentin Frutiger ist mehrfacher Erstpreistr\u00e4ger [&hellip;]","og_url":"https:\/\/www.musikzeitung.ch\/it\/kalender\/nachwuchskonzert-marimba-duo-mit-laurin-caprez-und-valentin-frutiger-marimbaphon\/","og_site_name":"Schweizer Musikzeitung","article_publisher":"https:\/\/www.facebook.com\/SchweizerMusikzeitung\/","og_image":[{"width":1170,"height":771,"url":"https:\/\/www.musikzeitung.ch\/wp-content\/uploads\/2025\/07\/2025-07-14_6874f2306c61e_LaurinCaprez.jpeg","type":"image\/jpeg"}],"twitter_card":"summary_large_image","twitter_site":"@smusikzeitung","twitter_misc":{"Tempo di lettura stimato":"1 minuto"},"schema":{"@context":"https:\/\/schema.org","@graph":[{"@type":"WebPage","@id":"https:\/\/www.musikzeitung.ch\/kalender\/nachwuchskonzert-marimba-duo-mit-laurin-caprez-und-valentin-frutiger-marimbaphon","url":"https:\/\/www.musikzeitung.ch\/kalender\/nachwuchskonzert-marimba-duo-mit-laurin-caprez-und-valentin-frutiger-marimbaphon","name":"Concerto di giovani talenti Marimba Duo con Laurin Caprez e Valentin Frutiger (marimba) - Schweizer Musikzeitung","isPartOf":{"@id":"https:\/\/www.musikzeitung.ch\/#website"},"primaryImageOfPage":{"@id":"https:\/\/www.musikzeitung.ch\/kalender\/nachwuchskonzert-marimba-duo-mit-laurin-caprez-und-valentin-frutiger-marimbaphon#primaryimage"},"image":{"@id":"https:\/\/www.musikzeitung.ch\/kalender\/nachwuchskonzert-marimba-duo-mit-laurin-caprez-und-valentin-frutiger-marimbaphon#primaryimage"},"thumbnailUrl":"https:\/\/www.musikzeitung.ch\/wp-content\/uploads\/2025\/07\/2025-07-14_6874f2306c61e_LaurinCaprez.jpeg","datePublished":"2025-07-15T07:50:45+00:00","breadcrumb":{"@id":"https:\/\/www.musikzeitung.ch\/kalender\/nachwuchskonzert-marimba-duo-mit-laurin-caprez-und-valentin-frutiger-marimbaphon#breadcrumb"},"inLanguage":"it-IT","potentialAction":[{"@type":"ReadAction","target":["https:\/\/www.musikzeitung.ch\/kalender\/nachwuchskonzert-marimba-duo-mit-laurin-caprez-und-valentin-frutiger-marimbaphon"]}]},{"@type":"ImageObject","inLanguage":"it-IT","@id":"https:\/\/www.musikzeitung.ch\/kalender\/nachwuchskonzert-marimba-duo-mit-laurin-caprez-und-valentin-frutiger-marimbaphon#primaryimage","url":"https:\/\/www.musikzeitung.ch\/wp-content\/uploads\/2025\/07\/2025-07-14_6874f2306c61e_LaurinCaprez.jpeg","contentUrl":"https:\/\/www.musikzeitung.ch\/wp-content\/uploads\/2025\/07\/2025-07-14_6874f2306c61e_LaurinCaprez.jpeg","width":1170,"height":771},{"@type":"BreadcrumbList","@id":"https:\/\/www.musikzeitung.ch\/kalender\/nachwuchskonzert-marimba-duo-mit-laurin-caprez-und-valentin-frutiger-marimbaphon#breadcrumb","itemListElement":[{"@type":"ListItem","position":1,"name":"Home","item":"https:\/\/www.musikzeitung.ch\/"},{"@type":"ListItem","position":2,"name":"Kalender","item":"https:\/\/www.musikzeitung.ch\/kalender"},{"@type":"ListItem","position":3,"name":"Nachwuchskonzert Marimba Duo mit Laurin Caprez und Valentin Frutiger (Marimbaphon)"}]},{"@type":"WebSite","@id":"https:\/\/www.musikzeitung.ch\/#website","url":"https:\/\/www.musikzeitung.ch\/","name":"Giornale musicale svizzero","description":"Il principale mensile interdisciplinare della Svizzera per le questioni musicali.","publisher":{"@id":"https:\/\/www.musikzeitung.ch\/#organization"},"potentialAction":[{"@type":"SearchAction","target":{"@type":"EntryPoint","urlTemplate":"https:\/\/www.musikzeitung.ch\/?s={search_term_string}"},"query-input":{"@type":"PropertyValueSpecification","valueRequired":true,"valueName":"search_term_string"}}],"inLanguage":"it-IT"},{"@type":"Organization","@id":"https:\/\/www.musikzeitung.ch\/#organization","name":"Giornale musicale svizzero","url":"https:\/\/www.musikzeitung.ch\/","logo":{"@type":"ImageObject","inLanguage":"it-IT","@id":"https:\/\/www.musikzeitung.ch\/#\/schema\/logo\/image\/","url":"https:\/\/www.musikzeitung.ch\/wp-content\/uploads\/2023\/01\/SMZ_Schriftzug_Sprache.png","contentUrl":"https:\/\/www.musikzeitung.ch\/wp-content\/uploads\/2023\/01\/SMZ_Schriftzug_Sprache.png","width":1400,"height":279,"caption":"Schweizer Musikzeitung"},"image":{"@id":"https:\/\/www.musikzeitung.ch\/#\/schema\/logo\/image\/"},"sameAs":["https:\/\/www.facebook.com\/SchweizerMusikzeitung\/","https:\/\/x.com\/smusikzeitung","https:\/\/www.instagram.com\/musikzeitung.ch\/"]}]}},"publishpress_future_action":{"enabled":true,"date":"2026-06-28 17:04:00","action":"change-status","newStatus":"trash","terms":[0],"taxonomy":"category","extraData":[]},"publishpress_future_workflow_manual_trigger":{"enabledWorkflows":[]},"_links":{"self":[{"href":"https:\/\/www.musikzeitung.ch\/it\/wp-json\/wp\/v2\/kalender\/66360","targetHints":{"allow":["GET"]}}],"collection":[{"href":"https:\/\/www.musikzeitung.ch\/it\/wp-json\/wp\/v2\/kalender"}],"about":[{"href":"https:\/\/www.musikzeitung.ch\/it\/wp-json\/wp\/v2\/types\/kalender"}],"author":[{"embeddable":true,"href":"https:\/\/www.musikzeitung.ch\/it\/wp-json\/wp\/v2\/users\/1"}],"version-history":[{"count":1,"href":"https:\/\/www.musikzeitung.ch\/it\/wp-json\/wp\/v2\/kalender\/66360\/revisions"}],"predecessor-version":[{"id":66375,"href":"https:\/\/www.musikzeitung.ch\/it\/wp-json\/wp\/v2\/kalender\/66360\/revisions\/66375"}],"wp:featuredmedia":[{"embeddable":true,"href":"https:\/\/www.musikzeitung.ch\/it\/wp-json\/wp\/v2\/media\/66361"}],"wp:attachment":[{"href":"https:\/\/www.musikzeitung.ch\/it\/wp-json\/wp\/v2\/media?parent=66360"}],"wp:term":[{"taxonomy":"category","embeddable":true,"href":"https:\/\/www.musikzeitung.ch\/it\/wp-json\/wp\/v2\/categories?post=66360"},{"taxonomy":"post_tag","embeddable":true,"href":"https:\/\/www.musikzeitung.ch\/it\/wp-json\/wp\/v2\/tags?post=66360"}],"curies":[{"name":"wp","href":"https:\/\/api.w.org\/{rel}","templated":true}]}}