{"id":66811,"date":"2025-08-08T18:43:48","date_gmt":"2025-08-08T16:43:48","guid":{"rendered":"https:\/\/www.musikzeitung.ch\/?post_type=kalender&#038;p=66811"},"modified":"2025-08-08T18:43:48","modified_gmt":"2025-08-08T16:43:48","slug":"swiss-orchestra-verfuehrung-schweizer-klassik","status":"publish","type":"kalender","link":"https:\/\/www.musikzeitung.ch\/it\/kalender\/swiss-orchestra-verfuehrung-schweizer-klassik","title":{"rendered":"Orchestra svizzera: la seduzione della musica classica svizzera"},"content":{"rendered":"<p>L'Orchestra Svizzera vi porta in un mondo pieno di passione, intrighi e colpi di scena. Dalla drammatica ouverture del \"Don Giovanni\" di Wolfgang Amadeus Mozart al virtuoso concerto per flauto dell'avventuroso compositore svizzero Jean Baptiste Edouard Dupuy e alla fatidica Quinta Sinfonia di Ludwig van Beethoven, vivrete un concerto che fa rivivere in musica gli alti e bassi delle emozioni umane, con il brillante solista Emmanuel Pahud come punto di forza.<\/p>\n<div class=\"usp-images-wrap\"><span class=\"usp-image-wrap\"><a href=\"https:\/\/www.musikzeitung.ch\/wp-content\/uploads\/2025\/08\/2025-08-08_6895e35f7dc9f_EmmanuelPahudundLena-LisaWstendrfer.jpg\" class=\"lightbox\" rel=\"lightbox\" title=\"\"><img loading=\"lazy\" decoding=\"async\" id=\"usp-attach-id-66812\" class=\"usp-image\" src=\"https:\/\/www.musikzeitung.ch\/wp-content\/uploads\/2025\/08\/2025-08-08_6895e35f7dc9f_EmmanuelPahudundLena-LisaWstendrfer.jpg\" width=\"1400\" height=\"700\" \/><\/a><\/span><\/div>","protected":false},"author":1,"featured_media":66812,"parent":0,"template":"","meta":{"_acf_changed":false,"_relevanssi_hide_post":"","_relevanssi_hide_content":"","_relevanssi_pin_for_all":"","_relevanssi_pin_keywords":"","_relevanssi_unpin_keywords":"","_relevanssi_related_keywords":"","_relevanssi_related_include_ids":"","_relevanssi_related_exclude_ids":"","_relevanssi_related_no_append":"","_relevanssi_related_not_related":"","_relevanssi_related_posts":"","_relevanssi_noindex_reason":"","pgc_sgb_lightbox_settings":"","footnotes":""},"categories":[1571],"tags":[],"class_list":["post-66811","kalender","type-kalender","status-publish","has-post-thumbnail","hentry","category-klassik-konzertagenda"],"acf":[],"yoast_head":"<!-- This site is optimized with the Yoast SEO plugin v27.4 - https:\/\/yoast.com\/product\/yoast-seo-wordpress\/ -->\n<title>Swiss Orchestra: Verf\u00fchrung Schweizer Klassik - Schweizer Musikzeitung<\/title>\n<meta name=\"robots\" content=\"index, follow, max-snippet:-1, max-image-preview:large, max-video-preview:-1\" \/>\n<link rel=\"canonical\" href=\"https:\/\/www.musikzeitung.ch\/it\/kalender\/swiss-orchestra-verfuehrung-schweizer-klassik\/\" \/>\n<meta property=\"og:locale\" content=\"it_IT\" \/>\n<meta property=\"og:type\" content=\"article\" \/>\n<meta property=\"og:title\" content=\"Swiss Orchestra: Verf\u00fchrung Schweizer Klassik - Schweizer Musikzeitung\" \/>\n<meta property=\"og:description\" content=\"Das Swiss Orchestra entf\u00fchrt Sie in eine Welt voller Leidenschaft, Intrigen und Schicksalsschl\u00e4ge. Von der dramatischen Ouvert\u00fcre zu Wolfgang Amadeus Mozarts \u00abDon Giovanni\u00bb \u00fcber das virtuose Fl\u00f6tenkonzert des abenteuerlichen Schweizer Komponisten Jean Baptiste Edouard Dupuy bis hin zu Ludwig van Beethovens schicksalstr\u00e4chtiger F\u00fcnfter Sinfonie erleben Sie ein Konzert, das die H\u00f6hen und Tiefen menschlicher Emotionen [&hellip;]\" \/>\n<meta property=\"og:url\" content=\"https:\/\/www.musikzeitung.ch\/it\/kalender\/swiss-orchestra-verfuehrung-schweizer-klassik\/\" \/>\n<meta property=\"og:site_name\" content=\"Schweizer Musikzeitung\" \/>\n<meta property=\"article:publisher\" content=\"https:\/\/www.facebook.com\/SchweizerMusikzeitung\/\" \/>\n<meta property=\"og:image\" content=\"https:\/\/www.musikzeitung.ch\/wp-content\/uploads\/2025\/08\/2025-08-08_6895e35f7dc9f_EmmanuelPahudundLena-LisaWstendrfer.jpg\" \/>\n\t<meta property=\"og:image:width\" content=\"3000\" \/>\n\t<meta property=\"og:image:height\" content=\"1500\" \/>\n\t<meta property=\"og:image:type\" content=\"image\/jpeg\" \/>\n<meta name=\"twitter:card\" content=\"summary_large_image\" \/>\n<meta name=\"twitter:site\" content=\"@smusikzeitung\" \/>\n<meta name=\"twitter:label1\" content=\"Tempo di lettura stimato\" \/>\n\t<meta name=\"twitter:data1\" content=\"1 minuto\" \/>\n<script type=\"application\/ld+json\" class=\"yoast-schema-graph\">{\"@context\":\"https:\\\/\\\/schema.org\",\"@graph\":[{\"@type\":\"WebPage\",\"@id\":\"https:\\\/\\\/www.musikzeitung.ch\\\/kalender\\\/swiss-orchestra-verfuehrung-schweizer-klassik\",\"url\":\"https:\\\/\\\/www.musikzeitung.ch\\\/kalender\\\/swiss-orchestra-verfuehrung-schweizer-klassik\",\"name\":\"Swiss Orchestra: Verf\u00fchrung Schweizer Klassik - Schweizer Musikzeitung\",\"isPartOf\":{\"@id\":\"https:\\\/\\\/www.musikzeitung.ch\\\/#website\"},\"primaryImageOfPage\":{\"@id\":\"https:\\\/\\\/www.musikzeitung.ch\\\/kalender\\\/swiss-orchestra-verfuehrung-schweizer-klassik#primaryimage\"},\"image\":{\"@id\":\"https:\\\/\\\/www.musikzeitung.ch\\\/kalender\\\/swiss-orchestra-verfuehrung-schweizer-klassik#primaryimage\"},\"thumbnailUrl\":\"https:\\\/\\\/www.musikzeitung.ch\\\/wp-content\\\/uploads\\\/2025\\\/08\\\/2025-08-08_6895e35f7dc9f_EmmanuelPahudundLena-LisaWstendrfer.jpg\",\"datePublished\":\"2025-08-08T16:43:48+00:00\",\"breadcrumb\":{\"@id\":\"https:\\\/\\\/www.musikzeitung.ch\\\/kalender\\\/swiss-orchestra-verfuehrung-schweizer-klassik#breadcrumb\"},\"inLanguage\":\"it-IT\",\"potentialAction\":[{\"@type\":\"ReadAction\",\"target\":[\"https:\\\/\\\/www.musikzeitung.ch\\\/kalender\\\/swiss-orchestra-verfuehrung-schweizer-klassik\"]}]},{\"@type\":\"ImageObject\",\"inLanguage\":\"it-IT\",\"@id\":\"https:\\\/\\\/www.musikzeitung.ch\\\/kalender\\\/swiss-orchestra-verfuehrung-schweizer-klassik#primaryimage\",\"url\":\"https:\\\/\\\/www.musikzeitung.ch\\\/wp-content\\\/uploads\\\/2025\\\/08\\\/2025-08-08_6895e35f7dc9f_EmmanuelPahudundLena-LisaWstendrfer.jpg\",\"contentUrl\":\"https:\\\/\\\/www.musikzeitung.ch\\\/wp-content\\\/uploads\\\/2025\\\/08\\\/2025-08-08_6895e35f7dc9f_EmmanuelPahudundLena-LisaWstendrfer.jpg\",\"width\":1400,\"height\":700},{\"@type\":\"BreadcrumbList\",\"@id\":\"https:\\\/\\\/www.musikzeitung.ch\\\/kalender\\\/swiss-orchestra-verfuehrung-schweizer-klassik#breadcrumb\",\"itemListElement\":[{\"@type\":\"ListItem\",\"position\":1,\"name\":\"Home\",\"item\":\"https:\\\/\\\/www.musikzeitung.ch\\\/\"},{\"@type\":\"ListItem\",\"position\":2,\"name\":\"Kalender\",\"item\":\"https:\\\/\\\/www.musikzeitung.ch\\\/kalender\"},{\"@type\":\"ListItem\",\"position\":3,\"name\":\"Swiss Orchestra: Verf\u00fchrung Schweizer Klassik\"}]},{\"@type\":\"WebSite\",\"@id\":\"https:\\\/\\\/www.musikzeitung.ch\\\/#website\",\"url\":\"https:\\\/\\\/www.musikzeitung.ch\\\/\",\"name\":\"Schweizer Musikzeitung\",\"description\":\"Die f\u00fchrende sparten\u00fcbergreifende Monatszeitung in der Schweiz f\u00fcr musikalische Fragen.\",\"publisher\":{\"@id\":\"https:\\\/\\\/www.musikzeitung.ch\\\/#organization\"},\"potentialAction\":[{\"@type\":\"SearchAction\",\"target\":{\"@type\":\"EntryPoint\",\"urlTemplate\":\"https:\\\/\\\/www.musikzeitung.ch\\\/?s={search_term_string}\"},\"query-input\":{\"@type\":\"PropertyValueSpecification\",\"valueRequired\":true,\"valueName\":\"search_term_string\"}}],\"inLanguage\":\"it-IT\"},{\"@type\":\"Organization\",\"@id\":\"https:\\\/\\\/www.musikzeitung.ch\\\/#organization\",\"name\":\"Schweizer Musikzeitung\",\"url\":\"https:\\\/\\\/www.musikzeitung.ch\\\/\",\"logo\":{\"@type\":\"ImageObject\",\"inLanguage\":\"it-IT\",\"@id\":\"https:\\\/\\\/www.musikzeitung.ch\\\/#\\\/schema\\\/logo\\\/image\\\/\",\"url\":\"https:\\\/\\\/www.musikzeitung.ch\\\/wp-content\\\/uploads\\\/2023\\\/01\\\/SMZ_Schriftzug_Sprache.png\",\"contentUrl\":\"https:\\\/\\\/www.musikzeitung.ch\\\/wp-content\\\/uploads\\\/2023\\\/01\\\/SMZ_Schriftzug_Sprache.png\",\"width\":1400,\"height\":279,\"caption\":\"Schweizer Musikzeitung\"},\"image\":{\"@id\":\"https:\\\/\\\/www.musikzeitung.ch\\\/#\\\/schema\\\/logo\\\/image\\\/\"},\"sameAs\":[\"https:\\\/\\\/www.facebook.com\\\/SchweizerMusikzeitung\\\/\",\"https:\\\/\\\/x.com\\\/smusikzeitung\",\"https:\\\/\\\/www.instagram.com\\\/musikzeitung.ch\\\/\"]}]}<\/script>\n<!-- \/ Yoast SEO plugin. -->","yoast_head_json":{"title":"Orchestra svizzera: la seduzione della musica classica svizzera - Schweizer Musikzeitung","robots":{"index":"index","follow":"follow","max-snippet":"max-snippet:-1","max-image-preview":"max-image-preview:large","max-video-preview":"max-video-preview:-1"},"canonical":"https:\/\/www.musikzeitung.ch\/it\/kalender\/swiss-orchestra-verfuehrung-schweizer-klassik\/","og_locale":"it_IT","og_type":"article","og_title":"Swiss Orchestra: Verf\u00fchrung Schweizer Klassik - Schweizer Musikzeitung","og_description":"Das Swiss Orchestra entf\u00fchrt Sie in eine Welt voller Leidenschaft, Intrigen und Schicksalsschl\u00e4ge. Von der dramatischen Ouvert\u00fcre zu Wolfgang Amadeus Mozarts \u00abDon Giovanni\u00bb \u00fcber das virtuose Fl\u00f6tenkonzert des abenteuerlichen Schweizer Komponisten Jean Baptiste Edouard Dupuy bis hin zu Ludwig van Beethovens schicksalstr\u00e4chtiger F\u00fcnfter Sinfonie erleben Sie ein Konzert, das die H\u00f6hen und Tiefen menschlicher Emotionen [&hellip;]","og_url":"https:\/\/www.musikzeitung.ch\/it\/kalender\/swiss-orchestra-verfuehrung-schweizer-klassik\/","og_site_name":"Schweizer Musikzeitung","article_publisher":"https:\/\/www.facebook.com\/SchweizerMusikzeitung\/","og_image":[{"width":3000,"height":1500,"url":"https:\/\/www.musikzeitung.ch\/wp-content\/uploads\/2025\/08\/2025-08-08_6895e35f7dc9f_EmmanuelPahudundLena-LisaWstendrfer.jpg","type":"image\/jpeg"}],"twitter_card":"summary_large_image","twitter_site":"@smusikzeitung","twitter_misc":{"Tempo di lettura stimato":"1 minuto"},"schema":{"@context":"https:\/\/schema.org","@graph":[{"@type":"WebPage","@id":"https:\/\/www.musikzeitung.ch\/kalender\/swiss-orchestra-verfuehrung-schweizer-klassik","url":"https:\/\/www.musikzeitung.ch\/kalender\/swiss-orchestra-verfuehrung-schweizer-klassik","name":"Orchestra svizzera: la seduzione della musica classica svizzera - Schweizer Musikzeitung","isPartOf":{"@id":"https:\/\/www.musikzeitung.ch\/#website"},"primaryImageOfPage":{"@id":"https:\/\/www.musikzeitung.ch\/kalender\/swiss-orchestra-verfuehrung-schweizer-klassik#primaryimage"},"image":{"@id":"https:\/\/www.musikzeitung.ch\/kalender\/swiss-orchestra-verfuehrung-schweizer-klassik#primaryimage"},"thumbnailUrl":"https:\/\/www.musikzeitung.ch\/wp-content\/uploads\/2025\/08\/2025-08-08_6895e35f7dc9f_EmmanuelPahudundLena-LisaWstendrfer.jpg","datePublished":"2025-08-08T16:43:48+00:00","breadcrumb":{"@id":"https:\/\/www.musikzeitung.ch\/kalender\/swiss-orchestra-verfuehrung-schweizer-klassik#breadcrumb"},"inLanguage":"it-IT","potentialAction":[{"@type":"ReadAction","target":["https:\/\/www.musikzeitung.ch\/kalender\/swiss-orchestra-verfuehrung-schweizer-klassik"]}]},{"@type":"ImageObject","inLanguage":"it-IT","@id":"https:\/\/www.musikzeitung.ch\/kalender\/swiss-orchestra-verfuehrung-schweizer-klassik#primaryimage","url":"https:\/\/www.musikzeitung.ch\/wp-content\/uploads\/2025\/08\/2025-08-08_6895e35f7dc9f_EmmanuelPahudundLena-LisaWstendrfer.jpg","contentUrl":"https:\/\/www.musikzeitung.ch\/wp-content\/uploads\/2025\/08\/2025-08-08_6895e35f7dc9f_EmmanuelPahudundLena-LisaWstendrfer.jpg","width":1400,"height":700},{"@type":"BreadcrumbList","@id":"https:\/\/www.musikzeitung.ch\/kalender\/swiss-orchestra-verfuehrung-schweizer-klassik#breadcrumb","itemListElement":[{"@type":"ListItem","position":1,"name":"Home","item":"https:\/\/www.musikzeitung.ch\/"},{"@type":"ListItem","position":2,"name":"Kalender","item":"https:\/\/www.musikzeitung.ch\/kalender"},{"@type":"ListItem","position":3,"name":"Swiss Orchestra: Verf\u00fchrung Schweizer Klassik"}]},{"@type":"WebSite","@id":"https:\/\/www.musikzeitung.ch\/#website","url":"https:\/\/www.musikzeitung.ch\/","name":"Giornale musicale svizzero","description":"Il principale mensile interdisciplinare della Svizzera per le questioni musicali.","publisher":{"@id":"https:\/\/www.musikzeitung.ch\/#organization"},"potentialAction":[{"@type":"SearchAction","target":{"@type":"EntryPoint","urlTemplate":"https:\/\/www.musikzeitung.ch\/?s={search_term_string}"},"query-input":{"@type":"PropertyValueSpecification","valueRequired":true,"valueName":"search_term_string"}}],"inLanguage":"it-IT"},{"@type":"Organization","@id":"https:\/\/www.musikzeitung.ch\/#organization","name":"Giornale musicale svizzero","url":"https:\/\/www.musikzeitung.ch\/","logo":{"@type":"ImageObject","inLanguage":"it-IT","@id":"https:\/\/www.musikzeitung.ch\/#\/schema\/logo\/image\/","url":"https:\/\/www.musikzeitung.ch\/wp-content\/uploads\/2023\/01\/SMZ_Schriftzug_Sprache.png","contentUrl":"https:\/\/www.musikzeitung.ch\/wp-content\/uploads\/2023\/01\/SMZ_Schriftzug_Sprache.png","width":1400,"height":279,"caption":"Schweizer Musikzeitung"},"image":{"@id":"https:\/\/www.musikzeitung.ch\/#\/schema\/logo\/image\/"},"sameAs":["https:\/\/www.facebook.com\/SchweizerMusikzeitung\/","https:\/\/x.com\/smusikzeitung","https:\/\/www.instagram.com\/musikzeitung.ch\/"]}]}},"publishpress_future_action":{"enabled":true,"date":"2026-05-27 19:45:00","action":"change-status","newStatus":"trash","terms":[0],"taxonomy":"category","extraData":[]},"publishpress_future_workflow_manual_trigger":{"enabledWorkflows":[]},"_links":{"self":[{"href":"https:\/\/www.musikzeitung.ch\/it\/wp-json\/wp\/v2\/kalender\/66811","targetHints":{"allow":["GET"]}}],"collection":[{"href":"https:\/\/www.musikzeitung.ch\/it\/wp-json\/wp\/v2\/kalender"}],"about":[{"href":"https:\/\/www.musikzeitung.ch\/it\/wp-json\/wp\/v2\/types\/kalender"}],"author":[{"embeddable":true,"href":"https:\/\/www.musikzeitung.ch\/it\/wp-json\/wp\/v2\/users\/1"}],"version-history":[{"count":1,"href":"https:\/\/www.musikzeitung.ch\/it\/wp-json\/wp\/v2\/kalender\/66811\/revisions"}],"predecessor-version":[{"id":66821,"href":"https:\/\/www.musikzeitung.ch\/it\/wp-json\/wp\/v2\/kalender\/66811\/revisions\/66821"}],"wp:featuredmedia":[{"embeddable":true,"href":"https:\/\/www.musikzeitung.ch\/it\/wp-json\/wp\/v2\/media\/66812"}],"wp:attachment":[{"href":"https:\/\/www.musikzeitung.ch\/it\/wp-json\/wp\/v2\/media?parent=66811"}],"wp:term":[{"taxonomy":"category","embeddable":true,"href":"https:\/\/www.musikzeitung.ch\/it\/wp-json\/wp\/v2\/categories?post=66811"},{"taxonomy":"post_tag","embeddable":true,"href":"https:\/\/www.musikzeitung.ch\/it\/wp-json\/wp\/v2\/tags?post=66811"}],"curies":[{"name":"wp","href":"https:\/\/api.w.org\/{rel}","templated":true}]}}