{"id":67445,"date":"2025-09-05T12:36:03","date_gmt":"2025-09-05T10:36:03","guid":{"rendered":"https:\/\/www.musikzeitung.ch\/?post_type=kalender&#038;p=67445"},"modified":"2025-09-05T12:36:03","modified_gmt":"2025-09-05T10:36:03","slug":"feder-und-bogen-3-robert-walser","status":"publish","type":"kalender","link":"https:\/\/www.musikzeitung.ch\/it\/kalender\/feder-und-bogen-3-robert-walser","title":{"rendered":"Penna e arco 3: Robert Walser"},"content":{"rendered":"<p>Storie e suoni in dialogo<\/p>\n<p>Nella serie Pen and Bow, i musicisti dell'Orchestra da Camera di Zurigo, insieme all'attore Thomas Douglas e alla drammaturga Anina La Roche, creano piccoli cosmi musicali intorno a personaggi affascinanti e stimolanti della storia della musica e della letteratura. In questa stagione vi presentiamo le sorelle e compositrici Lili e Nadia Boulanger, approfondiamo la figura dello scrittore russo Anton Cechov e rendiamo omaggio allo scrittore svizzero Robert Walser.<\/p>\n<p>Foto: Robert Walser \u00a9 1907 circa - Keystone Robert Walser-Stiftung Bern<\/p>\n<div class=\"usp-images-wrap\"><span class=\"usp-image-wrap\"><a href=\"https:\/\/www.musikzeitung.ch\/wp-content\/uploads\/2025\/09\/2025-09-05_68baa90a21d62_Robert-Walser-Berlin-vor-Ofen_1907_Unbekannt_um1907KeystoneRobertWalser-StiftungBern_1200x630.jpg\" class=\"lightbox\" rel=\"lightbox\" title=\"\"><img loading=\"lazy\" decoding=\"async\" id=\"usp-attach-id-67446\" class=\"usp-image\" src=\"https:\/\/www.musikzeitung.ch\/wp-content\/uploads\/2025\/09\/2025-09-05_68baa90a21d62_Robert-Walser-Berlin-vor-Ofen_1907_Unbekannt_um1907KeystoneRobertWalser-StiftungBern_1200x630.jpg\" width=\"1200\" height=\"630\" \/><\/a><\/span><\/div>","protected":false},"author":1,"featured_media":67446,"parent":0,"template":"","meta":{"_acf_changed":false,"_relevanssi_hide_post":"","_relevanssi_hide_content":"","_relevanssi_pin_for_all":"","_relevanssi_pin_keywords":"","_relevanssi_unpin_keywords":"","_relevanssi_related_keywords":"","_relevanssi_related_include_ids":"","_relevanssi_related_exclude_ids":"","_relevanssi_related_no_append":"","_relevanssi_related_not_related":"","_relevanssi_related_posts":"","_relevanssi_noindex_reason":"","pgc_sgb_lightbox_settings":"","footnotes":""},"categories":[1571],"tags":[],"class_list":["post-67445","kalender","type-kalender","status-publish","has-post-thumbnail","hentry","category-klassik-konzertagenda"],"acf":[],"yoast_head":"<!-- This site is optimized with the Yoast SEO plugin v27.4 - https:\/\/yoast.com\/product\/yoast-seo-wordpress\/ -->\n<title>Feder und Bogen 3: Robert Walser - Schweizer Musikzeitung<\/title>\n<meta name=\"robots\" content=\"index, follow, max-snippet:-1, max-image-preview:large, max-video-preview:-1\" \/>\n<link rel=\"canonical\" href=\"https:\/\/www.musikzeitung.ch\/it\/kalender\/feder-und-bogen-3-robert-walser\/\" \/>\n<meta property=\"og:locale\" content=\"it_IT\" \/>\n<meta property=\"og:type\" content=\"article\" \/>\n<meta property=\"og:title\" content=\"Feder und Bogen 3: Robert Walser - Schweizer Musikzeitung\" \/>\n<meta property=\"og:description\" content=\"Geschichten und Kl\u00e4nge im Dialog In der Reihe Feder und Bogen erschaffen die Musikerinnen und Musiker des Z\u00fcrcher Kammerorchesters gemeinsam mit Schauspieler Thomas Douglas und Dramaturgin Anina La Roche kleine musikalische Kosmen um faszinierende und inspirierende Pers\u00f6nlichkeiten aus der Musik- oder Literaturgeschichte. In dieser Saison stellen wir Ihnen die Schwestern und Komponistinnen Lili und Nadia [&hellip;]\" \/>\n<meta property=\"og:url\" content=\"https:\/\/www.musikzeitung.ch\/it\/kalender\/feder-und-bogen-3-robert-walser\/\" \/>\n<meta property=\"og:site_name\" content=\"Schweizer Musikzeitung\" \/>\n<meta property=\"article:publisher\" content=\"https:\/\/www.facebook.com\/SchweizerMusikzeitung\/\" \/>\n<meta property=\"og:image\" content=\"https:\/\/www.musikzeitung.ch\/wp-content\/uploads\/2025\/09\/2025-09-05_68baa90a21d62_Robert-Walser-Berlin-vor-Ofen_1907_Unbekannt_um1907KeystoneRobertWalser-StiftungBern_1200x630.jpg\" \/>\n\t<meta property=\"og:image:width\" content=\"1200\" \/>\n\t<meta property=\"og:image:height\" content=\"630\" \/>\n\t<meta property=\"og:image:type\" content=\"image\/jpeg\" \/>\n<meta name=\"twitter:card\" content=\"summary_large_image\" \/>\n<meta name=\"twitter:site\" content=\"@smusikzeitung\" \/>\n<meta name=\"twitter:label1\" content=\"Tempo di lettura stimato\" \/>\n\t<meta name=\"twitter:data1\" content=\"1 minuto\" \/>\n<script type=\"application\/ld+json\" class=\"yoast-schema-graph\">{\"@context\":\"https:\\\/\\\/schema.org\",\"@graph\":[{\"@type\":\"WebPage\",\"@id\":\"https:\\\/\\\/www.musikzeitung.ch\\\/kalender\\\/feder-und-bogen-3-robert-walser\",\"url\":\"https:\\\/\\\/www.musikzeitung.ch\\\/kalender\\\/feder-und-bogen-3-robert-walser\",\"name\":\"Feder und Bogen 3: Robert Walser - Schweizer Musikzeitung\",\"isPartOf\":{\"@id\":\"https:\\\/\\\/www.musikzeitung.ch\\\/#website\"},\"primaryImageOfPage\":{\"@id\":\"https:\\\/\\\/www.musikzeitung.ch\\\/kalender\\\/feder-und-bogen-3-robert-walser#primaryimage\"},\"image\":{\"@id\":\"https:\\\/\\\/www.musikzeitung.ch\\\/kalender\\\/feder-und-bogen-3-robert-walser#primaryimage\"},\"thumbnailUrl\":\"https:\\\/\\\/www.musikzeitung.ch\\\/wp-content\\\/uploads\\\/2025\\\/09\\\/2025-09-05_68baa90a21d62_Robert-Walser-Berlin-vor-Ofen_1907_Unbekannt_um1907KeystoneRobertWalser-StiftungBern_1200x630.jpg\",\"datePublished\":\"2025-09-05T10:36:03+00:00\",\"breadcrumb\":{\"@id\":\"https:\\\/\\\/www.musikzeitung.ch\\\/kalender\\\/feder-und-bogen-3-robert-walser#breadcrumb\"},\"inLanguage\":\"it-IT\",\"potentialAction\":[{\"@type\":\"ReadAction\",\"target\":[\"https:\\\/\\\/www.musikzeitung.ch\\\/kalender\\\/feder-und-bogen-3-robert-walser\"]}]},{\"@type\":\"ImageObject\",\"inLanguage\":\"it-IT\",\"@id\":\"https:\\\/\\\/www.musikzeitung.ch\\\/kalender\\\/feder-und-bogen-3-robert-walser#primaryimage\",\"url\":\"https:\\\/\\\/www.musikzeitung.ch\\\/wp-content\\\/uploads\\\/2025\\\/09\\\/2025-09-05_68baa90a21d62_Robert-Walser-Berlin-vor-Ofen_1907_Unbekannt_um1907KeystoneRobertWalser-StiftungBern_1200x630.jpg\",\"contentUrl\":\"https:\\\/\\\/www.musikzeitung.ch\\\/wp-content\\\/uploads\\\/2025\\\/09\\\/2025-09-05_68baa90a21d62_Robert-Walser-Berlin-vor-Ofen_1907_Unbekannt_um1907KeystoneRobertWalser-StiftungBern_1200x630.jpg\",\"width\":1200,\"height\":630},{\"@type\":\"BreadcrumbList\",\"@id\":\"https:\\\/\\\/www.musikzeitung.ch\\\/kalender\\\/feder-und-bogen-3-robert-walser#breadcrumb\",\"itemListElement\":[{\"@type\":\"ListItem\",\"position\":1,\"name\":\"Home\",\"item\":\"https:\\\/\\\/www.musikzeitung.ch\\\/\"},{\"@type\":\"ListItem\",\"position\":2,\"name\":\"Kalender\",\"item\":\"https:\\\/\\\/www.musikzeitung.ch\\\/kalender\"},{\"@type\":\"ListItem\",\"position\":3,\"name\":\"Feder und Bogen 3: Robert Walser\"}]},{\"@type\":\"WebSite\",\"@id\":\"https:\\\/\\\/www.musikzeitung.ch\\\/#website\",\"url\":\"https:\\\/\\\/www.musikzeitung.ch\\\/\",\"name\":\"Schweizer Musikzeitung\",\"description\":\"Die f\u00fchrende sparten\u00fcbergreifende Monatszeitung in der Schweiz f\u00fcr musikalische Fragen.\",\"publisher\":{\"@id\":\"https:\\\/\\\/www.musikzeitung.ch\\\/#organization\"},\"potentialAction\":[{\"@type\":\"SearchAction\",\"target\":{\"@type\":\"EntryPoint\",\"urlTemplate\":\"https:\\\/\\\/www.musikzeitung.ch\\\/?s={search_term_string}\"},\"query-input\":{\"@type\":\"PropertyValueSpecification\",\"valueRequired\":true,\"valueName\":\"search_term_string\"}}],\"inLanguage\":\"it-IT\"},{\"@type\":\"Organization\",\"@id\":\"https:\\\/\\\/www.musikzeitung.ch\\\/#organization\",\"name\":\"Schweizer Musikzeitung\",\"url\":\"https:\\\/\\\/www.musikzeitung.ch\\\/\",\"logo\":{\"@type\":\"ImageObject\",\"inLanguage\":\"it-IT\",\"@id\":\"https:\\\/\\\/www.musikzeitung.ch\\\/#\\\/schema\\\/logo\\\/image\\\/\",\"url\":\"https:\\\/\\\/www.musikzeitung.ch\\\/wp-content\\\/uploads\\\/2023\\\/01\\\/SMZ_Schriftzug_Sprache.png\",\"contentUrl\":\"https:\\\/\\\/www.musikzeitung.ch\\\/wp-content\\\/uploads\\\/2023\\\/01\\\/SMZ_Schriftzug_Sprache.png\",\"width\":1400,\"height\":279,\"caption\":\"Schweizer Musikzeitung\"},\"image\":{\"@id\":\"https:\\\/\\\/www.musikzeitung.ch\\\/#\\\/schema\\\/logo\\\/image\\\/\"},\"sameAs\":[\"https:\\\/\\\/www.facebook.com\\\/SchweizerMusikzeitung\\\/\",\"https:\\\/\\\/x.com\\\/smusikzeitung\",\"https:\\\/\\\/www.instagram.com\\\/musikzeitung.ch\\\/\"]}]}<\/script>\n<!-- \/ Yoast SEO plugin. -->","yoast_head_json":{"title":"Penna e arco 3: Robert Walser - Schweizer Musikzeitung","robots":{"index":"index","follow":"follow","max-snippet":"max-snippet:-1","max-image-preview":"max-image-preview:large","max-video-preview":"max-video-preview:-1"},"canonical":"https:\/\/www.musikzeitung.ch\/it\/kalender\/feder-und-bogen-3-robert-walser\/","og_locale":"it_IT","og_type":"article","og_title":"Feder und Bogen 3: Robert Walser - Schweizer Musikzeitung","og_description":"Geschichten und Kl\u00e4nge im Dialog In der Reihe Feder und Bogen erschaffen die Musikerinnen und Musiker des Z\u00fcrcher Kammerorchesters gemeinsam mit Schauspieler Thomas Douglas und Dramaturgin Anina La Roche kleine musikalische Kosmen um faszinierende und inspirierende Pers\u00f6nlichkeiten aus der Musik- oder Literaturgeschichte. In dieser Saison stellen wir Ihnen die Schwestern und Komponistinnen Lili und Nadia [&hellip;]","og_url":"https:\/\/www.musikzeitung.ch\/it\/kalender\/feder-und-bogen-3-robert-walser\/","og_site_name":"Schweizer Musikzeitung","article_publisher":"https:\/\/www.facebook.com\/SchweizerMusikzeitung\/","og_image":[{"width":1200,"height":630,"url":"https:\/\/www.musikzeitung.ch\/wp-content\/uploads\/2025\/09\/2025-09-05_68baa90a21d62_Robert-Walser-Berlin-vor-Ofen_1907_Unbekannt_um1907KeystoneRobertWalser-StiftungBern_1200x630.jpg","type":"image\/jpeg"}],"twitter_card":"summary_large_image","twitter_site":"@smusikzeitung","twitter_misc":{"Tempo di lettura stimato":"1 minuto"},"schema":{"@context":"https:\/\/schema.org","@graph":[{"@type":"WebPage","@id":"https:\/\/www.musikzeitung.ch\/kalender\/feder-und-bogen-3-robert-walser","url":"https:\/\/www.musikzeitung.ch\/kalender\/feder-und-bogen-3-robert-walser","name":"Penna e arco 3: Robert Walser - Schweizer Musikzeitung","isPartOf":{"@id":"https:\/\/www.musikzeitung.ch\/#website"},"primaryImageOfPage":{"@id":"https:\/\/www.musikzeitung.ch\/kalender\/feder-und-bogen-3-robert-walser#primaryimage"},"image":{"@id":"https:\/\/www.musikzeitung.ch\/kalender\/feder-und-bogen-3-robert-walser#primaryimage"},"thumbnailUrl":"https:\/\/www.musikzeitung.ch\/wp-content\/uploads\/2025\/09\/2025-09-05_68baa90a21d62_Robert-Walser-Berlin-vor-Ofen_1907_Unbekannt_um1907KeystoneRobertWalser-StiftungBern_1200x630.jpg","datePublished":"2025-09-05T10:36:03+00:00","breadcrumb":{"@id":"https:\/\/www.musikzeitung.ch\/kalender\/feder-und-bogen-3-robert-walser#breadcrumb"},"inLanguage":"it-IT","potentialAction":[{"@type":"ReadAction","target":["https:\/\/www.musikzeitung.ch\/kalender\/feder-und-bogen-3-robert-walser"]}]},{"@type":"ImageObject","inLanguage":"it-IT","@id":"https:\/\/www.musikzeitung.ch\/kalender\/feder-und-bogen-3-robert-walser#primaryimage","url":"https:\/\/www.musikzeitung.ch\/wp-content\/uploads\/2025\/09\/2025-09-05_68baa90a21d62_Robert-Walser-Berlin-vor-Ofen_1907_Unbekannt_um1907KeystoneRobertWalser-StiftungBern_1200x630.jpg","contentUrl":"https:\/\/www.musikzeitung.ch\/wp-content\/uploads\/2025\/09\/2025-09-05_68baa90a21d62_Robert-Walser-Berlin-vor-Ofen_1907_Unbekannt_um1907KeystoneRobertWalser-StiftungBern_1200x630.jpg","width":1200,"height":630},{"@type":"BreadcrumbList","@id":"https:\/\/www.musikzeitung.ch\/kalender\/feder-und-bogen-3-robert-walser#breadcrumb","itemListElement":[{"@type":"ListItem","position":1,"name":"Home","item":"https:\/\/www.musikzeitung.ch\/"},{"@type":"ListItem","position":2,"name":"Kalender","item":"https:\/\/www.musikzeitung.ch\/kalender"},{"@type":"ListItem","position":3,"name":"Feder und Bogen 3: Robert Walser"}]},{"@type":"WebSite","@id":"https:\/\/www.musikzeitung.ch\/#website","url":"https:\/\/www.musikzeitung.ch\/","name":"Giornale musicale svizzero","description":"Il principale mensile interdisciplinare della Svizzera per le questioni musicali.","publisher":{"@id":"https:\/\/www.musikzeitung.ch\/#organization"},"potentialAction":[{"@type":"SearchAction","target":{"@type":"EntryPoint","urlTemplate":"https:\/\/www.musikzeitung.ch\/?s={search_term_string}"},"query-input":{"@type":"PropertyValueSpecification","valueRequired":true,"valueName":"search_term_string"}}],"inLanguage":"it-IT"},{"@type":"Organization","@id":"https:\/\/www.musikzeitung.ch\/#organization","name":"Giornale musicale svizzero","url":"https:\/\/www.musikzeitung.ch\/","logo":{"@type":"ImageObject","inLanguage":"it-IT","@id":"https:\/\/www.musikzeitung.ch\/#\/schema\/logo\/image\/","url":"https:\/\/www.musikzeitung.ch\/wp-content\/uploads\/2023\/01\/SMZ_Schriftzug_Sprache.png","contentUrl":"https:\/\/www.musikzeitung.ch\/wp-content\/uploads\/2023\/01\/SMZ_Schriftzug_Sprache.png","width":1400,"height":279,"caption":"Schweizer Musikzeitung"},"image":{"@id":"https:\/\/www.musikzeitung.ch\/#\/schema\/logo\/image\/"},"sameAs":["https:\/\/www.facebook.com\/SchweizerMusikzeitung\/","https:\/\/x.com\/smusikzeitung","https:\/\/www.instagram.com\/musikzeitung.ch\/"]}]}},"publishpress_future_action":{"enabled":true,"date":"2026-05-28 19:10:00","action":"change-status","newStatus":"trash","terms":[0],"taxonomy":"category","extraData":[]},"publishpress_future_workflow_manual_trigger":{"enabledWorkflows":[]},"_links":{"self":[{"href":"https:\/\/www.musikzeitung.ch\/it\/wp-json\/wp\/v2\/kalender\/67445","targetHints":{"allow":["GET"]}}],"collection":[{"href":"https:\/\/www.musikzeitung.ch\/it\/wp-json\/wp\/v2\/kalender"}],"about":[{"href":"https:\/\/www.musikzeitung.ch\/it\/wp-json\/wp\/v2\/types\/kalender"}],"author":[{"embeddable":true,"href":"https:\/\/www.musikzeitung.ch\/it\/wp-json\/wp\/v2\/users\/1"}],"version-history":[{"count":1,"href":"https:\/\/www.musikzeitung.ch\/it\/wp-json\/wp\/v2\/kalender\/67445\/revisions"}],"predecessor-version":[{"id":67489,"href":"https:\/\/www.musikzeitung.ch\/it\/wp-json\/wp\/v2\/kalender\/67445\/revisions\/67489"}],"wp:featuredmedia":[{"embeddable":true,"href":"https:\/\/www.musikzeitung.ch\/it\/wp-json\/wp\/v2\/media\/67446"}],"wp:attachment":[{"href":"https:\/\/www.musikzeitung.ch\/it\/wp-json\/wp\/v2\/media?parent=67445"}],"wp:term":[{"taxonomy":"category","embeddable":true,"href":"https:\/\/www.musikzeitung.ch\/it\/wp-json\/wp\/v2\/categories?post=67445"},{"taxonomy":"post_tag","embeddable":true,"href":"https:\/\/www.musikzeitung.ch\/it\/wp-json\/wp\/v2\/tags?post=67445"}],"curies":[{"name":"wp","href":"https:\/\/api.w.org\/{rel}","templated":true}]}}