{"id":69130,"date":"2025-11-26T17:35:12","date_gmt":"2025-11-26T16:35:12","guid":{"rendered":"https:\/\/www.musikzeitung.ch\/?post_type=kalender&#038;p=69130"},"modified":"2025-11-26T17:35:12","modified_gmt":"2025-11-26T16:35:12","slug":"saso-avsenik-und-seine-oberkrainer","status":"publish","type":"kalender","link":"https:\/\/www.musikzeitung.ch\/it\/kalender\/saso-avsenik-und-seine-oberkrainer","title":{"rendered":"Sa\u0161o Avsenik e i suoi Oberkrainer"},"content":{"rendered":"<p>Sa\u0161o Avsenik, talentuoso musicista folk sloveno, porta avanti con orgoglio e passione l'eredit\u00e0 musicale della sua famiglia. Suo nonno, Slavko Avsenik, \u00e8 considerato uno dei fondatori del leggendario suono Oberkrainer e ha venduto oltre 36 milioni di dischi con il suo Original Oberkrainer Quintet. Numerose melodie del repertorio di Slavko Avsenik sono diventate degli intramontabili evergreen della musica popolare: su tutte \u00abDas Trompetenecho\u00bb, che per decenni \u00e8 stato uno dei brani strumentali pi\u00f9 suonati nei Paesi di lingua tedesca ed \u00e8 diventato noto come la melodia del titolo del leggendario \u00abMusikantenstadl\u00bb. Ma altri classici come \u00abAuf der Autobahn\u00bb, \u00abEs ist so sch\u00f6n, ein Musikant zu sein\u00bb, \u00abSlowenischer Bauerntanz\u00bb e \u00abHinterm H\u00fchnerstall\u00bb riportano ancora alla memoria i tempi passati.<\/p>\n<p>Il successo musicale degli \u00abOriginal Oberkrainer\u00bb \u00e8 durato quasi mezzo secolo prima che il gruppo si ritirasse dalla vita attiva sul palcoscenico negli anni Novanta. Ma la storia del suono degli Oberkrainer \u00e8 tutt'altro che conclusa: Sa\u0161o Avsenik ha seguito le orme del nonno e ha continuato la tradizione in modo moderno. Simpatico, autentico e pieno di rispetto per la tradizione, con la sua band porta il suono Oberkrainer nel presente.<\/p>\n<p>Sa\u0161o e i suoi Oberkrainer hanno festeggiato un impressionante debutto al KKL di Lucerna nel 2024, e ora tornano per far battere ancora una volta il cuore dei fan degli Oberkrainer. \u00abIl nostro viaggio musicale \u00e8 iniziato poco pi\u00f9 di 15 anni fa, con la registrazione del nostro primo CD Musik im Blut\u00bb, ricorda Sa\u0161o Avsenik. \u00abQuesto CD ci ha portato al debutto televisivo nel programma \u201eMusikantenstadl\u201c di Andy Borg, e la nostra carriera di musicisti professionisti \u00e8 davvero decollata\u00bb.\u00bb<\/p>\n<p>Sa\u0161o Avsenik guarda agli ultimi 15 anni con orgoglio e i fan non vedono l'ora che il suono degli Oberkrainer venga portato avanti da lui e dai suoi musicisti, sempre con il suo stile personale. L'ultimo successo, \u00abHallo kleine Maus\u00bb, mostra chiaramente come Sa\u0161o viva e sviluppi la tradizione in modo fresco e creativo. E proprio come dice la canzone classica \u00abIt's so nice to be a musician\u00bb, Sa\u0161o e i suoi sette musicisti sloveni sono ancora convinti della loro vocazione come il primo giorno. Un motivo sufficiente per festeggiare!<\/p>\n<div class=\"usp-images-wrap\"><span class=\"usp-image-wrap\"><a href=\"https:\/\/www.musikzeitung.ch\/wp-content\/uploads\/2025\/11\/2025-11-24_69247d5b8d45e_26-06-WEB-Saso-Avsenik.jpg\" class=\"lightbox\" rel=\"lightbox\" title=\"\"><img loading=\"lazy\" decoding=\"async\" id=\"usp-attach-id-69131\" class=\"usp-image\" src=\"https:\/\/www.musikzeitung.ch\/wp-content\/uploads\/2025\/11\/2025-11-24_69247d5b8d45e_26-06-WEB-Saso-Avsenik.jpg\" width=\"1323\" height=\"953\" \/><\/a><\/span><\/div>","protected":false},"author":1,"featured_media":69131,"parent":0,"template":"","meta":{"_acf_changed":false,"_relevanssi_hide_post":"","_relevanssi_hide_content":"","_relevanssi_pin_for_all":"","_relevanssi_pin_keywords":"","_relevanssi_unpin_keywords":"","_relevanssi_related_keywords":"","_relevanssi_related_include_ids":"","_relevanssi_related_exclude_ids":"","_relevanssi_related_no_append":"","_relevanssi_related_not_related":"","_relevanssi_related_posts":"","_relevanssi_noindex_reason":"","pgc_sgb_lightbox_settings":"","footnotes":""},"categories":[1574],"tags":[],"class_list":["post-69130","kalender","type-kalender","status-publish","has-post-thumbnail","hentry","category-lokales-und-globales-konzertagenda"],"acf":[],"yoast_head":"<!-- This site is optimized with the Yoast SEO plugin v27.4 - https:\/\/yoast.com\/product\/yoast-seo-wordpress\/ -->\n<title>Sa\u0161o Avsenik und seine Oberkrainer - Schweizer Musikzeitung<\/title>\n<meta name=\"robots\" content=\"index, follow, max-snippet:-1, max-image-preview:large, max-video-preview:-1\" \/>\n<link rel=\"canonical\" href=\"https:\/\/www.musikzeitung.ch\/it\/kalender\/saso-avsenik-und-seine-oberkrainer\/\" \/>\n<meta property=\"og:locale\" content=\"it_IT\" \/>\n<meta property=\"og:type\" content=\"article\" \/>\n<meta property=\"og:title\" content=\"Sa\u0161o Avsenik und seine Oberkrainer - Schweizer Musikzeitung\" \/>\n<meta property=\"og:description\" content=\"Sa\u0161o Avsenik, ein talentierter slowenischer Volksmusiker, f\u00fchrt das musikalische Erbe seiner Familie mit Stolz und Leidenschaft weiter. Sein Grossvater, Slavko Avsenik, gilt als einer der Begr\u00fcnder des legend\u00e4ren Oberkrainer-Sounds und mit seinem Original Oberkrainer Quintett hat er \u00fcber 36 Millionen Platten verkauft. Zahlreiche Melodien aus dem Repertoire von Slavko Avsenik sind zu zeitlosen Evergreens der [&hellip;]\" \/>\n<meta property=\"og:url\" content=\"https:\/\/www.musikzeitung.ch\/it\/kalender\/saso-avsenik-und-seine-oberkrainer\/\" \/>\n<meta property=\"og:site_name\" content=\"Schweizer Musikzeitung\" \/>\n<meta property=\"article:publisher\" content=\"https:\/\/www.facebook.com\/SchweizerMusikzeitung\/\" \/>\n<meta property=\"og:image\" content=\"https:\/\/www.musikzeitung.ch\/wp-content\/uploads\/2025\/11\/2025-11-24_69247d5b8d45e_26-06-WEB-Saso-Avsenik.jpg\" \/>\n\t<meta property=\"og:image:width\" content=\"1323\" \/>\n\t<meta property=\"og:image:height\" content=\"953\" \/>\n\t<meta property=\"og:image:type\" content=\"image\/jpeg\" \/>\n<meta name=\"twitter:card\" content=\"summary_large_image\" \/>\n<meta name=\"twitter:site\" content=\"@smusikzeitung\" \/>\n<meta name=\"twitter:label1\" content=\"Tempo di lettura stimato\" \/>\n\t<meta name=\"twitter:data1\" content=\"3 minuti\" \/>\n<script type=\"application\/ld+json\" class=\"yoast-schema-graph\">{\"@context\":\"https:\\\/\\\/schema.org\",\"@graph\":[{\"@type\":\"WebPage\",\"@id\":\"https:\\\/\\\/www.musikzeitung.ch\\\/kalender\\\/saso-avsenik-und-seine-oberkrainer\",\"url\":\"https:\\\/\\\/www.musikzeitung.ch\\\/kalender\\\/saso-avsenik-und-seine-oberkrainer\",\"name\":\"Sa\u0161o Avsenik und seine Oberkrainer - Schweizer Musikzeitung\",\"isPartOf\":{\"@id\":\"https:\\\/\\\/www.musikzeitung.ch\\\/#website\"},\"primaryImageOfPage\":{\"@id\":\"https:\\\/\\\/www.musikzeitung.ch\\\/kalender\\\/saso-avsenik-und-seine-oberkrainer#primaryimage\"},\"image\":{\"@id\":\"https:\\\/\\\/www.musikzeitung.ch\\\/kalender\\\/saso-avsenik-und-seine-oberkrainer#primaryimage\"},\"thumbnailUrl\":\"https:\\\/\\\/www.musikzeitung.ch\\\/wp-content\\\/uploads\\\/2025\\\/11\\\/2025-11-24_69247d5b8d45e_26-06-WEB-Saso-Avsenik.jpg\",\"datePublished\":\"2025-11-26T16:35:12+00:00\",\"breadcrumb\":{\"@id\":\"https:\\\/\\\/www.musikzeitung.ch\\\/kalender\\\/saso-avsenik-und-seine-oberkrainer#breadcrumb\"},\"inLanguage\":\"it-IT\",\"potentialAction\":[{\"@type\":\"ReadAction\",\"target\":[\"https:\\\/\\\/www.musikzeitung.ch\\\/kalender\\\/saso-avsenik-und-seine-oberkrainer\"]}]},{\"@type\":\"ImageObject\",\"inLanguage\":\"it-IT\",\"@id\":\"https:\\\/\\\/www.musikzeitung.ch\\\/kalender\\\/saso-avsenik-und-seine-oberkrainer#primaryimage\",\"url\":\"https:\\\/\\\/www.musikzeitung.ch\\\/wp-content\\\/uploads\\\/2025\\\/11\\\/2025-11-24_69247d5b8d45e_26-06-WEB-Saso-Avsenik.jpg\",\"contentUrl\":\"https:\\\/\\\/www.musikzeitung.ch\\\/wp-content\\\/uploads\\\/2025\\\/11\\\/2025-11-24_69247d5b8d45e_26-06-WEB-Saso-Avsenik.jpg\",\"width\":1323,\"height\":953},{\"@type\":\"BreadcrumbList\",\"@id\":\"https:\\\/\\\/www.musikzeitung.ch\\\/kalender\\\/saso-avsenik-und-seine-oberkrainer#breadcrumb\",\"itemListElement\":[{\"@type\":\"ListItem\",\"position\":1,\"name\":\"Home\",\"item\":\"https:\\\/\\\/www.musikzeitung.ch\\\/\"},{\"@type\":\"ListItem\",\"position\":2,\"name\":\"Kalender\",\"item\":\"https:\\\/\\\/www.musikzeitung.ch\\\/kalender\"},{\"@type\":\"ListItem\",\"position\":3,\"name\":\"Sa\u0161o Avsenik und seine Oberkrainer\"}]},{\"@type\":\"WebSite\",\"@id\":\"https:\\\/\\\/www.musikzeitung.ch\\\/#website\",\"url\":\"https:\\\/\\\/www.musikzeitung.ch\\\/\",\"name\":\"Schweizer Musikzeitung\",\"description\":\"Die f\u00fchrende sparten\u00fcbergreifende Monatszeitung in der Schweiz f\u00fcr musikalische Fragen.\",\"publisher\":{\"@id\":\"https:\\\/\\\/www.musikzeitung.ch\\\/#organization\"},\"potentialAction\":[{\"@type\":\"SearchAction\",\"target\":{\"@type\":\"EntryPoint\",\"urlTemplate\":\"https:\\\/\\\/www.musikzeitung.ch\\\/?s={search_term_string}\"},\"query-input\":{\"@type\":\"PropertyValueSpecification\",\"valueRequired\":true,\"valueName\":\"search_term_string\"}}],\"inLanguage\":\"it-IT\"},{\"@type\":\"Organization\",\"@id\":\"https:\\\/\\\/www.musikzeitung.ch\\\/#organization\",\"name\":\"Schweizer Musikzeitung\",\"url\":\"https:\\\/\\\/www.musikzeitung.ch\\\/\",\"logo\":{\"@type\":\"ImageObject\",\"inLanguage\":\"it-IT\",\"@id\":\"https:\\\/\\\/www.musikzeitung.ch\\\/#\\\/schema\\\/logo\\\/image\\\/\",\"url\":\"https:\\\/\\\/www.musikzeitung.ch\\\/wp-content\\\/uploads\\\/2023\\\/01\\\/SMZ_Schriftzug_Sprache.png\",\"contentUrl\":\"https:\\\/\\\/www.musikzeitung.ch\\\/wp-content\\\/uploads\\\/2023\\\/01\\\/SMZ_Schriftzug_Sprache.png\",\"width\":1400,\"height\":279,\"caption\":\"Schweizer Musikzeitung\"},\"image\":{\"@id\":\"https:\\\/\\\/www.musikzeitung.ch\\\/#\\\/schema\\\/logo\\\/image\\\/\"},\"sameAs\":[\"https:\\\/\\\/www.facebook.com\\\/SchweizerMusikzeitung\\\/\",\"https:\\\/\\\/x.com\\\/smusikzeitung\",\"https:\\\/\\\/www.instagram.com\\\/musikzeitung.ch\\\/\"]}]}<\/script>\n<!-- \/ Yoast SEO plugin. -->","yoast_head_json":{"title":"Sa\u0161o Avsenik e i suoi Oberkrainer - Schweizer Musikzeitung","robots":{"index":"index","follow":"follow","max-snippet":"max-snippet:-1","max-image-preview":"max-image-preview:large","max-video-preview":"max-video-preview:-1"},"canonical":"https:\/\/www.musikzeitung.ch\/it\/kalender\/saso-avsenik-und-seine-oberkrainer\/","og_locale":"it_IT","og_type":"article","og_title":"Sa\u0161o Avsenik und seine Oberkrainer - Schweizer Musikzeitung","og_description":"Sa\u0161o Avsenik, ein talentierter slowenischer Volksmusiker, f\u00fchrt das musikalische Erbe seiner Familie mit Stolz und Leidenschaft weiter. Sein Grossvater, Slavko Avsenik, gilt als einer der Begr\u00fcnder des legend\u00e4ren Oberkrainer-Sounds und mit seinem Original Oberkrainer Quintett hat er \u00fcber 36 Millionen Platten verkauft. Zahlreiche Melodien aus dem Repertoire von Slavko Avsenik sind zu zeitlosen Evergreens der [&hellip;]","og_url":"https:\/\/www.musikzeitung.ch\/it\/kalender\/saso-avsenik-und-seine-oberkrainer\/","og_site_name":"Schweizer Musikzeitung","article_publisher":"https:\/\/www.facebook.com\/SchweizerMusikzeitung\/","og_image":[{"width":1323,"height":953,"url":"https:\/\/www.musikzeitung.ch\/wp-content\/uploads\/2025\/11\/2025-11-24_69247d5b8d45e_26-06-WEB-Saso-Avsenik.jpg","type":"image\/jpeg"}],"twitter_card":"summary_large_image","twitter_site":"@smusikzeitung","twitter_misc":{"Tempo di lettura stimato":"3 minuti"},"schema":{"@context":"https:\/\/schema.org","@graph":[{"@type":"WebPage","@id":"https:\/\/www.musikzeitung.ch\/kalender\/saso-avsenik-und-seine-oberkrainer","url":"https:\/\/www.musikzeitung.ch\/kalender\/saso-avsenik-und-seine-oberkrainer","name":"Sa\u0161o Avsenik e i suoi Oberkrainer - Schweizer Musikzeitung","isPartOf":{"@id":"https:\/\/www.musikzeitung.ch\/#website"},"primaryImageOfPage":{"@id":"https:\/\/www.musikzeitung.ch\/kalender\/saso-avsenik-und-seine-oberkrainer#primaryimage"},"image":{"@id":"https:\/\/www.musikzeitung.ch\/kalender\/saso-avsenik-und-seine-oberkrainer#primaryimage"},"thumbnailUrl":"https:\/\/www.musikzeitung.ch\/wp-content\/uploads\/2025\/11\/2025-11-24_69247d5b8d45e_26-06-WEB-Saso-Avsenik.jpg","datePublished":"2025-11-26T16:35:12+00:00","breadcrumb":{"@id":"https:\/\/www.musikzeitung.ch\/kalender\/saso-avsenik-und-seine-oberkrainer#breadcrumb"},"inLanguage":"it-IT","potentialAction":[{"@type":"ReadAction","target":["https:\/\/www.musikzeitung.ch\/kalender\/saso-avsenik-und-seine-oberkrainer"]}]},{"@type":"ImageObject","inLanguage":"it-IT","@id":"https:\/\/www.musikzeitung.ch\/kalender\/saso-avsenik-und-seine-oberkrainer#primaryimage","url":"https:\/\/www.musikzeitung.ch\/wp-content\/uploads\/2025\/11\/2025-11-24_69247d5b8d45e_26-06-WEB-Saso-Avsenik.jpg","contentUrl":"https:\/\/www.musikzeitung.ch\/wp-content\/uploads\/2025\/11\/2025-11-24_69247d5b8d45e_26-06-WEB-Saso-Avsenik.jpg","width":1323,"height":953},{"@type":"BreadcrumbList","@id":"https:\/\/www.musikzeitung.ch\/kalender\/saso-avsenik-und-seine-oberkrainer#breadcrumb","itemListElement":[{"@type":"ListItem","position":1,"name":"Home","item":"https:\/\/www.musikzeitung.ch\/"},{"@type":"ListItem","position":2,"name":"Kalender","item":"https:\/\/www.musikzeitung.ch\/kalender"},{"@type":"ListItem","position":3,"name":"Sa\u0161o Avsenik und seine Oberkrainer"}]},{"@type":"WebSite","@id":"https:\/\/www.musikzeitung.ch\/#website","url":"https:\/\/www.musikzeitung.ch\/","name":"Giornale musicale svizzero","description":"Il principale mensile interdisciplinare della Svizzera per le questioni musicali.","publisher":{"@id":"https:\/\/www.musikzeitung.ch\/#organization"},"potentialAction":[{"@type":"SearchAction","target":{"@type":"EntryPoint","urlTemplate":"https:\/\/www.musikzeitung.ch\/?s={search_term_string}"},"query-input":{"@type":"PropertyValueSpecification","valueRequired":true,"valueName":"search_term_string"}}],"inLanguage":"it-IT"},{"@type":"Organization","@id":"https:\/\/www.musikzeitung.ch\/#organization","name":"Giornale musicale svizzero","url":"https:\/\/www.musikzeitung.ch\/","logo":{"@type":"ImageObject","inLanguage":"it-IT","@id":"https:\/\/www.musikzeitung.ch\/#\/schema\/logo\/image\/","url":"https:\/\/www.musikzeitung.ch\/wp-content\/uploads\/2023\/01\/SMZ_Schriftzug_Sprache.png","contentUrl":"https:\/\/www.musikzeitung.ch\/wp-content\/uploads\/2023\/01\/SMZ_Schriftzug_Sprache.png","width":1400,"height":279,"caption":"Schweizer Musikzeitung"},"image":{"@id":"https:\/\/www.musikzeitung.ch\/#\/schema\/logo\/image\/"},"sameAs":["https:\/\/www.facebook.com\/SchweizerMusikzeitung\/","https:\/\/x.com\/smusikzeitung","https:\/\/www.instagram.com\/musikzeitung.ch\/"]}]}},"publishpress_future_action":{"enabled":true,"date":"2026-06-05 19:44:00","action":"change-status","newStatus":"trash","terms":[0],"taxonomy":"category","extraData":[]},"publishpress_future_workflow_manual_trigger":{"enabledWorkflows":[]},"_links":{"self":[{"href":"https:\/\/www.musikzeitung.ch\/it\/wp-json\/wp\/v2\/kalender\/69130","targetHints":{"allow":["GET"]}}],"collection":[{"href":"https:\/\/www.musikzeitung.ch\/it\/wp-json\/wp\/v2\/kalender"}],"about":[{"href":"https:\/\/www.musikzeitung.ch\/it\/wp-json\/wp\/v2\/types\/kalender"}],"author":[{"embeddable":true,"href":"https:\/\/www.musikzeitung.ch\/it\/wp-json\/wp\/v2\/users\/1"}],"version-history":[{"count":1,"href":"https:\/\/www.musikzeitung.ch\/it\/wp-json\/wp\/v2\/kalender\/69130\/revisions"}],"predecessor-version":[{"id":69242,"href":"https:\/\/www.musikzeitung.ch\/it\/wp-json\/wp\/v2\/kalender\/69130\/revisions\/69242"}],"wp:featuredmedia":[{"embeddable":true,"href":"https:\/\/www.musikzeitung.ch\/it\/wp-json\/wp\/v2\/media\/69131"}],"wp:attachment":[{"href":"https:\/\/www.musikzeitung.ch\/it\/wp-json\/wp\/v2\/media?parent=69130"}],"wp:term":[{"taxonomy":"category","embeddable":true,"href":"https:\/\/www.musikzeitung.ch\/it\/wp-json\/wp\/v2\/categories?post=69130"},{"taxonomy":"post_tag","embeddable":true,"href":"https:\/\/www.musikzeitung.ch\/it\/wp-json\/wp\/v2\/tags?post=69130"}],"curies":[{"name":"wp","href":"https:\/\/api.w.org\/{rel}","templated":true}]}}