{"id":70002,"date":"2026-01-13T12:34:29","date_gmt":"2026-01-13T11:34:29","guid":{"rendered":"https:\/\/www.musikzeitung.ch\/?post_type=kalender&#038;p=70002"},"modified":"2026-01-13T12:34:29","modified_gmt":"2026-01-13T11:34:29","slug":"anna-mae-album-premiere","status":"publish","type":"kalender","link":"https:\/\/www.musikzeitung.ch\/it\/kalender\/anna-mae-album-premiere","title":{"rendered":"Anna Mae - PREMIERE ALBUM"},"content":{"rendered":"<p>La cantautrice di Willisau arriva alla Stadtm\u00fchle con il suo nuovo album. Anna Mae presenta per la prima volta al pubblico il suo nuovo lavoro. Seguiranno altri concerti in tutta la Svizzera. I biglietti per la prima dell'album alla Stadtm\u00fchle Willisau sono disponibili ora!<\/p>\n<p>Anna Mae ha uno stile inconfondibile. Rifiuta di essere etichettata. Combina abilmente folk, Americana e chanson. Ispirandosi a nomi come Tina Turner, Hank Williams e Edith Piaf, la cantante svizzera crea le proprie canzoni: avvincenti, autentiche e piene di emozioni. Ha portato la sua musica non solo sui palcoscenici locali, ma anche alla \u00abCanadian Music Week\u00bb di Toronto e nel Midwest degli Stati Uniti. Che sia a Chicago, Londra o Willisau, l'artista \u00e8 sincera e coraggiosa.<\/p>\n<p>\u00abVoglio commuovere le persone con le mie canzoni, abbattere le barriere e fare qualcosa di buono per questo mondo\u00bb. - Anna Mae<\/p>\n<p>L'energia che Anna Mae trae dalla sua musica \u00e8 contagiosa. Imperterrita e con tanta voglia di fare, va per la sua strada e invita tutti a essere coraggiosi.<\/p>\n<p>L'artista ama la chanson francese tanto quanto la musica country americana. Sia in inglese che in francese, le sue canzoni parlano di profondit\u00e0, amore e speranza. Come cantante e autrice, affronta gli eventi mondiali attuali e parla del suo legame con la natura. Anna Mae raggiunge il pubblico con la sua personalit\u00e0 autentica, la sua voce carica di emozioni e la sua passione per ci\u00f2 che fa. La diversit\u00e0 del suo lavoro artistico e il suo stile personale caratterizzano Anna Mae.<\/p>\n<p>Una performance da solista: con voce, chitarra e racconti.<\/p>\n<p>Apertura porte: ore 19.00<br \/>\nIngresso: 30 CHF<br \/>\nBiglietti: www.eventfrog.ch<br \/>\nIndirizzo: Mulino comunale, M\u00fcligass 7, 6130 Willisau<\/p>\n<p>Ulteriori informazioni sulla localit\u00e0:<br \/>\nwww.stadtmuehle-willisau.ch<\/p>\n<div class=\"usp-images-wrap\"><span class=\"usp-image-wrap\"><a href=\"https:\/\/www.musikzeitung.ch\/wp-content\/uploads\/2026\/01\/2026-01-13_6965fdece3ab1_SWIVklein.jpg\" class=\"lightbox\" rel=\"lightbox\" title=\"\"><img loading=\"lazy\" decoding=\"async\" id=\"usp-attach-id-70003\" class=\"usp-image\" src=\"https:\/\/www.musikzeitung.ch\/wp-content\/uploads\/2026\/01\/2026-01-13_6965fdece3ab1_SWIVklein.jpg\" width=\"668\" height=\"1000\" \/><\/a><\/span><\/div>","protected":false},"author":1,"featured_media":70003,"parent":0,"template":"","meta":{"_acf_changed":false,"_relevanssi_hide_post":"","_relevanssi_hide_content":"","_relevanssi_pin_for_all":"","_relevanssi_pin_keywords":"","_relevanssi_unpin_keywords":"","_relevanssi_related_keywords":"","_relevanssi_related_include_ids":"","_relevanssi_related_exclude_ids":"","_relevanssi_related_no_append":"","_relevanssi_related_not_related":"","_relevanssi_related_posts":"","_relevanssi_noindex_reason":"","pgc_sgb_lightbox_settings":"","footnotes":""},"categories":[1573],"tags":[],"class_list":["post-70002","kalender","type-kalender","status-publish","has-post-thumbnail","hentry","category-rock-und-pop-konzertagenda"],"acf":[],"yoast_head":"<!-- This site is optimized with the Yoast SEO plugin v27.4 - https:\/\/yoast.com\/product\/yoast-seo-wordpress\/ -->\n<title>Anna Mae - ALBUM PREMI\u00c8RE - Schweizer Musikzeitung<\/title>\n<meta name=\"robots\" content=\"index, follow, max-snippet:-1, max-image-preview:large, max-video-preview:-1\" \/>\n<link rel=\"canonical\" href=\"https:\/\/www.musikzeitung.ch\/it\/kalender\/anna-mae-album-premiere\/\" \/>\n<meta property=\"og:locale\" content=\"it_IT\" \/>\n<meta property=\"og:type\" content=\"article\" \/>\n<meta property=\"og:title\" content=\"Anna Mae - ALBUM PREMI\u00c8RE - Schweizer Musikzeitung\" \/>\n<meta property=\"og:description\" content=\"Die S\u00e4ngerin &amp; Liederschreiberin aus Willisau kommt mit ihrem neuen Album in die Stadtm\u00fchle. Hier pr\u00e4sentiert Anna Mae ihr neues Werk zum ersten Mal der \u00d6ffentlichkeit. Danach folgen weitere Konzerte in der ganzen Schweiz. Tickets f\u00fcr die Album-Premi\u00e8re in der Stadtm\u00fchle Willisau sind ab sofort erh\u00e4ltlich! Anna Mae wartet mit ihrem unverkennbaren Stil auf. Schubladisieren [&hellip;]\" \/>\n<meta property=\"og:url\" content=\"https:\/\/www.musikzeitung.ch\/it\/kalender\/anna-mae-album-premiere\/\" \/>\n<meta property=\"og:site_name\" content=\"Schweizer Musikzeitung\" \/>\n<meta property=\"article:publisher\" content=\"https:\/\/www.facebook.com\/SchweizerMusikzeitung\/\" \/>\n<meta property=\"og:image\" content=\"https:\/\/www.musikzeitung.ch\/wp-content\/uploads\/2026\/01\/2026-01-13_6965fdece3ab1_SWIVklein.jpg\" \/>\n\t<meta property=\"og:image:width\" content=\"784\" \/>\n\t<meta property=\"og:image:height\" content=\"1174\" \/>\n\t<meta property=\"og:image:type\" content=\"image\/jpeg\" \/>\n<meta name=\"twitter:card\" content=\"summary_large_image\" \/>\n<meta name=\"twitter:site\" content=\"@smusikzeitung\" \/>\n<meta name=\"twitter:label1\" content=\"Tempo di lettura stimato\" \/>\n\t<meta name=\"twitter:data1\" content=\"2 minuti\" \/>\n<script type=\"application\/ld+json\" class=\"yoast-schema-graph\">{\"@context\":\"https:\\\/\\\/schema.org\",\"@graph\":[{\"@type\":\"WebPage\",\"@id\":\"https:\\\/\\\/www.musikzeitung.ch\\\/kalender\\\/anna-mae-album-premiere\",\"url\":\"https:\\\/\\\/www.musikzeitung.ch\\\/kalender\\\/anna-mae-album-premiere\",\"name\":\"Anna Mae - ALBUM PREMI\u00c8RE - Schweizer Musikzeitung\",\"isPartOf\":{\"@id\":\"https:\\\/\\\/www.musikzeitung.ch\\\/#website\"},\"primaryImageOfPage\":{\"@id\":\"https:\\\/\\\/www.musikzeitung.ch\\\/kalender\\\/anna-mae-album-premiere#primaryimage\"},\"image\":{\"@id\":\"https:\\\/\\\/www.musikzeitung.ch\\\/kalender\\\/anna-mae-album-premiere#primaryimage\"},\"thumbnailUrl\":\"https:\\\/\\\/www.musikzeitung.ch\\\/wp-content\\\/uploads\\\/2026\\\/01\\\/2026-01-13_6965fdece3ab1_SWIVklein.jpg\",\"datePublished\":\"2026-01-13T11:34:29+00:00\",\"breadcrumb\":{\"@id\":\"https:\\\/\\\/www.musikzeitung.ch\\\/kalender\\\/anna-mae-album-premiere#breadcrumb\"},\"inLanguage\":\"it-IT\",\"potentialAction\":[{\"@type\":\"ReadAction\",\"target\":[\"https:\\\/\\\/www.musikzeitung.ch\\\/kalender\\\/anna-mae-album-premiere\"]}]},{\"@type\":\"ImageObject\",\"inLanguage\":\"it-IT\",\"@id\":\"https:\\\/\\\/www.musikzeitung.ch\\\/kalender\\\/anna-mae-album-premiere#primaryimage\",\"url\":\"https:\\\/\\\/www.musikzeitung.ch\\\/wp-content\\\/uploads\\\/2026\\\/01\\\/2026-01-13_6965fdece3ab1_SWIVklein.jpg\",\"contentUrl\":\"https:\\\/\\\/www.musikzeitung.ch\\\/wp-content\\\/uploads\\\/2026\\\/01\\\/2026-01-13_6965fdece3ab1_SWIVklein.jpg\",\"width\":668,\"height\":1000},{\"@type\":\"BreadcrumbList\",\"@id\":\"https:\\\/\\\/www.musikzeitung.ch\\\/kalender\\\/anna-mae-album-premiere#breadcrumb\",\"itemListElement\":[{\"@type\":\"ListItem\",\"position\":1,\"name\":\"Home\",\"item\":\"https:\\\/\\\/www.musikzeitung.ch\\\/\"},{\"@type\":\"ListItem\",\"position\":2,\"name\":\"Kalender\",\"item\":\"https:\\\/\\\/www.musikzeitung.ch\\\/kalender\"},{\"@type\":\"ListItem\",\"position\":3,\"name\":\"Anna Mae &#8211; ALBUM PREMI\u00c8RE\"}]},{\"@type\":\"WebSite\",\"@id\":\"https:\\\/\\\/www.musikzeitung.ch\\\/#website\",\"url\":\"https:\\\/\\\/www.musikzeitung.ch\\\/\",\"name\":\"Schweizer Musikzeitung\",\"description\":\"Die f\u00fchrende sparten\u00fcbergreifende Monatszeitung in der Schweiz f\u00fcr musikalische Fragen.\",\"publisher\":{\"@id\":\"https:\\\/\\\/www.musikzeitung.ch\\\/#organization\"},\"potentialAction\":[{\"@type\":\"SearchAction\",\"target\":{\"@type\":\"EntryPoint\",\"urlTemplate\":\"https:\\\/\\\/www.musikzeitung.ch\\\/?s={search_term_string}\"},\"query-input\":{\"@type\":\"PropertyValueSpecification\",\"valueRequired\":true,\"valueName\":\"search_term_string\"}}],\"inLanguage\":\"it-IT\"},{\"@type\":\"Organization\",\"@id\":\"https:\\\/\\\/www.musikzeitung.ch\\\/#organization\",\"name\":\"Schweizer Musikzeitung\",\"url\":\"https:\\\/\\\/www.musikzeitung.ch\\\/\",\"logo\":{\"@type\":\"ImageObject\",\"inLanguage\":\"it-IT\",\"@id\":\"https:\\\/\\\/www.musikzeitung.ch\\\/#\\\/schema\\\/logo\\\/image\\\/\",\"url\":\"https:\\\/\\\/www.musikzeitung.ch\\\/wp-content\\\/uploads\\\/2023\\\/01\\\/SMZ_Schriftzug_Sprache.png\",\"contentUrl\":\"https:\\\/\\\/www.musikzeitung.ch\\\/wp-content\\\/uploads\\\/2023\\\/01\\\/SMZ_Schriftzug_Sprache.png\",\"width\":1400,\"height\":279,\"caption\":\"Schweizer Musikzeitung\"},\"image\":{\"@id\":\"https:\\\/\\\/www.musikzeitung.ch\\\/#\\\/schema\\\/logo\\\/image\\\/\"},\"sameAs\":[\"https:\\\/\\\/www.facebook.com\\\/SchweizerMusikzeitung\\\/\",\"https:\\\/\\\/x.com\\\/smusikzeitung\",\"https:\\\/\\\/www.instagram.com\\\/musikzeitung.ch\\\/\"]}]}<\/script>\n<!-- \/ Yoast SEO plugin. -->","yoast_head_json":{"title":"Anna Mae - ALBUM PREMI\u00c8RE - Schweizer Musikzeitung","robots":{"index":"index","follow":"follow","max-snippet":"max-snippet:-1","max-image-preview":"max-image-preview:large","max-video-preview":"max-video-preview:-1"},"canonical":"https:\/\/www.musikzeitung.ch\/it\/kalender\/anna-mae-album-premiere\/","og_locale":"it_IT","og_type":"article","og_title":"Anna Mae - ALBUM PREMI\u00c8RE - Schweizer Musikzeitung","og_description":"Die S\u00e4ngerin &amp; Liederschreiberin aus Willisau kommt mit ihrem neuen Album in die Stadtm\u00fchle. Hier pr\u00e4sentiert Anna Mae ihr neues Werk zum ersten Mal der \u00d6ffentlichkeit. Danach folgen weitere Konzerte in der ganzen Schweiz. Tickets f\u00fcr die Album-Premi\u00e8re in der Stadtm\u00fchle Willisau sind ab sofort erh\u00e4ltlich! Anna Mae wartet mit ihrem unverkennbaren Stil auf. Schubladisieren [&hellip;]","og_url":"https:\/\/www.musikzeitung.ch\/it\/kalender\/anna-mae-album-premiere\/","og_site_name":"Schweizer Musikzeitung","article_publisher":"https:\/\/www.facebook.com\/SchweizerMusikzeitung\/","og_image":[{"width":784,"height":1174,"url":"https:\/\/www.musikzeitung.ch\/wp-content\/uploads\/2026\/01\/2026-01-13_6965fdece3ab1_SWIVklein.jpg","type":"image\/jpeg"}],"twitter_card":"summary_large_image","twitter_site":"@smusikzeitung","twitter_misc":{"Tempo di lettura stimato":"2 minuti"},"schema":{"@context":"https:\/\/schema.org","@graph":[{"@type":"WebPage","@id":"https:\/\/www.musikzeitung.ch\/kalender\/anna-mae-album-premiere","url":"https:\/\/www.musikzeitung.ch\/kalender\/anna-mae-album-premiere","name":"Anna Mae - ALBUM PREMI\u00c8RE - Schweizer Musikzeitung","isPartOf":{"@id":"https:\/\/www.musikzeitung.ch\/#website"},"primaryImageOfPage":{"@id":"https:\/\/www.musikzeitung.ch\/kalender\/anna-mae-album-premiere#primaryimage"},"image":{"@id":"https:\/\/www.musikzeitung.ch\/kalender\/anna-mae-album-premiere#primaryimage"},"thumbnailUrl":"https:\/\/www.musikzeitung.ch\/wp-content\/uploads\/2026\/01\/2026-01-13_6965fdece3ab1_SWIVklein.jpg","datePublished":"2026-01-13T11:34:29+00:00","breadcrumb":{"@id":"https:\/\/www.musikzeitung.ch\/kalender\/anna-mae-album-premiere#breadcrumb"},"inLanguage":"it-IT","potentialAction":[{"@type":"ReadAction","target":["https:\/\/www.musikzeitung.ch\/kalender\/anna-mae-album-premiere"]}]},{"@type":"ImageObject","inLanguage":"it-IT","@id":"https:\/\/www.musikzeitung.ch\/kalender\/anna-mae-album-premiere#primaryimage","url":"https:\/\/www.musikzeitung.ch\/wp-content\/uploads\/2026\/01\/2026-01-13_6965fdece3ab1_SWIVklein.jpg","contentUrl":"https:\/\/www.musikzeitung.ch\/wp-content\/uploads\/2026\/01\/2026-01-13_6965fdece3ab1_SWIVklein.jpg","width":668,"height":1000},{"@type":"BreadcrumbList","@id":"https:\/\/www.musikzeitung.ch\/kalender\/anna-mae-album-premiere#breadcrumb","itemListElement":[{"@type":"ListItem","position":1,"name":"Home","item":"https:\/\/www.musikzeitung.ch\/"},{"@type":"ListItem","position":2,"name":"Kalender","item":"https:\/\/www.musikzeitung.ch\/kalender"},{"@type":"ListItem","position":3,"name":"Anna Mae &#8211; ALBUM PREMI\u00c8RE"}]},{"@type":"WebSite","@id":"https:\/\/www.musikzeitung.ch\/#website","url":"https:\/\/www.musikzeitung.ch\/","name":"Giornale musicale svizzero","description":"Il principale mensile interdisciplinare della Svizzera per le questioni musicali.","publisher":{"@id":"https:\/\/www.musikzeitung.ch\/#organization"},"potentialAction":[{"@type":"SearchAction","target":{"@type":"EntryPoint","urlTemplate":"https:\/\/www.musikzeitung.ch\/?s={search_term_string}"},"query-input":{"@type":"PropertyValueSpecification","valueRequired":true,"valueName":"search_term_string"}}],"inLanguage":"it-IT"},{"@type":"Organization","@id":"https:\/\/www.musikzeitung.ch\/#organization","name":"Giornale musicale svizzero","url":"https:\/\/www.musikzeitung.ch\/","logo":{"@type":"ImageObject","inLanguage":"it-IT","@id":"https:\/\/www.musikzeitung.ch\/#\/schema\/logo\/image\/","url":"https:\/\/www.musikzeitung.ch\/wp-content\/uploads\/2023\/01\/SMZ_Schriftzug_Sprache.png","contentUrl":"https:\/\/www.musikzeitung.ch\/wp-content\/uploads\/2023\/01\/SMZ_Schriftzug_Sprache.png","width":1400,"height":279,"caption":"Schweizer Musikzeitung"},"image":{"@id":"https:\/\/www.musikzeitung.ch\/#\/schema\/logo\/image\/"},"sameAs":["https:\/\/www.facebook.com\/SchweizerMusikzeitung\/","https:\/\/x.com\/smusikzeitung","https:\/\/www.instagram.com\/musikzeitung.ch\/"]}]}},"publishpress_future_action":{"enabled":true,"date":"2026-09-18 20:10:00","action":"change-status","newStatus":"trash","terms":[0],"taxonomy":"category","extraData":[]},"publishpress_future_workflow_manual_trigger":{"enabledWorkflows":[]},"_links":{"self":[{"href":"https:\/\/www.musikzeitung.ch\/it\/wp-json\/wp\/v2\/kalender\/70002","targetHints":{"allow":["GET"]}}],"collection":[{"href":"https:\/\/www.musikzeitung.ch\/it\/wp-json\/wp\/v2\/kalender"}],"about":[{"href":"https:\/\/www.musikzeitung.ch\/it\/wp-json\/wp\/v2\/types\/kalender"}],"author":[{"embeddable":true,"href":"https:\/\/www.musikzeitung.ch\/it\/wp-json\/wp\/v2\/users\/1"}],"version-history":[{"count":1,"href":"https:\/\/www.musikzeitung.ch\/it\/wp-json\/wp\/v2\/kalender\/70002\/revisions"}],"predecessor-version":[{"id":70022,"href":"https:\/\/www.musikzeitung.ch\/it\/wp-json\/wp\/v2\/kalender\/70002\/revisions\/70022"}],"wp:featuredmedia":[{"embeddable":true,"href":"https:\/\/www.musikzeitung.ch\/it\/wp-json\/wp\/v2\/media\/70003"}],"wp:attachment":[{"href":"https:\/\/www.musikzeitung.ch\/it\/wp-json\/wp\/v2\/media?parent=70002"}],"wp:term":[{"taxonomy":"category","embeddable":true,"href":"https:\/\/www.musikzeitung.ch\/it\/wp-json\/wp\/v2\/categories?post=70002"},{"taxonomy":"post_tag","embeddable":true,"href":"https:\/\/www.musikzeitung.ch\/it\/wp-json\/wp\/v2\/tags?post=70002"}],"curies":[{"name":"wp","href":"https:\/\/api.w.org\/{rel}","templated":true}]}}