{"id":70134,"date":"2026-01-16T12:16:55","date_gmt":"2026-01-16T11:16:55","guid":{"rendered":"https:\/\/www.musikzeitung.ch\/?post_type=kalender&#038;p=70134"},"modified":"2026-01-16T12:16:55","modified_gmt":"2026-01-16T11:16:55","slug":"gurtenfestival","status":"publish","type":"kalender","link":"https:\/\/www.musikzeitung.ch\/it\/kalender\/gurtenfestival","title":{"rendered":"Gurtenfestival"},"content":{"rendered":"<p>15.7.2026 - 18.7.2026<\/p>\n<p>Ogni estate circa 80.000 appassionati di musica si recano in pellegrinaggio al leggendario Gurten Festival.<\/p>\n<p>Che si tratti di un giro tranquillo sulla funivia del Gurten o di un'escursione sportiva, a luglio gli appassionati di festival provenienti da vicino e da lontano sono attratti dalla montagna locale di Berna. L'ascesa fa parte del festival tanto quanto il terreno collinare e la vista sulle Alpi. Una volta in cima, i concerti sono distribuiti su tre diversi palchi: Oltre alle band di fama nazionale e internazionale che si esibiscono sul palco principale e sul palco tenda, numerose nuove leve della scena musicale svizzera deliziano il pubblico davanti al popolare palco della foresta.<\/p>\n<p>Sono successe molte cose dalla prima edizione del \"Festival Internazionale del Folklore di Berna-Gurten\" nel 1971. Lungi dall'essere un grande evento, il comitato organizzatore dell'epoca non riusc\u00ec a procurarsi l'illuminazione del palco. Furono portate delle lampade di emergenza per evitare un festival al buio. Il Gurtenfestival non \u00e8 pi\u00f9 agli inizi, ma il suo fascino inconfondibile, l'accogliente atmosfera di festa popolare e il tipico clima rilassato bernese possono ancora essere vissuti con tutti i sensi.<\/p>\n<div class=\"usp-images-wrap\"><span class=\"usp-image-wrap\"><a href=\"https:\/\/www.musikzeitung.ch\/wp-content\/uploads\/2026\/01\/2026-01-16_696a0318566fa_972e7f5364de3fbeb029a80cb8d55e95be2fd1441.jpg\" class=\"lightbox\" rel=\"lightbox\" title=\"\"><img loading=\"lazy\" decoding=\"async\" id=\"usp-attach-id-70135\" class=\"usp-image\" src=\"https:\/\/www.musikzeitung.ch\/wp-content\/uploads\/2026\/01\/2026-01-16_696a0318566fa_972e7f5364de3fbeb029a80cb8d55e95be2fd1441.jpg\" width=\"1125\" height=\"750\" \/><\/a><\/span><\/div>","protected":false},"author":1,"featured_media":70135,"parent":0,"template":"","meta":{"_acf_changed":false,"_relevanssi_hide_post":"","_relevanssi_hide_content":"","_relevanssi_pin_for_all":"","_relevanssi_pin_keywords":"","_relevanssi_unpin_keywords":"","_relevanssi_related_keywords":"","_relevanssi_related_include_ids":"","_relevanssi_related_exclude_ids":"","_relevanssi_related_no_append":"","_relevanssi_related_not_related":"","_relevanssi_related_posts":"","_relevanssi_noindex_reason":"","pgc_sgb_lightbox_settings":"","footnotes":""},"categories":[1574],"tags":[],"class_list":["post-70134","kalender","type-kalender","status-publish","has-post-thumbnail","hentry","category-lokales-und-globales-konzertagenda"],"acf":[],"yoast_head":"<!-- This site is optimized with the Yoast SEO plugin v27.4 - https:\/\/yoast.com\/product\/yoast-seo-wordpress\/ -->\n<title>Gurtenfestival - Schweizer Musikzeitung<\/title>\n<meta name=\"robots\" content=\"index, follow, max-snippet:-1, max-image-preview:large, max-video-preview:-1\" \/>\n<link rel=\"canonical\" href=\"https:\/\/www.musikzeitung.ch\/it\/kalender\/gurtenfestival\/\" \/>\n<meta property=\"og:locale\" content=\"it_IT\" \/>\n<meta property=\"og:type\" content=\"article\" \/>\n<meta property=\"og:title\" content=\"Gurtenfestival - Schweizer Musikzeitung\" \/>\n<meta property=\"og:description\" content=\"15.7.2026 &#8211; 18.7.2026 Rund 80\u2019000 Musikfans pilgern jeden Sommer ans legend\u00e4re Gurtenfestival. Ob gem\u00fctlich mit der Gurtenbahn oder sportlich zu Fuss \u2013 im Juli zieht\u2019s Festivalfans von nah und fern auf den Berner Hausberg. Der Aufstieg geh\u00f6rt dabei genauso zum Festival wie das h\u00fcgelige Gel\u00e4nde und die Aussicht auf die Alpen. Oben angekommen sind die [&hellip;]\" \/>\n<meta property=\"og:url\" content=\"https:\/\/www.musikzeitung.ch\/it\/kalender\/gurtenfestival\/\" \/>\n<meta property=\"og:site_name\" content=\"Schweizer Musikzeitung\" \/>\n<meta property=\"article:publisher\" content=\"https:\/\/www.facebook.com\/SchweizerMusikzeitung\/\" \/>\n<meta property=\"og:image\" content=\"https:\/\/www.musikzeitung.ch\/wp-content\/uploads\/2026\/01\/2026-01-16_696a0318566fa_972e7f5364de3fbeb029a80cb8d55e95be2fd1441.jpg\" \/>\n\t<meta property=\"og:image:width\" content=\"1125\" \/>\n\t<meta property=\"og:image:height\" content=\"750\" \/>\n\t<meta property=\"og:image:type\" content=\"image\/jpeg\" \/>\n<meta name=\"twitter:card\" content=\"summary_large_image\" \/>\n<meta name=\"twitter:site\" content=\"@smusikzeitung\" \/>\n<meta name=\"twitter:label1\" content=\"Tempo di lettura stimato\" \/>\n\t<meta name=\"twitter:data1\" content=\"2 minuti\" \/>\n<script type=\"application\/ld+json\" class=\"yoast-schema-graph\">{\"@context\":\"https:\\\/\\\/schema.org\",\"@graph\":[{\"@type\":\"WebPage\",\"@id\":\"https:\\\/\\\/www.musikzeitung.ch\\\/kalender\\\/gurtenfestival\",\"url\":\"https:\\\/\\\/www.musikzeitung.ch\\\/kalender\\\/gurtenfestival\",\"name\":\"Gurtenfestival - Schweizer Musikzeitung\",\"isPartOf\":{\"@id\":\"https:\\\/\\\/www.musikzeitung.ch\\\/#website\"},\"primaryImageOfPage\":{\"@id\":\"https:\\\/\\\/www.musikzeitung.ch\\\/kalender\\\/gurtenfestival#primaryimage\"},\"image\":{\"@id\":\"https:\\\/\\\/www.musikzeitung.ch\\\/kalender\\\/gurtenfestival#primaryimage\"},\"thumbnailUrl\":\"https:\\\/\\\/www.musikzeitung.ch\\\/wp-content\\\/uploads\\\/2026\\\/01\\\/2026-01-16_696a0318566fa_972e7f5364de3fbeb029a80cb8d55e95be2fd1441.jpg\",\"datePublished\":\"2026-01-16T11:16:55+00:00\",\"breadcrumb\":{\"@id\":\"https:\\\/\\\/www.musikzeitung.ch\\\/kalender\\\/gurtenfestival#breadcrumb\"},\"inLanguage\":\"it-IT\",\"potentialAction\":[{\"@type\":\"ReadAction\",\"target\":[\"https:\\\/\\\/www.musikzeitung.ch\\\/kalender\\\/gurtenfestival\"]}]},{\"@type\":\"ImageObject\",\"inLanguage\":\"it-IT\",\"@id\":\"https:\\\/\\\/www.musikzeitung.ch\\\/kalender\\\/gurtenfestival#primaryimage\",\"url\":\"https:\\\/\\\/www.musikzeitung.ch\\\/wp-content\\\/uploads\\\/2026\\\/01\\\/2026-01-16_696a0318566fa_972e7f5364de3fbeb029a80cb8d55e95be2fd1441.jpg\",\"contentUrl\":\"https:\\\/\\\/www.musikzeitung.ch\\\/wp-content\\\/uploads\\\/2026\\\/01\\\/2026-01-16_696a0318566fa_972e7f5364de3fbeb029a80cb8d55e95be2fd1441.jpg\",\"width\":1125,\"height\":750},{\"@type\":\"BreadcrumbList\",\"@id\":\"https:\\\/\\\/www.musikzeitung.ch\\\/kalender\\\/gurtenfestival#breadcrumb\",\"itemListElement\":[{\"@type\":\"ListItem\",\"position\":1,\"name\":\"Home\",\"item\":\"https:\\\/\\\/www.musikzeitung.ch\\\/\"},{\"@type\":\"ListItem\",\"position\":2,\"name\":\"Kalender\",\"item\":\"https:\\\/\\\/www.musikzeitung.ch\\\/kalender\"},{\"@type\":\"ListItem\",\"position\":3,\"name\":\"Gurtenfestival\"}]},{\"@type\":\"WebSite\",\"@id\":\"https:\\\/\\\/www.musikzeitung.ch\\\/#website\",\"url\":\"https:\\\/\\\/www.musikzeitung.ch\\\/\",\"name\":\"Schweizer Musikzeitung\",\"description\":\"Die f\u00fchrende sparten\u00fcbergreifende Monatszeitung in der Schweiz f\u00fcr musikalische Fragen.\",\"publisher\":{\"@id\":\"https:\\\/\\\/www.musikzeitung.ch\\\/#organization\"},\"potentialAction\":[{\"@type\":\"SearchAction\",\"target\":{\"@type\":\"EntryPoint\",\"urlTemplate\":\"https:\\\/\\\/www.musikzeitung.ch\\\/?s={search_term_string}\"},\"query-input\":{\"@type\":\"PropertyValueSpecification\",\"valueRequired\":true,\"valueName\":\"search_term_string\"}}],\"inLanguage\":\"it-IT\"},{\"@type\":\"Organization\",\"@id\":\"https:\\\/\\\/www.musikzeitung.ch\\\/#organization\",\"name\":\"Schweizer Musikzeitung\",\"url\":\"https:\\\/\\\/www.musikzeitung.ch\\\/\",\"logo\":{\"@type\":\"ImageObject\",\"inLanguage\":\"it-IT\",\"@id\":\"https:\\\/\\\/www.musikzeitung.ch\\\/#\\\/schema\\\/logo\\\/image\\\/\",\"url\":\"https:\\\/\\\/www.musikzeitung.ch\\\/wp-content\\\/uploads\\\/2023\\\/01\\\/SMZ_Schriftzug_Sprache.png\",\"contentUrl\":\"https:\\\/\\\/www.musikzeitung.ch\\\/wp-content\\\/uploads\\\/2023\\\/01\\\/SMZ_Schriftzug_Sprache.png\",\"width\":1400,\"height\":279,\"caption\":\"Schweizer Musikzeitung\"},\"image\":{\"@id\":\"https:\\\/\\\/www.musikzeitung.ch\\\/#\\\/schema\\\/logo\\\/image\\\/\"},\"sameAs\":[\"https:\\\/\\\/www.facebook.com\\\/SchweizerMusikzeitung\\\/\",\"https:\\\/\\\/x.com\\\/smusikzeitung\",\"https:\\\/\\\/www.instagram.com\\\/musikzeitung.ch\\\/\"]}]}<\/script>\n<!-- \/ Yoast SEO plugin. -->","yoast_head_json":{"title":"Gurtenfestival - Schweizer Musikzeitung","robots":{"index":"index","follow":"follow","max-snippet":"max-snippet:-1","max-image-preview":"max-image-preview:large","max-video-preview":"max-video-preview:-1"},"canonical":"https:\/\/www.musikzeitung.ch\/it\/kalender\/gurtenfestival\/","og_locale":"it_IT","og_type":"article","og_title":"Gurtenfestival - Schweizer Musikzeitung","og_description":"15.7.2026 &#8211; 18.7.2026 Rund 80\u2019000 Musikfans pilgern jeden Sommer ans legend\u00e4re Gurtenfestival. Ob gem\u00fctlich mit der Gurtenbahn oder sportlich zu Fuss \u2013 im Juli zieht\u2019s Festivalfans von nah und fern auf den Berner Hausberg. Der Aufstieg geh\u00f6rt dabei genauso zum Festival wie das h\u00fcgelige Gel\u00e4nde und die Aussicht auf die Alpen. Oben angekommen sind die [&hellip;]","og_url":"https:\/\/www.musikzeitung.ch\/it\/kalender\/gurtenfestival\/","og_site_name":"Schweizer Musikzeitung","article_publisher":"https:\/\/www.facebook.com\/SchweizerMusikzeitung\/","og_image":[{"width":1125,"height":750,"url":"https:\/\/www.musikzeitung.ch\/wp-content\/uploads\/2026\/01\/2026-01-16_696a0318566fa_972e7f5364de3fbeb029a80cb8d55e95be2fd1441.jpg","type":"image\/jpeg"}],"twitter_card":"summary_large_image","twitter_site":"@smusikzeitung","twitter_misc":{"Tempo di lettura stimato":"2 minuti"},"schema":{"@context":"https:\/\/schema.org","@graph":[{"@type":"WebPage","@id":"https:\/\/www.musikzeitung.ch\/kalender\/gurtenfestival","url":"https:\/\/www.musikzeitung.ch\/kalender\/gurtenfestival","name":"Gurtenfestival - Schweizer Musikzeitung","isPartOf":{"@id":"https:\/\/www.musikzeitung.ch\/#website"},"primaryImageOfPage":{"@id":"https:\/\/www.musikzeitung.ch\/kalender\/gurtenfestival#primaryimage"},"image":{"@id":"https:\/\/www.musikzeitung.ch\/kalender\/gurtenfestival#primaryimage"},"thumbnailUrl":"https:\/\/www.musikzeitung.ch\/wp-content\/uploads\/2026\/01\/2026-01-16_696a0318566fa_972e7f5364de3fbeb029a80cb8d55e95be2fd1441.jpg","datePublished":"2026-01-16T11:16:55+00:00","breadcrumb":{"@id":"https:\/\/www.musikzeitung.ch\/kalender\/gurtenfestival#breadcrumb"},"inLanguage":"it-IT","potentialAction":[{"@type":"ReadAction","target":["https:\/\/www.musikzeitung.ch\/kalender\/gurtenfestival"]}]},{"@type":"ImageObject","inLanguage":"it-IT","@id":"https:\/\/www.musikzeitung.ch\/kalender\/gurtenfestival#primaryimage","url":"https:\/\/www.musikzeitung.ch\/wp-content\/uploads\/2026\/01\/2026-01-16_696a0318566fa_972e7f5364de3fbeb029a80cb8d55e95be2fd1441.jpg","contentUrl":"https:\/\/www.musikzeitung.ch\/wp-content\/uploads\/2026\/01\/2026-01-16_696a0318566fa_972e7f5364de3fbeb029a80cb8d55e95be2fd1441.jpg","width":1125,"height":750},{"@type":"BreadcrumbList","@id":"https:\/\/www.musikzeitung.ch\/kalender\/gurtenfestival#breadcrumb","itemListElement":[{"@type":"ListItem","position":1,"name":"Home","item":"https:\/\/www.musikzeitung.ch\/"},{"@type":"ListItem","position":2,"name":"Kalender","item":"https:\/\/www.musikzeitung.ch\/kalender"},{"@type":"ListItem","position":3,"name":"Gurtenfestival"}]},{"@type":"WebSite","@id":"https:\/\/www.musikzeitung.ch\/#website","url":"https:\/\/www.musikzeitung.ch\/","name":"Giornale musicale svizzero","description":"Il principale mensile interdisciplinare della Svizzera per le questioni musicali.","publisher":{"@id":"https:\/\/www.musikzeitung.ch\/#organization"},"potentialAction":[{"@type":"SearchAction","target":{"@type":"EntryPoint","urlTemplate":"https:\/\/www.musikzeitung.ch\/?s={search_term_string}"},"query-input":{"@type":"PropertyValueSpecification","valueRequired":true,"valueName":"search_term_string"}}],"inLanguage":"it-IT"},{"@type":"Organization","@id":"https:\/\/www.musikzeitung.ch\/#organization","name":"Giornale musicale svizzero","url":"https:\/\/www.musikzeitung.ch\/","logo":{"@type":"ImageObject","inLanguage":"it-IT","@id":"https:\/\/www.musikzeitung.ch\/#\/schema\/logo\/image\/","url":"https:\/\/www.musikzeitung.ch\/wp-content\/uploads\/2023\/01\/SMZ_Schriftzug_Sprache.png","contentUrl":"https:\/\/www.musikzeitung.ch\/wp-content\/uploads\/2023\/01\/SMZ_Schriftzug_Sprache.png","width":1400,"height":279,"caption":"Schweizer Musikzeitung"},"image":{"@id":"https:\/\/www.musikzeitung.ch\/#\/schema\/logo\/image\/"},"sameAs":["https:\/\/www.facebook.com\/SchweizerMusikzeitung\/","https:\/\/x.com\/smusikzeitung","https:\/\/www.instagram.com\/musikzeitung.ch\/"]}]}},"publishpress_future_action":{"enabled":true,"date":"2026-07-18 15:21:00","action":"change-status","newStatus":"trash","terms":[0],"taxonomy":"category","extraData":[]},"publishpress_future_workflow_manual_trigger":{"enabledWorkflows":[]},"_links":{"self":[{"href":"https:\/\/www.musikzeitung.ch\/it\/wp-json\/wp\/v2\/kalender\/70134","targetHints":{"allow":["GET"]}}],"collection":[{"href":"https:\/\/www.musikzeitung.ch\/it\/wp-json\/wp\/v2\/kalender"}],"about":[{"href":"https:\/\/www.musikzeitung.ch\/it\/wp-json\/wp\/v2\/types\/kalender"}],"author":[{"embeddable":true,"href":"https:\/\/www.musikzeitung.ch\/it\/wp-json\/wp\/v2\/users\/1"}],"version-history":[{"count":1,"href":"https:\/\/www.musikzeitung.ch\/it\/wp-json\/wp\/v2\/kalender\/70134\/revisions"}],"predecessor-version":[{"id":70137,"href":"https:\/\/www.musikzeitung.ch\/it\/wp-json\/wp\/v2\/kalender\/70134\/revisions\/70137"}],"wp:featuredmedia":[{"embeddable":true,"href":"https:\/\/www.musikzeitung.ch\/it\/wp-json\/wp\/v2\/media\/70135"}],"wp:attachment":[{"href":"https:\/\/www.musikzeitung.ch\/it\/wp-json\/wp\/v2\/media?parent=70134"}],"wp:term":[{"taxonomy":"category","embeddable":true,"href":"https:\/\/www.musikzeitung.ch\/it\/wp-json\/wp\/v2\/categories?post=70134"},{"taxonomy":"post_tag","embeddable":true,"href":"https:\/\/www.musikzeitung.ch\/it\/wp-json\/wp\/v2\/tags?post=70134"}],"curies":[{"name":"wp","href":"https:\/\/api.w.org\/{rel}","templated":true}]}}