{"id":70200,"date":"2026-01-22T17:59:51","date_gmt":"2026-01-22T16:59:51","guid":{"rendered":"https:\/\/www.musikzeitung.ch\/?post_type=kalender&#038;p=70200"},"modified":"2026-01-22T17:59:51","modified_gmt":"2026-01-22T16:59:51","slug":"paleo-festival-26-7-2026","status":"publish","type":"kalender","link":"https:\/\/www.musikzeitung.ch\/it\/kalender\/paleo-festival-26-7-2026","title":{"rendered":"Paleo Festival - 26.7.2026"},"content":{"rendered":"<p>In 45 anni, il Paleo Festival di Nyon \u00e8 diventato il pi\u00f9 grande festival della Svizzera senza perdere nulla della sua convivialit\u00e0 o di un pizzico di follia. Tra i pi\u00f9 importanti festival all'aperto d'Europa, Paleo si estende su un'area di 84 ettari con 7 palchi, pi\u00f9 di 200 stand e oltre cinquanta bar. Ogni primavera, la pubblicazione del programma degli eventi di Paleo \u00e8 un vero e proprio evento per i media e per i visitatori abituali. Le vendite dei biglietti raggiungono livelli record: In pochi minuti, i preziosi posti a sedere sono completamente esauriti. Artisti di fama mondiale, ma anche nuovi talenti, artisti di strada e musica tradizionale da tutto il mondo scandiscono il ritmo del festival. Il festival si conclude domenica sera con un attesissimo spettacolo pirotecnico.<\/p>\n<div class=\"usp-images-wrap\"><span class=\"usp-image-wrap\"><a href=\"https:\/\/www.musikzeitung.ch\/wp-content\/uploads\/2026\/01\/2026-01-22_697211c03ba15_2019b985a52ae4188cf1ad20150ce76810a6e308_8170645223.jpg\" class=\"lightbox\" rel=\"lightbox\" title=\"\"><img loading=\"lazy\" decoding=\"async\" id=\"usp-attach-id-70201\" class=\"usp-image\" src=\"https:\/\/www.musikzeitung.ch\/wp-content\/uploads\/2026\/01\/2026-01-22_697211c03ba15_2019b985a52ae4188cf1ad20150ce76810a6e308_8170645223.jpg\" width=\"1334\" height=\"750\" \/><\/a><\/span><\/div>","protected":false},"author":1,"featured_media":70201,"parent":0,"template":"","meta":{"_acf_changed":false,"_relevanssi_hide_post":"","_relevanssi_hide_content":"","_relevanssi_pin_for_all":"","_relevanssi_pin_keywords":"","_relevanssi_unpin_keywords":"","_relevanssi_related_keywords":"","_relevanssi_related_include_ids":"","_relevanssi_related_exclude_ids":"","_relevanssi_related_no_append":"","_relevanssi_related_not_related":"","_relevanssi_related_posts":"","_relevanssi_noindex_reason":"","pgc_sgb_lightbox_settings":"","footnotes":""},"categories":[1574],"tags":[],"class_list":["post-70200","kalender","type-kalender","status-publish","has-post-thumbnail","hentry","category-lokales-und-globales-konzertagenda"],"acf":[],"yoast_head":"<!-- This site is optimized with the Yoast SEO plugin v27.4 - https:\/\/yoast.com\/product\/yoast-seo-wordpress\/ -->\n<title>Paleo-Festival - 26.7.2026 - Schweizer Musikzeitung<\/title>\n<meta name=\"robots\" content=\"index, follow, max-snippet:-1, max-image-preview:large, max-video-preview:-1\" \/>\n<link rel=\"canonical\" href=\"https:\/\/www.musikzeitung.ch\/it\/kalender\/paleo-festival-26-7-2026\/\" \/>\n<meta property=\"og:locale\" content=\"it_IT\" \/>\n<meta property=\"og:type\" content=\"article\" \/>\n<meta property=\"og:title\" content=\"Paleo-Festival - 26.7.2026 - Schweizer Musikzeitung\" \/>\n<meta property=\"og:description\" content=\"In 45 Jahren hat sich das Paleo Festival in Nyon zum gr\u00f6ssten Festival der Schweiz entwickelt, ohne an Geselligkeit einzub\u00fcssen oder auf eine Spur von Verr\u00fccktheit verzichten zu m\u00fcssen. Das zu einem der wichtigsten Open-Air-Festivals Europas z\u00e4hlende Paleo erstreckt sich \u00fcber ein 84 Hektar grosses Gel\u00e4nde mit 7 B\u00fchnen, mehr als 200 St\u00e4nden und \u00fcber [&hellip;]\" \/>\n<meta property=\"og:url\" content=\"https:\/\/www.musikzeitung.ch\/it\/kalender\/paleo-festival-26-7-2026\/\" \/>\n<meta property=\"og:site_name\" content=\"Schweizer Musikzeitung\" \/>\n<meta property=\"article:publisher\" content=\"https:\/\/www.facebook.com\/SchweizerMusikzeitung\/\" \/>\n<meta property=\"og:image\" content=\"https:\/\/www.musikzeitung.ch\/wp-content\/uploads\/2026\/01\/2026-01-22_697211c03ba15_2019b985a52ae4188cf1ad20150ce76810a6e308_8170645223.jpg\" \/>\n\t<meta property=\"og:image:width\" content=\"1334\" \/>\n\t<meta property=\"og:image:height\" content=\"750\" \/>\n\t<meta property=\"og:image:type\" content=\"image\/jpeg\" \/>\n<meta name=\"twitter:card\" content=\"summary_large_image\" \/>\n<meta name=\"twitter:site\" content=\"@smusikzeitung\" \/>\n<meta name=\"twitter:label1\" content=\"Tempo di lettura stimato\" \/>\n\t<meta name=\"twitter:data1\" content=\"1 minuto\" \/>\n<script type=\"application\/ld+json\" class=\"yoast-schema-graph\">{\"@context\":\"https:\\\/\\\/schema.org\",\"@graph\":[{\"@type\":\"WebPage\",\"@id\":\"https:\\\/\\\/www.musikzeitung.ch\\\/kalender\\\/paleo-festival-26-7-2026\",\"url\":\"https:\\\/\\\/www.musikzeitung.ch\\\/kalender\\\/paleo-festival-26-7-2026\",\"name\":\"Paleo-Festival - 26.7.2026 - Schweizer Musikzeitung\",\"isPartOf\":{\"@id\":\"https:\\\/\\\/www.musikzeitung.ch\\\/#website\"},\"primaryImageOfPage\":{\"@id\":\"https:\\\/\\\/www.musikzeitung.ch\\\/kalender\\\/paleo-festival-26-7-2026#primaryimage\"},\"image\":{\"@id\":\"https:\\\/\\\/www.musikzeitung.ch\\\/kalender\\\/paleo-festival-26-7-2026#primaryimage\"},\"thumbnailUrl\":\"https:\\\/\\\/www.musikzeitung.ch\\\/wp-content\\\/uploads\\\/2026\\\/01\\\/2026-01-22_697211c03ba15_2019b985a52ae4188cf1ad20150ce76810a6e308_8170645223.jpg\",\"datePublished\":\"2026-01-22T16:59:51+00:00\",\"breadcrumb\":{\"@id\":\"https:\\\/\\\/www.musikzeitung.ch\\\/kalender\\\/paleo-festival-26-7-2026#breadcrumb\"},\"inLanguage\":\"it-IT\",\"potentialAction\":[{\"@type\":\"ReadAction\",\"target\":[\"https:\\\/\\\/www.musikzeitung.ch\\\/kalender\\\/paleo-festival-26-7-2026\"]}]},{\"@type\":\"ImageObject\",\"inLanguage\":\"it-IT\",\"@id\":\"https:\\\/\\\/www.musikzeitung.ch\\\/kalender\\\/paleo-festival-26-7-2026#primaryimage\",\"url\":\"https:\\\/\\\/www.musikzeitung.ch\\\/wp-content\\\/uploads\\\/2026\\\/01\\\/2026-01-22_697211c03ba15_2019b985a52ae4188cf1ad20150ce76810a6e308_8170645223.jpg\",\"contentUrl\":\"https:\\\/\\\/www.musikzeitung.ch\\\/wp-content\\\/uploads\\\/2026\\\/01\\\/2026-01-22_697211c03ba15_2019b985a52ae4188cf1ad20150ce76810a6e308_8170645223.jpg\",\"width\":1334,\"height\":750},{\"@type\":\"BreadcrumbList\",\"@id\":\"https:\\\/\\\/www.musikzeitung.ch\\\/kalender\\\/paleo-festival-26-7-2026#breadcrumb\",\"itemListElement\":[{\"@type\":\"ListItem\",\"position\":1,\"name\":\"Home\",\"item\":\"https:\\\/\\\/www.musikzeitung.ch\\\/\"},{\"@type\":\"ListItem\",\"position\":2,\"name\":\"Kalender\",\"item\":\"https:\\\/\\\/www.musikzeitung.ch\\\/kalender\"},{\"@type\":\"ListItem\",\"position\":3,\"name\":\"Paleo-Festival &#8211; 26.7.2026\"}]},{\"@type\":\"WebSite\",\"@id\":\"https:\\\/\\\/www.musikzeitung.ch\\\/#website\",\"url\":\"https:\\\/\\\/www.musikzeitung.ch\\\/\",\"name\":\"Schweizer Musikzeitung\",\"description\":\"Die f\u00fchrende sparten\u00fcbergreifende Monatszeitung in der Schweiz f\u00fcr musikalische Fragen.\",\"publisher\":{\"@id\":\"https:\\\/\\\/www.musikzeitung.ch\\\/#organization\"},\"potentialAction\":[{\"@type\":\"SearchAction\",\"target\":{\"@type\":\"EntryPoint\",\"urlTemplate\":\"https:\\\/\\\/www.musikzeitung.ch\\\/?s={search_term_string}\"},\"query-input\":{\"@type\":\"PropertyValueSpecification\",\"valueRequired\":true,\"valueName\":\"search_term_string\"}}],\"inLanguage\":\"it-IT\"},{\"@type\":\"Organization\",\"@id\":\"https:\\\/\\\/www.musikzeitung.ch\\\/#organization\",\"name\":\"Schweizer Musikzeitung\",\"url\":\"https:\\\/\\\/www.musikzeitung.ch\\\/\",\"logo\":{\"@type\":\"ImageObject\",\"inLanguage\":\"it-IT\",\"@id\":\"https:\\\/\\\/www.musikzeitung.ch\\\/#\\\/schema\\\/logo\\\/image\\\/\",\"url\":\"https:\\\/\\\/www.musikzeitung.ch\\\/wp-content\\\/uploads\\\/2023\\\/01\\\/SMZ_Schriftzug_Sprache.png\",\"contentUrl\":\"https:\\\/\\\/www.musikzeitung.ch\\\/wp-content\\\/uploads\\\/2023\\\/01\\\/SMZ_Schriftzug_Sprache.png\",\"width\":1400,\"height\":279,\"caption\":\"Schweizer Musikzeitung\"},\"image\":{\"@id\":\"https:\\\/\\\/www.musikzeitung.ch\\\/#\\\/schema\\\/logo\\\/image\\\/\"},\"sameAs\":[\"https:\\\/\\\/www.facebook.com\\\/SchweizerMusikzeitung\\\/\",\"https:\\\/\\\/x.com\\\/smusikzeitung\",\"https:\\\/\\\/www.instagram.com\\\/musikzeitung.ch\\\/\"]}]}<\/script>\n<!-- \/ Yoast SEO plugin. -->","yoast_head_json":{"title":"Paleo-Festival - 26.7.2026 - Schweizer Musikzeitung","robots":{"index":"index","follow":"follow","max-snippet":"max-snippet:-1","max-image-preview":"max-image-preview:large","max-video-preview":"max-video-preview:-1"},"canonical":"https:\/\/www.musikzeitung.ch\/it\/kalender\/paleo-festival-26-7-2026\/","og_locale":"it_IT","og_type":"article","og_title":"Paleo-Festival - 26.7.2026 - Schweizer Musikzeitung","og_description":"In 45 Jahren hat sich das Paleo Festival in Nyon zum gr\u00f6ssten Festival der Schweiz entwickelt, ohne an Geselligkeit einzub\u00fcssen oder auf eine Spur von Verr\u00fccktheit verzichten zu m\u00fcssen. Das zu einem der wichtigsten Open-Air-Festivals Europas z\u00e4hlende Paleo erstreckt sich \u00fcber ein 84 Hektar grosses Gel\u00e4nde mit 7 B\u00fchnen, mehr als 200 St\u00e4nden und \u00fcber [&hellip;]","og_url":"https:\/\/www.musikzeitung.ch\/it\/kalender\/paleo-festival-26-7-2026\/","og_site_name":"Schweizer Musikzeitung","article_publisher":"https:\/\/www.facebook.com\/SchweizerMusikzeitung\/","og_image":[{"width":1334,"height":750,"url":"https:\/\/www.musikzeitung.ch\/wp-content\/uploads\/2026\/01\/2026-01-22_697211c03ba15_2019b985a52ae4188cf1ad20150ce76810a6e308_8170645223.jpg","type":"image\/jpeg"}],"twitter_card":"summary_large_image","twitter_site":"@smusikzeitung","twitter_misc":{"Tempo di lettura stimato":"1 minuto"},"schema":{"@context":"https:\/\/schema.org","@graph":[{"@type":"WebPage","@id":"https:\/\/www.musikzeitung.ch\/kalender\/paleo-festival-26-7-2026","url":"https:\/\/www.musikzeitung.ch\/kalender\/paleo-festival-26-7-2026","name":"Paleo-Festival - 26.7.2026 - Schweizer Musikzeitung","isPartOf":{"@id":"https:\/\/www.musikzeitung.ch\/#website"},"primaryImageOfPage":{"@id":"https:\/\/www.musikzeitung.ch\/kalender\/paleo-festival-26-7-2026#primaryimage"},"image":{"@id":"https:\/\/www.musikzeitung.ch\/kalender\/paleo-festival-26-7-2026#primaryimage"},"thumbnailUrl":"https:\/\/www.musikzeitung.ch\/wp-content\/uploads\/2026\/01\/2026-01-22_697211c03ba15_2019b985a52ae4188cf1ad20150ce76810a6e308_8170645223.jpg","datePublished":"2026-01-22T16:59:51+00:00","breadcrumb":{"@id":"https:\/\/www.musikzeitung.ch\/kalender\/paleo-festival-26-7-2026#breadcrumb"},"inLanguage":"it-IT","potentialAction":[{"@type":"ReadAction","target":["https:\/\/www.musikzeitung.ch\/kalender\/paleo-festival-26-7-2026"]}]},{"@type":"ImageObject","inLanguage":"it-IT","@id":"https:\/\/www.musikzeitung.ch\/kalender\/paleo-festival-26-7-2026#primaryimage","url":"https:\/\/www.musikzeitung.ch\/wp-content\/uploads\/2026\/01\/2026-01-22_697211c03ba15_2019b985a52ae4188cf1ad20150ce76810a6e308_8170645223.jpg","contentUrl":"https:\/\/www.musikzeitung.ch\/wp-content\/uploads\/2026\/01\/2026-01-22_697211c03ba15_2019b985a52ae4188cf1ad20150ce76810a6e308_8170645223.jpg","width":1334,"height":750},{"@type":"BreadcrumbList","@id":"https:\/\/www.musikzeitung.ch\/kalender\/paleo-festival-26-7-2026#breadcrumb","itemListElement":[{"@type":"ListItem","position":1,"name":"Home","item":"https:\/\/www.musikzeitung.ch\/"},{"@type":"ListItem","position":2,"name":"Kalender","item":"https:\/\/www.musikzeitung.ch\/kalender"},{"@type":"ListItem","position":3,"name":"Paleo-Festival &#8211; 26.7.2026"}]},{"@type":"WebSite","@id":"https:\/\/www.musikzeitung.ch\/#website","url":"https:\/\/www.musikzeitung.ch\/","name":"Giornale musicale svizzero","description":"Il principale mensile interdisciplinare della Svizzera per le questioni musicali.","publisher":{"@id":"https:\/\/www.musikzeitung.ch\/#organization"},"potentialAction":[{"@type":"SearchAction","target":{"@type":"EntryPoint","urlTemplate":"https:\/\/www.musikzeitung.ch\/?s={search_term_string}"},"query-input":{"@type":"PropertyValueSpecification","valueRequired":true,"valueName":"search_term_string"}}],"inLanguage":"it-IT"},{"@type":"Organization","@id":"https:\/\/www.musikzeitung.ch\/#organization","name":"Giornale musicale svizzero","url":"https:\/\/www.musikzeitung.ch\/","logo":{"@type":"ImageObject","inLanguage":"it-IT","@id":"https:\/\/www.musikzeitung.ch\/#\/schema\/logo\/image\/","url":"https:\/\/www.musikzeitung.ch\/wp-content\/uploads\/2023\/01\/SMZ_Schriftzug_Sprache.png","contentUrl":"https:\/\/www.musikzeitung.ch\/wp-content\/uploads\/2023\/01\/SMZ_Schriftzug_Sprache.png","width":1400,"height":279,"caption":"Schweizer Musikzeitung"},"image":{"@id":"https:\/\/www.musikzeitung.ch\/#\/schema\/logo\/image\/"},"sameAs":["https:\/\/www.facebook.com\/SchweizerMusikzeitung\/","https:\/\/x.com\/smusikzeitung","https:\/\/www.instagram.com\/musikzeitung.ch\/"]}]}},"publishpress_future_action":{"enabled":true,"date":"2026-07-26 00:02:00","action":"change-status","newStatus":"trash","terms":[0],"taxonomy":"category","extraData":[]},"publishpress_future_workflow_manual_trigger":{"enabledWorkflows":[]},"_links":{"self":[{"href":"https:\/\/www.musikzeitung.ch\/it\/wp-json\/wp\/v2\/kalender\/70200","targetHints":{"allow":["GET"]}}],"collection":[{"href":"https:\/\/www.musikzeitung.ch\/it\/wp-json\/wp\/v2\/kalender"}],"about":[{"href":"https:\/\/www.musikzeitung.ch\/it\/wp-json\/wp\/v2\/types\/kalender"}],"author":[{"embeddable":true,"href":"https:\/\/www.musikzeitung.ch\/it\/wp-json\/wp\/v2\/users\/1"}],"version-history":[{"count":1,"href":"https:\/\/www.musikzeitung.ch\/it\/wp-json\/wp\/v2\/kalender\/70200\/revisions"}],"predecessor-version":[{"id":70217,"href":"https:\/\/www.musikzeitung.ch\/it\/wp-json\/wp\/v2\/kalender\/70200\/revisions\/70217"}],"wp:featuredmedia":[{"embeddable":true,"href":"https:\/\/www.musikzeitung.ch\/it\/wp-json\/wp\/v2\/media\/70201"}],"wp:attachment":[{"href":"https:\/\/www.musikzeitung.ch\/it\/wp-json\/wp\/v2\/media?parent=70200"}],"wp:term":[{"taxonomy":"category","embeddable":true,"href":"https:\/\/www.musikzeitung.ch\/it\/wp-json\/wp\/v2\/categories?post=70200"},{"taxonomy":"post_tag","embeddable":true,"href":"https:\/\/www.musikzeitung.ch\/it\/wp-json\/wp\/v2\/tags?post=70200"}],"curies":[{"name":"wp","href":"https:\/\/api.w.org\/{rel}","templated":true}]}}