{"id":71148,"date":"2026-02-18T16:19:26","date_gmt":"2026-02-18T15:19:26","guid":{"rendered":"https:\/\/www.musikzeitung.ch\/?post_type=kalender&#038;p=71148"},"modified":"2026-02-18T16:19:26","modified_gmt":"2026-02-18T15:19:26","slug":"messiaen-kunstmuseum","status":"publish","type":"kalender","link":"https:\/\/www.musikzeitung.ch\/it\/kalender\/messiaen-kunstmuseum","title":{"rendered":"Museo d'arte Messiaen"},"content":{"rendered":"<p>Il Quatuor pour la fin du temps di Olivier Messiaen \u00e8 stato composto nel 1940\/41 in Germania.<br \/>\nCampo di prigionia Stalag VIII-A vicino a G\u00f6rlitz. Messiaen scrisse l'opera<br \/>\nper tre musicisti professionisti imprigionati con lui: il clarinettista Henri Akoka,<br \/>\nil violinista Jean Le Boulaire e il violoncellista \u00c9tienne Pasquier - oltre che per<br \/>\nlui stesso al pianoforte. La prima ha avuto luogo il 15 gennaio 1941 nel campo<br \/>\ndi fronte ai compagni di prigionia e alle guardie.<br \/>\nIn otto movimenti, Messiaen dispiega una musica di straordinaria densit\u00e0<br \/>\ne concentrazione. Caratteristici sono i richiami degli uccelli, i grandi decadimenti temporali<br \/>\ne i timbri posizionati con precisione, cos\u00ec come il mo<br \/>\ndelle, che minano deliberatamente la regolare percezione del polso. Il titolo<br \/>\nsi riferisce all'Apocalisse di San Giovanni e alla dedica di Messiaen \u00aballa<br \/>\nAngelo che annuncia la fine dei tempi.<br \/>\nNel 2026 il Museo d'arte di Thun ospiter\u00e0 anche un concerto che combina musica ed educazione.<br \/>\narte in un dialogo vivace: i suoni e l'esposizione si compenetrano a vicenda.<br \/>\ne aprire nuove prospettive. Al centro c'\u00e8 la mostra individuale<br \/>\ndell'artista francese Fabrice Hyber.<\/p>\n<div class=\"usp-images-wrap\"><span class=\"usp-image-wrap\"><a href=\"https:\/\/www.musikzeitung.ch\/wp-content\/uploads\/2026\/02\/2026-02-18_699576833ed2a_14_Kunstmuseum.jpeg\" class=\"lightbox\" rel=\"lightbox\" title=\"\"><img loading=\"lazy\" decoding=\"async\" id=\"usp-attach-id-71149\" class=\"usp-image\" src=\"https:\/\/www.musikzeitung.ch\/wp-content\/uploads\/2026\/02\/2026-02-18_699576833ed2a_14_Kunstmuseum.jpeg\" width=\"1400\" height=\"788\" \/><\/a><\/span><\/div>","protected":false},"author":1,"featured_media":71149,"parent":0,"template":"","meta":{"_acf_changed":false,"_relevanssi_hide_post":"","_relevanssi_hide_content":"","_relevanssi_pin_for_all":"","_relevanssi_pin_keywords":"","_relevanssi_unpin_keywords":"","_relevanssi_related_keywords":"","_relevanssi_related_include_ids":"","_relevanssi_related_exclude_ids":"","_relevanssi_related_no_append":"","_relevanssi_related_not_related":"","_relevanssi_related_posts":"","_relevanssi_noindex_reason":"","pgc_sgb_lightbox_settings":"","footnotes":""},"categories":[1572],"tags":[],"class_list":["post-71148","kalender","type-kalender","status-publish","has-post-thumbnail","hentry","category-jazz-konzertagenda"],"acf":[],"yoast_head":"<!-- This site is optimized with the Yoast SEO plugin v27.4 - https:\/\/yoast.com\/product\/yoast-seo-wordpress\/ -->\n<title>Messiaen Kunstmuseum - Schweizer Musikzeitung<\/title>\n<meta name=\"robots\" content=\"index, follow, max-snippet:-1, max-image-preview:large, max-video-preview:-1\" \/>\n<link rel=\"canonical\" href=\"https:\/\/www.musikzeitung.ch\/it\/kalender\/messiaen-kunstmuseum\/\" \/>\n<meta property=\"og:locale\" content=\"it_IT\" \/>\n<meta property=\"og:type\" content=\"article\" \/>\n<meta property=\"og:title\" content=\"Messiaen Kunstmuseum - Schweizer Musikzeitung\" \/>\n<meta property=\"og:description\" content=\"Olivier Messiaens Quatuor pour la fin du temps entstand 1940\/41 im deutschen Kriegsgefangenenlager Stalag VIII-A bei G\u00f6rlitz. Messiaen schrieb das Werk f\u00fcr drei mit ihm inhaftierte Berufsmusiker \u2013 den Klarinettisten Henri Akoka, den Geiger Jean Le Boulaire und den Cellisten \u00c9tienne Pasquier \u2013 sowie f\u00fcr sich selbst am Klavier. Die Urauff\u00fchrung fand am 15. Januar [&hellip;]\" \/>\n<meta property=\"og:url\" content=\"https:\/\/www.musikzeitung.ch\/it\/kalender\/messiaen-kunstmuseum\/\" \/>\n<meta property=\"og:site_name\" content=\"Schweizer Musikzeitung\" \/>\n<meta property=\"article:publisher\" content=\"https:\/\/www.facebook.com\/SchweizerMusikzeitung\/\" \/>\n<meta property=\"og:image\" content=\"https:\/\/www.musikzeitung.ch\/wp-content\/uploads\/2026\/02\/2026-02-18_699576833ed2a_14_Kunstmuseum.jpeg\" \/>\n\t<meta property=\"og:image:width\" content=\"1400\" \/>\n\t<meta property=\"og:image:height\" content=\"788\" \/>\n\t<meta property=\"og:image:type\" content=\"image\/jpeg\" \/>\n<meta name=\"twitter:card\" content=\"summary_large_image\" \/>\n<meta name=\"twitter:site\" content=\"@smusikzeitung\" \/>\n<meta name=\"twitter:label1\" content=\"Tempo di lettura stimato\" \/>\n\t<meta name=\"twitter:data1\" content=\"2 minuti\" \/>\n<script type=\"application\/ld+json\" class=\"yoast-schema-graph\">{\"@context\":\"https:\\\/\\\/schema.org\",\"@graph\":[{\"@type\":\"WebPage\",\"@id\":\"https:\\\/\\\/www.musikzeitung.ch\\\/kalender\\\/messiaen-kunstmuseum\",\"url\":\"https:\\\/\\\/www.musikzeitung.ch\\\/kalender\\\/messiaen-kunstmuseum\",\"name\":\"Messiaen Kunstmuseum - Schweizer Musikzeitung\",\"isPartOf\":{\"@id\":\"https:\\\/\\\/www.musikzeitung.ch\\\/#website\"},\"primaryImageOfPage\":{\"@id\":\"https:\\\/\\\/www.musikzeitung.ch\\\/kalender\\\/messiaen-kunstmuseum#primaryimage\"},\"image\":{\"@id\":\"https:\\\/\\\/www.musikzeitung.ch\\\/kalender\\\/messiaen-kunstmuseum#primaryimage\"},\"thumbnailUrl\":\"https:\\\/\\\/www.musikzeitung.ch\\\/wp-content\\\/uploads\\\/2026\\\/02\\\/2026-02-18_699576833ed2a_14_Kunstmuseum.jpeg\",\"datePublished\":\"2026-02-18T15:19:26+00:00\",\"breadcrumb\":{\"@id\":\"https:\\\/\\\/www.musikzeitung.ch\\\/kalender\\\/messiaen-kunstmuseum#breadcrumb\"},\"inLanguage\":\"it-IT\",\"potentialAction\":[{\"@type\":\"ReadAction\",\"target\":[\"https:\\\/\\\/www.musikzeitung.ch\\\/kalender\\\/messiaen-kunstmuseum\"]}]},{\"@type\":\"ImageObject\",\"inLanguage\":\"it-IT\",\"@id\":\"https:\\\/\\\/www.musikzeitung.ch\\\/kalender\\\/messiaen-kunstmuseum#primaryimage\",\"url\":\"https:\\\/\\\/www.musikzeitung.ch\\\/wp-content\\\/uploads\\\/2026\\\/02\\\/2026-02-18_699576833ed2a_14_Kunstmuseum.jpeg\",\"contentUrl\":\"https:\\\/\\\/www.musikzeitung.ch\\\/wp-content\\\/uploads\\\/2026\\\/02\\\/2026-02-18_699576833ed2a_14_Kunstmuseum.jpeg\",\"width\":1400,\"height\":788},{\"@type\":\"BreadcrumbList\",\"@id\":\"https:\\\/\\\/www.musikzeitung.ch\\\/kalender\\\/messiaen-kunstmuseum#breadcrumb\",\"itemListElement\":[{\"@type\":\"ListItem\",\"position\":1,\"name\":\"Home\",\"item\":\"https:\\\/\\\/www.musikzeitung.ch\\\/\"},{\"@type\":\"ListItem\",\"position\":2,\"name\":\"Kalender\",\"item\":\"https:\\\/\\\/www.musikzeitung.ch\\\/kalender\"},{\"@type\":\"ListItem\",\"position\":3,\"name\":\"Messiaen Kunstmuseum\"}]},{\"@type\":\"WebSite\",\"@id\":\"https:\\\/\\\/www.musikzeitung.ch\\\/#website\",\"url\":\"https:\\\/\\\/www.musikzeitung.ch\\\/\",\"name\":\"Schweizer Musikzeitung\",\"description\":\"Die f\u00fchrende sparten\u00fcbergreifende Monatszeitung in der Schweiz f\u00fcr musikalische Fragen.\",\"publisher\":{\"@id\":\"https:\\\/\\\/www.musikzeitung.ch\\\/#organization\"},\"potentialAction\":[{\"@type\":\"SearchAction\",\"target\":{\"@type\":\"EntryPoint\",\"urlTemplate\":\"https:\\\/\\\/www.musikzeitung.ch\\\/?s={search_term_string}\"},\"query-input\":{\"@type\":\"PropertyValueSpecification\",\"valueRequired\":true,\"valueName\":\"search_term_string\"}}],\"inLanguage\":\"it-IT\"},{\"@type\":\"Organization\",\"@id\":\"https:\\\/\\\/www.musikzeitung.ch\\\/#organization\",\"name\":\"Schweizer Musikzeitung\",\"url\":\"https:\\\/\\\/www.musikzeitung.ch\\\/\",\"logo\":{\"@type\":\"ImageObject\",\"inLanguage\":\"it-IT\",\"@id\":\"https:\\\/\\\/www.musikzeitung.ch\\\/#\\\/schema\\\/logo\\\/image\\\/\",\"url\":\"https:\\\/\\\/www.musikzeitung.ch\\\/wp-content\\\/uploads\\\/2023\\\/01\\\/SMZ_Schriftzug_Sprache.png\",\"contentUrl\":\"https:\\\/\\\/www.musikzeitung.ch\\\/wp-content\\\/uploads\\\/2023\\\/01\\\/SMZ_Schriftzug_Sprache.png\",\"width\":1400,\"height\":279,\"caption\":\"Schweizer Musikzeitung\"},\"image\":{\"@id\":\"https:\\\/\\\/www.musikzeitung.ch\\\/#\\\/schema\\\/logo\\\/image\\\/\"},\"sameAs\":[\"https:\\\/\\\/www.facebook.com\\\/SchweizerMusikzeitung\\\/\",\"https:\\\/\\\/x.com\\\/smusikzeitung\",\"https:\\\/\\\/www.instagram.com\\\/musikzeitung.ch\\\/\"]}]}<\/script>\n<!-- \/ Yoast SEO plugin. -->","yoast_head_json":{"title":"Messiaen Kunstmuseum - Schweizer Musikzeitung","robots":{"index":"index","follow":"follow","max-snippet":"max-snippet:-1","max-image-preview":"max-image-preview:large","max-video-preview":"max-video-preview:-1"},"canonical":"https:\/\/www.musikzeitung.ch\/it\/kalender\/messiaen-kunstmuseum\/","og_locale":"it_IT","og_type":"article","og_title":"Messiaen Kunstmuseum - Schweizer Musikzeitung","og_description":"Olivier Messiaens Quatuor pour la fin du temps entstand 1940\/41 im deutschen Kriegsgefangenenlager Stalag VIII-A bei G\u00f6rlitz. Messiaen schrieb das Werk f\u00fcr drei mit ihm inhaftierte Berufsmusiker \u2013 den Klarinettisten Henri Akoka, den Geiger Jean Le Boulaire und den Cellisten \u00c9tienne Pasquier \u2013 sowie f\u00fcr sich selbst am Klavier. Die Urauff\u00fchrung fand am 15. Januar [&hellip;]","og_url":"https:\/\/www.musikzeitung.ch\/it\/kalender\/messiaen-kunstmuseum\/","og_site_name":"Schweizer Musikzeitung","article_publisher":"https:\/\/www.facebook.com\/SchweizerMusikzeitung\/","og_image":[{"width":1400,"height":788,"url":"https:\/\/www.musikzeitung.ch\/wp-content\/uploads\/2026\/02\/2026-02-18_699576833ed2a_14_Kunstmuseum.jpeg","type":"image\/jpeg"}],"twitter_card":"summary_large_image","twitter_site":"@smusikzeitung","twitter_misc":{"Tempo di lettura stimato":"2 minuti"},"schema":{"@context":"https:\/\/schema.org","@graph":[{"@type":"WebPage","@id":"https:\/\/www.musikzeitung.ch\/kalender\/messiaen-kunstmuseum","url":"https:\/\/www.musikzeitung.ch\/kalender\/messiaen-kunstmuseum","name":"Messiaen Kunstmuseum - Schweizer Musikzeitung","isPartOf":{"@id":"https:\/\/www.musikzeitung.ch\/#website"},"primaryImageOfPage":{"@id":"https:\/\/www.musikzeitung.ch\/kalender\/messiaen-kunstmuseum#primaryimage"},"image":{"@id":"https:\/\/www.musikzeitung.ch\/kalender\/messiaen-kunstmuseum#primaryimage"},"thumbnailUrl":"https:\/\/www.musikzeitung.ch\/wp-content\/uploads\/2026\/02\/2026-02-18_699576833ed2a_14_Kunstmuseum.jpeg","datePublished":"2026-02-18T15:19:26+00:00","breadcrumb":{"@id":"https:\/\/www.musikzeitung.ch\/kalender\/messiaen-kunstmuseum#breadcrumb"},"inLanguage":"it-IT","potentialAction":[{"@type":"ReadAction","target":["https:\/\/www.musikzeitung.ch\/kalender\/messiaen-kunstmuseum"]}]},{"@type":"ImageObject","inLanguage":"it-IT","@id":"https:\/\/www.musikzeitung.ch\/kalender\/messiaen-kunstmuseum#primaryimage","url":"https:\/\/www.musikzeitung.ch\/wp-content\/uploads\/2026\/02\/2026-02-18_699576833ed2a_14_Kunstmuseum.jpeg","contentUrl":"https:\/\/www.musikzeitung.ch\/wp-content\/uploads\/2026\/02\/2026-02-18_699576833ed2a_14_Kunstmuseum.jpeg","width":1400,"height":788},{"@type":"BreadcrumbList","@id":"https:\/\/www.musikzeitung.ch\/kalender\/messiaen-kunstmuseum#breadcrumb","itemListElement":[{"@type":"ListItem","position":1,"name":"Home","item":"https:\/\/www.musikzeitung.ch\/"},{"@type":"ListItem","position":2,"name":"Kalender","item":"https:\/\/www.musikzeitung.ch\/kalender"},{"@type":"ListItem","position":3,"name":"Messiaen Kunstmuseum"}]},{"@type":"WebSite","@id":"https:\/\/www.musikzeitung.ch\/#website","url":"https:\/\/www.musikzeitung.ch\/","name":"Giornale musicale svizzero","description":"Il principale mensile interdisciplinare della Svizzera per le questioni musicali.","publisher":{"@id":"https:\/\/www.musikzeitung.ch\/#organization"},"potentialAction":[{"@type":"SearchAction","target":{"@type":"EntryPoint","urlTemplate":"https:\/\/www.musikzeitung.ch\/?s={search_term_string}"},"query-input":{"@type":"PropertyValueSpecification","valueRequired":true,"valueName":"search_term_string"}}],"inLanguage":"it-IT"},{"@type":"Organization","@id":"https:\/\/www.musikzeitung.ch\/#organization","name":"Giornale musicale svizzero","url":"https:\/\/www.musikzeitung.ch\/","logo":{"@type":"ImageObject","inLanguage":"it-IT","@id":"https:\/\/www.musikzeitung.ch\/#\/schema\/logo\/image\/","url":"https:\/\/www.musikzeitung.ch\/wp-content\/uploads\/2023\/01\/SMZ_Schriftzug_Sprache.png","contentUrl":"https:\/\/www.musikzeitung.ch\/wp-content\/uploads\/2023\/01\/SMZ_Schriftzug_Sprache.png","width":1400,"height":279,"caption":"Schweizer Musikzeitung"},"image":{"@id":"https:\/\/www.musikzeitung.ch\/#\/schema\/logo\/image\/"},"sameAs":["https:\/\/www.facebook.com\/SchweizerMusikzeitung\/","https:\/\/x.com\/smusikzeitung","https:\/\/www.instagram.com\/musikzeitung.ch\/"]}]}},"publishpress_future_action":{"enabled":true,"date":"2026-06-14 18:21:00","action":"change-status","newStatus":"trash","terms":[0],"taxonomy":"category","extraData":[]},"publishpress_future_workflow_manual_trigger":{"enabledWorkflows":[]},"_links":{"self":[{"href":"https:\/\/www.musikzeitung.ch\/it\/wp-json\/wp\/v2\/kalender\/71148","targetHints":{"allow":["GET"]}}],"collection":[{"href":"https:\/\/www.musikzeitung.ch\/it\/wp-json\/wp\/v2\/kalender"}],"about":[{"href":"https:\/\/www.musikzeitung.ch\/it\/wp-json\/wp\/v2\/types\/kalender"}],"author":[{"embeddable":true,"href":"https:\/\/www.musikzeitung.ch\/it\/wp-json\/wp\/v2\/users\/1"}],"version-history":[{"count":1,"href":"https:\/\/www.musikzeitung.ch\/it\/wp-json\/wp\/v2\/kalender\/71148\/revisions"}],"predecessor-version":[{"id":71175,"href":"https:\/\/www.musikzeitung.ch\/it\/wp-json\/wp\/v2\/kalender\/71148\/revisions\/71175"}],"wp:featuredmedia":[{"embeddable":true,"href":"https:\/\/www.musikzeitung.ch\/it\/wp-json\/wp\/v2\/media\/71149"}],"wp:attachment":[{"href":"https:\/\/www.musikzeitung.ch\/it\/wp-json\/wp\/v2\/media?parent=71148"}],"wp:term":[{"taxonomy":"category","embeddable":true,"href":"https:\/\/www.musikzeitung.ch\/it\/wp-json\/wp\/v2\/categories?post=71148"},{"taxonomy":"post_tag","embeddable":true,"href":"https:\/\/www.musikzeitung.ch\/it\/wp-json\/wp\/v2\/tags?post=71148"}],"curies":[{"name":"wp","href":"https:\/\/api.w.org\/{rel}","templated":true}]}}