{"id":71243,"date":"2026-02-25T10:53:17","date_gmt":"2026-02-25T09:53:17","guid":{"rendered":"https:\/\/www.musikzeitung.ch\/?post_type=kalender&#038;p=71243"},"modified":"2026-02-25T10:53:17","modified_gmt":"2026-02-25T09:53:17","slug":"stadtfest-brugg-2026-30-8","status":"publish","type":"kalender","link":"https:\/\/www.musikzeitung.ch\/it\/kalender\/stadtfest-brugg-2026-30-8","title":{"rendered":"Festa della citt\u00e0 di Brugg 2026 - 30.8."},"content":{"rendered":"<p>STAFE 26 trasforma il centro storico di Brugg in un festival con concerti, oltre 100 bancarelle e un luna park.<\/p>\n<p>Il Festival cittadino di Brugg 2026 (STAFE 26) si svolger\u00e0 in due fine settimana consecutivi, dal 20 al 23 agosto e dal 27 al 30 agosto 2026, e trasformer\u00e0 l'intero centro storico di Brugg in un luogo di festa dalle mille sfaccettature. Per otto giorni i visitatori potranno godere di un ampio programma culturale e di intrattenimento per tutte le generazioni.<\/p>\n<p>Numerosi artisti svizzeri famosi si esibiranno su diversi palchi, tra cui ZIAN, Dodo, M\u00fcsl\u00fcm, Moser &amp; Schelker, Loco Escrito, Joya Marleen, Gigi Malua e Azton. Il programma \u00e8 completato da molti altri artisti regionali e nazionali. Oltre 100 stand, food truck, bar e club offrono un programma culinario e sociale molto vario.<\/p>\n<p>Per la prima volta, il programma del festival include un ampio Luna Park con giostre per bambini, famiglie e amanti dell'adrenalina, ampliando ulteriormente la gamma di esperienze offerte.<\/p>\n<div class=\"usp-images-wrap\"><span class=\"usp-image-wrap\"><a href=\"https:\/\/www.musikzeitung.ch\/wp-content\/uploads\/2026\/02\/2026-02-24_699da147a9a13_3008777773a7a96a055db08b3225d87a03e7b6d2_9056829601.jpg\" class=\"lightbox\" rel=\"lightbox\" title=\"\"><img loading=\"lazy\" decoding=\"async\" id=\"usp-attach-id-71244\" class=\"usp-image\" src=\"https:\/\/www.musikzeitung.ch\/wp-content\/uploads\/2026\/02\/2026-02-24_699da147a9a13_3008777773a7a96a055db08b3225d87a03e7b6d2_9056829601.jpg\" width=\"1333\" height=\"750\" \/><\/a><\/span><\/div>","protected":false},"author":1,"featured_media":71244,"parent":0,"template":"","meta":{"_acf_changed":false,"_relevanssi_hide_post":"","_relevanssi_hide_content":"","_relevanssi_pin_for_all":"","_relevanssi_pin_keywords":"","_relevanssi_unpin_keywords":"","_relevanssi_related_keywords":"","_relevanssi_related_include_ids":"","_relevanssi_related_exclude_ids":"","_relevanssi_related_no_append":"","_relevanssi_related_not_related":"","_relevanssi_related_posts":"","_relevanssi_noindex_reason":"","pgc_sgb_lightbox_settings":"","footnotes":""},"categories":[1574],"tags":[],"class_list":["post-71243","kalender","type-kalender","status-publish","has-post-thumbnail","hentry","category-lokales-und-globales-konzertagenda"],"acf":[],"yoast_head":"<!-- This site is optimized with the Yoast SEO plugin v27.4 - https:\/\/yoast.com\/product\/yoast-seo-wordpress\/ -->\n<title>Stadtfest Brugg 2026 - 30.8. - Schweizer Musikzeitung<\/title>\n<meta name=\"robots\" content=\"index, follow, max-snippet:-1, max-image-preview:large, max-video-preview:-1\" \/>\n<link rel=\"canonical\" href=\"https:\/\/www.musikzeitung.ch\/it\/kalender\/stadtfest-brugg-2026-30-8\/\" \/>\n<meta property=\"og:locale\" content=\"it_IT\" \/>\n<meta property=\"og:type\" content=\"article\" \/>\n<meta property=\"og:title\" content=\"Stadtfest Brugg 2026 - 30.8. - Schweizer Musikzeitung\" \/>\n<meta property=\"og:description\" content=\"STAFE 26 verwandelt die Brugger Altstadt in ein Festival mit Konzerten, \u00fcber 100 St\u00e4nden und Lunapark. Das Stadtfest Brugg 2026 (STAFE 26) findet an zwei aufeinanderfolgenden Wochenenden vom 20.\u201323. August und 27.\u201330. August 2026 statt und verwandelt die gesamte Brugger Altstadt in ein vielseitiges Festivalgel\u00e4nde. W\u00e4hrend acht Tagen erwartet die Besucherinnen und Besucher ein breites [&hellip;]\" \/>\n<meta property=\"og:url\" content=\"https:\/\/www.musikzeitung.ch\/it\/kalender\/stadtfest-brugg-2026-30-8\/\" \/>\n<meta property=\"og:site_name\" content=\"Schweizer Musikzeitung\" \/>\n<meta property=\"article:publisher\" content=\"https:\/\/www.facebook.com\/SchweizerMusikzeitung\/\" \/>\n<meta property=\"og:image\" content=\"https:\/\/www.musikzeitung.ch\/wp-content\/uploads\/2026\/02\/2026-02-24_699da147a9a13_3008777773a7a96a055db08b3225d87a03e7b6d2_9056829601.jpg\" \/>\n\t<meta property=\"og:image:width\" content=\"1333\" \/>\n\t<meta property=\"og:image:height\" content=\"750\" \/>\n\t<meta property=\"og:image:type\" content=\"image\/jpeg\" \/>\n<meta name=\"twitter:card\" content=\"summary_large_image\" \/>\n<meta name=\"twitter:site\" content=\"@smusikzeitung\" \/>\n<meta name=\"twitter:label1\" content=\"Tempo di lettura stimato\" \/>\n\t<meta name=\"twitter:data1\" content=\"1 minuto\" \/>\n<script type=\"application\/ld+json\" class=\"yoast-schema-graph\">{\"@context\":\"https:\\\/\\\/schema.org\",\"@graph\":[{\"@type\":\"WebPage\",\"@id\":\"https:\\\/\\\/www.musikzeitung.ch\\\/kalender\\\/stadtfest-brugg-2026-30-8\",\"url\":\"https:\\\/\\\/www.musikzeitung.ch\\\/kalender\\\/stadtfest-brugg-2026-30-8\",\"name\":\"Stadtfest Brugg 2026 - 30.8. - Schweizer Musikzeitung\",\"isPartOf\":{\"@id\":\"https:\\\/\\\/www.musikzeitung.ch\\\/#website\"},\"primaryImageOfPage\":{\"@id\":\"https:\\\/\\\/www.musikzeitung.ch\\\/kalender\\\/stadtfest-brugg-2026-30-8#primaryimage\"},\"image\":{\"@id\":\"https:\\\/\\\/www.musikzeitung.ch\\\/kalender\\\/stadtfest-brugg-2026-30-8#primaryimage\"},\"thumbnailUrl\":\"https:\\\/\\\/www.musikzeitung.ch\\\/wp-content\\\/uploads\\\/2026\\\/02\\\/2026-02-24_699da147a9a13_3008777773a7a96a055db08b3225d87a03e7b6d2_9056829601.jpg\",\"datePublished\":\"2026-02-25T09:53:17+00:00\",\"breadcrumb\":{\"@id\":\"https:\\\/\\\/www.musikzeitung.ch\\\/kalender\\\/stadtfest-brugg-2026-30-8#breadcrumb\"},\"inLanguage\":\"it-IT\",\"potentialAction\":[{\"@type\":\"ReadAction\",\"target\":[\"https:\\\/\\\/www.musikzeitung.ch\\\/kalender\\\/stadtfest-brugg-2026-30-8\"]}]},{\"@type\":\"ImageObject\",\"inLanguage\":\"it-IT\",\"@id\":\"https:\\\/\\\/www.musikzeitung.ch\\\/kalender\\\/stadtfest-brugg-2026-30-8#primaryimage\",\"url\":\"https:\\\/\\\/www.musikzeitung.ch\\\/wp-content\\\/uploads\\\/2026\\\/02\\\/2026-02-24_699da147a9a13_3008777773a7a96a055db08b3225d87a03e7b6d2_9056829601.jpg\",\"contentUrl\":\"https:\\\/\\\/www.musikzeitung.ch\\\/wp-content\\\/uploads\\\/2026\\\/02\\\/2026-02-24_699da147a9a13_3008777773a7a96a055db08b3225d87a03e7b6d2_9056829601.jpg\",\"width\":1333,\"height\":750},{\"@type\":\"BreadcrumbList\",\"@id\":\"https:\\\/\\\/www.musikzeitung.ch\\\/kalender\\\/stadtfest-brugg-2026-30-8#breadcrumb\",\"itemListElement\":[{\"@type\":\"ListItem\",\"position\":1,\"name\":\"Home\",\"item\":\"https:\\\/\\\/www.musikzeitung.ch\\\/\"},{\"@type\":\"ListItem\",\"position\":2,\"name\":\"Kalender\",\"item\":\"https:\\\/\\\/www.musikzeitung.ch\\\/kalender\"},{\"@type\":\"ListItem\",\"position\":3,\"name\":\"Stadtfest Brugg 2026 &#8211; 30.8.\"}]},{\"@type\":\"WebSite\",\"@id\":\"https:\\\/\\\/www.musikzeitung.ch\\\/#website\",\"url\":\"https:\\\/\\\/www.musikzeitung.ch\\\/\",\"name\":\"Schweizer Musikzeitung\",\"description\":\"Die f\u00fchrende sparten\u00fcbergreifende Monatszeitung in der Schweiz f\u00fcr musikalische Fragen.\",\"publisher\":{\"@id\":\"https:\\\/\\\/www.musikzeitung.ch\\\/#organization\"},\"potentialAction\":[{\"@type\":\"SearchAction\",\"target\":{\"@type\":\"EntryPoint\",\"urlTemplate\":\"https:\\\/\\\/www.musikzeitung.ch\\\/?s={search_term_string}\"},\"query-input\":{\"@type\":\"PropertyValueSpecification\",\"valueRequired\":true,\"valueName\":\"search_term_string\"}}],\"inLanguage\":\"it-IT\"},{\"@type\":\"Organization\",\"@id\":\"https:\\\/\\\/www.musikzeitung.ch\\\/#organization\",\"name\":\"Schweizer Musikzeitung\",\"url\":\"https:\\\/\\\/www.musikzeitung.ch\\\/\",\"logo\":{\"@type\":\"ImageObject\",\"inLanguage\":\"it-IT\",\"@id\":\"https:\\\/\\\/www.musikzeitung.ch\\\/#\\\/schema\\\/logo\\\/image\\\/\",\"url\":\"https:\\\/\\\/www.musikzeitung.ch\\\/wp-content\\\/uploads\\\/2023\\\/01\\\/SMZ_Schriftzug_Sprache.png\",\"contentUrl\":\"https:\\\/\\\/www.musikzeitung.ch\\\/wp-content\\\/uploads\\\/2023\\\/01\\\/SMZ_Schriftzug_Sprache.png\",\"width\":1400,\"height\":279,\"caption\":\"Schweizer Musikzeitung\"},\"image\":{\"@id\":\"https:\\\/\\\/www.musikzeitung.ch\\\/#\\\/schema\\\/logo\\\/image\\\/\"},\"sameAs\":[\"https:\\\/\\\/www.facebook.com\\\/SchweizerMusikzeitung\\\/\",\"https:\\\/\\\/x.com\\\/smusikzeitung\",\"https:\\\/\\\/www.instagram.com\\\/musikzeitung.ch\\\/\"]}]}<\/script>\n<!-- \/ Yoast SEO plugin. -->","yoast_head_json":{"title":"Stadtfest Brugg 2026 - 30.8. - Schweizer Musikzeitung","robots":{"index":"index","follow":"follow","max-snippet":"max-snippet:-1","max-image-preview":"max-image-preview:large","max-video-preview":"max-video-preview:-1"},"canonical":"https:\/\/www.musikzeitung.ch\/it\/kalender\/stadtfest-brugg-2026-30-8\/","og_locale":"it_IT","og_type":"article","og_title":"Stadtfest Brugg 2026 - 30.8. - Schweizer Musikzeitung","og_description":"STAFE 26 verwandelt die Brugger Altstadt in ein Festival mit Konzerten, \u00fcber 100 St\u00e4nden und Lunapark. Das Stadtfest Brugg 2026 (STAFE 26) findet an zwei aufeinanderfolgenden Wochenenden vom 20.\u201323. August und 27.\u201330. August 2026 statt und verwandelt die gesamte Brugger Altstadt in ein vielseitiges Festivalgel\u00e4nde. W\u00e4hrend acht Tagen erwartet die Besucherinnen und Besucher ein breites [&hellip;]","og_url":"https:\/\/www.musikzeitung.ch\/it\/kalender\/stadtfest-brugg-2026-30-8\/","og_site_name":"Schweizer Musikzeitung","article_publisher":"https:\/\/www.facebook.com\/SchweizerMusikzeitung\/","og_image":[{"width":1333,"height":750,"url":"https:\/\/www.musikzeitung.ch\/wp-content\/uploads\/2026\/02\/2026-02-24_699da147a9a13_3008777773a7a96a055db08b3225d87a03e7b6d2_9056829601.jpg","type":"image\/jpeg"}],"twitter_card":"summary_large_image","twitter_site":"@smusikzeitung","twitter_misc":{"Tempo di lettura stimato":"1 minuto"},"schema":{"@context":"https:\/\/schema.org","@graph":[{"@type":"WebPage","@id":"https:\/\/www.musikzeitung.ch\/kalender\/stadtfest-brugg-2026-30-8","url":"https:\/\/www.musikzeitung.ch\/kalender\/stadtfest-brugg-2026-30-8","name":"Stadtfest Brugg 2026 - 30.8. - Schweizer Musikzeitung","isPartOf":{"@id":"https:\/\/www.musikzeitung.ch\/#website"},"primaryImageOfPage":{"@id":"https:\/\/www.musikzeitung.ch\/kalender\/stadtfest-brugg-2026-30-8#primaryimage"},"image":{"@id":"https:\/\/www.musikzeitung.ch\/kalender\/stadtfest-brugg-2026-30-8#primaryimage"},"thumbnailUrl":"https:\/\/www.musikzeitung.ch\/wp-content\/uploads\/2026\/02\/2026-02-24_699da147a9a13_3008777773a7a96a055db08b3225d87a03e7b6d2_9056829601.jpg","datePublished":"2026-02-25T09:53:17+00:00","breadcrumb":{"@id":"https:\/\/www.musikzeitung.ch\/kalender\/stadtfest-brugg-2026-30-8#breadcrumb"},"inLanguage":"it-IT","potentialAction":[{"@type":"ReadAction","target":["https:\/\/www.musikzeitung.ch\/kalender\/stadtfest-brugg-2026-30-8"]}]},{"@type":"ImageObject","inLanguage":"it-IT","@id":"https:\/\/www.musikzeitung.ch\/kalender\/stadtfest-brugg-2026-30-8#primaryimage","url":"https:\/\/www.musikzeitung.ch\/wp-content\/uploads\/2026\/02\/2026-02-24_699da147a9a13_3008777773a7a96a055db08b3225d87a03e7b6d2_9056829601.jpg","contentUrl":"https:\/\/www.musikzeitung.ch\/wp-content\/uploads\/2026\/02\/2026-02-24_699da147a9a13_3008777773a7a96a055db08b3225d87a03e7b6d2_9056829601.jpg","width":1333,"height":750},{"@type":"BreadcrumbList","@id":"https:\/\/www.musikzeitung.ch\/kalender\/stadtfest-brugg-2026-30-8#breadcrumb","itemListElement":[{"@type":"ListItem","position":1,"name":"Home","item":"https:\/\/www.musikzeitung.ch\/"},{"@type":"ListItem","position":2,"name":"Kalender","item":"https:\/\/www.musikzeitung.ch\/kalender"},{"@type":"ListItem","position":3,"name":"Stadtfest Brugg 2026 &#8211; 30.8."}]},{"@type":"WebSite","@id":"https:\/\/www.musikzeitung.ch\/#website","url":"https:\/\/www.musikzeitung.ch\/","name":"Giornale musicale svizzero","description":"Il principale mensile interdisciplinare della Svizzera per le questioni musicali.","publisher":{"@id":"https:\/\/www.musikzeitung.ch\/#organization"},"potentialAction":[{"@type":"SearchAction","target":{"@type":"EntryPoint","urlTemplate":"https:\/\/www.musikzeitung.ch\/?s={search_term_string}"},"query-input":{"@type":"PropertyValueSpecification","valueRequired":true,"valueName":"search_term_string"}}],"inLanguage":"it-IT"},{"@type":"Organization","@id":"https:\/\/www.musikzeitung.ch\/#organization","name":"Giornale musicale svizzero","url":"https:\/\/www.musikzeitung.ch\/","logo":{"@type":"ImageObject","inLanguage":"it-IT","@id":"https:\/\/www.musikzeitung.ch\/#\/schema\/logo\/image\/","url":"https:\/\/www.musikzeitung.ch\/wp-content\/uploads\/2023\/01\/SMZ_Schriftzug_Sprache.png","contentUrl":"https:\/\/www.musikzeitung.ch\/wp-content\/uploads\/2023\/01\/SMZ_Schriftzug_Sprache.png","width":1400,"height":279,"caption":"Schweizer Musikzeitung"},"image":{"@id":"https:\/\/www.musikzeitung.ch\/#\/schema\/logo\/image\/"},"sameAs":["https:\/\/www.facebook.com\/SchweizerMusikzeitung\/","https:\/\/x.com\/smusikzeitung","https:\/\/www.instagram.com\/musikzeitung.ch\/"]}]}},"publishpress_future_action":{"enabled":true,"date":"2026-08-30 13:01:00","action":"change-status","newStatus":"trash","terms":[0],"taxonomy":"category","extraData":[]},"publishpress_future_workflow_manual_trigger":{"enabledWorkflows":[]},"_links":{"self":[{"href":"https:\/\/www.musikzeitung.ch\/it\/wp-json\/wp\/v2\/kalender\/71243","targetHints":{"allow":["GET"]}}],"collection":[{"href":"https:\/\/www.musikzeitung.ch\/it\/wp-json\/wp\/v2\/kalender"}],"about":[{"href":"https:\/\/www.musikzeitung.ch\/it\/wp-json\/wp\/v2\/types\/kalender"}],"author":[{"embeddable":true,"href":"https:\/\/www.musikzeitung.ch\/it\/wp-json\/wp\/v2\/users\/1"}],"version-history":[{"count":1,"href":"https:\/\/www.musikzeitung.ch\/it\/wp-json\/wp\/v2\/kalender\/71243\/revisions"}],"predecessor-version":[{"id":71297,"href":"https:\/\/www.musikzeitung.ch\/it\/wp-json\/wp\/v2\/kalender\/71243\/revisions\/71297"}],"wp:featuredmedia":[{"embeddable":true,"href":"https:\/\/www.musikzeitung.ch\/it\/wp-json\/wp\/v2\/media\/71244"}],"wp:attachment":[{"href":"https:\/\/www.musikzeitung.ch\/it\/wp-json\/wp\/v2\/media?parent=71243"}],"wp:term":[{"taxonomy":"category","embeddable":true,"href":"https:\/\/www.musikzeitung.ch\/it\/wp-json\/wp\/v2\/categories?post=71243"},{"taxonomy":"post_tag","embeddable":true,"href":"https:\/\/www.musikzeitung.ch\/it\/wp-json\/wp\/v2\/tags?post=71243"}],"curies":[{"name":"wp","href":"https:\/\/api.w.org\/{rel}","templated":true}]}}