{"id":71260,"date":"2026-02-25T10:56:21","date_gmt":"2026-02-25T09:56:21","guid":{"rendered":"https:\/\/www.musikzeitung.ch\/?post_type=kalender&#038;p=71260"},"modified":"2026-02-25T10:56:21","modified_gmt":"2026-02-25T09:56:21","slug":"riverside-festival-aarburg-23-8","status":"publish","type":"kalender","link":"https:\/\/www.musikzeitung.ch\/it\/kalender\/riverside-festival-aarburg-23-8","title":{"rendered":"Riverside Festival Aarburg - 23.8."},"content":{"rendered":"<p>Spettacoli esplosivi di headliner faranno ancora una volta scatenare la Riverside Arena. Il pi\u00f9 grande festival rock 'n' roll della Svizzera, con oltre 78.000 visitatori proprio all'incrocio autostradale svizzero, promette puro divertimento musicale. Con una fantastica line-up, direttamente sul fiume Aare e con il castello sullo sfondo, il centro storico di Aarburg diventa lo scenario e il palcoscenico per le star internazionali. Gruppi musicali di prim'ordine garantiscono un'indimenticabile sensazione all'aria aperta con standard elevati. Con oltre 150 stand gastronomici, bar, bancarelle, un parco divertimenti, una ruota panoramica e un campeggio, un weekend indimenticabile \u00e8 garantito!<\/p>\n<p>Bar afterhour ven. e sab. fino alle ore 04.00<\/p>\n<div class=\"usp-images-wrap\"><span class=\"usp-image-wrap\"><a href=\"https:\/\/www.musikzeitung.ch\/wp-content\/uploads\/2026\/02\/2026-02-24_699da61293365_3458f521da1c35dd6696de754fb2072c2d4b64f0_7850991791.jpg\" class=\"lightbox\" rel=\"lightbox\" title=\"\"><img loading=\"lazy\" decoding=\"async\" id=\"usp-attach-id-71261\" class=\"usp-image\" src=\"https:\/\/www.musikzeitung.ch\/wp-content\/uploads\/2026\/02\/2026-02-24_699da61293365_3458f521da1c35dd6696de754fb2072c2d4b64f0_7850991791.jpg\" width=\"1400\" height=\"597\" \/><\/a><\/span><\/div>","protected":false},"author":1,"featured_media":71261,"parent":0,"template":"","meta":{"_acf_changed":false,"_relevanssi_hide_post":"","_relevanssi_hide_content":"","_relevanssi_pin_for_all":"","_relevanssi_pin_keywords":"","_relevanssi_unpin_keywords":"","_relevanssi_related_keywords":"","_relevanssi_related_include_ids":"","_relevanssi_related_exclude_ids":"","_relevanssi_related_no_append":"","_relevanssi_related_not_related":"","_relevanssi_related_posts":"","_relevanssi_noindex_reason":"","pgc_sgb_lightbox_settings":"","footnotes":""},"categories":[1574],"tags":[],"class_list":["post-71260","kalender","type-kalender","status-publish","has-post-thumbnail","hentry","category-lokales-und-globales-konzertagenda"],"acf":[],"yoast_head":"<!-- This site is optimized with the Yoast SEO plugin v27.4 - https:\/\/yoast.com\/product\/yoast-seo-wordpress\/ -->\n<title>Riverside Festival Aarburg \u2013 23.8. - Schweizer Musikzeitung<\/title>\n<meta name=\"robots\" content=\"index, follow, max-snippet:-1, max-image-preview:large, max-video-preview:-1\" \/>\n<link rel=\"canonical\" href=\"https:\/\/www.musikzeitung.ch\/it\/kalender\/riverside-festival-aarburg-23-8\/\" \/>\n<meta property=\"og:locale\" content=\"it_IT\" \/>\n<meta property=\"og:type\" content=\"article\" \/>\n<meta property=\"og:title\" content=\"Riverside Festival Aarburg \u2013 23.8. - Schweizer Musikzeitung\" \/>\n<meta property=\"og:description\" content=\"Explosive Headliner Shows werden die Riverside Arena einmal mehr zum Toben bringen. Das gr\u00f6sste Rock &#8217;n&#8216; Roll Festival der Schweiz mit \u00fcber 78&#8217;000 Besucher direkt am Autobahn-Kreuz der Schweiz, verspricht puren Musikgenuss. Mit einem grandiosen Lineup, direkt an der Aare und der Burg im Hintergrund wird die historische Altstadt von Aarburg zur Kulisse und B\u00fchne [&hellip;]\" \/>\n<meta property=\"og:url\" content=\"https:\/\/www.musikzeitung.ch\/it\/kalender\/riverside-festival-aarburg-23-8\/\" \/>\n<meta property=\"og:site_name\" content=\"Schweizer Musikzeitung\" \/>\n<meta property=\"article:publisher\" content=\"https:\/\/www.facebook.com\/SchweizerMusikzeitung\/\" \/>\n<meta property=\"og:image\" content=\"https:\/\/www.musikzeitung.ch\/wp-content\/uploads\/2026\/02\/2026-02-24_699da61293365_3458f521da1c35dd6696de754fb2072c2d4b64f0_7850991791.jpg\" \/>\n\t<meta property=\"og:image:width\" content=\"1758\" \/>\n\t<meta property=\"og:image:height\" content=\"750\" \/>\n\t<meta property=\"og:image:type\" content=\"image\/jpeg\" \/>\n<meta name=\"twitter:card\" content=\"summary_large_image\" \/>\n<meta name=\"twitter:site\" content=\"@smusikzeitung\" \/>\n<meta name=\"twitter:label1\" content=\"Tempo di lettura stimato\" \/>\n\t<meta name=\"twitter:data1\" content=\"1 minuto\" \/>\n<script type=\"application\/ld+json\" class=\"yoast-schema-graph\">{\"@context\":\"https:\\\/\\\/schema.org\",\"@graph\":[{\"@type\":\"WebPage\",\"@id\":\"https:\\\/\\\/www.musikzeitung.ch\\\/kalender\\\/riverside-festival-aarburg-23-8\",\"url\":\"https:\\\/\\\/www.musikzeitung.ch\\\/kalender\\\/riverside-festival-aarburg-23-8\",\"name\":\"Riverside Festival Aarburg \u2013 23.8. - Schweizer Musikzeitung\",\"isPartOf\":{\"@id\":\"https:\\\/\\\/www.musikzeitung.ch\\\/#website\"},\"primaryImageOfPage\":{\"@id\":\"https:\\\/\\\/www.musikzeitung.ch\\\/kalender\\\/riverside-festival-aarburg-23-8#primaryimage\"},\"image\":{\"@id\":\"https:\\\/\\\/www.musikzeitung.ch\\\/kalender\\\/riverside-festival-aarburg-23-8#primaryimage\"},\"thumbnailUrl\":\"https:\\\/\\\/www.musikzeitung.ch\\\/wp-content\\\/uploads\\\/2026\\\/02\\\/2026-02-24_699da61293365_3458f521da1c35dd6696de754fb2072c2d4b64f0_7850991791.jpg\",\"datePublished\":\"2026-02-25T09:56:21+00:00\",\"breadcrumb\":{\"@id\":\"https:\\\/\\\/www.musikzeitung.ch\\\/kalender\\\/riverside-festival-aarburg-23-8#breadcrumb\"},\"inLanguage\":\"it-IT\",\"potentialAction\":[{\"@type\":\"ReadAction\",\"target\":[\"https:\\\/\\\/www.musikzeitung.ch\\\/kalender\\\/riverside-festival-aarburg-23-8\"]}]},{\"@type\":\"ImageObject\",\"inLanguage\":\"it-IT\",\"@id\":\"https:\\\/\\\/www.musikzeitung.ch\\\/kalender\\\/riverside-festival-aarburg-23-8#primaryimage\",\"url\":\"https:\\\/\\\/www.musikzeitung.ch\\\/wp-content\\\/uploads\\\/2026\\\/02\\\/2026-02-24_699da61293365_3458f521da1c35dd6696de754fb2072c2d4b64f0_7850991791.jpg\",\"contentUrl\":\"https:\\\/\\\/www.musikzeitung.ch\\\/wp-content\\\/uploads\\\/2026\\\/02\\\/2026-02-24_699da61293365_3458f521da1c35dd6696de754fb2072c2d4b64f0_7850991791.jpg\",\"width\":1400,\"height\":597},{\"@type\":\"BreadcrumbList\",\"@id\":\"https:\\\/\\\/www.musikzeitung.ch\\\/kalender\\\/riverside-festival-aarburg-23-8#breadcrumb\",\"itemListElement\":[{\"@type\":\"ListItem\",\"position\":1,\"name\":\"Home\",\"item\":\"https:\\\/\\\/www.musikzeitung.ch\\\/\"},{\"@type\":\"ListItem\",\"position\":2,\"name\":\"Kalender\",\"item\":\"https:\\\/\\\/www.musikzeitung.ch\\\/kalender\"},{\"@type\":\"ListItem\",\"position\":3,\"name\":\"Riverside Festival Aarburg \u2013 23.8.\"}]},{\"@type\":\"WebSite\",\"@id\":\"https:\\\/\\\/www.musikzeitung.ch\\\/#website\",\"url\":\"https:\\\/\\\/www.musikzeitung.ch\\\/\",\"name\":\"Schweizer Musikzeitung\",\"description\":\"Die f\u00fchrende sparten\u00fcbergreifende Monatszeitung in der Schweiz f\u00fcr musikalische Fragen.\",\"publisher\":{\"@id\":\"https:\\\/\\\/www.musikzeitung.ch\\\/#organization\"},\"potentialAction\":[{\"@type\":\"SearchAction\",\"target\":{\"@type\":\"EntryPoint\",\"urlTemplate\":\"https:\\\/\\\/www.musikzeitung.ch\\\/?s={search_term_string}\"},\"query-input\":{\"@type\":\"PropertyValueSpecification\",\"valueRequired\":true,\"valueName\":\"search_term_string\"}}],\"inLanguage\":\"it-IT\"},{\"@type\":\"Organization\",\"@id\":\"https:\\\/\\\/www.musikzeitung.ch\\\/#organization\",\"name\":\"Schweizer Musikzeitung\",\"url\":\"https:\\\/\\\/www.musikzeitung.ch\\\/\",\"logo\":{\"@type\":\"ImageObject\",\"inLanguage\":\"it-IT\",\"@id\":\"https:\\\/\\\/www.musikzeitung.ch\\\/#\\\/schema\\\/logo\\\/image\\\/\",\"url\":\"https:\\\/\\\/www.musikzeitung.ch\\\/wp-content\\\/uploads\\\/2023\\\/01\\\/SMZ_Schriftzug_Sprache.png\",\"contentUrl\":\"https:\\\/\\\/www.musikzeitung.ch\\\/wp-content\\\/uploads\\\/2023\\\/01\\\/SMZ_Schriftzug_Sprache.png\",\"width\":1400,\"height\":279,\"caption\":\"Schweizer Musikzeitung\"},\"image\":{\"@id\":\"https:\\\/\\\/www.musikzeitung.ch\\\/#\\\/schema\\\/logo\\\/image\\\/\"},\"sameAs\":[\"https:\\\/\\\/www.facebook.com\\\/SchweizerMusikzeitung\\\/\",\"https:\\\/\\\/x.com\\\/smusikzeitung\",\"https:\\\/\\\/www.instagram.com\\\/musikzeitung.ch\\\/\"]}]}<\/script>\n<!-- \/ Yoast SEO plugin. -->","yoast_head_json":{"title":"Riverside Festival Aarburg \u2013 23.8. - Schweizer Musikzeitung","robots":{"index":"index","follow":"follow","max-snippet":"max-snippet:-1","max-image-preview":"max-image-preview:large","max-video-preview":"max-video-preview:-1"},"canonical":"https:\/\/www.musikzeitung.ch\/it\/kalender\/riverside-festival-aarburg-23-8\/","og_locale":"it_IT","og_type":"article","og_title":"Riverside Festival Aarburg \u2013 23.8. - Schweizer Musikzeitung","og_description":"Explosive Headliner Shows werden die Riverside Arena einmal mehr zum Toben bringen. Das gr\u00f6sste Rock &#8217;n&#8216; Roll Festival der Schweiz mit \u00fcber 78&#8217;000 Besucher direkt am Autobahn-Kreuz der Schweiz, verspricht puren Musikgenuss. Mit einem grandiosen Lineup, direkt an der Aare und der Burg im Hintergrund wird die historische Altstadt von Aarburg zur Kulisse und B\u00fchne [&hellip;]","og_url":"https:\/\/www.musikzeitung.ch\/it\/kalender\/riverside-festival-aarburg-23-8\/","og_site_name":"Schweizer Musikzeitung","article_publisher":"https:\/\/www.facebook.com\/SchweizerMusikzeitung\/","og_image":[{"width":1758,"height":750,"url":"https:\/\/www.musikzeitung.ch\/wp-content\/uploads\/2026\/02\/2026-02-24_699da61293365_3458f521da1c35dd6696de754fb2072c2d4b64f0_7850991791.jpg","type":"image\/jpeg"}],"twitter_card":"summary_large_image","twitter_site":"@smusikzeitung","twitter_misc":{"Tempo di lettura stimato":"1 minuto"},"schema":{"@context":"https:\/\/schema.org","@graph":[{"@type":"WebPage","@id":"https:\/\/www.musikzeitung.ch\/kalender\/riverside-festival-aarburg-23-8","url":"https:\/\/www.musikzeitung.ch\/kalender\/riverside-festival-aarburg-23-8","name":"Riverside Festival Aarburg \u2013 23.8. - Schweizer Musikzeitung","isPartOf":{"@id":"https:\/\/www.musikzeitung.ch\/#website"},"primaryImageOfPage":{"@id":"https:\/\/www.musikzeitung.ch\/kalender\/riverside-festival-aarburg-23-8#primaryimage"},"image":{"@id":"https:\/\/www.musikzeitung.ch\/kalender\/riverside-festival-aarburg-23-8#primaryimage"},"thumbnailUrl":"https:\/\/www.musikzeitung.ch\/wp-content\/uploads\/2026\/02\/2026-02-24_699da61293365_3458f521da1c35dd6696de754fb2072c2d4b64f0_7850991791.jpg","datePublished":"2026-02-25T09:56:21+00:00","breadcrumb":{"@id":"https:\/\/www.musikzeitung.ch\/kalender\/riverside-festival-aarburg-23-8#breadcrumb"},"inLanguage":"it-IT","potentialAction":[{"@type":"ReadAction","target":["https:\/\/www.musikzeitung.ch\/kalender\/riverside-festival-aarburg-23-8"]}]},{"@type":"ImageObject","inLanguage":"it-IT","@id":"https:\/\/www.musikzeitung.ch\/kalender\/riverside-festival-aarburg-23-8#primaryimage","url":"https:\/\/www.musikzeitung.ch\/wp-content\/uploads\/2026\/02\/2026-02-24_699da61293365_3458f521da1c35dd6696de754fb2072c2d4b64f0_7850991791.jpg","contentUrl":"https:\/\/www.musikzeitung.ch\/wp-content\/uploads\/2026\/02\/2026-02-24_699da61293365_3458f521da1c35dd6696de754fb2072c2d4b64f0_7850991791.jpg","width":1400,"height":597},{"@type":"BreadcrumbList","@id":"https:\/\/www.musikzeitung.ch\/kalender\/riverside-festival-aarburg-23-8#breadcrumb","itemListElement":[{"@type":"ListItem","position":1,"name":"Home","item":"https:\/\/www.musikzeitung.ch\/"},{"@type":"ListItem","position":2,"name":"Kalender","item":"https:\/\/www.musikzeitung.ch\/kalender"},{"@type":"ListItem","position":3,"name":"Riverside Festival Aarburg \u2013 23.8."}]},{"@type":"WebSite","@id":"https:\/\/www.musikzeitung.ch\/#website","url":"https:\/\/www.musikzeitung.ch\/","name":"Giornale musicale svizzero","description":"Il principale mensile interdisciplinare della Svizzera per le questioni musicali.","publisher":{"@id":"https:\/\/www.musikzeitung.ch\/#organization"},"potentialAction":[{"@type":"SearchAction","target":{"@type":"EntryPoint","urlTemplate":"https:\/\/www.musikzeitung.ch\/?s={search_term_string}"},"query-input":{"@type":"PropertyValueSpecification","valueRequired":true,"valueName":"search_term_string"}}],"inLanguage":"it-IT"},{"@type":"Organization","@id":"https:\/\/www.musikzeitung.ch\/#organization","name":"Giornale musicale svizzero","url":"https:\/\/www.musikzeitung.ch\/","logo":{"@type":"ImageObject","inLanguage":"it-IT","@id":"https:\/\/www.musikzeitung.ch\/#\/schema\/logo\/image\/","url":"https:\/\/www.musikzeitung.ch\/wp-content\/uploads\/2023\/01\/SMZ_Schriftzug_Sprache.png","contentUrl":"https:\/\/www.musikzeitung.ch\/wp-content\/uploads\/2023\/01\/SMZ_Schriftzug_Sprache.png","width":1400,"height":279,"caption":"Schweizer Musikzeitung"},"image":{"@id":"https:\/\/www.musikzeitung.ch\/#\/schema\/logo\/image\/"},"sameAs":["https:\/\/www.facebook.com\/SchweizerMusikzeitung\/","https:\/\/x.com\/smusikzeitung","https:\/\/www.instagram.com\/musikzeitung.ch\/"]}]}},"publishpress_future_action":{"enabled":true,"date":"2026-08-23 13:22:00","action":"change-status","newStatus":"trash","terms":[0],"taxonomy":"category","extraData":[]},"publishpress_future_workflow_manual_trigger":{"enabledWorkflows":[]},"_links":{"self":[{"href":"https:\/\/www.musikzeitung.ch\/it\/wp-json\/wp\/v2\/kalender\/71260","targetHints":{"allow":["GET"]}}],"collection":[{"href":"https:\/\/www.musikzeitung.ch\/it\/wp-json\/wp\/v2\/kalender"}],"about":[{"href":"https:\/\/www.musikzeitung.ch\/it\/wp-json\/wp\/v2\/types\/kalender"}],"author":[{"embeddable":true,"href":"https:\/\/www.musikzeitung.ch\/it\/wp-json\/wp\/v2\/users\/1"}],"version-history":[{"count":1,"href":"https:\/\/www.musikzeitung.ch\/it\/wp-json\/wp\/v2\/kalender\/71260\/revisions"}],"predecessor-version":[{"id":71308,"href":"https:\/\/www.musikzeitung.ch\/it\/wp-json\/wp\/v2\/kalender\/71260\/revisions\/71308"}],"wp:featuredmedia":[{"embeddable":true,"href":"https:\/\/www.musikzeitung.ch\/it\/wp-json\/wp\/v2\/media\/71261"}],"wp:attachment":[{"href":"https:\/\/www.musikzeitung.ch\/it\/wp-json\/wp\/v2\/media?parent=71260"}],"wp:term":[{"taxonomy":"category","embeddable":true,"href":"https:\/\/www.musikzeitung.ch\/it\/wp-json\/wp\/v2\/categories?post=71260"},{"taxonomy":"post_tag","embeddable":true,"href":"https:\/\/www.musikzeitung.ch\/it\/wp-json\/wp\/v2\/tags?post=71260"}],"curies":[{"name":"wp","href":"https:\/\/api.w.org\/{rel}","templated":true}]}}