{"id":71509,"date":"2026-03-09T10:02:59","date_gmt":"2026-03-09T09:02:59","guid":{"rendered":"https:\/\/www.musikzeitung.ch\/?post_type=kalender&#038;p=71509"},"modified":"2026-03-09T10:02:59","modified_gmt":"2026-03-09T09:02:59","slug":"trio-abstrakt-modes-of-fragility-forum-neue-musik-luzern","status":"publish","type":"kalender","link":"https:\/\/www.musikzeitung.ch\/it\/kalender\/trio-abstrakt-modes-of-fragility-forum-neue-musik-luzern","title":{"rendered":"Trio Abstrakt - Modi di fragilit\u00e0 - forum neue musik luzern"},"content":{"rendered":"<p>Modes of Fragility presenta opere composte da Alberto Posadas per il Trio Abstrakt e dedicate all'ensemble, oltre a un nuovo brano di Milica Djordjevi\u0107. Il programma riflette la trasformazione, la risonanza e la bellezza che risiede nella fragilit\u00e0.<\/p>\n<p>Nel Kintsukuroi di Posadas si celebra l'arte giapponese di riparare le ceramiche rotte con lacca mista a oro, argento o platino, e l'imperfezione diventa un elemento centrale dell'espressione. Nell'opera di Djordjevi\u0107, essa evoca l'accensione di un fiammifero al rallentatore, un gesto che pu\u00f2 accendere una fiamma o spegnersi in una breve luce scintillante in cui convivono vulnerabilit\u00e0 e bellezza.<\/p>\n<div class=\"usp-images-wrap\"><span class=\"usp-image-wrap\"><a href=\"https:\/\/www.musikzeitung.ch\/wp-content\/uploads\/2026\/03\/2026-03-05_69a9cc0883fa2_Trio-Abstrakt-2025_c_Rebecca-ter-Braak-5_sw-scaled.jpg\" class=\"lightbox\" rel=\"lightbox\" title=\"\"><img loading=\"lazy\" decoding=\"async\" id=\"usp-attach-id-71510\" class=\"usp-image\" src=\"https:\/\/www.musikzeitung.ch\/wp-content\/uploads\/2026\/03\/2026-03-05_69a9cc0883fa2_Trio-Abstrakt-2025_c_Rebecca-ter-Braak-5_sw-scaled.jpg\" width=\"1400\" height=\"934\" \/><\/a><\/span><\/div>","protected":false},"author":1,"featured_media":71510,"parent":0,"template":"","meta":{"_acf_changed":false,"_relevanssi_hide_post":"","_relevanssi_hide_content":"","_relevanssi_pin_for_all":"","_relevanssi_pin_keywords":"","_relevanssi_unpin_keywords":"","_relevanssi_related_keywords":"","_relevanssi_related_include_ids":"","_relevanssi_related_exclude_ids":"","_relevanssi_related_no_append":"","_relevanssi_related_not_related":"","_relevanssi_related_posts":"","_relevanssi_noindex_reason":"","pgc_sgb_lightbox_settings":"","footnotes":""},"categories":[1571],"tags":[],"class_list":["post-71509","kalender","type-kalender","status-publish","has-post-thumbnail","hentry","category-klassik-konzertagenda"],"acf":[],"yoast_head":"<!-- This site is optimized with the Yoast SEO plugin v27.4 - https:\/\/yoast.com\/product\/yoast-seo-wordpress\/ -->\n<title>Trio Abstrakt - Modes of Fragility - forum neue musik luzern - Schweizer Musikzeitung<\/title>\n<meta name=\"robots\" content=\"index, follow, max-snippet:-1, max-image-preview:large, max-video-preview:-1\" \/>\n<link rel=\"canonical\" href=\"https:\/\/www.musikzeitung.ch\/it\/kalender\/trio-abstrakt-modes-of-fragility-forum-neue-musik-luzern\/\" \/>\n<meta property=\"og:locale\" content=\"it_IT\" \/>\n<meta property=\"og:type\" content=\"article\" \/>\n<meta property=\"og:title\" content=\"Trio Abstrakt - Modes of Fragility - forum neue musik luzern - Schweizer Musikzeitung\" \/>\n<meta property=\"og:description\" content=\"Modes of Fragility pr\u00e4sentiert Werke, die von Alberto Posadas f\u00fcr Trio Abstrakt komponiert und dem Ensemble gewidmet wurden, sowie ein neues St\u00fcck von Milica Djordjevi\u0107. Das Programm reflektiert Transformation, Resonanz und die Sch\u00f6nheit, die in der Zerbrechlichkeit liegt. In Posadas\u2019 Kintsukuroi wird die japanische Kunst des Reparierens zerbrochener Keramik mit Lack, vermischt mit Gold, Silber [&hellip;]\" \/>\n<meta property=\"og:url\" content=\"https:\/\/www.musikzeitung.ch\/it\/kalender\/trio-abstrakt-modes-of-fragility-forum-neue-musik-luzern\/\" \/>\n<meta property=\"og:site_name\" content=\"Schweizer Musikzeitung\" \/>\n<meta property=\"article:publisher\" content=\"https:\/\/www.facebook.com\/SchweizerMusikzeitung\/\" \/>\n<meta property=\"og:image\" content=\"https:\/\/www.musikzeitung.ch\/wp-content\/uploads\/2026\/03\/2026-03-05_69a9cc0883fa2_Trio-Abstrakt-2025_c_Rebecca-ter-Braak-5_sw-scaled.jpg\" \/>\n\t<meta property=\"og:image:width\" content=\"1400\" \/>\n\t<meta property=\"og:image:height\" content=\"934\" \/>\n\t<meta property=\"og:image:type\" content=\"image\/jpeg\" \/>\n<meta name=\"twitter:card\" content=\"summary_large_image\" \/>\n<meta name=\"twitter:site\" content=\"@smusikzeitung\" \/>\n<meta name=\"twitter:label1\" content=\"Tempo di lettura stimato\" \/>\n\t<meta name=\"twitter:data1\" content=\"1 minuto\" \/>\n<script type=\"application\/ld+json\" class=\"yoast-schema-graph\">{\"@context\":\"https:\\\/\\\/schema.org\",\"@graph\":[{\"@type\":\"WebPage\",\"@id\":\"https:\\\/\\\/www.musikzeitung.ch\\\/kalender\\\/trio-abstrakt-modes-of-fragility-forum-neue-musik-luzern\",\"url\":\"https:\\\/\\\/www.musikzeitung.ch\\\/kalender\\\/trio-abstrakt-modes-of-fragility-forum-neue-musik-luzern\",\"name\":\"Trio Abstrakt - Modes of Fragility - forum neue musik luzern - Schweizer Musikzeitung\",\"isPartOf\":{\"@id\":\"https:\\\/\\\/www.musikzeitung.ch\\\/#website\"},\"primaryImageOfPage\":{\"@id\":\"https:\\\/\\\/www.musikzeitung.ch\\\/kalender\\\/trio-abstrakt-modes-of-fragility-forum-neue-musik-luzern#primaryimage\"},\"image\":{\"@id\":\"https:\\\/\\\/www.musikzeitung.ch\\\/kalender\\\/trio-abstrakt-modes-of-fragility-forum-neue-musik-luzern#primaryimage\"},\"thumbnailUrl\":\"https:\\\/\\\/www.musikzeitung.ch\\\/wp-content\\\/uploads\\\/2026\\\/03\\\/2026-03-05_69a9cc0883fa2_Trio-Abstrakt-2025_c_Rebecca-ter-Braak-5_sw-scaled.jpg\",\"datePublished\":\"2026-03-09T09:02:59+00:00\",\"breadcrumb\":{\"@id\":\"https:\\\/\\\/www.musikzeitung.ch\\\/kalender\\\/trio-abstrakt-modes-of-fragility-forum-neue-musik-luzern#breadcrumb\"},\"inLanguage\":\"it-IT\",\"potentialAction\":[{\"@type\":\"ReadAction\",\"target\":[\"https:\\\/\\\/www.musikzeitung.ch\\\/kalender\\\/trio-abstrakt-modes-of-fragility-forum-neue-musik-luzern\"]}]},{\"@type\":\"ImageObject\",\"inLanguage\":\"it-IT\",\"@id\":\"https:\\\/\\\/www.musikzeitung.ch\\\/kalender\\\/trio-abstrakt-modes-of-fragility-forum-neue-musik-luzern#primaryimage\",\"url\":\"https:\\\/\\\/www.musikzeitung.ch\\\/wp-content\\\/uploads\\\/2026\\\/03\\\/2026-03-05_69a9cc0883fa2_Trio-Abstrakt-2025_c_Rebecca-ter-Braak-5_sw-scaled.jpg\",\"contentUrl\":\"https:\\\/\\\/www.musikzeitung.ch\\\/wp-content\\\/uploads\\\/2026\\\/03\\\/2026-03-05_69a9cc0883fa2_Trio-Abstrakt-2025_c_Rebecca-ter-Braak-5_sw-scaled.jpg\",\"width\":1400,\"height\":934},{\"@type\":\"BreadcrumbList\",\"@id\":\"https:\\\/\\\/www.musikzeitung.ch\\\/kalender\\\/trio-abstrakt-modes-of-fragility-forum-neue-musik-luzern#breadcrumb\",\"itemListElement\":[{\"@type\":\"ListItem\",\"position\":1,\"name\":\"Home\",\"item\":\"https:\\\/\\\/www.musikzeitung.ch\\\/\"},{\"@type\":\"ListItem\",\"position\":2,\"name\":\"Kalender\",\"item\":\"https:\\\/\\\/www.musikzeitung.ch\\\/kalender\"},{\"@type\":\"ListItem\",\"position\":3,\"name\":\"Trio Abstrakt &#8211; Modes of Fragility &#8211; forum neue musik luzern\"}]},{\"@type\":\"WebSite\",\"@id\":\"https:\\\/\\\/www.musikzeitung.ch\\\/#website\",\"url\":\"https:\\\/\\\/www.musikzeitung.ch\\\/\",\"name\":\"Schweizer Musikzeitung\",\"description\":\"Die f\u00fchrende sparten\u00fcbergreifende Monatszeitung in der Schweiz f\u00fcr musikalische Fragen.\",\"publisher\":{\"@id\":\"https:\\\/\\\/www.musikzeitung.ch\\\/#organization\"},\"potentialAction\":[{\"@type\":\"SearchAction\",\"target\":{\"@type\":\"EntryPoint\",\"urlTemplate\":\"https:\\\/\\\/www.musikzeitung.ch\\\/?s={search_term_string}\"},\"query-input\":{\"@type\":\"PropertyValueSpecification\",\"valueRequired\":true,\"valueName\":\"search_term_string\"}}],\"inLanguage\":\"it-IT\"},{\"@type\":\"Organization\",\"@id\":\"https:\\\/\\\/www.musikzeitung.ch\\\/#organization\",\"name\":\"Schweizer Musikzeitung\",\"url\":\"https:\\\/\\\/www.musikzeitung.ch\\\/\",\"logo\":{\"@type\":\"ImageObject\",\"inLanguage\":\"it-IT\",\"@id\":\"https:\\\/\\\/www.musikzeitung.ch\\\/#\\\/schema\\\/logo\\\/image\\\/\",\"url\":\"https:\\\/\\\/www.musikzeitung.ch\\\/wp-content\\\/uploads\\\/2023\\\/01\\\/SMZ_Schriftzug_Sprache.png\",\"contentUrl\":\"https:\\\/\\\/www.musikzeitung.ch\\\/wp-content\\\/uploads\\\/2023\\\/01\\\/SMZ_Schriftzug_Sprache.png\",\"width\":1400,\"height\":279,\"caption\":\"Schweizer Musikzeitung\"},\"image\":{\"@id\":\"https:\\\/\\\/www.musikzeitung.ch\\\/#\\\/schema\\\/logo\\\/image\\\/\"},\"sameAs\":[\"https:\\\/\\\/www.facebook.com\\\/SchweizerMusikzeitung\\\/\",\"https:\\\/\\\/x.com\\\/smusikzeitung\",\"https:\\\/\\\/www.instagram.com\\\/musikzeitung.ch\\\/\"]}]}<\/script>\n<!-- \/ Yoast SEO plugin. -->","yoast_head_json":{"title":"Trio Abstrakt - Modes of Fragility - forum neue musik luzern - Schweizer Musikzeitung","robots":{"index":"index","follow":"follow","max-snippet":"max-snippet:-1","max-image-preview":"max-image-preview:large","max-video-preview":"max-video-preview:-1"},"canonical":"https:\/\/www.musikzeitung.ch\/it\/kalender\/trio-abstrakt-modes-of-fragility-forum-neue-musik-luzern\/","og_locale":"it_IT","og_type":"article","og_title":"Trio Abstrakt - Modes of Fragility - forum neue musik luzern - Schweizer Musikzeitung","og_description":"Modes of Fragility pr\u00e4sentiert Werke, die von Alberto Posadas f\u00fcr Trio Abstrakt komponiert und dem Ensemble gewidmet wurden, sowie ein neues St\u00fcck von Milica Djordjevi\u0107. Das Programm reflektiert Transformation, Resonanz und die Sch\u00f6nheit, die in der Zerbrechlichkeit liegt. In Posadas\u2019 Kintsukuroi wird die japanische Kunst des Reparierens zerbrochener Keramik mit Lack, vermischt mit Gold, Silber [&hellip;]","og_url":"https:\/\/www.musikzeitung.ch\/it\/kalender\/trio-abstrakt-modes-of-fragility-forum-neue-musik-luzern\/","og_site_name":"Schweizer Musikzeitung","article_publisher":"https:\/\/www.facebook.com\/SchweizerMusikzeitung\/","og_image":[{"width":1400,"height":934,"url":"https:\/\/www.musikzeitung.ch\/wp-content\/uploads\/2026\/03\/2026-03-05_69a9cc0883fa2_Trio-Abstrakt-2025_c_Rebecca-ter-Braak-5_sw-scaled.jpg","type":"image\/jpeg"}],"twitter_card":"summary_large_image","twitter_site":"@smusikzeitung","twitter_misc":{"Tempo di lettura stimato":"1 minuto"},"schema":{"@context":"https:\/\/schema.org","@graph":[{"@type":"WebPage","@id":"https:\/\/www.musikzeitung.ch\/kalender\/trio-abstrakt-modes-of-fragility-forum-neue-musik-luzern","url":"https:\/\/www.musikzeitung.ch\/kalender\/trio-abstrakt-modes-of-fragility-forum-neue-musik-luzern","name":"Trio Abstrakt - Modes of Fragility - forum neue musik luzern - Schweizer Musikzeitung","isPartOf":{"@id":"https:\/\/www.musikzeitung.ch\/#website"},"primaryImageOfPage":{"@id":"https:\/\/www.musikzeitung.ch\/kalender\/trio-abstrakt-modes-of-fragility-forum-neue-musik-luzern#primaryimage"},"image":{"@id":"https:\/\/www.musikzeitung.ch\/kalender\/trio-abstrakt-modes-of-fragility-forum-neue-musik-luzern#primaryimage"},"thumbnailUrl":"https:\/\/www.musikzeitung.ch\/wp-content\/uploads\/2026\/03\/2026-03-05_69a9cc0883fa2_Trio-Abstrakt-2025_c_Rebecca-ter-Braak-5_sw-scaled.jpg","datePublished":"2026-03-09T09:02:59+00:00","breadcrumb":{"@id":"https:\/\/www.musikzeitung.ch\/kalender\/trio-abstrakt-modes-of-fragility-forum-neue-musik-luzern#breadcrumb"},"inLanguage":"it-IT","potentialAction":[{"@type":"ReadAction","target":["https:\/\/www.musikzeitung.ch\/kalender\/trio-abstrakt-modes-of-fragility-forum-neue-musik-luzern"]}]},{"@type":"ImageObject","inLanguage":"it-IT","@id":"https:\/\/www.musikzeitung.ch\/kalender\/trio-abstrakt-modes-of-fragility-forum-neue-musik-luzern#primaryimage","url":"https:\/\/www.musikzeitung.ch\/wp-content\/uploads\/2026\/03\/2026-03-05_69a9cc0883fa2_Trio-Abstrakt-2025_c_Rebecca-ter-Braak-5_sw-scaled.jpg","contentUrl":"https:\/\/www.musikzeitung.ch\/wp-content\/uploads\/2026\/03\/2026-03-05_69a9cc0883fa2_Trio-Abstrakt-2025_c_Rebecca-ter-Braak-5_sw-scaled.jpg","width":1400,"height":934},{"@type":"BreadcrumbList","@id":"https:\/\/www.musikzeitung.ch\/kalender\/trio-abstrakt-modes-of-fragility-forum-neue-musik-luzern#breadcrumb","itemListElement":[{"@type":"ListItem","position":1,"name":"Home","item":"https:\/\/www.musikzeitung.ch\/"},{"@type":"ListItem","position":2,"name":"Kalender","item":"https:\/\/www.musikzeitung.ch\/kalender"},{"@type":"ListItem","position":3,"name":"Trio Abstrakt &#8211; Modes of Fragility &#8211; forum neue musik luzern"}]},{"@type":"WebSite","@id":"https:\/\/www.musikzeitung.ch\/#website","url":"https:\/\/www.musikzeitung.ch\/","name":"Giornale musicale svizzero","description":"Il principale mensile interdisciplinare della Svizzera per le questioni musicali.","publisher":{"@id":"https:\/\/www.musikzeitung.ch\/#organization"},"potentialAction":[{"@type":"SearchAction","target":{"@type":"EntryPoint","urlTemplate":"https:\/\/www.musikzeitung.ch\/?s={search_term_string}"},"query-input":{"@type":"PropertyValueSpecification","valueRequired":true,"valueName":"search_term_string"}}],"inLanguage":"it-IT"},{"@type":"Organization","@id":"https:\/\/www.musikzeitung.ch\/#organization","name":"Giornale musicale svizzero","url":"https:\/\/www.musikzeitung.ch\/","logo":{"@type":"ImageObject","inLanguage":"it-IT","@id":"https:\/\/www.musikzeitung.ch\/#\/schema\/logo\/image\/","url":"https:\/\/www.musikzeitung.ch\/wp-content\/uploads\/2023\/01\/SMZ_Schriftzug_Sprache.png","contentUrl":"https:\/\/www.musikzeitung.ch\/wp-content\/uploads\/2023\/01\/SMZ_Schriftzug_Sprache.png","width":1400,"height":279,"caption":"Schweizer Musikzeitung"},"image":{"@id":"https:\/\/www.musikzeitung.ch\/#\/schema\/logo\/image\/"},"sameAs":["https:\/\/www.facebook.com\/SchweizerMusikzeitung\/","https:\/\/x.com\/smusikzeitung","https:\/\/www.instagram.com\/musikzeitung.ch\/"]}]}},"publishpress_future_action":{"enabled":true,"date":"2026-05-10 17:31:00","action":"change-status","newStatus":"trash","terms":[0],"taxonomy":"category","extraData":[]},"publishpress_future_workflow_manual_trigger":{"enabledWorkflows":[]},"_links":{"self":[{"href":"https:\/\/www.musikzeitung.ch\/it\/wp-json\/wp\/v2\/kalender\/71509","targetHints":{"allow":["GET"]}}],"collection":[{"href":"https:\/\/www.musikzeitung.ch\/it\/wp-json\/wp\/v2\/kalender"}],"about":[{"href":"https:\/\/www.musikzeitung.ch\/it\/wp-json\/wp\/v2\/types\/kalender"}],"author":[{"embeddable":true,"href":"https:\/\/www.musikzeitung.ch\/it\/wp-json\/wp\/v2\/users\/1"}],"version-history":[{"count":1,"href":"https:\/\/www.musikzeitung.ch\/it\/wp-json\/wp\/v2\/kalender\/71509\/revisions"}],"predecessor-version":[{"id":71572,"href":"https:\/\/www.musikzeitung.ch\/it\/wp-json\/wp\/v2\/kalender\/71509\/revisions\/71572"}],"wp:featuredmedia":[{"embeddable":true,"href":"https:\/\/www.musikzeitung.ch\/it\/wp-json\/wp\/v2\/media\/71510"}],"wp:attachment":[{"href":"https:\/\/www.musikzeitung.ch\/it\/wp-json\/wp\/v2\/media?parent=71509"}],"wp:term":[{"taxonomy":"category","embeddable":true,"href":"https:\/\/www.musikzeitung.ch\/it\/wp-json\/wp\/v2\/categories?post=71509"},{"taxonomy":"post_tag","embeddable":true,"href":"https:\/\/www.musikzeitung.ch\/it\/wp-json\/wp\/v2\/tags?post=71509"}],"curies":[{"name":"wp","href":"https:\/\/api.w.org\/{rel}","templated":true}]}}