{"id":72270,"date":"2026-03-30T16:30:44","date_gmt":"2026-03-30T14:30:44","guid":{"rendered":"https:\/\/www.musikzeitung.ch\/?post_type=kalender&#038;p=72270"},"modified":"2026-03-30T16:30:44","modified_gmt":"2026-03-30T14:30:44","slug":"intimitaet-transparenz-rhythmische-kraft","status":"publish","type":"kalender","link":"https:\/\/www.musikzeitung.ch\/it\/kalender\/intimitaet-transparenz-rhythmische-kraft","title":{"rendered":"Intimit\u00e0 - trasparenza - potenza ritmica"},"content":{"rendered":"<p><img loading=\"lazy\" decoding=\"async\" class=\"aligncenter size-full wp-image-72244\" src=\"https:\/\/www.musikzeitung.ch\/wp-content\/uploads\/2026\/03\/Guitar.jpg\" alt=\"\" width=\"1068\" height=\"822\" srcset=\"https:\/\/www.musikzeitung.ch\/wp-content\/uploads\/2026\/03\/Guitar.jpg 1068w, https:\/\/www.musikzeitung.ch\/wp-content\/uploads\/2026\/03\/Guitar-300x231.jpg 300w, https:\/\/www.musikzeitung.ch\/wp-content\/uploads\/2026\/03\/Guitar-1024x788.jpg 1024w, https:\/\/www.musikzeitung.ch\/wp-content\/uploads\/2026\/03\/Guitar-768x591.jpg 768w, https:\/\/www.musikzeitung.ch\/wp-content\/uploads\/2026\/03\/Guitar-16x12.jpg 16w, https:\/\/www.musikzeitung.ch\/wp-content\/uploads\/2026\/03\/Guitar-227x175.jpg 227w, https:\/\/www.musikzeitung.ch\/wp-content\/uploads\/2026\/03\/Guitar-455x350.jpg 455w, https:\/\/www.musikzeitung.ch\/wp-content\/uploads\/2026\/03\/Guitar-1039x800.jpg 1039w, https:\/\/www.musikzeitung.ch\/wp-content\/uploads\/2026\/03\/Guitar-920x708.jpg 920w\" sizes=\"auto, (max-width: 1068px) 100vw, 1068px\" \/><\/p>\n<p>&nbsp;<\/p>\n<p>&nbsp;<\/p>\n<p>Un luminare e uno dei chitarristi pi\u00f9 influenti della sua generazione si esibir\u00e0 domenica al Neubad. <strong>Wolfgang Muthspiel <\/strong>(chitarra) suona con <strong>Colin Vallon<\/strong> (pianoforte) e <strong>Mario Roma<\/strong> (tromba) si esibir\u00e0 nel concerto conclusivo del Lucerne Guitar Concerts Festival. L'obiettivo \u00e8 quello di creare una rete interattiva e polifonica di suoni che combini la trasparenza delle formazioni di musica da camera con l'energia ritmica e la gioia di suonare.<\/p>\n<p>YT-Link: <a href=\"https:\/\/www.youtube.com\/watch?v=SuaeH_oL5EA\" target=\"_blank\" rel=\"noopener\">https:\/\/www.youtube.com\/watch?v=SuaeH_oL5EA<\/a><\/p>\n<p>&nbsp;<\/p>","protected":false},"author":23,"featured_media":72244,"parent":0,"template":"","meta":{"_acf_changed":false,"_relevanssi_hide_post":"","_relevanssi_hide_content":"","_relevanssi_pin_for_all":"","_relevanssi_pin_keywords":"","_relevanssi_unpin_keywords":"","_relevanssi_related_keywords":"","_relevanssi_related_include_ids":"","_relevanssi_related_exclude_ids":"","_relevanssi_related_no_append":"","_relevanssi_related_not_related":"","_relevanssi_related_posts":"","_relevanssi_noindex_reason":"","pgc_sgb_lightbox_settings":"","footnotes":""},"categories":[1572,1571],"tags":[],"class_list":["post-72270","kalender","type-kalender","status-publish","has-post-thumbnail","hentry","category-jazz-konzertagenda","category-klassik-konzertagenda"],"acf":[],"yoast_head":"<!-- This site is optimized with the Yoast SEO plugin v27.4 - https:\/\/yoast.com\/product\/yoast-seo-wordpress\/ -->\n<title>Intimit\u00e4t - Transparenz - rhythmische Kraft - Schweizer Musikzeitung<\/title>\n<meta name=\"robots\" content=\"index, follow, max-snippet:-1, max-image-preview:large, max-video-preview:-1\" \/>\n<link rel=\"canonical\" href=\"https:\/\/www.musikzeitung.ch\/it\/kalender\/intimitaet-transparenz-rhythmische-kraft\/\" \/>\n<meta property=\"og:locale\" content=\"it_IT\" \/>\n<meta property=\"og:type\" content=\"article\" \/>\n<meta property=\"og:title\" content=\"Intimit\u00e4t - Transparenz - rhythmische Kraft - Schweizer Musikzeitung\" \/>\n<meta property=\"og:description\" content=\"&nbsp; &nbsp; Eine Koryph\u00e4e und einer der einflussreichsten Gitarristen seiner Generation spielt am Sonntag im Neubad. Wolfgang Muthspiel (Gitarre) spielt mit Colin Vallon (Piano) und Mario Rom (Trompete) das kr\u00f6nende Abschlusskonzert des Lucerne Guitar Concerts Festivals. Ziel ist ein interaktives, polyphones Klanggeflecht, das die Transparenz kammermusikalischer Formationen mit rhythmischer Energie und Spielfreude verbindet. YT-Link: https:\/\/www.youtube.com\/watch?v=SuaeH_oL5EA [&hellip;]\" \/>\n<meta property=\"og:url\" content=\"https:\/\/www.musikzeitung.ch\/it\/kalender\/intimitaet-transparenz-rhythmische-kraft\/\" \/>\n<meta property=\"og:site_name\" content=\"Schweizer Musikzeitung\" \/>\n<meta property=\"article:publisher\" content=\"https:\/\/www.facebook.com\/SchweizerMusikzeitung\/\" \/>\n<meta property=\"og:image\" content=\"https:\/\/www.musikzeitung.ch\/wp-content\/uploads\/2026\/03\/Guitar.jpg\" \/>\n\t<meta property=\"og:image:width\" content=\"1068\" \/>\n\t<meta property=\"og:image:height\" content=\"822\" \/>\n\t<meta property=\"og:image:type\" content=\"image\/jpeg\" \/>\n<meta name=\"twitter:card\" content=\"summary_large_image\" \/>\n<meta name=\"twitter:site\" content=\"@smusikzeitung\" \/>\n<meta name=\"twitter:label1\" content=\"Tempo di lettura stimato\" \/>\n\t<meta name=\"twitter:data1\" content=\"1 minuto\" \/>\n<script type=\"application\/ld+json\" class=\"yoast-schema-graph\">{\"@context\":\"https:\\\/\\\/schema.org\",\"@graph\":[{\"@type\":\"WebPage\",\"@id\":\"https:\\\/\\\/www.musikzeitung.ch\\\/kalender\\\/intimitaet-transparenz-rhythmische-kraft\",\"url\":\"https:\\\/\\\/www.musikzeitung.ch\\\/kalender\\\/intimitaet-transparenz-rhythmische-kraft\",\"name\":\"Intimit\u00e4t - Transparenz - rhythmische Kraft - Schweizer Musikzeitung\",\"isPartOf\":{\"@id\":\"https:\\\/\\\/www.musikzeitung.ch\\\/#website\"},\"primaryImageOfPage\":{\"@id\":\"https:\\\/\\\/www.musikzeitung.ch\\\/kalender\\\/intimitaet-transparenz-rhythmische-kraft#primaryimage\"},\"image\":{\"@id\":\"https:\\\/\\\/www.musikzeitung.ch\\\/kalender\\\/intimitaet-transparenz-rhythmische-kraft#primaryimage\"},\"thumbnailUrl\":\"https:\\\/\\\/www.musikzeitung.ch\\\/wp-content\\\/uploads\\\/2026\\\/03\\\/Guitar.jpg\",\"datePublished\":\"2026-03-30T14:30:44+00:00\",\"breadcrumb\":{\"@id\":\"https:\\\/\\\/www.musikzeitung.ch\\\/kalender\\\/intimitaet-transparenz-rhythmische-kraft#breadcrumb\"},\"inLanguage\":\"it-IT\",\"potentialAction\":[{\"@type\":\"ReadAction\",\"target\":[\"https:\\\/\\\/www.musikzeitung.ch\\\/kalender\\\/intimitaet-transparenz-rhythmische-kraft\"]}]},{\"@type\":\"ImageObject\",\"inLanguage\":\"it-IT\",\"@id\":\"https:\\\/\\\/www.musikzeitung.ch\\\/kalender\\\/intimitaet-transparenz-rhythmische-kraft#primaryimage\",\"url\":\"https:\\\/\\\/www.musikzeitung.ch\\\/wp-content\\\/uploads\\\/2026\\\/03\\\/Guitar.jpg\",\"contentUrl\":\"https:\\\/\\\/www.musikzeitung.ch\\\/wp-content\\\/uploads\\\/2026\\\/03\\\/Guitar.jpg\",\"width\":1068,\"height\":822},{\"@type\":\"BreadcrumbList\",\"@id\":\"https:\\\/\\\/www.musikzeitung.ch\\\/kalender\\\/intimitaet-transparenz-rhythmische-kraft#breadcrumb\",\"itemListElement\":[{\"@type\":\"ListItem\",\"position\":1,\"name\":\"Home\",\"item\":\"https:\\\/\\\/www.musikzeitung.ch\\\/\"},{\"@type\":\"ListItem\",\"position\":2,\"name\":\"Kalender\",\"item\":\"https:\\\/\\\/www.musikzeitung.ch\\\/kalender\"},{\"@type\":\"ListItem\",\"position\":3,\"name\":\"Intimit\u00e4t &#8211; Transparenz &#8211; rhythmische Kraft\"}]},{\"@type\":\"WebSite\",\"@id\":\"https:\\\/\\\/www.musikzeitung.ch\\\/#website\",\"url\":\"https:\\\/\\\/www.musikzeitung.ch\\\/\",\"name\":\"Schweizer Musikzeitung\",\"description\":\"Die f\u00fchrende sparten\u00fcbergreifende Monatszeitung in der Schweiz f\u00fcr musikalische Fragen.\",\"publisher\":{\"@id\":\"https:\\\/\\\/www.musikzeitung.ch\\\/#organization\"},\"potentialAction\":[{\"@type\":\"SearchAction\",\"target\":{\"@type\":\"EntryPoint\",\"urlTemplate\":\"https:\\\/\\\/www.musikzeitung.ch\\\/?s={search_term_string}\"},\"query-input\":{\"@type\":\"PropertyValueSpecification\",\"valueRequired\":true,\"valueName\":\"search_term_string\"}}],\"inLanguage\":\"it-IT\"},{\"@type\":\"Organization\",\"@id\":\"https:\\\/\\\/www.musikzeitung.ch\\\/#organization\",\"name\":\"Schweizer Musikzeitung\",\"url\":\"https:\\\/\\\/www.musikzeitung.ch\\\/\",\"logo\":{\"@type\":\"ImageObject\",\"inLanguage\":\"it-IT\",\"@id\":\"https:\\\/\\\/www.musikzeitung.ch\\\/#\\\/schema\\\/logo\\\/image\\\/\",\"url\":\"https:\\\/\\\/www.musikzeitung.ch\\\/wp-content\\\/uploads\\\/2023\\\/01\\\/SMZ_Schriftzug_Sprache.png\",\"contentUrl\":\"https:\\\/\\\/www.musikzeitung.ch\\\/wp-content\\\/uploads\\\/2023\\\/01\\\/SMZ_Schriftzug_Sprache.png\",\"width\":1400,\"height\":279,\"caption\":\"Schweizer Musikzeitung\"},\"image\":{\"@id\":\"https:\\\/\\\/www.musikzeitung.ch\\\/#\\\/schema\\\/logo\\\/image\\\/\"},\"sameAs\":[\"https:\\\/\\\/www.facebook.com\\\/SchweizerMusikzeitung\\\/\",\"https:\\\/\\\/x.com\\\/smusikzeitung\",\"https:\\\/\\\/www.instagram.com\\\/musikzeitung.ch\\\/\"]}]}<\/script>\n<!-- \/ Yoast SEO plugin. -->","yoast_head_json":{"title":"Intimit\u00e4t - Transparenz - rhythmische Kraft - Schweizer Musikzeitung","robots":{"index":"index","follow":"follow","max-snippet":"max-snippet:-1","max-image-preview":"max-image-preview:large","max-video-preview":"max-video-preview:-1"},"canonical":"https:\/\/www.musikzeitung.ch\/it\/kalender\/intimitaet-transparenz-rhythmische-kraft\/","og_locale":"it_IT","og_type":"article","og_title":"Intimit\u00e4t - Transparenz - rhythmische Kraft - Schweizer Musikzeitung","og_description":"&nbsp; &nbsp; Eine Koryph\u00e4e und einer der einflussreichsten Gitarristen seiner Generation spielt am Sonntag im Neubad. Wolfgang Muthspiel (Gitarre) spielt mit Colin Vallon (Piano) und Mario Rom (Trompete) das kr\u00f6nende Abschlusskonzert des Lucerne Guitar Concerts Festivals. Ziel ist ein interaktives, polyphones Klanggeflecht, das die Transparenz kammermusikalischer Formationen mit rhythmischer Energie und Spielfreude verbindet. YT-Link: https:\/\/www.youtube.com\/watch?v=SuaeH_oL5EA [&hellip;]","og_url":"https:\/\/www.musikzeitung.ch\/it\/kalender\/intimitaet-transparenz-rhythmische-kraft\/","og_site_name":"Schweizer Musikzeitung","article_publisher":"https:\/\/www.facebook.com\/SchweizerMusikzeitung\/","og_image":[{"width":1068,"height":822,"url":"https:\/\/www.musikzeitung.ch\/wp-content\/uploads\/2026\/03\/Guitar.jpg","type":"image\/jpeg"}],"twitter_card":"summary_large_image","twitter_site":"@smusikzeitung","twitter_misc":{"Tempo di lettura stimato":"1 minuto"},"schema":{"@context":"https:\/\/schema.org","@graph":[{"@type":"WebPage","@id":"https:\/\/www.musikzeitung.ch\/kalender\/intimitaet-transparenz-rhythmische-kraft","url":"https:\/\/www.musikzeitung.ch\/kalender\/intimitaet-transparenz-rhythmische-kraft","name":"Intimit\u00e4t - Transparenz - rhythmische Kraft - Schweizer Musikzeitung","isPartOf":{"@id":"https:\/\/www.musikzeitung.ch\/#website"},"primaryImageOfPage":{"@id":"https:\/\/www.musikzeitung.ch\/kalender\/intimitaet-transparenz-rhythmische-kraft#primaryimage"},"image":{"@id":"https:\/\/www.musikzeitung.ch\/kalender\/intimitaet-transparenz-rhythmische-kraft#primaryimage"},"thumbnailUrl":"https:\/\/www.musikzeitung.ch\/wp-content\/uploads\/2026\/03\/Guitar.jpg","datePublished":"2026-03-30T14:30:44+00:00","breadcrumb":{"@id":"https:\/\/www.musikzeitung.ch\/kalender\/intimitaet-transparenz-rhythmische-kraft#breadcrumb"},"inLanguage":"it-IT","potentialAction":[{"@type":"ReadAction","target":["https:\/\/www.musikzeitung.ch\/kalender\/intimitaet-transparenz-rhythmische-kraft"]}]},{"@type":"ImageObject","inLanguage":"it-IT","@id":"https:\/\/www.musikzeitung.ch\/kalender\/intimitaet-transparenz-rhythmische-kraft#primaryimage","url":"https:\/\/www.musikzeitung.ch\/wp-content\/uploads\/2026\/03\/Guitar.jpg","contentUrl":"https:\/\/www.musikzeitung.ch\/wp-content\/uploads\/2026\/03\/Guitar.jpg","width":1068,"height":822},{"@type":"BreadcrumbList","@id":"https:\/\/www.musikzeitung.ch\/kalender\/intimitaet-transparenz-rhythmische-kraft#breadcrumb","itemListElement":[{"@type":"ListItem","position":1,"name":"Home","item":"https:\/\/www.musikzeitung.ch\/"},{"@type":"ListItem","position":2,"name":"Kalender","item":"https:\/\/www.musikzeitung.ch\/kalender"},{"@type":"ListItem","position":3,"name":"Intimit\u00e4t &#8211; Transparenz &#8211; rhythmische Kraft"}]},{"@type":"WebSite","@id":"https:\/\/www.musikzeitung.ch\/#website","url":"https:\/\/www.musikzeitung.ch\/","name":"Giornale musicale svizzero","description":"Il principale mensile interdisciplinare della Svizzera per le questioni musicali.","publisher":{"@id":"https:\/\/www.musikzeitung.ch\/#organization"},"potentialAction":[{"@type":"SearchAction","target":{"@type":"EntryPoint","urlTemplate":"https:\/\/www.musikzeitung.ch\/?s={search_term_string}"},"query-input":{"@type":"PropertyValueSpecification","valueRequired":true,"valueName":"search_term_string"}}],"inLanguage":"it-IT"},{"@type":"Organization","@id":"https:\/\/www.musikzeitung.ch\/#organization","name":"Giornale musicale svizzero","url":"https:\/\/www.musikzeitung.ch\/","logo":{"@type":"ImageObject","inLanguage":"it-IT","@id":"https:\/\/www.musikzeitung.ch\/#\/schema\/logo\/image\/","url":"https:\/\/www.musikzeitung.ch\/wp-content\/uploads\/2023\/01\/SMZ_Schriftzug_Sprache.png","contentUrl":"https:\/\/www.musikzeitung.ch\/wp-content\/uploads\/2023\/01\/SMZ_Schriftzug_Sprache.png","width":1400,"height":279,"caption":"Schweizer Musikzeitung"},"image":{"@id":"https:\/\/www.musikzeitung.ch\/#\/schema\/logo\/image\/"},"sameAs":["https:\/\/www.facebook.com\/SchweizerMusikzeitung\/","https:\/\/x.com\/smusikzeitung","https:\/\/www.instagram.com\/musikzeitung.ch\/"]}]}},"publishpress_future_action":{"enabled":true,"date":"2026-05-10 16:26:00","action":"change-status","newStatus":"trash","terms":[0],"taxonomy":"category","extraData":[]},"publishpress_future_workflow_manual_trigger":{"enabledWorkflows":[]},"_links":{"self":[{"href":"https:\/\/www.musikzeitung.ch\/it\/wp-json\/wp\/v2\/kalender\/72270","targetHints":{"allow":["GET"]}}],"collection":[{"href":"https:\/\/www.musikzeitung.ch\/it\/wp-json\/wp\/v2\/kalender"}],"about":[{"href":"https:\/\/www.musikzeitung.ch\/it\/wp-json\/wp\/v2\/types\/kalender"}],"author":[{"embeddable":true,"href":"https:\/\/www.musikzeitung.ch\/it\/wp-json\/wp\/v2\/users\/23"}],"version-history":[{"count":1,"href":"https:\/\/www.musikzeitung.ch\/it\/wp-json\/wp\/v2\/kalender\/72270\/revisions"}],"predecessor-version":[{"id":72271,"href":"https:\/\/www.musikzeitung.ch\/it\/wp-json\/wp\/v2\/kalender\/72270\/revisions\/72271"}],"wp:featuredmedia":[{"embeddable":true,"href":"https:\/\/www.musikzeitung.ch\/it\/wp-json\/wp\/v2\/media\/72244"}],"wp:attachment":[{"href":"https:\/\/www.musikzeitung.ch\/it\/wp-json\/wp\/v2\/media?parent=72270"}],"wp:term":[{"taxonomy":"category","embeddable":true,"href":"https:\/\/www.musikzeitung.ch\/it\/wp-json\/wp\/v2\/categories?post=72270"},{"taxonomy":"post_tag","embeddable":true,"href":"https:\/\/www.musikzeitung.ch\/it\/wp-json\/wp\/v2\/tags?post=72270"}],"curies":[{"name":"wp","href":"https:\/\/api.w.org\/{rel}","templated":true}]}}