{"id":72422,"date":"2026-04-07T19:24:32","date_gmt":"2026-04-07T17:24:32","guid":{"rendered":"https:\/\/www.musikzeitung.ch\/?post_type=kalender&#038;p=72422"},"modified":"2026-04-07T19:24:32","modified_gmt":"2026-04-07T17:24:32","slug":"volksmusikfestival-altdorf-13-juni","status":"publish","type":"kalender","link":"https:\/\/www.musikzeitung.ch\/it\/kalender\/volksmusikfestival-altdorf-13-juni","title":{"rendered":"Festival di musica popolare di Altdorf - 13 giugno"},"content":{"rendered":"<p>Due palchi aperti invitano giovani e meno giovani, formazioni piccole e grandi a presentare la propria musica folk ad Altdorf.<\/p>\n<p>Nella sua ottava edizione, il festival presenta oltre 20 concerti nel Teatro Uri, nella Schl\u00fcssel-Saal, nella Sch\u00fctzenmatt, nel Caf\u00e9 Central e nella tensostruttura sulla Lehnplatz di Altdorf, dove si terranno nuovamente due serate di ballo. Due palchi aperti invitano giovani e meno giovani, formazioni piccole e grandi a presentare la propria musica folk ad Altdorf.<\/p>\n<p>Gli organizzatori sono la House of Folk Music, che festeggia il suo 20\u00b0 anniversario con musicisti provenienti da tutti i cantoni della Svizzera e che si presenta quindi con una grande partecipazione. Ad esempio, il collettivo bernese di ottoni Traktorkestar e l'orchestra di fiati Harmonie Lausannoise si esibiranno insieme sul palco. Il concerto di apertura \u00e8 gi\u00e0 un vero highlight: il compositore e fisarmonicista di Andermatt Fr\u00e4nggi Gehrig compone e arrangia un programma completo per l'orchestra del Theater Uri e lo esegue in duo con Maria Gehrig e l'orchestra.<\/p>\n<p>PROGRAMMA AL TEATRO URI:<\/p>\n<p>Venerd\u00ec, ore 19.30: Uri Theatre House Orchestra &amp; Fr\u00e4nggi e Maria Gehrig<\/p>\n<p>Sabato, ore 13.30: Alpinis - ensemble di musica popolare dell'HSLU<\/p>\n<p>Sabato, ore 15.30: Transatlantica - viaggio sonoro dalle Alpi all'oceano<\/p>\n<p>Sabato, ore 17.00 (nel foyer): Bal Folk con il Trio Carac<\/p>\n<p>Sabato, ore 20.00: Harmonie Lausannoise &amp; Traktorkestar<\/p>\n<p>Il programma dettagliato, i biglietti e ulteriori informazioni: www.volksmusikfestival.ch<\/p>\n<div class=\"usp-images-wrap\"><span class=\"usp-image-wrap\"><a href=\"https:\/\/www.musikzeitung.ch\/wp-content\/uploads\/2026\/04\/2026-04-07_69d4bf7d3b3d2_32129a33ad5338ad47417cb3d1945d72af18e3af_9253362711.png\" class=\"lightbox\" rel=\"lightbox\" title=\"\"><img loading=\"lazy\" decoding=\"async\" id=\"usp-attach-id-72423\" class=\"usp-image\" src=\"https:\/\/www.musikzeitung.ch\/wp-content\/uploads\/2026\/04\/2026-04-07_69d4bf7d3b3d2_32129a33ad5338ad47417cb3d1945d72af18e3af_9253362711.png\" width=\"802\" height=\"750\" \/><\/a><\/span><\/div>","protected":false},"author":1,"featured_media":72423,"parent":0,"template":"","meta":{"_acf_changed":false,"_relevanssi_hide_post":"","_relevanssi_hide_content":"","_relevanssi_pin_for_all":"","_relevanssi_pin_keywords":"","_relevanssi_unpin_keywords":"","_relevanssi_related_keywords":"","_relevanssi_related_include_ids":"","_relevanssi_related_exclude_ids":"","_relevanssi_related_no_append":"","_relevanssi_related_not_related":"","_relevanssi_related_posts":"","_relevanssi_noindex_reason":"","pgc_sgb_lightbox_settings":"","footnotes":""},"categories":[1574],"tags":[],"class_list":["post-72422","kalender","type-kalender","status-publish","has-post-thumbnail","hentry","category-lokales-und-globales-konzertagenda"],"acf":[],"yoast_head":"<!-- This site is optimized with the Yoast SEO plugin v27.4 - https:\/\/yoast.com\/product\/yoast-seo-wordpress\/ -->\n<title>Volksmusikfestival Altdorf \u2013 13. Juni - Schweizer Musikzeitung<\/title>\n<meta name=\"robots\" content=\"index, follow, max-snippet:-1, max-image-preview:large, max-video-preview:-1\" \/>\n<link rel=\"canonical\" href=\"https:\/\/www.musikzeitung.ch\/it\/kalender\/volksmusikfestival-altdorf-13-juni\/\" \/>\n<meta property=\"og:locale\" content=\"it_IT\" \/>\n<meta property=\"og:type\" content=\"article\" \/>\n<meta property=\"og:title\" content=\"Volksmusikfestival Altdorf \u2013 13. Juni - Schweizer Musikzeitung\" \/>\n<meta property=\"og:description\" content=\"Zwei offene B\u00fchnen laden junge und \u00e4ltere, kleinere und gr\u00f6ssere Formationen ein, ihre eigene Volksmusik in Altdorf zu pr\u00e4sentieren. In seiner 8. Ausgabe pr\u00e4sentiert das Festival \u00fcber 20 Konzerten im Theater Uri, im Schl\u00fcssel-Saal, in der Sch\u00fctzenmatt, im Caf\u00e9 Central und im Festzelt auf dem Altdorfer Lehnplatz, wo es auch wieder zwei Tanzn\u00e4chte geben wird. [&hellip;]\" \/>\n<meta property=\"og:url\" content=\"https:\/\/www.musikzeitung.ch\/it\/kalender\/volksmusikfestival-altdorf-13-juni\/\" \/>\n<meta property=\"og:site_name\" content=\"Schweizer Musikzeitung\" \/>\n<meta property=\"article:publisher\" content=\"https:\/\/www.facebook.com\/SchweizerMusikzeitung\/\" \/>\n<meta property=\"og:image\" content=\"https:\/\/www.musikzeitung.ch\/wp-content\/uploads\/2026\/04\/2026-04-07_69d4bf7d3b3d2_32129a33ad5338ad47417cb3d1945d72af18e3af_9253362711.png\" \/>\n\t<meta property=\"og:image:width\" content=\"802\" \/>\n\t<meta property=\"og:image:height\" content=\"750\" \/>\n\t<meta property=\"og:image:type\" content=\"image\/png\" \/>\n<meta name=\"twitter:card\" content=\"summary_large_image\" \/>\n<meta name=\"twitter:site\" content=\"@smusikzeitung\" \/>\n<meta name=\"twitter:label1\" content=\"Tempo di lettura stimato\" \/>\n\t<meta name=\"twitter:data1\" content=\"2 minuti\" \/>\n<script type=\"application\/ld+json\" class=\"yoast-schema-graph\">{\"@context\":\"https:\\\/\\\/schema.org\",\"@graph\":[{\"@type\":\"WebPage\",\"@id\":\"https:\\\/\\\/www.musikzeitung.ch\\\/kalender\\\/volksmusikfestival-altdorf-13-juni\",\"url\":\"https:\\\/\\\/www.musikzeitung.ch\\\/kalender\\\/volksmusikfestival-altdorf-13-juni\",\"name\":\"Volksmusikfestival Altdorf \u2013 13. Juni - Schweizer Musikzeitung\",\"isPartOf\":{\"@id\":\"https:\\\/\\\/www.musikzeitung.ch\\\/#website\"},\"primaryImageOfPage\":{\"@id\":\"https:\\\/\\\/www.musikzeitung.ch\\\/kalender\\\/volksmusikfestival-altdorf-13-juni#primaryimage\"},\"image\":{\"@id\":\"https:\\\/\\\/www.musikzeitung.ch\\\/kalender\\\/volksmusikfestival-altdorf-13-juni#primaryimage\"},\"thumbnailUrl\":\"https:\\\/\\\/www.musikzeitung.ch\\\/wp-content\\\/uploads\\\/2026\\\/04\\\/2026-04-07_69d4bf7d3b3d2_32129a33ad5338ad47417cb3d1945d72af18e3af_9253362711.png\",\"datePublished\":\"2026-04-07T17:24:32+00:00\",\"breadcrumb\":{\"@id\":\"https:\\\/\\\/www.musikzeitung.ch\\\/kalender\\\/volksmusikfestival-altdorf-13-juni#breadcrumb\"},\"inLanguage\":\"it-IT\",\"potentialAction\":[{\"@type\":\"ReadAction\",\"target\":[\"https:\\\/\\\/www.musikzeitung.ch\\\/kalender\\\/volksmusikfestival-altdorf-13-juni\"]}]},{\"@type\":\"ImageObject\",\"inLanguage\":\"it-IT\",\"@id\":\"https:\\\/\\\/www.musikzeitung.ch\\\/kalender\\\/volksmusikfestival-altdorf-13-juni#primaryimage\",\"url\":\"https:\\\/\\\/www.musikzeitung.ch\\\/wp-content\\\/uploads\\\/2026\\\/04\\\/2026-04-07_69d4bf7d3b3d2_32129a33ad5338ad47417cb3d1945d72af18e3af_9253362711.png\",\"contentUrl\":\"https:\\\/\\\/www.musikzeitung.ch\\\/wp-content\\\/uploads\\\/2026\\\/04\\\/2026-04-07_69d4bf7d3b3d2_32129a33ad5338ad47417cb3d1945d72af18e3af_9253362711.png\",\"width\":802,\"height\":750},{\"@type\":\"BreadcrumbList\",\"@id\":\"https:\\\/\\\/www.musikzeitung.ch\\\/kalender\\\/volksmusikfestival-altdorf-13-juni#breadcrumb\",\"itemListElement\":[{\"@type\":\"ListItem\",\"position\":1,\"name\":\"Home\",\"item\":\"https:\\\/\\\/www.musikzeitung.ch\\\/\"},{\"@type\":\"ListItem\",\"position\":2,\"name\":\"Kalender\",\"item\":\"https:\\\/\\\/www.musikzeitung.ch\\\/kalender\"},{\"@type\":\"ListItem\",\"position\":3,\"name\":\"Volksmusikfestival Altdorf \u2013 13. Juni\"}]},{\"@type\":\"WebSite\",\"@id\":\"https:\\\/\\\/www.musikzeitung.ch\\\/#website\",\"url\":\"https:\\\/\\\/www.musikzeitung.ch\\\/\",\"name\":\"Schweizer Musikzeitung\",\"description\":\"Die f\u00fchrende sparten\u00fcbergreifende Monatszeitung in der Schweiz f\u00fcr musikalische Fragen.\",\"publisher\":{\"@id\":\"https:\\\/\\\/www.musikzeitung.ch\\\/#organization\"},\"potentialAction\":[{\"@type\":\"SearchAction\",\"target\":{\"@type\":\"EntryPoint\",\"urlTemplate\":\"https:\\\/\\\/www.musikzeitung.ch\\\/?s={search_term_string}\"},\"query-input\":{\"@type\":\"PropertyValueSpecification\",\"valueRequired\":true,\"valueName\":\"search_term_string\"}}],\"inLanguage\":\"it-IT\"},{\"@type\":\"Organization\",\"@id\":\"https:\\\/\\\/www.musikzeitung.ch\\\/#organization\",\"name\":\"Schweizer Musikzeitung\",\"url\":\"https:\\\/\\\/www.musikzeitung.ch\\\/\",\"logo\":{\"@type\":\"ImageObject\",\"inLanguage\":\"it-IT\",\"@id\":\"https:\\\/\\\/www.musikzeitung.ch\\\/#\\\/schema\\\/logo\\\/image\\\/\",\"url\":\"https:\\\/\\\/www.musikzeitung.ch\\\/wp-content\\\/uploads\\\/2023\\\/01\\\/SMZ_Schriftzug_Sprache.png\",\"contentUrl\":\"https:\\\/\\\/www.musikzeitung.ch\\\/wp-content\\\/uploads\\\/2023\\\/01\\\/SMZ_Schriftzug_Sprache.png\",\"width\":1400,\"height\":279,\"caption\":\"Schweizer Musikzeitung\"},\"image\":{\"@id\":\"https:\\\/\\\/www.musikzeitung.ch\\\/#\\\/schema\\\/logo\\\/image\\\/\"},\"sameAs\":[\"https:\\\/\\\/www.facebook.com\\\/SchweizerMusikzeitung\\\/\",\"https:\\\/\\\/x.com\\\/smusikzeitung\",\"https:\\\/\\\/www.instagram.com\\\/musikzeitung.ch\\\/\"]}]}<\/script>\n<!-- \/ Yoast SEO plugin. -->","yoast_head_json":{"title":"Volksmusikfestival Altdorf \u2013 13. Juni - Schweizer Musikzeitung","robots":{"index":"index","follow":"follow","max-snippet":"max-snippet:-1","max-image-preview":"max-image-preview:large","max-video-preview":"max-video-preview:-1"},"canonical":"https:\/\/www.musikzeitung.ch\/it\/kalender\/volksmusikfestival-altdorf-13-juni\/","og_locale":"it_IT","og_type":"article","og_title":"Volksmusikfestival Altdorf \u2013 13. Juni - Schweizer Musikzeitung","og_description":"Zwei offene B\u00fchnen laden junge und \u00e4ltere, kleinere und gr\u00f6ssere Formationen ein, ihre eigene Volksmusik in Altdorf zu pr\u00e4sentieren. In seiner 8. Ausgabe pr\u00e4sentiert das Festival \u00fcber 20 Konzerten im Theater Uri, im Schl\u00fcssel-Saal, in der Sch\u00fctzenmatt, im Caf\u00e9 Central und im Festzelt auf dem Altdorfer Lehnplatz, wo es auch wieder zwei Tanzn\u00e4chte geben wird. [&hellip;]","og_url":"https:\/\/www.musikzeitung.ch\/it\/kalender\/volksmusikfestival-altdorf-13-juni\/","og_site_name":"Schweizer Musikzeitung","article_publisher":"https:\/\/www.facebook.com\/SchweizerMusikzeitung\/","og_image":[{"width":802,"height":750,"url":"https:\/\/www.musikzeitung.ch\/wp-content\/uploads\/2026\/04\/2026-04-07_69d4bf7d3b3d2_32129a33ad5338ad47417cb3d1945d72af18e3af_9253362711.png","type":"image\/png"}],"twitter_card":"summary_large_image","twitter_site":"@smusikzeitung","twitter_misc":{"Tempo di lettura stimato":"2 minuti"},"schema":{"@context":"https:\/\/schema.org","@graph":[{"@type":"WebPage","@id":"https:\/\/www.musikzeitung.ch\/kalender\/volksmusikfestival-altdorf-13-juni","url":"https:\/\/www.musikzeitung.ch\/kalender\/volksmusikfestival-altdorf-13-juni","name":"Volksmusikfestival Altdorf \u2013 13. Juni - Schweizer Musikzeitung","isPartOf":{"@id":"https:\/\/www.musikzeitung.ch\/#website"},"primaryImageOfPage":{"@id":"https:\/\/www.musikzeitung.ch\/kalender\/volksmusikfestival-altdorf-13-juni#primaryimage"},"image":{"@id":"https:\/\/www.musikzeitung.ch\/kalender\/volksmusikfestival-altdorf-13-juni#primaryimage"},"thumbnailUrl":"https:\/\/www.musikzeitung.ch\/wp-content\/uploads\/2026\/04\/2026-04-07_69d4bf7d3b3d2_32129a33ad5338ad47417cb3d1945d72af18e3af_9253362711.png","datePublished":"2026-04-07T17:24:32+00:00","breadcrumb":{"@id":"https:\/\/www.musikzeitung.ch\/kalender\/volksmusikfestival-altdorf-13-juni#breadcrumb"},"inLanguage":"it-IT","potentialAction":[{"@type":"ReadAction","target":["https:\/\/www.musikzeitung.ch\/kalender\/volksmusikfestival-altdorf-13-juni"]}]},{"@type":"ImageObject","inLanguage":"it-IT","@id":"https:\/\/www.musikzeitung.ch\/kalender\/volksmusikfestival-altdorf-13-juni#primaryimage","url":"https:\/\/www.musikzeitung.ch\/wp-content\/uploads\/2026\/04\/2026-04-07_69d4bf7d3b3d2_32129a33ad5338ad47417cb3d1945d72af18e3af_9253362711.png","contentUrl":"https:\/\/www.musikzeitung.ch\/wp-content\/uploads\/2026\/04\/2026-04-07_69d4bf7d3b3d2_32129a33ad5338ad47417cb3d1945d72af18e3af_9253362711.png","width":802,"height":750},{"@type":"BreadcrumbList","@id":"https:\/\/www.musikzeitung.ch\/kalender\/volksmusikfestival-altdorf-13-juni#breadcrumb","itemListElement":[{"@type":"ListItem","position":1,"name":"Home","item":"https:\/\/www.musikzeitung.ch\/"},{"@type":"ListItem","position":2,"name":"Kalender","item":"https:\/\/www.musikzeitung.ch\/kalender"},{"@type":"ListItem","position":3,"name":"Volksmusikfestival Altdorf \u2013 13. Juni"}]},{"@type":"WebSite","@id":"https:\/\/www.musikzeitung.ch\/#website","url":"https:\/\/www.musikzeitung.ch\/","name":"Giornale musicale svizzero","description":"Il principale mensile interdisciplinare della Svizzera per le questioni musicali.","publisher":{"@id":"https:\/\/www.musikzeitung.ch\/#organization"},"potentialAction":[{"@type":"SearchAction","target":{"@type":"EntryPoint","urlTemplate":"https:\/\/www.musikzeitung.ch\/?s={search_term_string}"},"query-input":{"@type":"PropertyValueSpecification","valueRequired":true,"valueName":"search_term_string"}}],"inLanguage":"it-IT"},{"@type":"Organization","@id":"https:\/\/www.musikzeitung.ch\/#organization","name":"Giornale musicale svizzero","url":"https:\/\/www.musikzeitung.ch\/","logo":{"@type":"ImageObject","inLanguage":"it-IT","@id":"https:\/\/www.musikzeitung.ch\/#\/schema\/logo\/image\/","url":"https:\/\/www.musikzeitung.ch\/wp-content\/uploads\/2023\/01\/SMZ_Schriftzug_Sprache.png","contentUrl":"https:\/\/www.musikzeitung.ch\/wp-content\/uploads\/2023\/01\/SMZ_Schriftzug_Sprache.png","width":1400,"height":279,"caption":"Schweizer Musikzeitung"},"image":{"@id":"https:\/\/www.musikzeitung.ch\/#\/schema\/logo\/image\/"},"sameAs":["https:\/\/www.facebook.com\/SchweizerMusikzeitung\/","https:\/\/x.com\/smusikzeitung","https:\/\/www.instagram.com\/musikzeitung.ch\/"]}]}},"publishpress_future_action":{"enabled":true,"date":"2026-06-13 12:25:00","action":"change-status","newStatus":"trash","terms":[0],"taxonomy":"category","extraData":[]},"publishpress_future_workflow_manual_trigger":{"enabledWorkflows":[]},"_links":{"self":[{"href":"https:\/\/www.musikzeitung.ch\/it\/wp-json\/wp\/v2\/kalender\/72422","targetHints":{"allow":["GET"]}}],"collection":[{"href":"https:\/\/www.musikzeitung.ch\/it\/wp-json\/wp\/v2\/kalender"}],"about":[{"href":"https:\/\/www.musikzeitung.ch\/it\/wp-json\/wp\/v2\/types\/kalender"}],"author":[{"embeddable":true,"href":"https:\/\/www.musikzeitung.ch\/it\/wp-json\/wp\/v2\/users\/1"}],"version-history":[{"count":1,"href":"https:\/\/www.musikzeitung.ch\/it\/wp-json\/wp\/v2\/kalender\/72422\/revisions"}],"predecessor-version":[{"id":72444,"href":"https:\/\/www.musikzeitung.ch\/it\/wp-json\/wp\/v2\/kalender\/72422\/revisions\/72444"}],"wp:featuredmedia":[{"embeddable":true,"href":"https:\/\/www.musikzeitung.ch\/it\/wp-json\/wp\/v2\/media\/72423"}],"wp:attachment":[{"href":"https:\/\/www.musikzeitung.ch\/it\/wp-json\/wp\/v2\/media?parent=72422"}],"wp:term":[{"taxonomy":"category","embeddable":true,"href":"https:\/\/www.musikzeitung.ch\/it\/wp-json\/wp\/v2\/categories?post=72422"},{"taxonomy":"post_tag","embeddable":true,"href":"https:\/\/www.musikzeitung.ch\/it\/wp-json\/wp\/v2\/tags?post=72422"}],"curies":[{"name":"wp","href":"https:\/\/api.w.org\/{rel}","templated":true}]}}