{"id":72466,"date":"2026-04-09T08:22:31","date_gmt":"2026-04-09T06:22:31","guid":{"rendered":"https:\/\/www.musikzeitung.ch\/?post_type=kalender&#038;p=72466"},"modified":"2026-04-09T08:22:31","modified_gmt":"2026-04-09T06:22:31","slug":"filmmusik-im-volkshaus-zuerch-best-of-john-williams","status":"publish","type":"kalender","link":"https:\/\/www.musikzeitung.ch\/it\/kalender\/filmmusik-im-volkshaus-zuerch-best-of-john-williams","title":{"rendered":"Musica da film al Volkshaus di Zurigo | Il meglio di John Williams"},"content":{"rendered":"<p>Siete pronti per uno spettacolo orchestrale che vi catapulta nel cuore dei grandi classici del cinema e dei moderni blockbuster? Scoprite come l'Orchestra del Cinema di Zurigo d\u00e0 vita alle magiche colonne sonore sul palco - in modo dinamico, dal vivo e con una qualit\u00e0 sonora mozzafiato.<\/p>\n<p>Un evento cinematografico che far\u00e0 battere il cuore di ogni appassionato di cinema. Acquistate subito i biglietti per una serata all'insegna delle colonne sonore al Volkshaus di Zurigo!<\/p>\n<div class=\"usp-images-wrap\"><span class=\"usp-image-wrap\"><a href=\"https:\/\/www.musikzeitung.ch\/wp-content\/uploads\/2026\/04\/2026-04-08_69d658942dc14_1080x1080.jpg\" class=\"lightbox\" rel=\"lightbox\" title=\"\"><img loading=\"lazy\" decoding=\"async\" id=\"usp-attach-id-72467\" class=\"usp-image\" src=\"https:\/\/www.musikzeitung.ch\/wp-content\/uploads\/2026\/04\/2026-04-08_69d658942dc14_1080x1080.jpg\" width=\"1000\" height=\"1000\" \/><\/a><\/span><\/div>","protected":false},"author":1,"featured_media":72467,"parent":0,"template":"","meta":{"_acf_changed":false,"_relevanssi_hide_post":"","_relevanssi_hide_content":"","_relevanssi_pin_for_all":"","_relevanssi_pin_keywords":"","_relevanssi_unpin_keywords":"","_relevanssi_related_keywords":"","_relevanssi_related_include_ids":"","_relevanssi_related_exclude_ids":"","_relevanssi_related_no_append":"","_relevanssi_related_not_related":"","_relevanssi_related_posts":"","_relevanssi_noindex_reason":"","pgc_sgb_lightbox_settings":"","footnotes":""},"categories":[1573],"tags":[],"class_list":["post-72466","kalender","type-kalender","status-publish","has-post-thumbnail","hentry","category-rock-und-pop-konzertagenda"],"acf":[],"yoast_head":"<!-- This site is optimized with the Yoast SEO plugin v27.5 - https:\/\/yoast.com\/product\/yoast-seo-wordpress\/ -->\n<title>Filmmusik im Volkshaus Z\u00fcrch | Best Of John Williams - Schweizer Musikzeitung<\/title>\n<meta name=\"robots\" content=\"index, follow, max-snippet:-1, max-image-preview:large, max-video-preview:-1\" \/>\n<link rel=\"canonical\" href=\"https:\/\/www.musikzeitung.ch\/it\/kalender\/filmmusik-im-volkshaus-zuerch-best-of-john-williams\/\" \/>\n<meta property=\"og:locale\" content=\"it_IT\" \/>\n<meta property=\"og:type\" content=\"article\" \/>\n<meta property=\"og:title\" content=\"Filmmusik im Volkshaus Z\u00fcrch | Best Of John Williams - Schweizer Musikzeitung\" \/>\n<meta property=\"og:description\" content=\"Bereit f\u00fcr ein orchestrales Spektakel, welches dich mitten ins Herz der grossen Filmklassiker und modernen Blockbuster katapultiert? Erlebe, wie das Z\u00fcrcher Filmorchester die magischen Soundtracks auf der B\u00fchne zum Leben erweckt \u2013 dynamisch, live und in atemberaubender Klangqualit\u00e4t. Ein cineastisches Highlight, das jedes Filmfan-Herz h\u00f6her schlagen l\u00e4sst. Sichere dir jetzt Tickets f\u00fcr den ultimativen Soundtrack-Abend [&hellip;]\" \/>\n<meta property=\"og:url\" content=\"https:\/\/www.musikzeitung.ch\/it\/kalender\/filmmusik-im-volkshaus-zuerch-best-of-john-williams\/\" \/>\n<meta property=\"og:site_name\" content=\"Schweizer Musikzeitung\" \/>\n<meta property=\"article:publisher\" content=\"https:\/\/www.facebook.com\/SchweizerMusikzeitung\/\" \/>\n<meta property=\"og:image\" content=\"https:\/\/www.musikzeitung.ch\/wp-content\/uploads\/2026\/04\/2026-04-08_69d658942dc14_1080x1080.jpg\" \/>\n\t<meta property=\"og:image:width\" content=\"2250\" \/>\n\t<meta property=\"og:image:height\" content=\"2250\" \/>\n\t<meta property=\"og:image:type\" content=\"image\/jpeg\" \/>\n<meta name=\"twitter:card\" content=\"summary_large_image\" \/>\n<meta name=\"twitter:site\" content=\"@smusikzeitung\" \/>\n<meta name=\"twitter:label1\" content=\"Tempo di lettura stimato\" \/>\n\t<meta name=\"twitter:data1\" content=\"1 minuto\" \/>\n<script type=\"application\/ld+json\" class=\"yoast-schema-graph\">{\"@context\":\"https:\\\/\\\/schema.org\",\"@graph\":[{\"@type\":\"WebPage\",\"@id\":\"https:\\\/\\\/www.musikzeitung.ch\\\/kalender\\\/filmmusik-im-volkshaus-zuerch-best-of-john-williams\",\"url\":\"https:\\\/\\\/www.musikzeitung.ch\\\/kalender\\\/filmmusik-im-volkshaus-zuerch-best-of-john-williams\",\"name\":\"Filmmusik im Volkshaus Z\u00fcrch | Best Of John Williams - Schweizer Musikzeitung\",\"isPartOf\":{\"@id\":\"https:\\\/\\\/www.musikzeitung.ch\\\/#website\"},\"primaryImageOfPage\":{\"@id\":\"https:\\\/\\\/www.musikzeitung.ch\\\/kalender\\\/filmmusik-im-volkshaus-zuerch-best-of-john-williams#primaryimage\"},\"image\":{\"@id\":\"https:\\\/\\\/www.musikzeitung.ch\\\/kalender\\\/filmmusik-im-volkshaus-zuerch-best-of-john-williams#primaryimage\"},\"thumbnailUrl\":\"https:\\\/\\\/www.musikzeitung.ch\\\/wp-content\\\/uploads\\\/2026\\\/04\\\/2026-04-08_69d658942dc14_1080x1080.jpg\",\"datePublished\":\"2026-04-09T06:22:31+00:00\",\"breadcrumb\":{\"@id\":\"https:\\\/\\\/www.musikzeitung.ch\\\/kalender\\\/filmmusik-im-volkshaus-zuerch-best-of-john-williams#breadcrumb\"},\"inLanguage\":\"it-IT\",\"potentialAction\":[{\"@type\":\"ReadAction\",\"target\":[\"https:\\\/\\\/www.musikzeitung.ch\\\/kalender\\\/filmmusik-im-volkshaus-zuerch-best-of-john-williams\"]}]},{\"@type\":\"ImageObject\",\"inLanguage\":\"it-IT\",\"@id\":\"https:\\\/\\\/www.musikzeitung.ch\\\/kalender\\\/filmmusik-im-volkshaus-zuerch-best-of-john-williams#primaryimage\",\"url\":\"https:\\\/\\\/www.musikzeitung.ch\\\/wp-content\\\/uploads\\\/2026\\\/04\\\/2026-04-08_69d658942dc14_1080x1080.jpg\",\"contentUrl\":\"https:\\\/\\\/www.musikzeitung.ch\\\/wp-content\\\/uploads\\\/2026\\\/04\\\/2026-04-08_69d658942dc14_1080x1080.jpg\",\"width\":1000,\"height\":1000},{\"@type\":\"BreadcrumbList\",\"@id\":\"https:\\\/\\\/www.musikzeitung.ch\\\/kalender\\\/filmmusik-im-volkshaus-zuerch-best-of-john-williams#breadcrumb\",\"itemListElement\":[{\"@type\":\"ListItem\",\"position\":1,\"name\":\"Home\",\"item\":\"https:\\\/\\\/www.musikzeitung.ch\\\/\"},{\"@type\":\"ListItem\",\"position\":2,\"name\":\"Kalender\",\"item\":\"https:\\\/\\\/www.musikzeitung.ch\\\/kalender\"},{\"@type\":\"ListItem\",\"position\":3,\"name\":\"Filmmusik im Volkshaus Z\u00fcrch | Best Of John Williams\"}]},{\"@type\":\"WebSite\",\"@id\":\"https:\\\/\\\/www.musikzeitung.ch\\\/#website\",\"url\":\"https:\\\/\\\/www.musikzeitung.ch\\\/\",\"name\":\"Schweizer Musikzeitung\",\"description\":\"Die f\u00fchrende sparten\u00fcbergreifende Monatszeitung in der Schweiz f\u00fcr musikalische Fragen.\",\"publisher\":{\"@id\":\"https:\\\/\\\/www.musikzeitung.ch\\\/#organization\"},\"potentialAction\":[{\"@type\":\"SearchAction\",\"target\":{\"@type\":\"EntryPoint\",\"urlTemplate\":\"https:\\\/\\\/www.musikzeitung.ch\\\/?s={search_term_string}\"},\"query-input\":{\"@type\":\"PropertyValueSpecification\",\"valueRequired\":true,\"valueName\":\"search_term_string\"}}],\"inLanguage\":\"it-IT\"},{\"@type\":\"Organization\",\"@id\":\"https:\\\/\\\/www.musikzeitung.ch\\\/#organization\",\"name\":\"Schweizer Musikzeitung\",\"url\":\"https:\\\/\\\/www.musikzeitung.ch\\\/\",\"logo\":{\"@type\":\"ImageObject\",\"inLanguage\":\"it-IT\",\"@id\":\"https:\\\/\\\/www.musikzeitung.ch\\\/#\\\/schema\\\/logo\\\/image\\\/\",\"url\":\"https:\\\/\\\/www.musikzeitung.ch\\\/wp-content\\\/uploads\\\/2023\\\/01\\\/SMZ_Schriftzug_Sprache.png\",\"contentUrl\":\"https:\\\/\\\/www.musikzeitung.ch\\\/wp-content\\\/uploads\\\/2023\\\/01\\\/SMZ_Schriftzug_Sprache.png\",\"width\":1400,\"height\":279,\"caption\":\"Schweizer Musikzeitung\"},\"image\":{\"@id\":\"https:\\\/\\\/www.musikzeitung.ch\\\/#\\\/schema\\\/logo\\\/image\\\/\"},\"sameAs\":[\"https:\\\/\\\/www.facebook.com\\\/SchweizerMusikzeitung\\\/\",\"https:\\\/\\\/x.com\\\/smusikzeitung\",\"https:\\\/\\\/www.instagram.com\\\/musikzeitung.ch\\\/\"]}]}<\/script>\n<!-- \/ Yoast SEO plugin. -->","yoast_head_json":{"title":"Filmmusik im Volkshaus Z\u00fcrch | Best Of John Williams - Schweizer Musikzeitung","robots":{"index":"index","follow":"follow","max-snippet":"max-snippet:-1","max-image-preview":"max-image-preview:large","max-video-preview":"max-video-preview:-1"},"canonical":"https:\/\/www.musikzeitung.ch\/it\/kalender\/filmmusik-im-volkshaus-zuerch-best-of-john-williams\/","og_locale":"it_IT","og_type":"article","og_title":"Filmmusik im Volkshaus Z\u00fcrch | Best Of John Williams - Schweizer Musikzeitung","og_description":"Bereit f\u00fcr ein orchestrales Spektakel, welches dich mitten ins Herz der grossen Filmklassiker und modernen Blockbuster katapultiert? Erlebe, wie das Z\u00fcrcher Filmorchester die magischen Soundtracks auf der B\u00fchne zum Leben erweckt \u2013 dynamisch, live und in atemberaubender Klangqualit\u00e4t. Ein cineastisches Highlight, das jedes Filmfan-Herz h\u00f6her schlagen l\u00e4sst. Sichere dir jetzt Tickets f\u00fcr den ultimativen Soundtrack-Abend [&hellip;]","og_url":"https:\/\/www.musikzeitung.ch\/it\/kalender\/filmmusik-im-volkshaus-zuerch-best-of-john-williams\/","og_site_name":"Schweizer Musikzeitung","article_publisher":"https:\/\/www.facebook.com\/SchweizerMusikzeitung\/","og_image":[{"width":2250,"height":2250,"url":"https:\/\/www.musikzeitung.ch\/wp-content\/uploads\/2026\/04\/2026-04-08_69d658942dc14_1080x1080.jpg","type":"image\/jpeg"}],"twitter_card":"summary_large_image","twitter_site":"@smusikzeitung","twitter_misc":{"Tempo di lettura stimato":"1 minuto"},"schema":{"@context":"https:\/\/schema.org","@graph":[{"@type":"WebPage","@id":"https:\/\/www.musikzeitung.ch\/kalender\/filmmusik-im-volkshaus-zuerch-best-of-john-williams","url":"https:\/\/www.musikzeitung.ch\/kalender\/filmmusik-im-volkshaus-zuerch-best-of-john-williams","name":"Filmmusik im Volkshaus Z\u00fcrch | Best Of John Williams - Schweizer Musikzeitung","isPartOf":{"@id":"https:\/\/www.musikzeitung.ch\/#website"},"primaryImageOfPage":{"@id":"https:\/\/www.musikzeitung.ch\/kalender\/filmmusik-im-volkshaus-zuerch-best-of-john-williams#primaryimage"},"image":{"@id":"https:\/\/www.musikzeitung.ch\/kalender\/filmmusik-im-volkshaus-zuerch-best-of-john-williams#primaryimage"},"thumbnailUrl":"https:\/\/www.musikzeitung.ch\/wp-content\/uploads\/2026\/04\/2026-04-08_69d658942dc14_1080x1080.jpg","datePublished":"2026-04-09T06:22:31+00:00","breadcrumb":{"@id":"https:\/\/www.musikzeitung.ch\/kalender\/filmmusik-im-volkshaus-zuerch-best-of-john-williams#breadcrumb"},"inLanguage":"it-IT","potentialAction":[{"@type":"ReadAction","target":["https:\/\/www.musikzeitung.ch\/kalender\/filmmusik-im-volkshaus-zuerch-best-of-john-williams"]}]},{"@type":"ImageObject","inLanguage":"it-IT","@id":"https:\/\/www.musikzeitung.ch\/kalender\/filmmusik-im-volkshaus-zuerch-best-of-john-williams#primaryimage","url":"https:\/\/www.musikzeitung.ch\/wp-content\/uploads\/2026\/04\/2026-04-08_69d658942dc14_1080x1080.jpg","contentUrl":"https:\/\/www.musikzeitung.ch\/wp-content\/uploads\/2026\/04\/2026-04-08_69d658942dc14_1080x1080.jpg","width":1000,"height":1000},{"@type":"BreadcrumbList","@id":"https:\/\/www.musikzeitung.ch\/kalender\/filmmusik-im-volkshaus-zuerch-best-of-john-williams#breadcrumb","itemListElement":[{"@type":"ListItem","position":1,"name":"Home","item":"https:\/\/www.musikzeitung.ch\/"},{"@type":"ListItem","position":2,"name":"Kalender","item":"https:\/\/www.musikzeitung.ch\/kalender"},{"@type":"ListItem","position":3,"name":"Filmmusik im Volkshaus Z\u00fcrch | Best Of John Williams"}]},{"@type":"WebSite","@id":"https:\/\/www.musikzeitung.ch\/#website","url":"https:\/\/www.musikzeitung.ch\/","name":"Giornale musicale svizzero","description":"Il principale mensile interdisciplinare della Svizzera per le questioni musicali.","publisher":{"@id":"https:\/\/www.musikzeitung.ch\/#organization"},"potentialAction":[{"@type":"SearchAction","target":{"@type":"EntryPoint","urlTemplate":"https:\/\/www.musikzeitung.ch\/?s={search_term_string}"},"query-input":{"@type":"PropertyValueSpecification","valueRequired":true,"valueName":"search_term_string"}}],"inLanguage":"it-IT"},{"@type":"Organization","@id":"https:\/\/www.musikzeitung.ch\/#organization","name":"Giornale musicale svizzero","url":"https:\/\/www.musikzeitung.ch\/","logo":{"@type":"ImageObject","inLanguage":"it-IT","@id":"https:\/\/www.musikzeitung.ch\/#\/schema\/logo\/image\/","url":"https:\/\/www.musikzeitung.ch\/wp-content\/uploads\/2023\/01\/SMZ_Schriftzug_Sprache.png","contentUrl":"https:\/\/www.musikzeitung.ch\/wp-content\/uploads\/2023\/01\/SMZ_Schriftzug_Sprache.png","width":1400,"height":279,"caption":"Schweizer Musikzeitung"},"image":{"@id":"https:\/\/www.musikzeitung.ch\/#\/schema\/logo\/image\/"},"sameAs":["https:\/\/www.facebook.com\/SchweizerMusikzeitung\/","https:\/\/x.com\/smusikzeitung","https:\/\/www.instagram.com\/musikzeitung.ch\/"]}]}},"publishpress_future_action":{"enabled":true,"date":"2026-06-20 19:59:00","action":"change-status","newStatus":"trash","terms":[0],"taxonomy":"category","extraData":[]},"publishpress_future_workflow_manual_trigger":{"enabledWorkflows":[]},"_links":{"self":[{"href":"https:\/\/www.musikzeitung.ch\/it\/wp-json\/wp\/v2\/kalender\/72466","targetHints":{"allow":["GET"]}}],"collection":[{"href":"https:\/\/www.musikzeitung.ch\/it\/wp-json\/wp\/v2\/kalender"}],"about":[{"href":"https:\/\/www.musikzeitung.ch\/it\/wp-json\/wp\/v2\/types\/kalender"}],"author":[{"embeddable":true,"href":"https:\/\/www.musikzeitung.ch\/it\/wp-json\/wp\/v2\/users\/1"}],"version-history":[{"count":1,"href":"https:\/\/www.musikzeitung.ch\/it\/wp-json\/wp\/v2\/kalender\/72466\/revisions"}],"predecessor-version":[{"id":72481,"href":"https:\/\/www.musikzeitung.ch\/it\/wp-json\/wp\/v2\/kalender\/72466\/revisions\/72481"}],"wp:featuredmedia":[{"embeddable":true,"href":"https:\/\/www.musikzeitung.ch\/it\/wp-json\/wp\/v2\/media\/72467"}],"wp:attachment":[{"href":"https:\/\/www.musikzeitung.ch\/it\/wp-json\/wp\/v2\/media?parent=72466"}],"wp:term":[{"taxonomy":"category","embeddable":true,"href":"https:\/\/www.musikzeitung.ch\/it\/wp-json\/wp\/v2\/categories?post=72466"},{"taxonomy":"post_tag","embeddable":true,"href":"https:\/\/www.musikzeitung.ch\/it\/wp-json\/wp\/v2\/tags?post=72466"}],"curies":[{"name":"wp","href":"https:\/\/api.w.org\/{rel}","templated":true}]}}