{"id":72539,"date":"2026-04-13T07:59:17","date_gmt":"2026-04-13T05:59:17","guid":{"rendered":"https:\/\/www.musikzeitung.ch\/?post_type=kalender&#038;p=72539"},"modified":"2026-04-13T08:00:53","modified_gmt":"2026-04-13T06:00:53","slug":"oratorienchor-zuerich-werkstattkonzert-verdi-and-friends","status":"publish","type":"kalender","link":"https:\/\/www.musikzeitung.ch\/it\/kalender\/oratorienchor-zuerich-werkstattkonzert-verdi-and-friends","title":{"rendered":"Coro dell'Oratorio di Zurigo - Concerto laboratorio, Verdi e amici"},"content":{"rendered":"<p>Werkstattkonzert, das t\u00f6nt nach \u00abWork in Progress\u00bb, nach noch nicht ganz Fertigem mit Ecken und Kanten, nach etwas, das noch im Entstehen begriffen ist. Und genau das m\u00f6chten wir Ihnen am 9. Mai 2026 im Kirchgemeindehaus Aussersihl pr\u00e4sentieren: einen Blick hinter die Kulissen unseres Schaffens. Wir wollen Ihnen die Gelegenheit bieten, Einblick in unsere Probearbeit und unsere Auseinandersetzung mit dem aktuellen Werk zu erhalten.<\/p>\n<p>Gleichzeitig soll der Anlass neugierig darauf machen, was Sie mit dem Oratorienchor in diesem Jahr noch erwartet. Fu\u0308r unser diesj\u00e4hriges Konzert haben wir uns n\u00e4mlich einen der absoluten H\u00f6hepunkte der Musik des 19. Jahrhunderts vorgenommen \u2013 Giuseppe Verdis \u00abMessa da Requiem\u00bb.<br \/>\nAnl\u00e4sslich des Werkstattkonzerts werden wir Ihnen einige Auszu\u0308ge aus dem Werk pr\u00e4sentieren und das Requiem, kombiniert mit Werken unter anderem von Bepi de Marzi, Gioacchino Rossini und Luigi Denza, in den Kontext des Musikschaffens seiner Entstehungszeit stellen.<br \/>\nDas gesamte Requiem fu\u0308hren wir zusammen mit dem Vokalensemble Ars Canora, dem Orchester Camerata Cantabile und Vokalsolisten am 20. November 2026 in der Tonhalle in Zu\u0308rich sowie am 21. November 2026 in der Stadtkirche Aarau auf.<\/p>\n<div class=\"usp-images-wrap\"><span class=\"usp-image-wrap\"><a href=\"https:\/\/www.musikzeitung.ch\/wp-content\/uploads\/2026\/04\/2026-04-12_69db861151d2c_Werkstattkonzert_Quadrat.jpg\" class=\"lightbox\" rel=\"lightbox\" title=\"\"><img loading=\"lazy\" decoding=\"async\" id=\"usp-attach-id-72540\" class=\"usp-image\" src=\"https:\/\/www.musikzeitung.ch\/wp-content\/uploads\/2026\/04\/2026-04-12_69db861151d2c_Werkstattkonzert_Quadrat.jpg\" width=\"1000\" height=\"1000\" \/><\/a><\/span><\/div>","protected":false},"author":1,"featured_media":72540,"parent":0,"template":"","meta":{"_acf_changed":false,"_relevanssi_hide_post":"","_relevanssi_hide_content":"","_relevanssi_pin_for_all":"","_relevanssi_pin_keywords":"","_relevanssi_unpin_keywords":"","_relevanssi_related_keywords":"","_relevanssi_related_include_ids":"","_relevanssi_related_exclude_ids":"","_relevanssi_related_no_append":"","_relevanssi_related_not_related":"","_relevanssi_related_posts":"","_relevanssi_noindex_reason":"","pgc_sgb_lightbox_settings":"","footnotes":""},"categories":[1571],"tags":[],"class_list":["post-72539","kalender","type-kalender","status-publish","has-post-thumbnail","hentry","category-klassik-konzertagenda"],"acf":[],"yoast_head":"<!-- This site is optimized with the Yoast SEO plugin v27.4 - https:\/\/yoast.com\/product\/yoast-seo-wordpress\/ -->\n<title>Oratorienchor Z\u00fcrich - Werkstattkonzert, Verdi and friends - Schweizer Musikzeitung<\/title>\n<meta name=\"robots\" content=\"index, follow, max-snippet:-1, max-image-preview:large, max-video-preview:-1\" \/>\n<link rel=\"canonical\" href=\"https:\/\/www.musikzeitung.ch\/it\/kalender\/oratorienchor-zuerich-werkstattkonzert-verdi-and-friends\/\" \/>\n<meta property=\"og:locale\" content=\"it_IT\" \/>\n<meta property=\"og:type\" content=\"article\" \/>\n<meta property=\"og:title\" content=\"Oratorienchor Z\u00fcrich - Werkstattkonzert, Verdi and friends - Schweizer Musikzeitung\" \/>\n<meta property=\"og:description\" content=\"Werkstattkonzert, das t\u00f6nt nach \u00abWork in Progress\u00bb, nach noch nicht ganz Fertigem mit Ecken und Kanten, nach etwas, das noch im Entstehen begriffen ist. Und genau das m\u00f6chten wir Ihnen am 9. Mai 2026 im Kirchgemeindehaus Aussersihl pr\u00e4sentieren: einen Blick hinter die Kulissen unseres Schaffens. Wir wollen Ihnen die Gelegenheit bieten, Einblick in unsere Probearbeit [&hellip;]\" \/>\n<meta property=\"og:url\" content=\"https:\/\/www.musikzeitung.ch\/it\/kalender\/oratorienchor-zuerich-werkstattkonzert-verdi-and-friends\/\" \/>\n<meta property=\"og:site_name\" content=\"Schweizer Musikzeitung\" \/>\n<meta property=\"article:publisher\" content=\"https:\/\/www.facebook.com\/SchweizerMusikzeitung\/\" \/>\n<meta property=\"article:modified_time\" content=\"2026-04-13T06:00:53+00:00\" \/>\n<meta property=\"og:image\" content=\"https:\/\/www.musikzeitung.ch\/wp-content\/uploads\/2026\/04\/2026-04-12_69db861151d2c_Werkstattkonzert_Quadrat.jpg\" \/>\n\t<meta property=\"og:image:width\" content=\"2339\" \/>\n\t<meta property=\"og:image:height\" content=\"2339\" \/>\n\t<meta property=\"og:image:type\" content=\"image\/jpeg\" \/>\n<meta name=\"twitter:card\" content=\"summary_large_image\" \/>\n<meta name=\"twitter:site\" content=\"@smusikzeitung\" \/>\n<meta name=\"twitter:label1\" content=\"Tempo di lettura stimato\" \/>\n\t<meta name=\"twitter:data1\" content=\"2 minuti\" \/>\n<script type=\"application\/ld+json\" class=\"yoast-schema-graph\">{\"@context\":\"https:\\\/\\\/schema.org\",\"@graph\":[{\"@type\":\"WebPage\",\"@id\":\"https:\\\/\\\/www.musikzeitung.ch\\\/kalender\\\/oratorienchor-zuerich-werkstattkonzert-verdi-and-friends\",\"url\":\"https:\\\/\\\/www.musikzeitung.ch\\\/kalender\\\/oratorienchor-zuerich-werkstattkonzert-verdi-and-friends\",\"name\":\"Oratorienchor Z\u00fcrich - Werkstattkonzert, Verdi and friends - Schweizer Musikzeitung\",\"isPartOf\":{\"@id\":\"https:\\\/\\\/www.musikzeitung.ch\\\/#website\"},\"primaryImageOfPage\":{\"@id\":\"https:\\\/\\\/www.musikzeitung.ch\\\/kalender\\\/oratorienchor-zuerich-werkstattkonzert-verdi-and-friends#primaryimage\"},\"image\":{\"@id\":\"https:\\\/\\\/www.musikzeitung.ch\\\/kalender\\\/oratorienchor-zuerich-werkstattkonzert-verdi-and-friends#primaryimage\"},\"thumbnailUrl\":\"https:\\\/\\\/www.musikzeitung.ch\\\/wp-content\\\/uploads\\\/2026\\\/04\\\/2026-04-12_69db861151d2c_Werkstattkonzert_Quadrat.jpg\",\"datePublished\":\"2026-04-13T05:59:17+00:00\",\"dateModified\":\"2026-04-13T06:00:53+00:00\",\"breadcrumb\":{\"@id\":\"https:\\\/\\\/www.musikzeitung.ch\\\/kalender\\\/oratorienchor-zuerich-werkstattkonzert-verdi-and-friends#breadcrumb\"},\"inLanguage\":\"it-IT\",\"potentialAction\":[{\"@type\":\"ReadAction\",\"target\":[\"https:\\\/\\\/www.musikzeitung.ch\\\/kalender\\\/oratorienchor-zuerich-werkstattkonzert-verdi-and-friends\"]}]},{\"@type\":\"ImageObject\",\"inLanguage\":\"it-IT\",\"@id\":\"https:\\\/\\\/www.musikzeitung.ch\\\/kalender\\\/oratorienchor-zuerich-werkstattkonzert-verdi-and-friends#primaryimage\",\"url\":\"https:\\\/\\\/www.musikzeitung.ch\\\/wp-content\\\/uploads\\\/2026\\\/04\\\/2026-04-12_69db861151d2c_Werkstattkonzert_Quadrat.jpg\",\"contentUrl\":\"https:\\\/\\\/www.musikzeitung.ch\\\/wp-content\\\/uploads\\\/2026\\\/04\\\/2026-04-12_69db861151d2c_Werkstattkonzert_Quadrat.jpg\",\"width\":1000,\"height\":1000},{\"@type\":\"BreadcrumbList\",\"@id\":\"https:\\\/\\\/www.musikzeitung.ch\\\/kalender\\\/oratorienchor-zuerich-werkstattkonzert-verdi-and-friends#breadcrumb\",\"itemListElement\":[{\"@type\":\"ListItem\",\"position\":1,\"name\":\"Home\",\"item\":\"https:\\\/\\\/www.musikzeitung.ch\\\/\"},{\"@type\":\"ListItem\",\"position\":2,\"name\":\"Kalender\",\"item\":\"https:\\\/\\\/www.musikzeitung.ch\\\/kalender\"},{\"@type\":\"ListItem\",\"position\":3,\"name\":\"Oratorienchor Z\u00fcrich &#8211; Werkstattkonzert, Verdi and friends\"}]},{\"@type\":\"WebSite\",\"@id\":\"https:\\\/\\\/www.musikzeitung.ch\\\/#website\",\"url\":\"https:\\\/\\\/www.musikzeitung.ch\\\/\",\"name\":\"Schweizer Musikzeitung\",\"description\":\"Die f\u00fchrende sparten\u00fcbergreifende Monatszeitung in der Schweiz f\u00fcr musikalische Fragen.\",\"publisher\":{\"@id\":\"https:\\\/\\\/www.musikzeitung.ch\\\/#organization\"},\"potentialAction\":[{\"@type\":\"SearchAction\",\"target\":{\"@type\":\"EntryPoint\",\"urlTemplate\":\"https:\\\/\\\/www.musikzeitung.ch\\\/?s={search_term_string}\"},\"query-input\":{\"@type\":\"PropertyValueSpecification\",\"valueRequired\":true,\"valueName\":\"search_term_string\"}}],\"inLanguage\":\"it-IT\"},{\"@type\":\"Organization\",\"@id\":\"https:\\\/\\\/www.musikzeitung.ch\\\/#organization\",\"name\":\"Schweizer Musikzeitung\",\"url\":\"https:\\\/\\\/www.musikzeitung.ch\\\/\",\"logo\":{\"@type\":\"ImageObject\",\"inLanguage\":\"it-IT\",\"@id\":\"https:\\\/\\\/www.musikzeitung.ch\\\/#\\\/schema\\\/logo\\\/image\\\/\",\"url\":\"https:\\\/\\\/www.musikzeitung.ch\\\/wp-content\\\/uploads\\\/2023\\\/01\\\/SMZ_Schriftzug_Sprache.png\",\"contentUrl\":\"https:\\\/\\\/www.musikzeitung.ch\\\/wp-content\\\/uploads\\\/2023\\\/01\\\/SMZ_Schriftzug_Sprache.png\",\"width\":1400,\"height\":279,\"caption\":\"Schweizer Musikzeitung\"},\"image\":{\"@id\":\"https:\\\/\\\/www.musikzeitung.ch\\\/#\\\/schema\\\/logo\\\/image\\\/\"},\"sameAs\":[\"https:\\\/\\\/www.facebook.com\\\/SchweizerMusikzeitung\\\/\",\"https:\\\/\\\/x.com\\\/smusikzeitung\",\"https:\\\/\\\/www.instagram.com\\\/musikzeitung.ch\\\/\"]}]}<\/script>\n<!-- \/ Yoast SEO plugin. -->","yoast_head_json":{"title":"Oratorienchor Z\u00fcrich - Werkstattkonzert, Verdi and friends - Schweizer Musikzeitung","robots":{"index":"index","follow":"follow","max-snippet":"max-snippet:-1","max-image-preview":"max-image-preview:large","max-video-preview":"max-video-preview:-1"},"canonical":"https:\/\/www.musikzeitung.ch\/it\/kalender\/oratorienchor-zuerich-werkstattkonzert-verdi-and-friends\/","og_locale":"it_IT","og_type":"article","og_title":"Oratorienchor Z\u00fcrich - Werkstattkonzert, Verdi and friends - Schweizer Musikzeitung","og_description":"Werkstattkonzert, das t\u00f6nt nach \u00abWork in Progress\u00bb, nach noch nicht ganz Fertigem mit Ecken und Kanten, nach etwas, das noch im Entstehen begriffen ist. Und genau das m\u00f6chten wir Ihnen am 9. Mai 2026 im Kirchgemeindehaus Aussersihl pr\u00e4sentieren: einen Blick hinter die Kulissen unseres Schaffens. Wir wollen Ihnen die Gelegenheit bieten, Einblick in unsere Probearbeit [&hellip;]","og_url":"https:\/\/www.musikzeitung.ch\/it\/kalender\/oratorienchor-zuerich-werkstattkonzert-verdi-and-friends\/","og_site_name":"Schweizer Musikzeitung","article_publisher":"https:\/\/www.facebook.com\/SchweizerMusikzeitung\/","article_modified_time":"2026-04-13T06:00:53+00:00","og_image":[{"width":2339,"height":2339,"url":"https:\/\/www.musikzeitung.ch\/wp-content\/uploads\/2026\/04\/2026-04-12_69db861151d2c_Werkstattkonzert_Quadrat.jpg","type":"image\/jpeg"}],"twitter_card":"summary_large_image","twitter_site":"@smusikzeitung","twitter_misc":{"Tempo di lettura stimato":"2 minuti"},"schema":{"@context":"https:\/\/schema.org","@graph":[{"@type":"WebPage","@id":"https:\/\/www.musikzeitung.ch\/kalender\/oratorienchor-zuerich-werkstattkonzert-verdi-and-friends","url":"https:\/\/www.musikzeitung.ch\/kalender\/oratorienchor-zuerich-werkstattkonzert-verdi-and-friends","name":"Oratorienchor Z\u00fcrich - Werkstattkonzert, Verdi and friends - Schweizer Musikzeitung","isPartOf":{"@id":"https:\/\/www.musikzeitung.ch\/#website"},"primaryImageOfPage":{"@id":"https:\/\/www.musikzeitung.ch\/kalender\/oratorienchor-zuerich-werkstattkonzert-verdi-and-friends#primaryimage"},"image":{"@id":"https:\/\/www.musikzeitung.ch\/kalender\/oratorienchor-zuerich-werkstattkonzert-verdi-and-friends#primaryimage"},"thumbnailUrl":"https:\/\/www.musikzeitung.ch\/wp-content\/uploads\/2026\/04\/2026-04-12_69db861151d2c_Werkstattkonzert_Quadrat.jpg","datePublished":"2026-04-13T05:59:17+00:00","dateModified":"2026-04-13T06:00:53+00:00","breadcrumb":{"@id":"https:\/\/www.musikzeitung.ch\/kalender\/oratorienchor-zuerich-werkstattkonzert-verdi-and-friends#breadcrumb"},"inLanguage":"it-IT","potentialAction":[{"@type":"ReadAction","target":["https:\/\/www.musikzeitung.ch\/kalender\/oratorienchor-zuerich-werkstattkonzert-verdi-and-friends"]}]},{"@type":"ImageObject","inLanguage":"it-IT","@id":"https:\/\/www.musikzeitung.ch\/kalender\/oratorienchor-zuerich-werkstattkonzert-verdi-and-friends#primaryimage","url":"https:\/\/www.musikzeitung.ch\/wp-content\/uploads\/2026\/04\/2026-04-12_69db861151d2c_Werkstattkonzert_Quadrat.jpg","contentUrl":"https:\/\/www.musikzeitung.ch\/wp-content\/uploads\/2026\/04\/2026-04-12_69db861151d2c_Werkstattkonzert_Quadrat.jpg","width":1000,"height":1000},{"@type":"BreadcrumbList","@id":"https:\/\/www.musikzeitung.ch\/kalender\/oratorienchor-zuerich-werkstattkonzert-verdi-and-friends#breadcrumb","itemListElement":[{"@type":"ListItem","position":1,"name":"Home","item":"https:\/\/www.musikzeitung.ch\/"},{"@type":"ListItem","position":2,"name":"Kalender","item":"https:\/\/www.musikzeitung.ch\/kalender"},{"@type":"ListItem","position":3,"name":"Oratorienchor Z\u00fcrich &#8211; Werkstattkonzert, Verdi and friends"}]},{"@type":"WebSite","@id":"https:\/\/www.musikzeitung.ch\/#website","url":"https:\/\/www.musikzeitung.ch\/","name":"Giornale musicale svizzero","description":"Il principale mensile interdisciplinare della Svizzera per le questioni musicali.","publisher":{"@id":"https:\/\/www.musikzeitung.ch\/#organization"},"potentialAction":[{"@type":"SearchAction","target":{"@type":"EntryPoint","urlTemplate":"https:\/\/www.musikzeitung.ch\/?s={search_term_string}"},"query-input":{"@type":"PropertyValueSpecification","valueRequired":true,"valueName":"search_term_string"}}],"inLanguage":"it-IT"},{"@type":"Organization","@id":"https:\/\/www.musikzeitung.ch\/#organization","name":"Giornale musicale svizzero","url":"https:\/\/www.musikzeitung.ch\/","logo":{"@type":"ImageObject","inLanguage":"it-IT","@id":"https:\/\/www.musikzeitung.ch\/#\/schema\/logo\/image\/","url":"https:\/\/www.musikzeitung.ch\/wp-content\/uploads\/2023\/01\/SMZ_Schriftzug_Sprache.png","contentUrl":"https:\/\/www.musikzeitung.ch\/wp-content\/uploads\/2023\/01\/SMZ_Schriftzug_Sprache.png","width":1400,"height":279,"caption":"Schweizer Musikzeitung"},"image":{"@id":"https:\/\/www.musikzeitung.ch\/#\/schema\/logo\/image\/"},"sameAs":["https:\/\/www.facebook.com\/SchweizerMusikzeitung\/","https:\/\/x.com\/smusikzeitung","https:\/\/www.instagram.com\/musikzeitung.ch\/"]}]}},"publishpress_future_action":{"enabled":true,"date":"2026-05-09 16:46:00","action":"change-status","newStatus":"trash","terms":[0],"taxonomy":"category","extraData":[]},"publishpress_future_workflow_manual_trigger":{"enabledWorkflows":[]},"_links":{"self":[{"href":"https:\/\/www.musikzeitung.ch\/it\/wp-json\/wp\/v2\/kalender\/72539","targetHints":{"allow":["GET"]}}],"collection":[{"href":"https:\/\/www.musikzeitung.ch\/it\/wp-json\/wp\/v2\/kalender"}],"about":[{"href":"https:\/\/www.musikzeitung.ch\/it\/wp-json\/wp\/v2\/types\/kalender"}],"author":[{"embeddable":true,"href":"https:\/\/www.musikzeitung.ch\/it\/wp-json\/wp\/v2\/users\/1"}],"version-history":[{"count":3,"href":"https:\/\/www.musikzeitung.ch\/it\/wp-json\/wp\/v2\/kalender\/72539\/revisions"}],"predecessor-version":[{"id":72545,"href":"https:\/\/www.musikzeitung.ch\/it\/wp-json\/wp\/v2\/kalender\/72539\/revisions\/72545"}],"wp:featuredmedia":[{"embeddable":true,"href":"https:\/\/www.musikzeitung.ch\/it\/wp-json\/wp\/v2\/media\/72540"}],"wp:attachment":[{"href":"https:\/\/www.musikzeitung.ch\/it\/wp-json\/wp\/v2\/media?parent=72539"}],"wp:term":[{"taxonomy":"category","embeddable":true,"href":"https:\/\/www.musikzeitung.ch\/it\/wp-json\/wp\/v2\/categories?post=72539"},{"taxonomy":"post_tag","embeddable":true,"href":"https:\/\/www.musikzeitung.ch\/it\/wp-json\/wp\/v2\/tags?post=72539"}],"curies":[{"name":"wp","href":"https:\/\/api.w.org\/{rel}","templated":true}]}}