{"id":72724,"date":"2026-04-22T11:24:45","date_gmt":"2026-04-22T09:24:45","guid":{"rendered":"https:\/\/www.musikzeitung.ch\/?post_type=kalender&#038;p=72724"},"modified":"2026-04-22T11:24:45","modified_gmt":"2026-04-22T09:24:45","slug":"bach-ensemble-luzern-boehmischer-und-deutscher-barock-zelenka-trifft-bach","status":"publish","type":"kalender","link":"https:\/\/www.musikzeitung.ch\/it\/kalender\/bach-ensemble-luzern-boehmischer-und-deutscher-barock-zelenka-trifft-bach","title":{"rendered":"Bach Ensemble Lucerna: \u00abIl barocco boemo e tedesco - Zelenka incontra Bach\u00bb"},"content":{"rendered":"<p>Il nome di Zelenka \u00e8 stato per lungo tempo considerato un'indicazione per gli addetti ai lavori. Oggi il suo nome brilla quando si parla di barocco ceco. Nelle sue composizioni, Zelenka dimostra il suo cosmopolitismo: combina la tradizione italiana con quella boema e francese e crea il suo stile personale! Nel suo concerto, il Bach Ensemble Lucerna accosta la litania in nove parti \u201cSalus infirmorum\u201d di Zelenka a due cantate di J.S. Bach: BWV 163: \u201cNur jedem das Seine\u201d e BWV 162: \u201cAch, ich sehe\u201d, entrambe eseguite per la prima volta nel 1715. Salomon Franck, il librettista di queste due cantate, \u00e8 uno dei poeti pi\u00f9 originali che Bach ha utilizzato per le sue cantate.<\/p>\n<div class=\"usp-images-wrap\"><span class=\"usp-image-wrap\"><a href=\"https:\/\/www.musikzeitung.ch\/wp-content\/uploads\/2026\/04\/2026-04-20_69e62e02cd16b_bach-ensemble-sept-25-9552_klein.jpg\" class=\"lightbox\" rel=\"lightbox\" title=\"\"><img loading=\"lazy\" decoding=\"async\" id=\"usp-attach-id-72725\" class=\"usp-image\" src=\"https:\/\/www.musikzeitung.ch\/wp-content\/uploads\/2026\/04\/2026-04-20_69e62e02cd16b_bach-ensemble-sept-25-9552_klein.jpg\" width=\"1333\" height=\"1000\" \/><\/a><\/span><\/div>","protected":false},"author":1,"featured_media":72725,"parent":0,"template":"","meta":{"_acf_changed":false,"_relevanssi_hide_post":"","_relevanssi_hide_content":"","_relevanssi_pin_for_all":"","_relevanssi_pin_keywords":"","_relevanssi_unpin_keywords":"","_relevanssi_related_keywords":"","_relevanssi_related_include_ids":"","_relevanssi_related_exclude_ids":"","_relevanssi_related_no_append":"","_relevanssi_related_not_related":"","_relevanssi_related_posts":"","_relevanssi_noindex_reason":"","pgc_sgb_lightbox_settings":"","footnotes":""},"categories":[1571],"tags":[],"class_list":["post-72724","kalender","type-kalender","status-publish","has-post-thumbnail","hentry","category-klassik-konzertagenda"],"acf":[],"yoast_head":"<!-- This site is optimized with the Yoast SEO plugin v27.4 - https:\/\/yoast.com\/product\/yoast-seo-wordpress\/ -->\n<title>Bach Ensemble Luzern: \u00abB\u00f6hmischer und Deutscher Barock \u2013 Zelenka trifft Bach\u00bb - Schweizer Musikzeitung<\/title>\n<meta name=\"robots\" content=\"index, follow, max-snippet:-1, max-image-preview:large, max-video-preview:-1\" \/>\n<link rel=\"canonical\" href=\"https:\/\/www.musikzeitung.ch\/it\/kalender\/bach-ensemble-luzern-boehmischer-und-deutscher-barock-zelenka-trifft-bach\/\" \/>\n<meta property=\"og:locale\" content=\"it_IT\" \/>\n<meta property=\"og:type\" content=\"article\" \/>\n<meta property=\"og:title\" content=\"Bach Ensemble Luzern: \u00abB\u00f6hmischer und Deutscher Barock \u2013 Zelenka trifft Bach\u00bb - Schweizer Musikzeitung\" \/>\n<meta property=\"og:description\" content=\"Lange galt der Name Zelenka als Geheimtipp. Inzwischen gl\u00e4nzt sein Name, wenn der tschechische Barock beleuchtet wird. In seinen Kompositionen zeigt Zelenka Weltoffenheit: er verbindet die italienische mit seiner b\u00f6hmischen und der franz\u00f6sischen Tradition und kreiert einen ganz eigenen Stil! In seinem Konzert stellt das Bach Ensemble Luzern Zelenkas neunteiliger Litanei \u201cSalus infirmorum\u201d zwei Kantaten [&hellip;]\" \/>\n<meta property=\"og:url\" content=\"https:\/\/www.musikzeitung.ch\/it\/kalender\/bach-ensemble-luzern-boehmischer-und-deutscher-barock-zelenka-trifft-bach\/\" \/>\n<meta property=\"og:site_name\" content=\"Schweizer Musikzeitung\" \/>\n<meta property=\"article:publisher\" content=\"https:\/\/www.facebook.com\/SchweizerMusikzeitung\/\" \/>\n<meta property=\"og:image\" content=\"https:\/\/www.musikzeitung.ch\/wp-content\/uploads\/2026\/04\/2026-04-20_69e62e02cd16b_bach-ensemble-sept-25-9552_klein.jpg\" \/>\n\t<meta property=\"og:image:width\" content=\"1333\" \/>\n\t<meta property=\"og:image:height\" content=\"1000\" \/>\n\t<meta property=\"og:image:type\" content=\"image\/jpeg\" \/>\n<meta name=\"twitter:card\" content=\"summary_large_image\" \/>\n<meta name=\"twitter:site\" content=\"@smusikzeitung\" \/>\n<meta name=\"twitter:label1\" content=\"Tempo di lettura stimato\" \/>\n\t<meta name=\"twitter:data1\" content=\"1 minuto\" \/>\n<script type=\"application\/ld+json\" class=\"yoast-schema-graph\">{\"@context\":\"https:\\\/\\\/schema.org\",\"@graph\":[{\"@type\":\"WebPage\",\"@id\":\"https:\\\/\\\/www.musikzeitung.ch\\\/kalender\\\/bach-ensemble-luzern-boehmischer-und-deutscher-barock-zelenka-trifft-bach\",\"url\":\"https:\\\/\\\/www.musikzeitung.ch\\\/kalender\\\/bach-ensemble-luzern-boehmischer-und-deutscher-barock-zelenka-trifft-bach\",\"name\":\"Bach Ensemble Luzern: \u00abB\u00f6hmischer und Deutscher Barock \u2013 Zelenka trifft Bach\u00bb - Schweizer Musikzeitung\",\"isPartOf\":{\"@id\":\"https:\\\/\\\/www.musikzeitung.ch\\\/#website\"},\"primaryImageOfPage\":{\"@id\":\"https:\\\/\\\/www.musikzeitung.ch\\\/kalender\\\/bach-ensemble-luzern-boehmischer-und-deutscher-barock-zelenka-trifft-bach#primaryimage\"},\"image\":{\"@id\":\"https:\\\/\\\/www.musikzeitung.ch\\\/kalender\\\/bach-ensemble-luzern-boehmischer-und-deutscher-barock-zelenka-trifft-bach#primaryimage\"},\"thumbnailUrl\":\"https:\\\/\\\/www.musikzeitung.ch\\\/wp-content\\\/uploads\\\/2026\\\/04\\\/2026-04-20_69e62e02cd16b_bach-ensemble-sept-25-9552_klein.jpg\",\"datePublished\":\"2026-04-22T09:24:45+00:00\",\"breadcrumb\":{\"@id\":\"https:\\\/\\\/www.musikzeitung.ch\\\/kalender\\\/bach-ensemble-luzern-boehmischer-und-deutscher-barock-zelenka-trifft-bach#breadcrumb\"},\"inLanguage\":\"it-IT\",\"potentialAction\":[{\"@type\":\"ReadAction\",\"target\":[\"https:\\\/\\\/www.musikzeitung.ch\\\/kalender\\\/bach-ensemble-luzern-boehmischer-und-deutscher-barock-zelenka-trifft-bach\"]}]},{\"@type\":\"ImageObject\",\"inLanguage\":\"it-IT\",\"@id\":\"https:\\\/\\\/www.musikzeitung.ch\\\/kalender\\\/bach-ensemble-luzern-boehmischer-und-deutscher-barock-zelenka-trifft-bach#primaryimage\",\"url\":\"https:\\\/\\\/www.musikzeitung.ch\\\/wp-content\\\/uploads\\\/2026\\\/04\\\/2026-04-20_69e62e02cd16b_bach-ensemble-sept-25-9552_klein.jpg\",\"contentUrl\":\"https:\\\/\\\/www.musikzeitung.ch\\\/wp-content\\\/uploads\\\/2026\\\/04\\\/2026-04-20_69e62e02cd16b_bach-ensemble-sept-25-9552_klein.jpg\",\"width\":1333,\"height\":1000},{\"@type\":\"BreadcrumbList\",\"@id\":\"https:\\\/\\\/www.musikzeitung.ch\\\/kalender\\\/bach-ensemble-luzern-boehmischer-und-deutscher-barock-zelenka-trifft-bach#breadcrumb\",\"itemListElement\":[{\"@type\":\"ListItem\",\"position\":1,\"name\":\"Home\",\"item\":\"https:\\\/\\\/www.musikzeitung.ch\\\/\"},{\"@type\":\"ListItem\",\"position\":2,\"name\":\"Kalender\",\"item\":\"https:\\\/\\\/www.musikzeitung.ch\\\/kalender\"},{\"@type\":\"ListItem\",\"position\":3,\"name\":\"Bach Ensemble Luzern: \u00abB\u00f6hmischer und Deutscher Barock \u2013 Zelenka trifft Bach\u00bb\"}]},{\"@type\":\"WebSite\",\"@id\":\"https:\\\/\\\/www.musikzeitung.ch\\\/#website\",\"url\":\"https:\\\/\\\/www.musikzeitung.ch\\\/\",\"name\":\"Schweizer Musikzeitung\",\"description\":\"Die f\u00fchrende sparten\u00fcbergreifende Monatszeitung in der Schweiz f\u00fcr musikalische Fragen.\",\"publisher\":{\"@id\":\"https:\\\/\\\/www.musikzeitung.ch\\\/#organization\"},\"potentialAction\":[{\"@type\":\"SearchAction\",\"target\":{\"@type\":\"EntryPoint\",\"urlTemplate\":\"https:\\\/\\\/www.musikzeitung.ch\\\/?s={search_term_string}\"},\"query-input\":{\"@type\":\"PropertyValueSpecification\",\"valueRequired\":true,\"valueName\":\"search_term_string\"}}],\"inLanguage\":\"it-IT\"},{\"@type\":\"Organization\",\"@id\":\"https:\\\/\\\/www.musikzeitung.ch\\\/#organization\",\"name\":\"Schweizer Musikzeitung\",\"url\":\"https:\\\/\\\/www.musikzeitung.ch\\\/\",\"logo\":{\"@type\":\"ImageObject\",\"inLanguage\":\"it-IT\",\"@id\":\"https:\\\/\\\/www.musikzeitung.ch\\\/#\\\/schema\\\/logo\\\/image\\\/\",\"url\":\"https:\\\/\\\/www.musikzeitung.ch\\\/wp-content\\\/uploads\\\/2023\\\/01\\\/SMZ_Schriftzug_Sprache.png\",\"contentUrl\":\"https:\\\/\\\/www.musikzeitung.ch\\\/wp-content\\\/uploads\\\/2023\\\/01\\\/SMZ_Schriftzug_Sprache.png\",\"width\":1400,\"height\":279,\"caption\":\"Schweizer Musikzeitung\"},\"image\":{\"@id\":\"https:\\\/\\\/www.musikzeitung.ch\\\/#\\\/schema\\\/logo\\\/image\\\/\"},\"sameAs\":[\"https:\\\/\\\/www.facebook.com\\\/SchweizerMusikzeitung\\\/\",\"https:\\\/\\\/x.com\\\/smusikzeitung\",\"https:\\\/\\\/www.instagram.com\\\/musikzeitung.ch\\\/\"]}]}<\/script>\n<!-- \/ Yoast SEO plugin. -->","yoast_head_json":{"title":"Bach Ensemble Luzern: \u00abB\u00f6hmischer und Deutscher Barock \u2013 Zelenka trifft Bach\u00bb - Schweizer Musikzeitung","robots":{"index":"index","follow":"follow","max-snippet":"max-snippet:-1","max-image-preview":"max-image-preview:large","max-video-preview":"max-video-preview:-1"},"canonical":"https:\/\/www.musikzeitung.ch\/it\/kalender\/bach-ensemble-luzern-boehmischer-und-deutscher-barock-zelenka-trifft-bach\/","og_locale":"it_IT","og_type":"article","og_title":"Bach Ensemble Luzern: \u00abB\u00f6hmischer und Deutscher Barock \u2013 Zelenka trifft Bach\u00bb - Schweizer Musikzeitung","og_description":"Lange galt der Name Zelenka als Geheimtipp. Inzwischen gl\u00e4nzt sein Name, wenn der tschechische Barock beleuchtet wird. In seinen Kompositionen zeigt Zelenka Weltoffenheit: er verbindet die italienische mit seiner b\u00f6hmischen und der franz\u00f6sischen Tradition und kreiert einen ganz eigenen Stil! In seinem Konzert stellt das Bach Ensemble Luzern Zelenkas neunteiliger Litanei \u201cSalus infirmorum\u201d zwei Kantaten [&hellip;]","og_url":"https:\/\/www.musikzeitung.ch\/it\/kalender\/bach-ensemble-luzern-boehmischer-und-deutscher-barock-zelenka-trifft-bach\/","og_site_name":"Schweizer Musikzeitung","article_publisher":"https:\/\/www.facebook.com\/SchweizerMusikzeitung\/","og_image":[{"width":1333,"height":1000,"url":"https:\/\/www.musikzeitung.ch\/wp-content\/uploads\/2026\/04\/2026-04-20_69e62e02cd16b_bach-ensemble-sept-25-9552_klein.jpg","type":"image\/jpeg"}],"twitter_card":"summary_large_image","twitter_site":"@smusikzeitung","twitter_misc":{"Tempo di lettura stimato":"1 minuto"},"schema":{"@context":"https:\/\/schema.org","@graph":[{"@type":"WebPage","@id":"https:\/\/www.musikzeitung.ch\/kalender\/bach-ensemble-luzern-boehmischer-und-deutscher-barock-zelenka-trifft-bach","url":"https:\/\/www.musikzeitung.ch\/kalender\/bach-ensemble-luzern-boehmischer-und-deutscher-barock-zelenka-trifft-bach","name":"Bach Ensemble Luzern: \u00abB\u00f6hmischer und Deutscher Barock \u2013 Zelenka trifft Bach\u00bb - Schweizer Musikzeitung","isPartOf":{"@id":"https:\/\/www.musikzeitung.ch\/#website"},"primaryImageOfPage":{"@id":"https:\/\/www.musikzeitung.ch\/kalender\/bach-ensemble-luzern-boehmischer-und-deutscher-barock-zelenka-trifft-bach#primaryimage"},"image":{"@id":"https:\/\/www.musikzeitung.ch\/kalender\/bach-ensemble-luzern-boehmischer-und-deutscher-barock-zelenka-trifft-bach#primaryimage"},"thumbnailUrl":"https:\/\/www.musikzeitung.ch\/wp-content\/uploads\/2026\/04\/2026-04-20_69e62e02cd16b_bach-ensemble-sept-25-9552_klein.jpg","datePublished":"2026-04-22T09:24:45+00:00","breadcrumb":{"@id":"https:\/\/www.musikzeitung.ch\/kalender\/bach-ensemble-luzern-boehmischer-und-deutscher-barock-zelenka-trifft-bach#breadcrumb"},"inLanguage":"it-IT","potentialAction":[{"@type":"ReadAction","target":["https:\/\/www.musikzeitung.ch\/kalender\/bach-ensemble-luzern-boehmischer-und-deutscher-barock-zelenka-trifft-bach"]}]},{"@type":"ImageObject","inLanguage":"it-IT","@id":"https:\/\/www.musikzeitung.ch\/kalender\/bach-ensemble-luzern-boehmischer-und-deutscher-barock-zelenka-trifft-bach#primaryimage","url":"https:\/\/www.musikzeitung.ch\/wp-content\/uploads\/2026\/04\/2026-04-20_69e62e02cd16b_bach-ensemble-sept-25-9552_klein.jpg","contentUrl":"https:\/\/www.musikzeitung.ch\/wp-content\/uploads\/2026\/04\/2026-04-20_69e62e02cd16b_bach-ensemble-sept-25-9552_klein.jpg","width":1333,"height":1000},{"@type":"BreadcrumbList","@id":"https:\/\/www.musikzeitung.ch\/kalender\/bach-ensemble-luzern-boehmischer-und-deutscher-barock-zelenka-trifft-bach#breadcrumb","itemListElement":[{"@type":"ListItem","position":1,"name":"Home","item":"https:\/\/www.musikzeitung.ch\/"},{"@type":"ListItem","position":2,"name":"Kalender","item":"https:\/\/www.musikzeitung.ch\/kalender"},{"@type":"ListItem","position":3,"name":"Bach Ensemble Luzern: \u00abB\u00f6hmischer und Deutscher Barock \u2013 Zelenka trifft Bach\u00bb"}]},{"@type":"WebSite","@id":"https:\/\/www.musikzeitung.ch\/#website","url":"https:\/\/www.musikzeitung.ch\/","name":"Giornale musicale svizzero","description":"Il principale mensile interdisciplinare della Svizzera per le questioni musicali.","publisher":{"@id":"https:\/\/www.musikzeitung.ch\/#organization"},"potentialAction":[{"@type":"SearchAction","target":{"@type":"EntryPoint","urlTemplate":"https:\/\/www.musikzeitung.ch\/?s={search_term_string}"},"query-input":{"@type":"PropertyValueSpecification","valueRequired":true,"valueName":"search_term_string"}}],"inLanguage":"it-IT"},{"@type":"Organization","@id":"https:\/\/www.musikzeitung.ch\/#organization","name":"Giornale musicale svizzero","url":"https:\/\/www.musikzeitung.ch\/","logo":{"@type":"ImageObject","inLanguage":"it-IT","@id":"https:\/\/www.musikzeitung.ch\/#\/schema\/logo\/image\/","url":"https:\/\/www.musikzeitung.ch\/wp-content\/uploads\/2023\/01\/SMZ_Schriftzug_Sprache.png","contentUrl":"https:\/\/www.musikzeitung.ch\/wp-content\/uploads\/2023\/01\/SMZ_Schriftzug_Sprache.png","width":1400,"height":279,"caption":"Schweizer Musikzeitung"},"image":{"@id":"https:\/\/www.musikzeitung.ch\/#\/schema\/logo\/image\/"},"sameAs":["https:\/\/www.facebook.com\/SchweizerMusikzeitung\/","https:\/\/x.com\/smusikzeitung","https:\/\/www.instagram.com\/musikzeitung.ch\/"]}]}},"publishpress_future_action":{"enabled":true,"date":"2026-06-14 17:45:00","action":"change-status","newStatus":"trash","terms":[0],"taxonomy":"category","extraData":[]},"publishpress_future_workflow_manual_trigger":{"enabledWorkflows":[]},"_links":{"self":[{"href":"https:\/\/www.musikzeitung.ch\/it\/wp-json\/wp\/v2\/kalender\/72724","targetHints":{"allow":["GET"]}}],"collection":[{"href":"https:\/\/www.musikzeitung.ch\/it\/wp-json\/wp\/v2\/kalender"}],"about":[{"href":"https:\/\/www.musikzeitung.ch\/it\/wp-json\/wp\/v2\/types\/kalender"}],"author":[{"embeddable":true,"href":"https:\/\/www.musikzeitung.ch\/it\/wp-json\/wp\/v2\/users\/1"}],"version-history":[{"count":1,"href":"https:\/\/www.musikzeitung.ch\/it\/wp-json\/wp\/v2\/kalender\/72724\/revisions"}],"predecessor-version":[{"id":72781,"href":"https:\/\/www.musikzeitung.ch\/it\/wp-json\/wp\/v2\/kalender\/72724\/revisions\/72781"}],"wp:featuredmedia":[{"embeddable":true,"href":"https:\/\/www.musikzeitung.ch\/it\/wp-json\/wp\/v2\/media\/72725"}],"wp:attachment":[{"href":"https:\/\/www.musikzeitung.ch\/it\/wp-json\/wp\/v2\/media?parent=72724"}],"wp:term":[{"taxonomy":"category","embeddable":true,"href":"https:\/\/www.musikzeitung.ch\/it\/wp-json\/wp\/v2\/categories?post=72724"},{"taxonomy":"post_tag","embeddable":true,"href":"https:\/\/www.musikzeitung.ch\/it\/wp-json\/wp\/v2\/tags?post=72724"}],"curies":[{"name":"wp","href":"https:\/\/api.w.org\/{rel}","templated":true}]}}