{"id":72468,"date":"2026-04-09T10:21:53","date_gmt":"2026-04-09T08:21:53","guid":{"rendered":"https:\/\/www.musikzeitung.ch\/?post_type=stellen&#038;p=72468"},"modified":"2026-04-09T10:21:53","modified_gmt":"2026-04-09T08:21:53","slug":"fachdidaktik-im-lehrauftrag-fuer-fagott-klassik-trompete-klassik-blockfloete-klassik","status":"publish","type":"stellen","link":"https:\/\/www.musikzeitung.ch\/it\/stellen\/fachdidaktik-im-lehrauftrag-fuer-fagott-klassik-trompete-klassik-blockfloete-klassik","title":{"rendered":"Didattica per - Fagotto classico - Tromba classica - Flauto dolce classico"},"content":{"rendered":"<p>&nbsp;<\/p>\n<p>L'Universit\u00e0 di Scienze Applicate e Arti di Lucerna, la pi\u00f9 grande istituzione educativa dei sei cantoni della Svizzera centrale, \u00e8 al passo con i tempi. Trasmettiamo conoscenze in modo lungimirante e innovativo, sia a livello nazionale che internazionale. Aiutateci a dare forma e a diventare parte del nostro futuro condiviso e sostenibile.<\/p>\n<p>Didattica specialistica nell'incarico di insegnamento per<\/p>\n<ul>\n<li>Fagotto classico<\/li>\n<li>Tromba classica<\/li>\n<li>Registratore classico<\/li>\n<\/ul>\n<p><strong>I vostri compiti:<\/strong><\/p>\n<ul>\n<li>Insegnamento nella didattica specialistica del Master in Pedagogia musicale strumentale\/vocale<\/li>\n<li>Sostegno e supervisione individuale della pratica professionale e dell'insegnamento degli studenti.<\/li>\n<li>Partecipazione alle attivit\u00e0 di audit associate<\/li>\n<\/ul>\n<p><strong>Il vostro profilo:<\/strong><\/p>\n<p>Avete una laurea in materie artistico-pedagogiche (Master in educazione musicale o equivalente), diversi anni di comprovata esperienza di insegnamento in scuole di musica pubbliche con diversi livelli di et\u00e0 e di formazione, nonch\u00e9 esperienza in varie forme di insegnamento.<\/p>\n<p>Buona rete con le scuole di musica della Svizzera centrale.<br \/>\nConcetti didattici specifici e una spiccata capacit\u00e0 di riflessione e analisi dell'azione didattica.<br \/>\nCapacit\u00e0 di lavorare in gruppo, interesse per il networking.<br \/>\nProfilo artistico di alto livello<\/p>\n<p>Saremo lieti di ricevere la vostra candidatura entro il 1\u00b0 maggio 2026. I colloqui si svolgeranno il 12, 19 e 20 maggio.<\/p>\n<p>Oltre ai documenti consueti, la domanda deve includere anche un video didattico di 30 minuti con uno dei propri studenti o un gruppo (inviare il video tramite swisstransfer a <a href=\"mailto:matthjas.bieri@hslu.ch\" target=\"_blank\" rel=\"noopener\">matthjas.bieri@hslu.ch<\/a>).<\/p>\n<p>In caso di domande, si prega di contattare Matthjas Bieri, responsabile dell'Istituto <a href=\"mailto:matthjas.bieri@hslu.ch\" target=\"_blank\" rel=\"noopener\">matthjas.bieri@hslu.ch<\/a><\/p>\n<div class=\"usp-images-wrap\"><span class=\"usp-image-wrap\"><a href=\"https:\/\/www.musikzeitung.ch\/wp-content\/uploads\/2026\/04\/HSLU_Logo_DE_Schwarz_cmyk.jpg\" class=\"lightbox\" rel=\"lightbox\" title=\"\"><img loading=\"lazy\" decoding=\"async\" id=\"usp-attach-id-72492\" class=\"usp-image\" src=\"https:\/\/www.musikzeitung.ch\/wp-content\/uploads\/2026\/04\/HSLU_Logo_DE_Schwarz_cmyk.jpg\" width=\"1400\" height=\"217\" \/><\/a><\/span><\/div>","protected":false},"author":1,"featured_media":0,"parent":0,"template":"","meta":{"_acf_changed":false,"_relevanssi_hide_post":"","_relevanssi_hide_content":"","_relevanssi_pin_for_all":"","_relevanssi_pin_keywords":"","_relevanssi_unpin_keywords":"","_relevanssi_related_keywords":"","_relevanssi_related_include_ids":"","_relevanssi_related_exclude_ids":"","_relevanssi_related_no_append":"","_relevanssi_related_not_related":"","_relevanssi_related_posts":"","_relevanssi_noindex_reason":"","pgc_sgb_lightbox_settings":"","footnotes":""},"categories":[25],"tags":[],"class_list":["post-72468","stellen","type-stellen","status-publish","hentry","category-lehrpersonen-dozentinnen-und-dozenten"],"acf":[],"yoast_head":"<!-- This site is optimized with the Yoast SEO plugin v27.4 - https:\/\/yoast.com\/product\/yoast-seo-wordpress\/ -->\n<title>Fachdidaktik im Lehrauftrag f\u00fcr \u2022 Fagott Klassik \u2022 Trompete Klassik \u2022 Blockfl\u00f6te Klassik - Schweizer Musikzeitung<\/title>\n<meta name=\"robots\" content=\"index, follow, max-snippet:-1, max-image-preview:large, max-video-preview:-1\" \/>\n<link rel=\"canonical\" href=\"https:\/\/www.musikzeitung.ch\/it\/stellen\/fachdidaktik-im-lehrauftrag-fuer-fagott-klassik-trompete-klassik-blockfloete-klassik\/\" \/>\n<meta property=\"og:locale\" content=\"it_IT\" \/>\n<meta property=\"og:type\" content=\"article\" \/>\n<meta property=\"og:title\" content=\"Fachdidaktik im Lehrauftrag f\u00fcr \u2022 Fagott Klassik \u2022 Trompete Klassik \u2022 Blockfl\u00f6te Klassik - Schweizer Musikzeitung\" \/>\n<meta property=\"og:description\" content=\"&nbsp; Als gr\u00f6sste Bildungsinstitution der sechs Zentralschweizer Kantone ist die Hochschule Luzern mit ihrem Angebot am Puls der Zeit. Weitsichtig und innovativ, national und international vermitteln wir Wissen. Gestalten Sie mit und werden Sie Teil unserer gemeinsamen, nachhaltigen Zukunft. Fachdidaktik im Lehrauftrag f\u00fcr Fagott Klassik Trompete Klassik Blockfl\u00f6te Klassik Ihre Aufgaben: Unterricht in Fachdidaktik im [&hellip;]\" \/>\n<meta property=\"og:url\" content=\"https:\/\/www.musikzeitung.ch\/it\/stellen\/fachdidaktik-im-lehrauftrag-fuer-fagott-klassik-trompete-klassik-blockfloete-klassik\/\" \/>\n<meta property=\"og:site_name\" content=\"Schweizer Musikzeitung\" \/>\n<meta property=\"article:publisher\" content=\"https:\/\/www.facebook.com\/SchweizerMusikzeitung\/\" \/>\n<meta name=\"twitter:card\" content=\"summary_large_image\" \/>\n<meta name=\"twitter:site\" content=\"@smusikzeitung\" \/>\n<meta name=\"twitter:label1\" content=\"Tempo di lettura stimato\" \/>\n\t<meta name=\"twitter:data1\" content=\"2 minuti\" \/>\n<script type=\"application\/ld+json\" class=\"yoast-schema-graph\">{\"@context\":\"https:\\\/\\\/schema.org\",\"@graph\":[{\"@type\":\"WebPage\",\"@id\":\"https:\\\/\\\/www.musikzeitung.ch\\\/stellen\\\/fachdidaktik-im-lehrauftrag-fuer-fagott-klassik-trompete-klassik-blockfloete-klassik\",\"url\":\"https:\\\/\\\/www.musikzeitung.ch\\\/stellen\\\/fachdidaktik-im-lehrauftrag-fuer-fagott-klassik-trompete-klassik-blockfloete-klassik\",\"name\":\"Fachdidaktik im Lehrauftrag f\u00fcr \u2022 Fagott Klassik \u2022 Trompete Klassik \u2022 Blockfl\u00f6te Klassik - Schweizer Musikzeitung\",\"isPartOf\":{\"@id\":\"https:\\\/\\\/www.musikzeitung.ch\\\/#website\"},\"datePublished\":\"2026-04-09T08:21:53+00:00\",\"breadcrumb\":{\"@id\":\"https:\\\/\\\/www.musikzeitung.ch\\\/stellen\\\/fachdidaktik-im-lehrauftrag-fuer-fagott-klassik-trompete-klassik-blockfloete-klassik#breadcrumb\"},\"inLanguage\":\"it-IT\",\"potentialAction\":[{\"@type\":\"ReadAction\",\"target\":[\"https:\\\/\\\/www.musikzeitung.ch\\\/stellen\\\/fachdidaktik-im-lehrauftrag-fuer-fagott-klassik-trompete-klassik-blockfloete-klassik\"]}]},{\"@type\":\"BreadcrumbList\",\"@id\":\"https:\\\/\\\/www.musikzeitung.ch\\\/stellen\\\/fachdidaktik-im-lehrauftrag-fuer-fagott-klassik-trompete-klassik-blockfloete-klassik#breadcrumb\",\"itemListElement\":[{\"@type\":\"ListItem\",\"position\":1,\"name\":\"Home\",\"item\":\"https:\\\/\\\/www.musikzeitung.ch\\\/\"},{\"@type\":\"ListItem\",\"position\":2,\"name\":\"Stellen\",\"item\":\"https:\\\/\\\/www.musikzeitung.ch\\\/stellen\"},{\"@type\":\"ListItem\",\"position\":3,\"name\":\"Fachdidaktik im Lehrauftrag f\u00fcr \u2022 Fagott Klassik \u2022 Trompete Klassik \u2022 Blockfl\u00f6te Klassik\"}]},{\"@type\":\"WebSite\",\"@id\":\"https:\\\/\\\/www.musikzeitung.ch\\\/#website\",\"url\":\"https:\\\/\\\/www.musikzeitung.ch\\\/\",\"name\":\"Schweizer Musikzeitung\",\"description\":\"Die f\u00fchrende sparten\u00fcbergreifende Monatszeitung in der Schweiz f\u00fcr musikalische Fragen.\",\"publisher\":{\"@id\":\"https:\\\/\\\/www.musikzeitung.ch\\\/#organization\"},\"potentialAction\":[{\"@type\":\"SearchAction\",\"target\":{\"@type\":\"EntryPoint\",\"urlTemplate\":\"https:\\\/\\\/www.musikzeitung.ch\\\/?s={search_term_string}\"},\"query-input\":{\"@type\":\"PropertyValueSpecification\",\"valueRequired\":true,\"valueName\":\"search_term_string\"}}],\"inLanguage\":\"it-IT\"},{\"@type\":\"Organization\",\"@id\":\"https:\\\/\\\/www.musikzeitung.ch\\\/#organization\",\"name\":\"Schweizer Musikzeitung\",\"url\":\"https:\\\/\\\/www.musikzeitung.ch\\\/\",\"logo\":{\"@type\":\"ImageObject\",\"inLanguage\":\"it-IT\",\"@id\":\"https:\\\/\\\/www.musikzeitung.ch\\\/#\\\/schema\\\/logo\\\/image\\\/\",\"url\":\"https:\\\/\\\/www.musikzeitung.ch\\\/wp-content\\\/uploads\\\/2023\\\/01\\\/SMZ_Schriftzug_Sprache.png\",\"contentUrl\":\"https:\\\/\\\/www.musikzeitung.ch\\\/wp-content\\\/uploads\\\/2023\\\/01\\\/SMZ_Schriftzug_Sprache.png\",\"width\":1400,\"height\":279,\"caption\":\"Schweizer Musikzeitung\"},\"image\":{\"@id\":\"https:\\\/\\\/www.musikzeitung.ch\\\/#\\\/schema\\\/logo\\\/image\\\/\"},\"sameAs\":[\"https:\\\/\\\/www.facebook.com\\\/SchweizerMusikzeitung\\\/\",\"https:\\\/\\\/x.com\\\/smusikzeitung\",\"https:\\\/\\\/www.instagram.com\\\/musikzeitung.ch\\\/\"]}]}<\/script>\n<!-- \/ Yoast SEO plugin. -->","yoast_head_json":{"title":"Fachdidaktik im Lehrauftrag f\u00fcr \u2022 Fagott Klassik \u2022 Trompete Klassik \u2022 Blockfl\u00f6te Klassik - Schweizer Musikzeitung","robots":{"index":"index","follow":"follow","max-snippet":"max-snippet:-1","max-image-preview":"max-image-preview:large","max-video-preview":"max-video-preview:-1"},"canonical":"https:\/\/www.musikzeitung.ch\/it\/stellen\/fachdidaktik-im-lehrauftrag-fuer-fagott-klassik-trompete-klassik-blockfloete-klassik\/","og_locale":"it_IT","og_type":"article","og_title":"Fachdidaktik im Lehrauftrag f\u00fcr \u2022 Fagott Klassik \u2022 Trompete Klassik \u2022 Blockfl\u00f6te Klassik - Schweizer Musikzeitung","og_description":"&nbsp; Als gr\u00f6sste Bildungsinstitution der sechs Zentralschweizer Kantone ist die Hochschule Luzern mit ihrem Angebot am Puls der Zeit. Weitsichtig und innovativ, national und international vermitteln wir Wissen. Gestalten Sie mit und werden Sie Teil unserer gemeinsamen, nachhaltigen Zukunft. Fachdidaktik im Lehrauftrag f\u00fcr Fagott Klassik Trompete Klassik Blockfl\u00f6te Klassik Ihre Aufgaben: Unterricht in Fachdidaktik im [&hellip;]","og_url":"https:\/\/www.musikzeitung.ch\/it\/stellen\/fachdidaktik-im-lehrauftrag-fuer-fagott-klassik-trompete-klassik-blockfloete-klassik\/","og_site_name":"Schweizer Musikzeitung","article_publisher":"https:\/\/www.facebook.com\/SchweizerMusikzeitung\/","twitter_card":"summary_large_image","twitter_site":"@smusikzeitung","twitter_misc":{"Tempo di lettura stimato":"2 minuti"},"schema":{"@context":"https:\/\/schema.org","@graph":[{"@type":"WebPage","@id":"https:\/\/www.musikzeitung.ch\/stellen\/fachdidaktik-im-lehrauftrag-fuer-fagott-klassik-trompete-klassik-blockfloete-klassik","url":"https:\/\/www.musikzeitung.ch\/stellen\/fachdidaktik-im-lehrauftrag-fuer-fagott-klassik-trompete-klassik-blockfloete-klassik","name":"Fachdidaktik im Lehrauftrag f\u00fcr \u2022 Fagott Klassik \u2022 Trompete Klassik \u2022 Blockfl\u00f6te Klassik - Schweizer Musikzeitung","isPartOf":{"@id":"https:\/\/www.musikzeitung.ch\/#website"},"datePublished":"2026-04-09T08:21:53+00:00","breadcrumb":{"@id":"https:\/\/www.musikzeitung.ch\/stellen\/fachdidaktik-im-lehrauftrag-fuer-fagott-klassik-trompete-klassik-blockfloete-klassik#breadcrumb"},"inLanguage":"it-IT","potentialAction":[{"@type":"ReadAction","target":["https:\/\/www.musikzeitung.ch\/stellen\/fachdidaktik-im-lehrauftrag-fuer-fagott-klassik-trompete-klassik-blockfloete-klassik"]}]},{"@type":"BreadcrumbList","@id":"https:\/\/www.musikzeitung.ch\/stellen\/fachdidaktik-im-lehrauftrag-fuer-fagott-klassik-trompete-klassik-blockfloete-klassik#breadcrumb","itemListElement":[{"@type":"ListItem","position":1,"name":"Home","item":"https:\/\/www.musikzeitung.ch\/"},{"@type":"ListItem","position":2,"name":"Stellen","item":"https:\/\/www.musikzeitung.ch\/stellen"},{"@type":"ListItem","position":3,"name":"Fachdidaktik im Lehrauftrag f\u00fcr \u2022 Fagott Klassik \u2022 Trompete Klassik \u2022 Blockfl\u00f6te Klassik"}]},{"@type":"WebSite","@id":"https:\/\/www.musikzeitung.ch\/#website","url":"https:\/\/www.musikzeitung.ch\/","name":"Giornale musicale svizzero","description":"Il principale mensile interdisciplinare della Svizzera per le questioni musicali.","publisher":{"@id":"https:\/\/www.musikzeitung.ch\/#organization"},"potentialAction":[{"@type":"SearchAction","target":{"@type":"EntryPoint","urlTemplate":"https:\/\/www.musikzeitung.ch\/?s={search_term_string}"},"query-input":{"@type":"PropertyValueSpecification","valueRequired":true,"valueName":"search_term_string"}}],"inLanguage":"it-IT"},{"@type":"Organization","@id":"https:\/\/www.musikzeitung.ch\/#organization","name":"Giornale musicale svizzero","url":"https:\/\/www.musikzeitung.ch\/","logo":{"@type":"ImageObject","inLanguage":"it-IT","@id":"https:\/\/www.musikzeitung.ch\/#\/schema\/logo\/image\/","url":"https:\/\/www.musikzeitung.ch\/wp-content\/uploads\/2023\/01\/SMZ_Schriftzug_Sprache.png","contentUrl":"https:\/\/www.musikzeitung.ch\/wp-content\/uploads\/2023\/01\/SMZ_Schriftzug_Sprache.png","width":1400,"height":279,"caption":"Schweizer Musikzeitung"},"image":{"@id":"https:\/\/www.musikzeitung.ch\/#\/schema\/logo\/image\/"},"sameAs":["https:\/\/www.facebook.com\/SchweizerMusikzeitung\/","https:\/\/x.com\/smusikzeitung","https:\/\/www.instagram.com\/musikzeitung.ch\/"]}]}},"publishpress_future_action":{"enabled":true,"date":"2026-05-09 14:56:34","action":"change-status","newStatus":"trash","terms":[0],"taxonomy":"category","extraData":[]},"publishpress_future_workflow_manual_trigger":{"enabledWorkflows":[]},"_links":{"self":[{"href":"https:\/\/www.musikzeitung.ch\/it\/wp-json\/wp\/v2\/stellen\/72468","targetHints":{"allow":["GET"]}}],"collection":[{"href":"https:\/\/www.musikzeitung.ch\/it\/wp-json\/wp\/v2\/stellen"}],"about":[{"href":"https:\/\/www.musikzeitung.ch\/it\/wp-json\/wp\/v2\/types\/stellen"}],"author":[{"embeddable":true,"href":"https:\/\/www.musikzeitung.ch\/it\/wp-json\/wp\/v2\/users\/1"}],"version-history":[{"count":2,"href":"https:\/\/www.musikzeitung.ch\/it\/wp-json\/wp\/v2\/stellen\/72468\/revisions"}],"predecessor-version":[{"id":72498,"href":"https:\/\/www.musikzeitung.ch\/it\/wp-json\/wp\/v2\/stellen\/72468\/revisions\/72498"}],"wp:attachment":[{"href":"https:\/\/www.musikzeitung.ch\/it\/wp-json\/wp\/v2\/media?parent=72468"}],"wp:term":[{"taxonomy":"category","embeddable":true,"href":"https:\/\/www.musikzeitung.ch\/it\/wp-json\/wp\/v2\/categories?post=72468"},{"taxonomy":"post_tag","embeddable":true,"href":"https:\/\/www.musikzeitung.ch\/it\/wp-json\/wp\/v2\/tags?post=72468"}],"curies":[{"name":"wp","href":"https:\/\/api.w.org\/{rel}","templated":true}]}}